{"id":989184,"date":"2024-07-21T20:42:34","date_gmt":"2024-07-21T17:42:34","guid":{"rendered":"https:\/\/tercihim.istanbul.edu.tr\/?page_id=989184"},"modified":"2025-07-21T11:54:52","modified_gmt":"2025-07-21T08:54:52","slug":"mimarlik-fakultesi","status":"publish","type":"page","link":"https:\/\/tercihim.istanbul.edu.tr\/index.php\/mimarlik-fakultesi\/","title":{"rendered":"Mimarl\u0131k Fak\u00fcltesi"},"content":{"rendered":"\t\t<div data-elementor-type=\"wp-page\" data-elementor-id=\"989184\" class=\"elementor elementor-989184\" data-elementor-post-type=\"page\">\n\t\t\t\t\t\t<section class=\"elementor-section elementor-top-section elementor-element elementor-element-48ecdc8 elementor-section-height-min-height elementor-section-boxed elementor-section-height-default elementor-section-items-middle\" data-id=\"48ecdc8\" data-element_type=\"section\" data-settings=\"{&quot;background_background&quot;:&quot;classic&quot;}\">\n\t\t\t\t\t\t\t<div class=\"elementor-background-overlay\"><\/div>\n\t\t\t\t\t\t\t<div class=\"elementor-container elementor-column-gap-default\">\n\t\t\t\t\t<div class=\"elementor-column elementor-col-100 elementor-top-column elementor-element elementor-element-87856f1\" data-id=\"87856f1\" data-element_type=\"column\" data-settings=\"{&quot;background_background&quot;:&quot;classic&quot;}\">\n\t\t\t<div class=\"elementor-widget-wrap\">\n\t\t\t\t\t\t\t<\/div>\n\t\t<\/div>\n\t\t\t\t\t<\/div>\n\t\t<\/section>\n\t\t\t\t<section class=\"elementor-section elementor-top-section elementor-element elementor-element-5f57ff6 elementor-section-boxed elementor-section-height-default elementor-section-height-default\" data-id=\"5f57ff6\" data-element_type=\"section\">\n\t\t\t\t\t\t<div class=\"elementor-container elementor-column-gap-no\">\n\t\t\t\t\t<div class=\"elementor-column elementor-col-50 elementor-top-column elementor-element elementor-element-972b5b6 animated-fast elementor-invisible\" data-id=\"972b5b6\" data-element_type=\"column\" data-settings=\"{&quot;background_background&quot;:&quot;classic&quot;,&quot;animation&quot;:&quot;fadeIn&quot;,&quot;animation_delay&quot;:100,&quot;animation_tablet&quot;:&quot;none&quot;,&quot;animation_mobile&quot;:&quot;none&quot;}\">\n\t\t\t<div class=\"elementor-widget-wrap elementor-element-populated\">\n\t\t\t\t\t\t\t<\/div>\n\t\t<\/div>\n\t\t\t\t<div class=\"elementor-column elementor-col-50 elementor-top-column elementor-element elementor-element-5037f50 elementor-hidden-desktop elementor-hidden-tablet elementor-hidden-phone\" data-id=\"5037f50\" data-element_type=\"column\">\n\t\t\t<div class=\"elementor-widget-wrap\">\n\t\t\t\t\t\t\t<\/div>\n\t\t<\/div>\n\t\t\t\t\t<\/div>\n\t\t<\/section>\n\t\t\t\t<section class=\"elementor-section elementor-top-section elementor-element elementor-element-afc61d4 elementor-section-boxed elementor-section-height-default elementor-section-height-default\" data-id=\"afc61d4\" data-element_type=\"section\" data-settings=\"{&quot;animation&quot;:&quot;none&quot;,&quot;animation_tablet&quot;:&quot;none&quot;,&quot;animation_mobile&quot;:&quot;none&quot;,&quot;animation_delay&quot;:300}\">\n\t\t\t\t\t\t<div class=\"elementor-container elementor-column-gap-no\">\n\t\t\t\t\t<div class=\"elementor-column elementor-col-100 elementor-top-column elementor-element elementor-element-1b8c40b\" data-id=\"1b8c40b\" data-element_type=\"column\">\n\t\t\t<div class=\"elementor-widget-wrap elementor-element-populated\">\n\t\t\t\t\t\t<div class=\"elementor-element elementor-element-63c4c7a vamtam-theme-table-styles elementor-widget elementor-widget-toggle\" data-id=\"63c4c7a\" data-element_type=\"widget\" data-widget_type=\"toggle.default\">\n\t\t\t\t<div class=\"elementor-widget-container\">\n\t\t\t<style>\/*! elementor - v3.23.0 - 05-08-2024 *\/\n.elementor-toggle{text-align:start}.elementor-toggle .elementor-tab-title{font-weight:700;line-height:1;margin:0;padding:15px;border-bottom:1px solid #d5d8dc;cursor:pointer;outline:none}.elementor-toggle .elementor-tab-title .elementor-toggle-icon{display:inline-block;width:1em}.elementor-toggle .elementor-tab-title .elementor-toggle-icon svg{margin-inline-start:-5px;width:1em;height:1em}.elementor-toggle .elementor-tab-title .elementor-toggle-icon.elementor-toggle-icon-right{float:right;text-align:right}.elementor-toggle .elementor-tab-title .elementor-toggle-icon.elementor-toggle-icon-left{float:left;text-align:left}.elementor-toggle .elementor-tab-title .elementor-toggle-icon .elementor-toggle-icon-closed{display:block}.elementor-toggle .elementor-tab-title .elementor-toggle-icon .elementor-toggle-icon-opened{display:none}.elementor-toggle .elementor-tab-title.elementor-active{border-bottom:none}.elementor-toggle .elementor-tab-title.elementor-active .elementor-toggle-icon-closed{display:none}.elementor-toggle .elementor-tab-title.elementor-active .elementor-toggle-icon-opened{display:block}.elementor-toggle .elementor-tab-content{padding:15px;border-bottom:1px solid #d5d8dc;display:none}@media (max-width:767px){.elementor-toggle .elementor-tab-title{padding:12px}.elementor-toggle .elementor-tab-content{padding:12px 10px}}.e-con-inner>.elementor-widget-toggle,.e-con>.elementor-widget-toggle{width:var(--container-widget-width);--flex-grow:var(--container-widget-flex-grow)}<\/style>\t\t<div class=\"elementor-toggle\">\n\t\t\t\t\t\t\t<div class=\"elementor-toggle-item\">\n\t\t\t\t\t<h3 id=\"elementor-tab-title-1041\" class=\"elementor-tab-title\" data-tab=\"1\" role=\"button\" aria-controls=\"elementor-tab-content-1041\" aria-expanded=\"false\">\n\t\t\t\t\t\t\t\t\t\t\t\t<span class=\"elementor-toggle-icon elementor-toggle-icon-right\" aria-hidden=\"true\">\n\t\t\t\t\t\t\t\t\t\t\t\t\t\t\t<span class=\"elementor-toggle-icon-closed\"><i class=\"vamtamtheme- vamtam-theme-arrow-down\"><\/i><\/span>\n\t\t\t\t\t\t\t\t<span class=\"elementor-toggle-icon-opened\"><i class=\"elementor-toggle-icon-opened vamtamtheme- vamtam-theme-arrow-up\"><\/i><\/span>\n\t\t\t\t\t\t\t\t\t\t\t\t\t<\/span>\n\t\t\t\t\t\t\t\t\t\t\t\t<a class=\"elementor-toggle-title\" tabindex=\"0\">M\u0130MARLIK FAK\u00dcLTES\u0130'NE GENEL BAKI\u015e<\/a>\n\t\t\t\t\t<\/h3>\n\n\t\t\t\t\t<div id=\"elementor-tab-content-1041\" class=\"elementor-tab-content elementor-clearfix\" data-tab=\"1\" role=\"region\" aria-labelledby=\"elementor-tab-title-1041\"><p>\u0130stanbul \u00dcniversitesi Mimarl\u0131k Fak\u00fcltesi, T\u00fcrkiye\u2019nin en k\u00f6kl\u00fc ve sembol e\u011fitim kurumlar\u0131ndan biri olan \u0130stanbul \u00dcniversitesi\u2019nin bilimsel ve k\u00fclt\u00fcrel miras\u0131n\u0131, \u00e7a\u011fda\u015f tasar\u0131m anlay\u0131\u015f\u0131yla birle\u015ftirmektedir. Fak\u00fcltemiz; mimarl\u0131k, i\u00e7 mimarl\u0131k, \u015fehir ve b\u00f6lge planlama ve end\u00fcstriyel tasar\u0131m alanlar\u0131nda e\u011fitim veren b\u00f6l\u00fcmleriyle, disiplinler aras\u0131 etkile\u015fimi ve akademik \u00e7e\u015fitlili\u011fi merkeze alarak \u00f6\u011frencilerine zengin ve \u00e7ok boyutlu bir \u00f6\u011frenme ortam\u0131 sunmaktad\u0131r.<\/p><p>Mimarl\u0131k Fak\u00fcltesi\u2019nin misyonu; yerel ve k\u00fcresel \u00f6l\u00e7ekte, yarat\u0131c\u0131, sorumlu ve ele\u015ftirel d\u00fc\u015f\u00fcnebilen meslek insanlar\u0131 ve akademisyenler yeti\u015ftirmektir. \u0130stanbul \u00dcniversitesi Mimarl\u0131k Fak\u00fcltesi \u00f6\u011frencilerini sadece meslek sahibi bireyler olarak de\u011fil, toplumsal, \u00e7evresel ve k\u00fclt\u00fcrel ba\u011flamlarda s\u00f6z sahibi olacak donan\u0131ma sahip bireyler olarak yeti\u015ftirmeyi ama\u00e7lamaktad\u0131r. Fak\u00fcltemiz, tasar\u0131m, teknoloji, k\u00fclt\u00fcrel miras, s\u00fcrd\u00fcr\u00fclebilirlik ve toplumsal etki ba\u015fl\u0131klar\u0131nda y\u00fcr\u00fct\u00fclen akademik \u00e7al\u0131\u015fmalarla, mimarl\u0131k ve tasar\u0131m alan\u0131nda evrensel d\u00fczeyde katk\u0131lar sa\u011flamay\u0131 hedeflemektedir.<\/p><p>\u0130stanbul \u00dcniversitesi Mimarl\u0131k Fak\u00fcltesi, gelece\u011fin mimarlar\u0131n\u0131, i\u00e7 mimarlar\u0131n\u0131, end\u00fcstriyel tasar\u0131mc\u0131lar\u0131n\u0131 ve \u015fehir planlamac\u0131lar\u0131n\u0131; bilgiye a\u00e7\u0131k, sorumluluk sahibi, ele\u015ftirel d\u00fc\u015f\u00fcnen ve d\u00fcnyayla ba\u011flant\u0131 kurabilen bireyler olarak yeti\u015ftirmeye devam etmektedir. \u00d6\u011frencilerine hem g\u00fc\u00e7l\u00fc bir akademik temel hem de mesleki ve entelekt\u00fcel donan\u0131m kazand\u0131ran fak\u00fcltemiz, T\u00fcrkiye\u2019de ve d\u00fcnyada tasar\u0131m ve planlama alan\u0131nda s\u00f6z sahibi olmay\u0131 hedefleyen t\u00fcm adaylar\u0131 beklemektedir.<\/p>\n<p><img fetchpriority=\"high\" decoding=\"async\" class=\"alignnone size-large wp-image-989425\" src=\"http:\/\/tercihim.istanbul.edu.tr\/wp-content\/uploads\/2024\/07\/kapi-1-1024x683.jpg\" alt=\"\" width=\"1024\" height=\"683\" srcset=\"https:\/\/tercihim.istanbul.edu.tr\/wp-content\/uploads\/2024\/07\/kapi-1-1024x683.jpg 1024w, https:\/\/tercihim.istanbul.edu.tr\/wp-content\/uploads\/2024\/07\/kapi-1-300x200.jpg 300w, https:\/\/tercihim.istanbul.edu.tr\/wp-content\/uploads\/2024\/07\/kapi-1-768x512.jpg 768w, https:\/\/tercihim.istanbul.edu.tr\/wp-content\/uploads\/2024\/07\/kapi-1-1536x1025.jpg 1536w\" sizes=\"(max-width: 1024px) 100vw, 1024px\" \/><\/p><\/div>\n\t\t\t\t<\/div>\n\t\t\t\t\t\t\t<div class=\"elementor-toggle-item\">\n\t\t\t\t\t<h3 id=\"elementor-tab-title-1042\" class=\"elementor-tab-title\" data-tab=\"2\" role=\"button\" aria-controls=\"elementor-tab-content-1042\" aria-expanded=\"false\">\n\t\t\t\t\t\t\t\t\t\t\t\t<span class=\"elementor-toggle-icon elementor-toggle-icon-right\" aria-hidden=\"true\">\n\t\t\t\t\t\t\t\t\t\t\t\t\t\t\t<span class=\"elementor-toggle-icon-closed\"><i class=\"vamtamtheme- vamtam-theme-arrow-down\"><\/i><\/span>\n\t\t\t\t\t\t\t\t<span class=\"elementor-toggle-icon-opened\"><i class=\"elementor-toggle-icon-opened vamtamtheme- vamtam-theme-arrow-up\"><\/i><\/span>\n\t\t\t\t\t\t\t\t\t\t\t\t\t<\/span>\n\t\t\t\t\t\t\t\t\t\t\t\t<a class=\"elementor-toggle-title\" tabindex=\"0\">DEKAN MESAJI<\/a>\n\t\t\t\t\t<\/h3>\n\n\t\t\t\t\t<div id=\"elementor-tab-content-1042\" class=\"elementor-tab-content elementor-clearfix\" data-tab=\"2\" role=\"region\" aria-labelledby=\"elementor-tab-title-1042\"><p>Sevgili aday \u00f6\u011frencilerimiz,<\/p><p>\u0130stanbul&#8217;da, tarihi yar\u0131madada, sosyal bilimler, fen bilimleri, sa\u011fl\u0131k bilimleri, sanat ve felsefe alanlar\u0131nda lisans ve lisans\u00fcst\u00fc d\u00fczeyde kapsaml\u0131 ve nitelikli \u00f6\u011frenim olanaklar\u0131 sunan ve T\u00fcrkiye\u2019nin en k\u00f6kl\u00fc \u00fcniversitesi olan \u0130stanbul \u00dcniversitesinin zengin bilgi toplulu\u011funun sundu\u011fu olanaklardan yararlanan Mimarl\u0131k Fak\u00fcltesinin \u00f6\u011frencisi olmak bir ayr\u0131cal\u0131k. Fak\u00fcltemiz Lisans Programlar\u0131nda e\u011fitim, ara\u015ft\u0131rma, geli\u015ftirme ve toplumsal etkinin b\u00fct\u00fcnle\u015fik bir \u015fekilde ele al\u0131naca\u011f\u0131, etik ilkelere ba\u011fl\u0131,\u00a0 d\u00f6ng\u00fcsel, dinamik, kat\u0131l\u0131mc\u0131, \u00e7a\u011fda\u015f bir e\u011fitim ortam\u0131 hedefimizi birlikte in\u015fa etmek i\u00e7in sizleri de aram\u0131za kat\u0131lmaya davet ediyoruz.<\/p><p>Prof. Dr. Y\u00fcksel Demir<\/p><p>Mimarl\u0131k Fak\u00fcltesi Dekan\u0131<\/p><p>\u00a0<\/p><\/div>\n\t\t\t\t<\/div>\n\t\t\t\t\t\t\t<div class=\"elementor-toggle-item\">\n\t\t\t\t\t<h3 id=\"elementor-tab-title-1043\" class=\"elementor-tab-title\" data-tab=\"3\" role=\"button\" aria-controls=\"elementor-tab-content-1043\" aria-expanded=\"false\">\n\t\t\t\t\t\t\t\t\t\t\t\t<span class=\"elementor-toggle-icon elementor-toggle-icon-right\" aria-hidden=\"true\">\n\t\t\t\t\t\t\t\t\t\t\t\t\t\t\t<span class=\"elementor-toggle-icon-closed\"><i class=\"vamtamtheme- vamtam-theme-arrow-down\"><\/i><\/span>\n\t\t\t\t\t\t\t\t<span class=\"elementor-toggle-icon-opened\"><i class=\"elementor-toggle-icon-opened vamtamtheme- vamtam-theme-arrow-up\"><\/i><\/span>\n\t\t\t\t\t\t\t\t\t\t\t\t\t<\/span>\n\t\t\t\t\t\t\t\t\t\t\t\t<a class=\"elementor-toggle-title\" tabindex=\"0\">TAR\u0130H\u00c7E<\/a>\n\t\t\t\t\t<\/h3>\n\n\t\t\t\t\t<div id=\"elementor-tab-content-1043\" class=\"elementor-tab-content elementor-clearfix\" data-tab=\"3\" role=\"region\" aria-labelledby=\"elementor-tab-title-1043\"><p>T\u00fcrkiye\u2019nin en k\u00f6kl\u00fc \u00fcniversitesi olan \u0130stanbul \u00dcniversitesi\u2019nin aktif 17 fak\u00fcltesi aras\u0131nda en gen\u00e7lerinden biri olan \u0130stanbul \u00dcniversitesi Mimarl\u0131k Fak\u00fcltesi 4 lisans, 3 y\u00fcksek lisans ve 1 doktora program\u0131yla sa\u011flam ad\u0131mlarla ilerlemeye devam etmektedir.<\/p><p>Resmi Gazete\u2019nin 11 Mart 2017 tarihli say\u0131s\u0131nda yay\u0131nlanan Bakanlar Kurulu Karar\u0131 ile \u0130stanbul \u00dcniversitesi\u2019nde Mimarl\u0131k Fak\u00fcltesi kurulmu\u015ftur.\u200b Mimarl\u0131k Fak\u00fcltesi b\u00fcnyesinde kurulan ilk b\u00f6l\u00fcm Mimarl\u0131k B\u00f6l\u00fcm\u00fc ve Mimarl\u0131k Anabilim Dal\u0131 olmu\u015ftur. \u200b<\/p><p>Y\u00fcksek\u00f6\u011fretim Y\u00fcr\u00fctme Kurulunun 17.10.2018 tarihli toplant\u0131s\u0131nda \u015eehir ve B\u00f6lge Planlama B\u00f6l\u00fcm\u00fc ve \u015eehir ve B\u00f6lge Planlama Anabilim Dal\u0131, \u0130\u00e7 Mimarl\u0131k B\u00f6l\u00fcm\u00fc ve \u0130\u00e7 Mimarl\u0131k Anabilim Dal\u0131 ile End\u00fcstri \u00dcr\u00fcnleri Tasar\u0131m\u0131 B\u00f6l\u00fcm\u00fc ve End\u00fcstri \u00dcr\u00fcnleri Tasar\u0131m\u0131 Anabilim Dal\u0131 kurulmas\u0131 uygun g\u00f6r\u00fclm\u00fc\u015ft\u00fcr. Ad\u0131 ge\u00e7en kurulun 31.03.2021 tarihli toplant\u0131s\u0131nda da End\u00fcstri \u00dcr\u00fcnleri Tasar\u0131m\u0131 B\u00f6l\u00fcm\u00fc ve End\u00fcstri \u00dcr\u00fcnleri Tasar\u0131m\u0131 Anabilim Dal\u0131 isimlerinin End\u00fcstriyel Tasar\u0131m B\u00f6l\u00fcm\u00fc ve End\u00fcstriyel Tasar\u0131m Anabilim Dal\u0131 olarak de\u011fi\u015ftirilmi\u015ftir. \u200b<\/p><p>Mimarl\u0131k lisans program\u0131 2019-2020 E\u011fitim-\u00d6\u011fretim y\u0131l\u0131, \u0130\u00e7 Mimarl\u0131k lisans program\u0131 2020-2021 E\u011fitim-\u00d6\u011fretim y\u0131l\u0131, \u015eehir ve B\u00f6lge Planlama lisans program\u0131 2021-2022 E\u011fitim-\u00d6\u011fretim y\u0131l\u0131 ve End\u00fcstriyel Tasar\u0131m lisans program\u0131 2023-2024 E\u011fitim-\u00d6\u011fretim y\u0131l\u0131nda ilk \u00f6\u011frencilerini alm\u0131\u015ft\u0131r.<\/p><p>2024-2025 E\u011fitim-\u00d6\u011fretim y\u0131l\u0131 itibariyle Mimarl\u0131k, \u0130\u00e7 Mimarl\u0131k ve \u015eehir ve B\u00f6lge Planlama b\u00f6l\u00fcmlerinin Fen Bilimleri Enstit\u00fcs\u00fc b\u00fcnyesindeki y\u00fcksek lisans programlar\u0131 aktiftir. Mimarl\u0131k Doktora program\u0131 ise 2022-2023 E\u011fitim-\u00d6\u011fretim y\u0131l\u0131 G\u00fcz yar\u0131y\u0131l\u0131nda e\u011fitime ba\u015flam\u0131\u015ft\u0131r.<\/p><\/div>\n\t\t\t\t<\/div>\n\t\t\t\t\t\t\t<div class=\"elementor-toggle-item\">\n\t\t\t\t\t<h3 id=\"elementor-tab-title-1044\" class=\"elementor-tab-title\" data-tab=\"4\" role=\"button\" aria-controls=\"elementor-tab-content-1044\" aria-expanded=\"false\">\n\t\t\t\t\t\t\t\t\t\t\t\t<span class=\"elementor-toggle-icon elementor-toggle-icon-right\" aria-hidden=\"true\">\n\t\t\t\t\t\t\t\t\t\t\t\t\t\t\t<span class=\"elementor-toggle-icon-closed\"><i class=\"vamtamtheme- vamtam-theme-arrow-down\"><\/i><\/span>\n\t\t\t\t\t\t\t\t<span class=\"elementor-toggle-icon-opened\"><i class=\"elementor-toggle-icon-opened vamtamtheme- vamtam-theme-arrow-up\"><\/i><\/span>\n\t\t\t\t\t\t\t\t\t\t\t\t\t<\/span>\n\t\t\t\t\t\t\t\t\t\t\t\t<a class=\"elementor-toggle-title\" tabindex=\"0\">AKADEM\u0130K KADRO<\/a>\n\t\t\t\t\t<\/h3>\n\n\t\t\t\t\t<div id=\"elementor-tab-content-1044\" class=\"elementor-tab-content elementor-clearfix\" data-tab=\"4\" role=\"region\" aria-labelledby=\"elementor-tab-title-1044\"><p><strong>DEKAN<\/strong><\/p><p><strong>\u00a0<\/strong><\/p><ul><li>Dr. Y\u00dcKSEL DEM\u0130R, \u0130stanbul Teknik \u00dcniversitesi (\u0130T\u00dc) \u00d6\u011fretim \u00dcyesi<\/li><\/ul><p><strong>\u00a0<\/strong><\/p><p><strong>M\u0130MARLIK B\u00d6L\u00dcM\u00dc<\/strong><\/p><p>\u00a0<\/p><ul><li>Dr. KEMAL KUTG\u00dcN EY\u00dcPG\u0130LLER (B\u00f6l\u00fcm Ba\u015fkan\u0131)<\/li><li>Dr. M\u00dcYESSER EBRU ERD\u00d6NMEZ D\u0130N\u00c7ER<\/li><li>Do\u00e7. Dr. NESR\u0130N \u00c7\u0130\u00c7EK AK\u00c7IL HARMANKAYA<\/li><li>Do\u00e7. Dr. ZEYNEP YAZICIO\u011eLU HALU<\/li><li>Do\u00e7. Dr. MUSTAFA \u00c7A\u011eHAN KESK\u0130N<\/li><li>Do\u00e7. Dr. CEM\u0130L AK\u00c7AY<\/li><li>Do\u00e7. Dr. ES\u0130N HASG\u00dcL<\/li><li>\u00d6\u011fr. \u00dcyesi SELAHATT\u0130N ERSOY<\/li><li>\u00d6\u011fr. \u00dcyesi ZAH\u0130DE SENA G\u00dcNE\u015e KAYA<\/li><li>\u00d6\u011fr. G\u00f6r. HAN\u0130FE S\u00dcMEYYE TA\u015eDELEN<\/li><li>Ar\u015f. G\u00f6r. Dr. SEZER SAVA\u015e<\/li><li>Ar\u015f. G\u00f6r. MUHAMMED OYTUN KASAPG\u0130L<\/li><li>Ar\u015f. G\u00f6r. SEDA KULAK DALKILI\u00c7<\/li><li>Ar\u015f. G\u00f6r. K\u00dcBRA BIYUK \u00d6KS\u00dcZ<\/li><li>Ar\u015f. G\u00f6r. AY\u015eENUR BEG\u00dcM HELVACI<\/li><\/ul><p>\u00a0<\/p><p><strong>\u0130\u00c7 M\u0130MARLIK B\u00d6L\u00dcM\u00dc<\/strong><\/p><p>\u00a0<\/p><ul><li>Dr. HAT\u0130CE UMUT TU\u011eLU KARSLI (B\u00f6l\u00fcm Ba\u015fkan\u0131)<\/li><li>Dr. BEG\u00dcM SERTYE\u015e\u0130LI\u015eIK<\/li><li>Do\u00e7.Dr. MUSTAFA KAAN SA\u011e<\/li><li>\u00d6\u011fr. \u00dcyesi BET\u00dcL ORBEY<\/li><li>\u00d6\u011fr. \u00dcyesi \u0130REM S\u00d6ZEN AKA<\/li><li>\u00d6\u011fr. G\u00f6r. AY\u015eEN \u015eOLT<\/li><li>Ar\u015f. G\u00f6r. TU\u011e\u00c7E BABACAN \u00c7\u00d6REKC\u0130<\/li><li>Ar\u015f. G\u00f6r. ECEM ZEYT\u00c7\u0130O\u011eLU<\/li><li>Ar\u015f. G\u00f6r. R\u00dcMEYSA DEM\u0130REL<\/li><\/ul><p><strong>\u00a0<\/strong><\/p><p><strong>\u015eEH\u0130R VE B\u00d6LGE PLANLAMA B\u00d6L\u00dcM\u00dc<\/strong><\/p><p>\u00a0<\/p><ul><li>Dr. NA\u0130ME H\u00dcLYA BERKMEN (B\u00f6l\u00fcm Ba\u015fkan\u0131)<\/li><li>Dr. AY\u015eE D\u0130LEK DARBY<\/li><li>Do\u00e7. Dr. METE BA\u015eAR BAYPINAR<\/li><li>Do\u00e7. Dr. CEM BEYGO<\/li><li>\u00d6\u011fr. \u00dcyesi HAL\u0130DE CANDAN Z\u00dcLF\u0130KAR<\/li><li>Ar\u015f. G\u00f6r. AY\u015eE BURCU KISACIK<\/li><li>Ar\u015f. G\u00f6r. EL\u0130FSU \u015eAH\u0130N<\/li><li>Ar\u015f. G\u00f6r. G\u00d6ZDE ARZU SARICAN<\/li><li>Ar\u015f. G\u00f6r. MERVE DEN\u0130Z TAK<\/li><li>Ar\u015f. G\u00f6r. AYDAN G\u00dcLER<\/li><\/ul><p><strong>\u00a0<\/strong><\/p><p><strong>END\u00dcSTR\u0130YEL TASARIM B\u00d6L\u00dcM\u00dc<\/strong><\/p><p>\u00a0<\/p><ul><li>\u00d6\u011fr. \u00dcyesi BERRAK KARACA \u015eALGAMCIO\u011eLU (B\u00f6l\u00fcm Ba\u015fkan\u0131)<\/li><li>\u00d6\u011fr. \u00dcyesi SERKAN BAYRAKTARO\u011eLU<\/li><li>\u00d6\u011fr. \u00dcyesi EL\u0130F \u0130DEMEN OKAN<\/li><li>Ar\u015f. G\u00f6r. \u0130REM GEN\u00c7<\/li><\/ul><\/div>\n\t\t\t\t<\/div>\n\t\t\t\t\t\t\t<div class=\"elementor-toggle-item\">\n\t\t\t\t\t<h3 id=\"elementor-tab-title-1045\" class=\"elementor-tab-title\" data-tab=\"5\" role=\"button\" aria-controls=\"elementor-tab-content-1045\" aria-expanded=\"false\">\n\t\t\t\t\t\t\t\t\t\t\t\t<span class=\"elementor-toggle-icon elementor-toggle-icon-right\" aria-hidden=\"true\">\n\t\t\t\t\t\t\t\t\t\t\t\t\t\t\t<span class=\"elementor-toggle-icon-closed\"><i class=\"vamtamtheme- vamtam-theme-arrow-down\"><\/i><\/span>\n\t\t\t\t\t\t\t\t<span class=\"elementor-toggle-icon-opened\"><i class=\"elementor-toggle-icon-opened vamtamtheme- vamtam-theme-arrow-up\"><\/i><\/span>\n\t\t\t\t\t\t\t\t\t\t\t\t\t<\/span>\n\t\t\t\t\t\t\t\t\t\t\t\t<a class=\"elementor-toggle-title\" tabindex=\"0\">B\u00d6L\u00dcMLER\u0130N TANITIMI<\/a>\n\t\t\t\t\t<\/h3>\n\n\t\t\t\t\t<div id=\"elementor-tab-content-1045\" class=\"elementor-tab-content elementor-clearfix\" data-tab=\"5\" role=\"region\" aria-labelledby=\"elementor-tab-title-1045\"><ul><li><strong>Mimarl\u0131k B\u00f6l\u00fcm\u00fc<\/strong><\/li><\/ul><p><strong>Genel Tan\u0131t\u0131m<\/strong><\/p><p>Mimarl\u0131k B\u00f6l\u00fcm\u00fc\u2019nde; psikolojik, sosyolojik, k\u00fclt\u00fcrel, tarihi, teknolojik, yap\u0131sal ve i\u015flevsel boyutlar\u0131 g\u00f6z \u00f6n\u00fcnde bulundurabilen; sorgulayan, yeni fikirler \u00fcretme hedefinde farkl\u0131 tasar\u0131m, kuram ve y\u00f6ntemlerini kullanan, \u00e7a\u011fda\u015f teknik bilgi ve beceri ile donat\u0131lm\u0131\u015f, ahlaki ve etik de\u011ferlere sahip, \u00fclkesini seven, insanl\u0131\u011fa faydal\u0131 olmay\u0131 hedefleyen, ayd\u0131n, \u00e7a\u011fda\u015f ve d\u00fcnya \u00e7ap\u0131nda vizyona sahip \u00e7ok y\u00f6nl\u00fc mimarlar yeti\u015ftirilmesi hedeflenmektedir.<\/p><p>\u00dclke genelinde kaliteli ve yeterlilik sahibi mimarl\u0131k mezunlar\u0131n\u0131n yeti\u015fmesi ba\u011flam\u0131nda \u0130stanbul \u00dcniversitesi\u2019nin g\u00fc\u00e7l\u00fc yap\u0131s\u0131 Mimarl\u0131k B\u00f6l\u00fcm\u00fc\u2019n\u00fcn de g\u00fc\u00e7l\u00fc yan\u0131n\u0131 olu\u015fturmaktad\u0131r. Mimarl\u0131k e\u011fitiminin \u0130stanbul\u2019da Tarihi Yar\u0131mada\u2019n\u0131n merkezinde yer alan kamp\u00fcste veriliyor olmas\u0131, program\u0131n en g\u00fc\u00e7l\u00fc y\u00f6nlerinden biridir.<\/p><p><strong>Kabul Ko\u015fullar\u0131<\/strong><\/p><p>Fak\u00fcltemizin t\u00fcm lisans b\u00f6l\u00fcmlerine YKS-Say\u0131sal, ek kontenjan, yatay ge\u00e7i\u015fle gelen \u00f6\u011frenciler ile kabul ko\u015fullar\u0131n\u0131 sa\u011flam\u0131\u015f yabanc\u0131 uyruklu \u00f6\u011frenciler kabul edilir. T\u00fcm lisans programlar\u0131m\u0131zda bulunan derslerin %30\u2019unu \u0130ngilizce tamamlamak esast\u0131r. Bu sebeple YKS sonras\u0131nda \u0130stanbul \u00dcniversitesi\u2019nde \u0130ngilizce s\u0131nav\u0131 yap\u0131lmakta, s\u0131nav sonu\u00e7lar\u0131na g\u00f6re \u00f6\u011frenciler \u0130ngilizce Haz\u0131rl\u0131k e\u011fitimi alabilmektedir.<\/p><p><strong>Mezuniyet Ko\u015fullar\u0131<\/strong><\/p><p>Programdan mezun olabilmek i\u00e7in \u00f6\u011frencilerin \u00f6\u011frenim d\u00f6nemleri s\u00fcrecinde zorunlu derslerini alm\u0131\u015f olmalar\u0131, %25&#8217;i se\u00e7meli derslerden olu\u015fan 240 AKTS tamamlamas\u0131, Genel A\u011f\u0131rl\u0131kl\u0131 Not Ortalamas\u0131 (GANO) de\u011ferinin en az 2.00 olmas\u0131, 60 i\u015fg\u00fcn\u00fc staj\u0131n\u0131 yapm\u0131\u015f olmalar\u0131 ve en az %30 \u0130ngilizce ders kredisi alm\u0131\u015f olmalar\u0131 gerekmektedir.<\/p><p><strong>Mezunlar\u0131n \u0130stihdam\u0131<\/strong><\/p><p>Mimarl\u0131k B\u00f6lu\u0308mu\u0308 mezunlar\u0131 mimarl\u0131k ofislerinde, \u015fantiyelerde, yerel y\u00f6netimler, kamu kurum ve kurulu\u015flar\u0131, yap\u0131 ve in\u015faat sekt\u00f6ru\u0308nu\u0308n tu\u0308m alt bran\u015flar\u0131nda \u00e7al\u0131\u015fabilirler veya mimarl\u0131k disiplini alt\u0131ndaki bir\u00e7ok bran\u015fta akademik kariyer yapabilirler.<\/p><p>\u00a0<\/p><ul><li><strong>\u0130\u00e7 Mimarl\u0131k B\u00f6l\u00fcm\u00fc<\/strong><\/li><\/ul><p><strong>Genel Tan\u0131t\u0131m<\/strong><\/p><p>\u0130\u00e7 mimarl\u0131k, mimari bir yap\u0131 kabu\u011funun i\u00e7 mekan\u0131n\u0131, kullan\u0131c\u0131lar\u0131n\u0131n i\u015flevsel, teknik ve davran\u0131\u015fsal gereksinimlerine en uygun bi\u00e7imde tasarlamak i\u00e7in \u00e7\u00f6z\u00fcm \u00fcreten bir meslek dal\u0131d\u0131r. T\u00fcrkiye\u2019nin \u00f6nde gelen e\u011fitim kurumlar\u0131 aras\u0131nda ilk s\u0131ralarda yer alan \u0130stanbul \u00dcniversitesi\u2019nin bir par\u00e7as\u0131 olarak B\u00f6l\u00fcm\u00fczde yerel ve uluslararas\u0131 \u00f6l\u00e7ekte, i\u00e7 mimarl\u0131k e\u011fitiminin kalitesinin y\u00fckseltilmesi, g\u00fcncel bilgi ile donat\u0131lm\u0131\u015f, \u00e7a\u011fda\u015f ilke ve \u00f6l\u00e7\u00fctlerden haberdar i\u00e7 mimarlar\u0131n yeti\u015ftirilmesi hedeflenmektedir. B\u00f6l\u00fcm m\u00fcfredat\u0131, CIDA (Council for Interior Design Accreditation) akreditasyon kurulu standartlar\u0131 g\u00f6z \u00f6n\u00fcnde bulundurularak yap\u0131land\u0131r\u0131lm\u0131\u015f; tasar\u0131m st\u00fcdyolar\u0131, mobilya st\u00fcdyolar\u0131, yap\u0131 i\u00e7i konstr\u00fcksiyon, i\u00e7 mimarl\u0131k tarihi, renk ve \u0131\u015f\u0131k gibi dersler ve m\u00fcfredat d\u0131\u015f\u0131 e\u011fitim ara\u00e7lar\u0131 ile teori ve prati\u011fi birle\u015ftirerek \u00f6\u011frencilerimizi mesleki ya\u015fama haz\u0131rlama misyonunu benimsenmi\u015ftir. \u0130\u00e7 mimarl\u0131k m\u00fcfredat\u0131ndaki dersler yan\u0131nda, ofis ve \u015fantiye stajlar\u0131 da birer e\u011fitim arac\u0131 olarak yer almaktad\u0131r. Bu stajlar s\u0131ras\u0131nda \u00f6\u011frencilerimiz mesleki prati\u011fe giri\u015f yapmakta ve \u00e7o\u011fu zaman, daha mezun olmadan bir mimarl\u0131k veya tasar\u0131m ofisinde yar\u0131 zamanl\u0131 olarak \u00e7al\u0131\u015fmaya ba\u015flamaktad\u0131rlar. \u0130\u00e7 mimarl\u0131k mesle\u011fi, mobilya, mutfak, yat-tekne, yap\u0131 malzemesi ve in\u015faat sekt\u00f6rleri ile s\u00fcrekli dirsek temas\u0131ndad\u0131r. \u0130\u00e7 mimarl\u0131k b\u00f6l\u00fcm\u00fcm\u00fcz\u00fcn, akademi-sanayi i\u015f birli\u011fini benimseyerek \u00f6\u011frencileri sekt\u00f6r ile tan\u0131\u015ft\u0131rma ve gelecekte i\u015f bulmalar\u0131na yard\u0131mc\u0131 olacak mesleki \u00e7evreye entegrasyonlar\u0131n\u0131 sa\u011flama hedefi bulunmaktad\u0131r.<\/p><p><strong>Kabul Ko\u015fullar\u0131<\/strong><\/p><p>Fak\u00fcltemizin t\u00fcm lisans b\u00f6l\u00fcmlerine YKS-Say\u0131sal, ek kontenjan, yatay ge\u00e7i\u015fle gelen \u00f6\u011frenciler ile kabul ko\u015fullar\u0131n\u0131 sa\u011flam\u0131\u015f yabanc\u0131 uyruklu \u00f6\u011frenciler kabul edilir. T\u00fcm lisans programlar\u0131m\u0131zda bulunan derslerin %30\u2019unu \u0130ngilizce tamamlamak esast\u0131r. Bu sebeple YKS sonras\u0131nda \u0130stanbul \u00dcniversitesi\u2019nde \u0130ngilizce s\u0131nav\u0131 yap\u0131lmakta, s\u0131nav sonu\u00e7lar\u0131na g\u00f6re \u00f6\u011frenciler \u0130ngilizce Haz\u0131rl\u0131k e\u011fitimi alabilmektedir.<\/p><p><strong>Mezuniyet Ko\u015fullar\u0131<\/strong><\/p><p>Programdan mezun olabilmek i\u00e7in \u00f6\u011frencilerin \u00f6\u011frenim d\u00f6nemleri s\u00fcrecinde zorunlu derslerini alm\u0131\u015f olmalar\u0131, %25&#8217;i se\u00e7meli derslerden olu\u015fan 240 AKTS tamamlamas\u0131, Genel A\u011f\u0131rl\u0131kl\u0131 Not Ortalamas\u0131 (GANO) de\u011ferinin en az 2.00 olmas\u0131, 60 i\u015fg\u00fcn\u00fc staj\u0131n\u0131 yapm\u0131\u015f olmalar\u0131 ve en az %30 \u0130ngilizce ders kredisi alm\u0131\u015f olmalar\u0131 gerekmektedir.<\/p><p><strong>Mezunlar\u0131n \u0130stihdam\u0131<\/strong><\/p><p>\u0130\u00e7 Mimarl\u0131k B\u00f6l\u00fcm\u00fc mezunlar\u0131, mimari b\u00fcro, in\u015faat ve mobilya \u015firketlerinde; konut, k\u00fclt\u00fcr merkezi, i\u015f yeri, havaalan\u0131 gibi \u00e7e\u015fitli \u00f6l\u00e7eklerdeki projelerin i\u00e7 mekan tasar\u0131m\u0131\/uygulamas\u0131 a\u015famalar\u0131nda; yap\u0131 malzemelerinin tasar\u0131m, \u00fcretim, pazarlama ve sat\u0131\u015f departmanlar\u0131nda; fuar, sergi, vb. organizasyonlar\u0131n tasar\u0131m ve kurulum a\u015famalar\u0131nda; yap\u0131 sekt\u00f6r\u00fcndeki firmalarda proje y\u00f6netimi, \u015fantiye y\u00f6netimi, sat\u0131\u015f, dan\u0131\u015fmanl\u0131k alanlar\u0131nda; kamu kurulu\u015flar\u0131 ve \u00e7e\u015fitli bankalar gibi kurulu\u015flarda istihdam edilebilirler ve akademisyen olarak kariyerlerine devam edebilirler.<\/p><p>\u00a0<\/p><ul><li><strong>\u015eehir ve B\u00f6lge Planlama B\u00f6l\u00fcm\u00fc<\/strong><\/li><\/ul><p><strong>Genel Tan\u0131t\u0131m<\/strong><\/p><p>\u015eehir ve B\u00f6lge Planlama B\u00f6lu\u0308mu\u0308, bu\u0308yu\u0308k\u015fehirlerde bu\u0308tu\u0308nle\u015fik y\u00f6netim ve planlama ihtiya\u00e7lar\u0131na \u00f6ncelik verilmesi gerekti\u011fine inanmakta, kentsel d\u00f6n\u00fc\u015f\u00fcm, ak\u0131ll\u0131 \u015fehirler, engelsiz tasar\u0131m gibi gu\u0308ncel konular\u0131 do\u011frudan do\u011fruya e\u011fitim programlar\u0131na aktarmaya \u00f6zen g\u00f6stererek, farkl\u0131 disiplinlere a\u00e7\u0131k, meslekte yeti\u015fmi\u015f planc\u0131lar ile u\u0308niversite hayat\u0131na yeni at\u0131lanlar \u00f6\u011frencileri bir araya getirmeyi hedeflemektedir. \u015eehir ve B\u00f6lge Planlama B\u00f6lu\u0308mu\u0308 u\u0308lkemizde ve du\u0308nyada al\u0131\u015f\u0131lageldik \u015fehir planlama e\u011fitiminin uygulamaya d\u00f6nu\u0308k gu\u0308\u00e7lu\u0308 yanlar\u0131n\u0131 benimsemekte, di\u011fer u\u0308niversitelerdeki e\u011fitim programlar\u0131na g\u00f6re \u00f6\u011frencilerin \u00e7ok daha zengin bir ders havuzundan faydalanmas\u0131na olanak sa\u011flayacak se\u00e7enekler sunmaktad\u0131r.<\/p><p>\u015eehir ve B\u00f6lge Planlama lisans program\u0131 da ak\u0131ll\u0131 \u015fehir paradigmas\u0131na uygun \u015fekilde, di\u011fer mesleklerden ve di\u011fer u\u0308lkelerden uzmanlarla beraber \u00e7al\u0131\u015fma becerisi yu\u0308ksek \u015fehir ve b\u00f6lge planc\u0131lar\u0131 yeti\u015ftirmeyi ve ya\u015fam boyu e\u011fitimde \u00f6nemli bir rol u\u0308stlenmeyi ama\u00e7lamaktad\u0131r.<\/p><p><strong>Kabul Ko\u015fullar\u0131<\/strong><\/p><p>Fak\u00fcltemizin t\u00fcm lisans b\u00f6l\u00fcmlerine YKS-Say\u0131sal, ek kontenjan, yatay ge\u00e7i\u015fle gelen \u00f6\u011frenciler ile kabul ko\u015fullar\u0131n\u0131 sa\u011flam\u0131\u015f yabanc\u0131 uyruklu \u00f6\u011frenciler kabul edilir. T\u00fcm lisans programlar\u0131m\u0131zda bulunan derslerin %30\u2019unu \u0130ngilizce tamamlamak esast\u0131r. Bu sebeple YKS sonras\u0131nda \u0130stanbul \u00dcniversitesi\u2019nde \u0130ngilizce s\u0131nav\u0131 yap\u0131lmakta, s\u0131nav sonu\u00e7lar\u0131na g\u00f6re \u00f6\u011frenciler \u0130ngilizce Haz\u0131rl\u0131k e\u011fitimi alabilmektedir.<\/p><p><strong>Mezuniyet Ko\u015fullar\u0131<\/strong><\/p><p>Programdan mezun olabilmek i\u00e7in \u00f6\u011frencilerin \u00f6\u011frenim d\u00f6nemleri s\u00fcrecinde zorunlu derslerini alm\u0131\u015f olmalar\u0131, %25&#8217;i se\u00e7meli derslerden olu\u015fan 240 AKTS tamamlamas\u0131, Genel A\u011f\u0131rl\u0131kl\u0131 Not Ortalamas\u0131 (GANO) de\u011ferinin en az 2.00 olmas\u0131, 60 i\u015fg\u00fcn\u00fc staj\u0131n\u0131 yapm\u0131\u015f olmalar\u0131 ve en az %30 \u0130ngilizce ders kredisi alm\u0131\u015f olmalar\u0131 gerekmektedir.<\/p><p><strong>Mezunlar\u0131n \u0130stihdam\u0131<\/strong><\/p><p>\u015eehir ve B\u00f6lge Planlama B\u00f6l\u00fcm\u00fc mezunlar\u0131, serbest meslek sahibi olabilecekleri gibi, kamuda bu\u0308yu\u0308k\u015fehir belediyeleri ve il\u00e7e belediyeleri ve bunlar\u0131n i\u015ftiraklerinde, koruma kurullar\u0131nda, bakanl\u0131klar ve di\u011fer kamu kurumlar\u0131nda, kalk\u0131nma bankalar\u0131nda ve iller bankas\u0131nda, ticari bankalar\u0131n emlak departmanlar\u0131nda, in\u015faat, mimarl\u0131k ve planlama \u015firketlerinde, \u00f6zel ve kamuya ait ara\u015ft\u0131rma kurumlar\u0131nda, toplu ta\u015f\u0131ma veya di\u011fer altyap\u0131 hizmetleri veren kurumlarda istihdam edilmektedirler. Mezunlar\u0131n yurt d\u0131\u015f\u0131nda da i\u015f bulma olanaklar\u0131 yu\u0308ksektir. Mezunlar sosyal fayda yaratan \u00e7e\u015fitli derneklerde veya platformlarda da aktif rol almaktad\u0131rlar.<\/p><p>\u00a0<\/p><ul><li><strong>End\u00fcstriyel Tasar\u0131m B\u00f6l\u00fcm\u00fc<\/strong><\/li><\/ul><p><strong>Genel Tan\u0131t\u0131m<\/strong><\/p><p>\u0130stanbul \u00dcniversitesi End\u00fcstriyel Tasar\u0131m B\u00f6l\u00fcm\u00fc, birey, toplum ve \u00e7evre yarar\u0131n\u0131 merkeze alan \u00e7ok y\u00f6nl\u00fc tasar\u0131mc\u0131lar yeti\u015ftirmeyi hedeflemektedir. 2023 YKS yerle\u015ftirmesiyle ilk \u00f6\u011frencilerini kabul etmi\u015f olan End\u00fcstriyel Tasar\u0131m Lisans program\u0131m\u0131z; \u00fcr\u00fcn ya\u015fam d\u00f6ng\u00fcs\u00fcn\u00fcn her a\u015famas\u0131n\u0131 g\u00f6zeten, sosyal, k\u00fclt\u00fcrel, \u00e7evresel, teknik ve ekonomik boyutlar\u0131 tasar\u0131m s\u00fcrecine entegre eden kapsaml\u0131 bir yakla\u015f\u0131mla yap\u0131land\u0131r\u0131lm\u0131\u015ft\u0131r. Klasik tasar\u0131m kuramlar\u0131n\u0131n yan\u0131 s\u0131ra yenilik\u00e7i ve deneysel tasar\u0131m y\u00f6ntemlerine de yer veren e\u011fitim modelimiz, \u00f6\u011frencileri yaln\u0131zca yarat\u0131c\u0131 \u00e7\u00f6z\u00fcmler \u00fcretmeye de\u011fil, ayn\u0131 zamanda bu \u00e7\u00f6z\u00fcmleri ara\u015ft\u0131rma temelli ve stratejik bir bak\u0131\u015fla y\u00f6netmeye te\u015fvik etmektedir.<\/p><p>B\u00f6l\u00fcm\u00fcm\u00fcz\u00fc farkl\u0131 k\u0131lan unsurlar\u0131n ba\u015f\u0131nda, tasar\u0131m ara\u015ft\u0131rmas\u0131na verdi\u011fimiz \u00f6nem ve \u00f6\u011frencilerimize erken d\u00f6nemde proje geli\u015ftirme ve y\u00f6netme becerisi kazand\u0131rmaya y\u00f6nelik ders i\u00e7eriklerimiz gelmektedir. Disiplinleraras\u0131 bir bak\u0131\u015f a\u00e7\u0131s\u0131yla olu\u015fturulan m\u00fcfredat\u0131m\u0131z, \u0130stanbul \u00dcniversitesi&#8217;nin geli\u015fmi\u015f akademik kadrosunun katk\u0131lar\u0131yla zenginle\u015fmekte; \u00f6rne\u011fin fikri m\u00fclkiyet dersi, \u0130stanbul \u00dcniversitesi Hukuk Fak\u00fcltesi \u00f6\u011fretim \u00fcyeleri taraf\u0131ndan verilmektedir.<\/p><p>\u0130stanbul \u00dcniversitesi Mimarl\u0131k Fak\u00fcltesi End\u00fcstriyel Tasar\u0131m B\u00f6l\u00fcm\u00fc, \u00f6\u011frencilerin yaln\u0131zca teorik bilgiyle de\u011fil, ayn\u0131 zamanda sekt\u00f6rel deneyimle geli\u015fmelerini hedefleyerek Arzum, Patika Orman Okulu ve \u0130STON gibi kurumlarla i\u015fbirlikleri y\u00fcr\u00fctmektedir. Bu i\u015fbirlikleri kapsam\u0131nda proje bazl\u0131 dersler, saha \u00e7al\u0131\u015fmalar\u0131 ve teknik geziler d\u00fczenlenmekte; b\u00f6ylece \u00f6\u011frenciler ger\u00e7ek tasar\u0131m problemleriyle y\u00fczle\u015ferek profesyonel \u00fcretim s\u00fcre\u00e7lerine do\u011frudan katk\u0131 sunma imk\u00e2n\u0131 elde etmektedir.<\/p><p><strong>Kabul Ko\u015fullar\u0131<\/strong><\/p><p>Fak\u00fcltemizin t\u00fcm lisans b\u00f6l\u00fcmlerine YKS-Say\u0131sal, ek kontenjan, yatay ge\u00e7i\u015fle gelen \u00f6\u011frenciler ile kabul ko\u015fullar\u0131n\u0131 sa\u011flam\u0131\u015f yabanc\u0131 uyruklu \u00f6\u011frenciler kabul edilir. T\u00fcm lisans programlar\u0131m\u0131zda bulunan derslerin %30\u2019unu \u0130ngilizce tamamlamak esast\u0131r. Bu sebeple YKS sonras\u0131nda \u0130stanbul \u00dcniversitesi\u2019nde \u0130ngilizce s\u0131nav\u0131 yap\u0131lmakta, s\u0131nav sonu\u00e7lar\u0131na g\u00f6re \u00f6\u011frenciler \u0130ngilizce Haz\u0131rl\u0131k e\u011fitimi alabilmektedir.<\/p><p><strong>Mezuniyet Ko\u015fullar\u0131<\/strong><\/p><p>Programdan mezun olabilmek i\u00e7in \u00f6\u011frencilerin \u00f6\u011frenim d\u00f6nemleri s\u00fcrecinde zorunlu derslerini alm\u0131\u015f olmalar\u0131, %25&#8217;i se\u00e7meli derslerden olu\u015fan 240 AKTS tamamlamas\u0131, Genel A\u011f\u0131rl\u0131kl\u0131 Not Ortalamas\u0131 (GANO) de\u011ferinin en az 2.00 olmas\u0131, 60 i\u015fg\u00fcn\u00fc staj\u0131n\u0131 yapm\u0131\u015f olmalar\u0131,\u00a0 bitirme projesi mahiyetinde olan Proje VIII dersinde en az \u201cCC\u201d ba\u015far\u0131 notu elde etmeleri ve en az %30 \u0130ngilizce ders kredisi alm\u0131\u015f olmalar\u0131 gerekmektedir.<\/p><p><strong>Mezunlar\u0131n \u0130stihdam\u0131<\/strong><\/p><p>End\u00fcstriyel Tasar\u0131m B\u00f6l\u00fcm\u00fc mezunlar\u0131, kamu kurum ve kurulu\u015flar\u0131nda, \u00f6zel sekt\u00f6rde, tasar\u0131m ofislerinde, ara\u015ft\u0131rma enstit\u00fclerinde veya \u00fcniversitelerde g\u00f6rev yapabilirler. Elektrikli ve elektronik aletler, t\u0131bbi cihazlar, seramik gere\u00e7ler, ambalaj, ev ve ofis \u00fcr\u00fcnleri, kent mobilyas\u0131, ayd\u0131nlatma ve ula\u015f\u0131m gibi \u00e7ok \u00e7e\u015fitli sekt\u00f6rlerdeki firmalar ve sivil toplum \u00f6rg\u00fctleri, end\u00fcstriyel tasar\u0131mc\u0131lar\u0131n hizmetlerinden yararlanabilirler. End\u00fcstriyel tasar\u0131mc\u0131lar; \u00fcr\u00fcn geli\u015ftirme, kullan\u0131c\u0131 deneyimi tasar\u0131m\u0131, prototip olu\u015fturma, \u00fcretim s\u00fcre\u00e7lerinin iyile\u015ftirilmesi ve pazarlama stratejilerinin belirlenmesi gibi alanlarda \u00e7al\u0131\u015fabilirler. Ayr\u0131ca, yeni ve yenilik\u00e7i \u00fcr\u00fcnlerin tasar\u0131m\u0131 ve mevcut \u00fcr\u00fcnlerin geli\u015ftirilmesi konular\u0131nda uzmanla\u015fabilirler.<\/p><\/div>\n\t\t\t\t<\/div>\n\t\t\t\t\t\t\t<div class=\"elementor-toggle-item\">\n\t\t\t\t\t<h3 id=\"elementor-tab-title-1046\" class=\"elementor-tab-title\" data-tab=\"6\" role=\"button\" aria-controls=\"elementor-tab-content-1046\" aria-expanded=\"false\">\n\t\t\t\t\t\t\t\t\t\t\t\t<span class=\"elementor-toggle-icon elementor-toggle-icon-right\" aria-hidden=\"true\">\n\t\t\t\t\t\t\t\t\t\t\t\t\t\t\t<span class=\"elementor-toggle-icon-closed\"><i class=\"vamtamtheme- vamtam-theme-arrow-down\"><\/i><\/span>\n\t\t\t\t\t\t\t\t<span class=\"elementor-toggle-icon-opened\"><i class=\"elementor-toggle-icon-opened vamtamtheme- vamtam-theme-arrow-up\"><\/i><\/span>\n\t\t\t\t\t\t\t\t\t\t\t\t\t<\/span>\n\t\t\t\t\t\t\t\t\t\t\t\t<a class=\"elementor-toggle-title\" tabindex=\"0\">FAK\u00dcLTEN\u0130N AYIRT ED\u0130C\u0130 \u00d6ZELL\u0130KLER\u0130<\/a>\n\t\t\t\t\t<\/h3>\n\n\t\t\t\t\t<div id=\"elementor-tab-content-1046\" class=\"elementor-tab-content elementor-clearfix\" data-tab=\"6\" role=\"region\" aria-labelledby=\"elementor-tab-title-1046\"><p><strong>Fak\u00fcltenin Ay\u0131rt Edici \u00d6zellikleri:<\/strong><\/p><p>Mimarl\u0131k Fak\u00fcltesi\u2019nin, \u0130stanbul \u00dcniversitesi gibi sembol olmu\u015f bir e\u011fitim kurumunun \u00e7at\u0131s\u0131 alt\u0131nda yer almas\u0131 birincil \u00f6zelli\u011fidir. \u0130stanbul\u2019un merkezinde konumlanan fak\u00fcltemiz, yaln\u0131zca fiziksel konumuyla de\u011fil, sundu\u011fu e\u011fitim ortam\u0131yla da \u00f6\u011frenciler i\u00e7in benzersiz bir \u00f6\u011frenme deneyimi sunmaktad\u0131r. Fak\u00fcltemizin t\u00fcm st\u00fcdyo, derslik ve laboratuvarlar\u0131 \u0130stanbul \u00dcniversitesi Beyaz\u0131t Merkez Kamp\u00fcs\u00fc\u2019nde, fak\u00fcltemize ait binalarda yer almaktad\u0131r.<\/p><p>Mimarl\u0131k Fak\u00fcltesi\u2019nin, \u0130stanbul\u2019un merkezinde, tarihi eser \u00f6zelli\u011fi ta\u015f\u0131yan yap\u0131lar\u0131n yan\u0131 ba\u015f\u0131nda, adeta bir a\u00e7\u0131k hava mimarl\u0131k laboratuvar\u0131n\u0131n i\u00e7inde yer almas\u0131, \u00f6\u011frencileri i\u00e7in en \u00f6nemli ayr\u0131cal\u0131klar\u0131ndan biridir. G\u00fcnl\u00fck e\u011fitim hayat\u0131 ile \u0130stanbul\u2019un \u00e7ok katmanl\u0131 tarihini ayn\u0131 anda deneyimlemek, \u00f6\u011frencilere yaln\u0131zca derslerde de\u011fil, kamp\u00fcs d\u0131\u015f\u0131nda da s\u00fcrekli bir g\u00f6zlem ve \u00f6\u011frenme imk\u00e2n\u0131 sunmaktad\u0131r.<\/p><p>Fak\u00fcltemize ait t\u00fcm mek\u00e2nlar \u00e7a\u011fda\u015f teknolojik ekipmanla donat\u0131lm\u0131\u015ft\u0131r. Dersliklerde kullan\u0131lan dijital altyap\u0131lar, st\u00fcdyo ve at\u00f6lyelerde yer alan \u00fcretim ara\u00e7lar\u0131, \u00f6\u011frencilere fikirlerini modelleme ve sunma s\u00fcre\u00e7lerinde geni\u015f imk\u00e2nlar sa\u011flamaktad\u0131r. Mekanlar\u0131m\u0131z temiz hava sirk\u00fclasyonuna sahip, do\u011fal g\u00fcn \u0131\u015f\u0131\u011f\u0131n\u0131 alan ve konforlu bir \u00e7al\u0131\u015fma ortam\u0131 sunacak \u015fekilde d\u00fczenlenmi\u015ftir.<\/p><p>Mimarl\u0131k Fak\u00fcltesi ve i\u00e7inde yer alan b\u00f6l\u00fcmler, dinamik ve konusunda deneyimli, g\u00fc\u00e7l\u00fc akademik kadrosu ile \u00f6ne \u00e7\u0131kmaktad\u0131r. \u00d6\u011frencilere y\u00f6n veren, onlar\u0131 d\u00fc\u015f\u00fcnmeye te\u015fvik eden, yarat\u0131c\u0131 ve disiplinleraras\u0131 bak\u0131\u015f a\u00e7\u0131lar\u0131 geli\u015ftirmelerini destekleyen bir akademik ortam sunulmaktad\u0131r. Mimarl\u0131k, \u015fehir ve b\u00f6lge planlama, end\u00fcstriyel tasar\u0131m gibi farkl\u0131 alanlardan gelen akademisyenler, \u00f6\u011frencilere zengin ve \u00e7ok y\u00f6nl\u00fc bir \u00f6\u011frenme s\u00fcreci sunmaktad\u0131r.<\/p><p>Fak\u00fcltemiz, ulusal ve uluslararas\u0131 d\u00fczeyde pek \u00e7ok \u00fcniversite, kurum ve kurulu\u015f ile g\u00fc\u00e7l\u00fc i\u015fbirliklerine sahiptir. Bu i\u015fbirlikleri sayesinde \u00f6\u011frenciler, \u00e7e\u015fitli at\u00f6lye \u00e7al\u0131\u015fmalar\u0131, yar\u0131\u015fmalar, de\u011fi\u015fim programlar\u0131 ve staj olanaklar\u0131 ile erken d\u00f6nemde mesleki \u00e7evreyle tan\u0131\u015fma f\u0131rsat\u0131 bulmaktad\u0131r. Erasmus+ de\u011fi\u015fim programlar\u0131, yurtd\u0131\u015f\u0131ndaki partner \u00fcniversitelerle y\u00fcr\u00fct\u00fclen projeler ve akademik i\u015fbirlikleri, \u00f6\u011frencilerin farkl\u0131 k\u00fclt\u00fcrel ve mesleki ortamlarda deneyim kazanmalar\u0131na olanak sa\u011flamaktad\u0131r.<\/p><p>\u0130stanbul \u00dcniversitesi Mimarl\u0131k Fak\u00fcltesi yaln\u0131zca bir e\u011fitim kurumu de\u011fil; \u00f6\u011frencilerinin potansiyellerini ke\u015ffetmeleri, \u00fcretmeleri ve mesleklerine sa\u011flam ad\u0131mlarla ba\u015flamalar\u0131 i\u00e7in kapsaml\u0131 bir ekosistem sunmaktad\u0131r.<\/p><p><strong>Lisans Programlar\u0131m\u0131z:<\/strong><\/p><ul><li>Mimarl\u0131k<\/li><li>\u0130\u00e7 Mimarl\u0131k<\/li><li>\u015eehir ve B\u00f6lge Planlama<\/li><li>End\u00fcstriyel Tasar\u0131m<\/li><\/ul><p><strong>Tezli Y\u00fcksek Lisans Programlar\u0131m\u0131z:<\/strong><\/p><ul><li>Mimarl\u0131k ve Yap\u0131l\u0131 \u00c7evrenin Yenilenmesi<\/li><li>\u0130\u00e7 Mimarl\u0131k<\/li><li>\u015eehir Planlama<\/li><\/ul><p><strong>Doktora Programlar\u0131m\u0131z:<\/strong><\/p><ul><li>Mimarl\u0131k<\/li><\/ul><\/div>\n\t\t\t\t<\/div>\n\t\t\t\t\t\t\t<div class=\"elementor-toggle-item\">\n\t\t\t\t\t<h3 id=\"elementor-tab-title-1047\" class=\"elementor-tab-title\" data-tab=\"7\" role=\"button\" aria-controls=\"elementor-tab-content-1047\" aria-expanded=\"false\">\n\t\t\t\t\t\t\t\t\t\t\t\t<span class=\"elementor-toggle-icon elementor-toggle-icon-right\" aria-hidden=\"true\">\n\t\t\t\t\t\t\t\t\t\t\t\t\t\t\t<span class=\"elementor-toggle-icon-closed\"><i class=\"vamtamtheme- vamtam-theme-arrow-down\"><\/i><\/span>\n\t\t\t\t\t\t\t\t<span class=\"elementor-toggle-icon-opened\"><i class=\"elementor-toggle-icon-opened vamtamtheme- vamtam-theme-arrow-up\"><\/i><\/span>\n\t\t\t\t\t\t\t\t\t\t\t\t\t<\/span>\n\t\t\t\t\t\t\t\t\t\t\t\t<a class=\"elementor-toggle-title\" tabindex=\"0\">FAK\u00dcLTE KUL\u00dcPLER\u0130, SOSYAL VE K\u00dcLT\u00dcREL FAAL\u0130YETLER<\/a>\n\t\t\t\t\t<\/h3>\n\n\t\t\t\t\t<div id=\"elementor-tab-content-1047\" class=\"elementor-tab-content elementor-clearfix\" data-tab=\"7\" role=\"region\" aria-labelledby=\"elementor-tab-title-1047\"><p><strong>Fak\u00fclte Kul\u00fcpleri, Sosyal ve K\u00fclt\u00fcrel Faaliyetler:<\/strong><\/p><ul><li>Mimarl\u0131k Kul\u00fcb\u00fc<\/li><li>\u00c7AP \/ Yandal Olanaklar\u0131<\/li><li>Sekt\u00f6rel \u0130\u015fbirlikleri<\/li><li>Faku\u0308lte Etkinlikleri: Beyaz\u0131t Seminerleri, Oryantasyon Programlar\u0131, Paneller \/ Sempozyumlar, Ulusal \/ Uluslararas\u0131 Konferanslar, \u00d6\u011frenci \u00c7al\u0131\u015ftaylar\u0131, Teknik Geziler<\/li><li>Ku\u0308tu\u0308phane<\/li><li>Spor Olanaklar\u0131<\/li><li>Yemek Hizmeti\/Kantinler<\/li><li>Rehberlik ve Destek Hizmetleri<\/li><li>Yurt Hizmetleri<\/li><li>Sa\u011fl\u0131k Hizmetleri<\/li><li>Staj ve Kariyer Hizmetleri<\/li><\/ul><p>\u00a0<\/p><p><strong>Mimarl\u0131k Kul\u00fcb\u00fc:<\/strong><\/p><p>Mimarl\u0131k Kul\u00fcb\u00fc, \u0130stanbul \u00dcniversitesi Mimarl\u0131k Fak\u00fcltesi \u00f6\u011frencileri taraf\u0131ndan y\u00fcr\u00fct\u00fclen, mimarl\u0131k ve tasar\u0131m alanlar\u0131na ilgi duyan herkese a\u00e7\u0131k bir \u00f6\u011frenci toplulu\u011fudur. Mimarl\u0131k Kul\u00fcb\u00fc, \u00f6\u011frencilerin mesleki geli\u015fimlerini desteklemek amac\u0131yla \u00e7e\u015fitli etkinlikler organize etmektedir. Bu kapsamda, mimarl\u0131k prati\u011finin farkl\u0131 a\u015famalar\u0131n\u0131 tan\u0131maya y\u00f6nelik firma-\u00f6\u011frenci bulu\u015fmalar\u0131 d\u00fczenlenmekte; yap\u0131 sistemleri ve malzeme kullan\u0131m\u0131 gibi konularda sekt\u00f6r\u00fcn \u00f6nde gelen firmalar\u0131n\u0131n katk\u0131lar\u0131yla seminerler ger\u00e7ekle\u015ftirilmektedir. Ayr\u0131ca, yap\u0131 malzemelerinin tan\u0131t\u0131m\u0131 ve uygulamal\u0131 yap\u0131m tekniklerinin deneyimlenmesine olanak sa\u011flayan at\u00f6lye \u00e7al\u0131\u015fmalar\u0131yla \u00f6\u011frencilerin teorik bilgilerini peki\u015ftirmeleri ve pratik becerilerini geli\u015ftirmeleri ama\u00e7lanmaktad\u0131r.<\/p><p>Ayr\u0131ca, \u0130stanbul ba\u015fta olmak \u00fczere Edirne, \u0130zmir gibi \u015fehirlerde, tarihi, k\u00fclt\u00fcrel ve yap\u0131sal a\u00e7\u0131dan \u00f6nem ta\u015f\u0131yan alanlara teknik geziler d\u00fczenlenmektedir. Bu geziler \u00f6\u011fretim \u00fcyelerimizin rehberli\u011finde y\u00fcr\u00fct\u00fclmekte; kentlerin mimari, tarih\u00ee ve k\u00fclt\u00fcrel katmanlar\u0131 \u00fczerine yerinde de\u011ferlendirmeler yap\u0131lmaktad\u0131r.<\/p><p>Bunlara ek olarak, mimari tasar\u0131m ve uygulama ofisleriyle ger\u00e7ekle\u015ftirilen s\u00f6yle\u015fi etkinlikleri, alan\u0131nda uzman ki\u015filerle d\u00fczenlenen seminerler, \u015fantiye gezileri ve yap\u0131 fuar\u0131 ziyaretleri gibi etkinlikler de Mimarl\u0131k Kul\u00fcb\u00fc\u2019n\u00fcn faaliyetleri aras\u0131ndad\u0131r. Bu etkinlikler, \u00f6\u011frencilerin mesleki y\u00f6nelimlerini belirlemelerine katk\u0131 sa\u011flarken, ayn\u0131 zamanda sekt\u00f6rel geli\u015fmeleri yerinde takip etmelerine ve profesyonel a\u011flar\u0131n\u0131 geni\u015fletmelerine olanak tan\u0131maktad\u0131r.<\/p><p><strong>\u00c7AP \/ Yandal Olanaklar\u0131:<\/strong><\/p><p>Mimarl\u0131k Fak\u00fcltesi End\u00fcstriyel Tasar\u0131m B\u00f6l\u00fcm\u00fc \u00f6\u011frencileri, \u0130stanbul \u00dcniversitesi b\u00fcnyesinde y\u00fcr\u00fcrl\u00fckte olan programlar do\u011frultusunda Fizik, Matematik ve Psikoloji b\u00f6l\u00fcmleri ile \u00e7ift anadal (\u00c7AP) ve yandal yapabilmektedir. Bu b\u00f6l\u00fcmler, tasar\u0131m e\u011fitiminin teknik, analitik ve kullan\u0131c\u0131 odakl\u0131 boyutlar\u0131n\u0131 destekleyen temel disiplinlerdir. Fizik ve Matematik programlar\u0131 ile yap\u0131lan \u00c7AP\/yandal \u00e7al\u0131\u015fmalar\u0131, \u00f6\u011frencilerin \u00fcr\u00fcn tasar\u0131m\u0131 s\u00fcre\u00e7lerinde say\u0131sal analiz, yap\u0131sal \u00e7\u00f6z\u00fcmleme ve malzeme bilgisi gibi teknik konularda derinle\u015fmelerine olanak tan\u0131rken; Psikoloji b\u00f6l\u00fcm\u00fc ile yap\u0131lan programlar ise kullan\u0131c\u0131 davran\u0131\u015flar\u0131, alg\u0131, ergonomi ve insan merkezli tasar\u0131m gibi konulara y\u00f6nelik fark\u0131ndal\u0131k kazand\u0131rmaktad\u0131r. Disiplinler aras\u0131 bu olanaklar, End\u00fcstriyel Tasar\u0131m \u00f6\u011frencilerinin farkl\u0131 alanlardan bilgi ve y\u00f6ntemleri sentezleyerek daha b\u00fct\u00fcnc\u00fcl, yarat\u0131c\u0131 ve etkili tasar\u0131m \u00e7\u00f6z\u00fcmleri geli\u015ftirmelerini ama\u00e7lamaktad\u0131r.<\/p><p>Mimarl\u0131k Fak\u00fcltesi Mimarl\u0131k B\u00f6l\u00fcm\u00fc \u00f6\u011frencileri, \u00fcniversite ve fak\u00fclteye ait a\u00e7\u0131k se\u00e7meli ders havuzundan ders alarak ilgi alanlar\u0131na y\u00f6nelik dersleri se\u00e7me imk\u00e2n\u0131na sahiptir. \u00c7ift anadal ve yandal program anla\u015fmalar\u0131n\u0131n yap\u0131lmas\u0131 \u00fczerine \u00e7al\u0131\u015fmalar devam etmektedir.<\/p><p><strong>Sekt\u00f6rel \u0130\u015fbirlikleri:<\/strong><\/p><p>Mimarl\u0131k Fak\u00fcltesi, e\u011fitim program\u0131n\u0131 yaln\u0131zca akademik bilgiyle s\u0131n\u0131rl\u0131 tutmamakta; \u00f6\u011frencilerin sekt\u00f6rel deneyim kazanmalar\u0131n\u0131, ger\u00e7ek d\u00fcnya problemleriyle kar\u015f\u0131la\u015fmalar\u0131n\u0131 ve profesyonel ortamlarda \u00fcretim s\u00fcre\u00e7lerine kat\u0131lmalar\u0131n\u0131 desteklemek amac\u0131yla \u00e7e\u015fitli kurum ve kurulu\u015flar ile i\u015fbirlikleri y\u00fcr\u00fctmektedir. Bu i\u015fbirlikler, hem ders i\u00e7eriklerine entegre edilen proje bazl\u0131 \u00e7al\u0131\u015fmalar yoluyla hem de staj uygulamalar\u0131 arac\u0131l\u0131\u011f\u0131yla ger\u00e7ekle\u015ftirilir. \u00d6\u011frenciler, bu i\u015fbirlikleri sayesinde profesyonel tasar\u0131m s\u00fcre\u00e7lerini yerinde g\u00f6zlemleme ve katk\u0131 sunma f\u0131rsat\u0131 bulurlar.<\/p><p><strong>Fak\u00fclte Etkinlikleri:<\/strong><\/p><p>\u0130stanbul \u00dcniversitesi Mimarl\u0131k Fak\u00fcltesi, \u00f6\u011frencilerinin akademik geli\u015fimlerini desteklemenin yan\u0131 s\u0131ra mesleki ve entelekt\u00fcel birikimlerini art\u0131rmay\u0131 hedefleyen \u00e7e\u015fitli etkinlikler d\u00fczenlemektedir. Bu etkinlikler sayesinde \u00f6\u011frenciler, g\u00fcncel konularda bilgi edinme, farkl\u0131 disiplinlerden uzmanlarla bir araya gelme, \u00fcretim s\u00fcre\u00e7lerine kat\u0131lma ve meslek prati\u011fine dair farkl\u0131 perspektifler edinme imk\u00e2n\u0131 bulmaktad\u0131r.<\/p><p>T\u00fcm etkinlik duyurular\u0131na fak\u00fcltemizin resm\u00ee web sitesi ve sosyal medya hesaplar\u0131 \u00fczerinden ula\u015f\u0131labilir. Etkinliklerin b\u00fcy\u00fck bir k\u0131sm\u0131n\u0131n video kay\u0131tlar\u0131 ise \u0130stanbul \u00dcniversitesi Mimarl\u0131k Fak\u00fcltesi YouTube kanal\u0131 arac\u0131l\u0131\u011f\u0131yla eri\u015fime a\u00e7\u0131kt\u0131r. Bu sayede fak\u00fcltemizin bilgi \u00fcretim s\u00fcreci sadece kamp\u00fcsle s\u0131n\u0131rl\u0131 kalmay\u0131p daha geni\u015f bir izleyici kitlesine ula\u015fmaktad\u0131r.<\/p><p><strong>Beyaz\u0131t Seminerleri:<\/strong><\/p><p>Beyaz\u0131t Seminerleri, \u0130stanbul \u00dcniversitesi Mimarl\u0131k Fak\u00fcltesi\u2019nin akademik etkinlik takvimi i\u00e7inde \u00f6nemli ve kal\u0131c\u0131 bir yere sahip olan, d\u00fczenli olarak ger\u00e7ekle\u015ftirilen bir seminer dizisidir. Mimarl\u0131k Fak\u00fcltesi b\u00fcnyesinde yer alan mimarl\u0131k, i\u00e7 mimarl\u0131k, \u015fehir ve b\u00f6lge planlama, end\u00fcstriyel tasar\u0131m gibi b\u00f6l\u00fcmleri kapsayan bu seminer serisi, \u00f6\u011frenciler, akademisyenler ve d\u0131\u015f payda\u015flar aras\u0131nda bilgi payla\u015f\u0131m\u0131n\u0131 te\u015fvik etmekte ve fak\u00fclte i\u00e7inde dinamik bir tart\u0131\u015fma ortam\u0131 olu\u015fturmaktad\u0131r.<\/p><p>Bu seminerler, yaln\u0131zca kuramsal tart\u0131\u015fmalarla s\u0131n\u0131rl\u0131 kalmamakta; ayn\u0131 zamanda g\u00fcncel uygulama \u00f6rnekleri, meslek prati\u011fi, ara\u015ft\u0131rma y\u00f6ntemleri, dijital \u00fcretim teknikleri, s\u00fcrd\u00fcr\u00fclebilirlik, k\u00fclt\u00fcrel miras, kent politikalar\u0131 gibi geni\u015f bir konu yelpazesini kapsamaktad\u0131r. Her b\u00f6l\u00fcmden \u00f6\u011fretim \u00fcyeleri ve d\u0131\u015far\u0131dan davet edilen konu\u015fmac\u0131lar, kendi uzmanl\u0131k alanlar\u0131na dair birikimlerini farkl\u0131 d\u00fczeydeki \u00f6\u011frencilere ve akademik toplulu\u011fa aktarmaktad\u0131r.<\/p><p>Beyaz\u0131t Seminerleri, \u00f6\u011frencilerin ders kapsam\u0131nda edindikleri bilgilerin \u00f6tesine ge\u00e7en, g\u00fcncel, disiplinler aras\u0131 ve \u00e7o\u011fu zaman deneyim odakl\u0131 bir i\u00e7erik sunmaktad\u0131r. \u00d6zellikle lisans\u00fcst\u00fc \u00f6\u011frenciler i\u00e7in akademik ilgi alanlar\u0131n\u0131 derinle\u015ftirme; lisans \u00f6\u011frencileri i\u00e7in ise kariyer, ara\u015ft\u0131rma ilgisi ve meslek prati\u011fi hakk\u0131nda fikir geli\u015ftirme a\u00e7\u0131s\u0131ndan son derece yararl\u0131 olmaktad\u0131r.<\/p><p>Bug\u00fcne kadar d\u00fczenlenen 100\u2019e yak\u0131n seminer, fak\u00fcltemizin bilgi \u00fcretiminde s\u00fcreklili\u011fi benimsedi\u011finin, g\u00fcncel tart\u0131\u015fmalara a\u00e7\u0131k bir akademik k\u00fclt\u00fcr\u00fc te\u015fvik etti\u011finin g\u00f6stergesidir. Seminerlerin b\u00fcy\u00fck bir k\u0131sm\u0131 kay\u0131t alt\u0131na al\u0131narak Mimarl\u0131k Fak\u00fcltesi\u2019nin YouTube kanal\u0131 \u00fczerinden eri\u015fime a\u00e7\u0131lmakta, b\u00f6ylece bu bilgi birikimi yaln\u0131zca fak\u00fclte i\u00e7inde de\u011fil, daha geni\u015f bir izleyici kitlesiyle de payla\u015f\u0131lmaktad\u0131r.<\/p><p>Beyaz\u0131t Seminerleri, fak\u00fcltemizin disiplinleraras\u0131 yakla\u015f\u0131m\u0131n\u0131 ve entelekt\u00fcel \u00fcretim potansiyelini yans\u0131tan; ele\u015ftirel d\u00fc\u015f\u00fcnceyi ve akademik etkile\u015fimi besleyen g\u00fc\u00e7l\u00fc bir platformdur. \u00d6\u011frencilerimiz i\u00e7in yaln\u0131zca bir izleme etkinli\u011fi de\u011fil, ayn\u0131 zamanda soru sorma, tart\u0131\u015fma ve g\u00f6r\u00fc\u015flerini ifade etme konusunda te\u015fvik edici bir deneyim alan\u0131d\u0131r.<\/p><p><strong>Oryantasyon Program\u0131:<\/strong><\/p><p>\u0130stanbul \u00dcniversitesi Mimarl\u0131k Fak\u00fcltesi\u2019nde her e\u011fitim-\u00f6\u011fretim y\u0131l\u0131, \u00f6\u011frencilerimiz ve akademik kadromuzun bir araya geldi\u011fi a\u00e7\u0131l\u0131\u015f t\u00f6reni ile ba\u015flamaktad\u0131r. Bu t\u00f6renin en \u00f6nemli bile\u015fenlerinden biri, mimarl\u0131k ve tasar\u0131m d\u00fcnyas\u0131nda tan\u0131nm\u0131\u015f isimlerin verdi\u011fi a\u00e7\u0131l\u0131\u015f dersidir. \u00d6\u011frencilerimize ilham vermesi ve mesleklerine dair erken d\u00f6nemde vizyon kazand\u0131rmas\u0131 amac\u0131yla d\u00fczenlenen bu dersler hem i\u00e7erikleri hem de konu\u015fmac\u0131lar\u0131yla fak\u00fcltemizin akademik takviminin en dikkat \u00e7ekici etkinliklerinden biri haline gelmi\u015ftir. 2019 y\u0131l\u0131ndan bu yana a\u00e7\u0131l\u0131\u015f dersi kapsam\u0131nda a\u011f\u0131rlad\u0131\u011f\u0131m\u0131z konuklar aras\u0131nda, Mimar Han T\u00fcmertekin, Mimar Melike Alt\u0131n\u0131\u015f\u0131k, Mimar Nevzat Say\u0131n ve End\u00fcstriyel Tasar\u0131mc\u0131 Orhan Irmak yer almaktad\u0131r. Bu a\u00e7\u0131l\u0131\u015f dersleri, yeni ba\u015flayan \u00f6\u011frencilerimizin mimarl\u0131k ve tasar\u0131m alan\u0131nda g\u00fcncel \u00fcretimleri yak\u0131ndan tan\u0131malar\u0131na olanak sa\u011flamaktad\u0131r.<\/p><p>A\u00e7\u0131l\u0131\u015f t\u00f6renine ek olarak, fak\u00fcltemize yeni kay\u0131t yapt\u0131ran \u00f6\u011frenciler i\u00e7in her y\u0131l \u00f6zel olarak haz\u0131rlanan oryantasyon program\u0131, \u00f6\u011frencilerin \u00fcniversite hayat\u0131na daha h\u0131zl\u0131 ve bilin\u00e7li bir \u015fekilde uyum sa\u011flamalar\u0131n\u0131 ama\u00e7lamaktad\u0131r. Bu program kapsam\u0131nda \u00f6\u011frenciler, fak\u00fcltenin yap\u0131s\u0131, i\u015fleyi\u015fi, akademik kadrosu ve b\u00f6l\u00fcm ders i\u00e7erikleri hakk\u0131nda bilgilendirici seminerler ile y\u00f6nlendirilmekte; ayn\u0131 zamanda kamp\u00fcs olanaklar\u0131, k\u00fct\u00fcphane, \u00f6\u011frenci i\u015fleri gibi hizmet birimleri hakk\u0131nda da bilgilendirilirler.<\/p><p>Oryantasyon program\u0131n\u0131n \u00f6nemli bir par\u00e7as\u0131 da, fak\u00fcltemiz \u00e7evresinde yer alan tarihi ve mimari a\u00e7\u0131dan \u00f6nemli mek\u00e2nlara d\u00fczenlenen teknik gezilerdir. Bu geziler, \u00f6\u011frencilerin \u0130stanbul\u2019un mimari ve k\u00fclt\u00fcrel miras\u0131n\u0131 daha yak\u0131ndan tan\u0131malar\u0131n\u0131 sa\u011flarken; ayn\u0131 zamanda mimarl\u0131k e\u011fitiminin \u015fehirle kurdu\u011fu ili\u015fkinin ilk ad\u0131mlar\u0131n\u0131 atmalar\u0131na olanak tan\u0131maktad\u0131r. S\u00fcleymaniye K\u00fclliyesi, Kapal\u0131\u00e7ar\u015f\u0131, Beyaz\u0131t Meydan\u0131 ve \u00e7evresindeki modern yap\u0131lar gibi \u00e7ok katmanl\u0131 kentsel alanlarda ger\u00e7ekle\u015ftirilen bu geziler, hem akademik hem de sosyal uyumun g\u00fc\u00e7lendirilmesini desteklemektedir.<\/p><p>Genel olarak a\u00e7\u0131l\u0131\u015f dersleri ve oryantasyon program\u0131, \u00f6\u011frencilerin mesleki heyecanlar\u0131n\u0131 besleyen, onlar\u0131 fak\u00fclteye ve mesleklerine ba\u011flayan g\u00fc\u00e7l\u00fc ba\u015flang\u0131\u00e7 anlar\u0131 olarak kurgulanmaktad\u0131r.<\/p><p><strong>Paneller\/Sempozyumlar:<\/strong><\/p><p>\u0130stanbul \u00dcniversitesi Mimarl\u0131k Fak\u00fcltesi, mimarl\u0131k ve ilgili disiplinlerdeki g\u00fcncel geli\u015fmeleri ele almak, akademik ve mesleki bak\u0131\u015f a\u00e7\u0131lar\u0131n\u0131 bir araya getirmek amac\u0131yla \u00e7e\u015fitli paneller ve sempozyumlar d\u00fczenlemektedir. Bu etkinlikler, fak\u00fcltemizin yaln\u0131zca e\u011fitim alan\u0131nda de\u011fil, ayn\u0131 zamanda d\u00fc\u015f\u00fcnsel \u00fcretim ve disiplinleraras\u0131 etkile\u015fim ba\u011flam\u0131nda da aktif bir akademik ortam sundu\u011funu g\u00f6stermektedir.<\/p><p>Paneller, farkl\u0131 uzmanl\u0131k alanlar\u0131ndan akademisyenleri, profesyonelleri ve \u00f6\u011frencileri bir araya getirerek, mimarl\u0131\u011f\u0131n g\u00fcncel meseleleri \u00fczerine tart\u0131\u015fma ve fikir al\u0131\u015fveri\u015fi yap\u0131lmas\u0131na olanak tan\u0131maktad\u0131r. Bu kapsamda d\u00fczenlenen panellerden biri olan \u201cUzaktan Mimarl\u0131k ve Tasar\u0131m E\u011fitimi\u201d, \u00f6zellikle pandemi sonras\u0131 de\u011fi\u015fen e\u011fitim pratiklerine odaklanm\u0131\u015f, dijital ortamda st\u00fcdyo y\u00fcr\u00fctme, teknik ileti\u015fim ve pedagojik yakla\u015f\u0131mlar gibi konular \u00fczerinden de\u011ferlendirmeler yap\u0131lmas\u0131n\u0131 sa\u011flam\u0131\u015ft\u0131r. Panelde, uzaktan e\u011fitim s\u00fcrecinin mimarl\u0131k e\u011fitimine \u00f6zg\u00fc dinamiklerle nas\u0131l yeniden \u015fekillendi\u011fi \u00e7ok y\u00f6nl\u00fc olarak ele al\u0131nm\u0131\u015ft\u0131r.<\/p><p>Bir di\u011fer panel olan \u201cPeyzaj Mimarl\u0131\u011f\u0131\u201d etkinli\u011fi ise, kentsel tasar\u0131m\u0131, ekolojik yakla\u015f\u0131mlar ve peyzaj\u0131n kent i\u00e7indeki i\u015flevsel ve estetik rolleri gibi konular\u0131 g\u00fcndeme ta\u015f\u0131m\u0131\u015ft\u0131r. Kat\u0131l\u0131mc\u0131lar, s\u00fcrd\u00fcr\u00fclebilirlik, iklim uyumu ve do\u011fayla b\u00fct\u00fcnle\u015fik tasar\u0131m gibi \u00e7a\u011fda\u015f kavramlar \u00e7er\u00e7evesinde peyzaj mimarl\u0131\u011f\u0131n\u0131n g\u00fcn\u00fcm\u00fczdeki \u00f6nemine dikkat \u00e7ekmi\u015flerdir.<\/p><p>\u201cRestorasyon Uygulamalar\u0131nda \u0130n\u015faat M\u00fchendisli\u011finin Rol\u00fc\u201d ba\u015fl\u0131kl\u0131 panelde ise, yap\u0131 koruma s\u00fcre\u00e7lerinde mimar ve m\u00fchendis i\u015f birli\u011finin \u00f6nemi tart\u0131\u015f\u0131lm\u0131\u015ft\u0131r. \u00d6zellikle tarihi yap\u0131lar\u0131n g\u00fc\u00e7lendirilmesi, yap\u0131sal analiz teknikleri ve m\u00fcdahale y\u00f6ntemleri gibi konular teknik ve tarihsel boyutlar\u0131yla birlikte ele al\u0131nm\u0131\u015ft\u0131r. Bu panel, koruma alan\u0131nda \u00e7al\u0131\u015fan \u00f6\u011frenciler i\u00e7in disiplinler aras\u0131 d\u00fc\u015f\u00fcnme yetilerini geli\u015ftirecek zengin bir i\u00e7erik sunmu\u015ftur.<\/p><p>Fak\u00fcltemiz ayr\u0131ca, 2021 y\u0131l\u0131nda \u0130stanbul \u00dcniversitesi Edebiyat Fak\u00fcltesi ile i\u015f birli\u011fi i\u00e7inde, tarihsel bir perspektifle d\u00fczenlenen \u201cFatih D\u00f6nemi\u2019nde \u0130stanbul\u2019un \u0130mar\u0131 ve Mimarl\u0131k Ortam\u0131\u201d ba\u015fl\u0131kl\u0131 bir sempozyuma ev sahipli\u011fi yapm\u0131\u015ft\u0131r. Bu etkinlikte, 15. y\u00fczy\u0131lda \u0130stanbul\u2019un yeniden in\u015fas\u0131 s\u00fcreci, d\u00f6nemin mimarl\u0131k anlay\u0131\u015f\u0131, kent planlama kararlar\u0131 ve kamusal yap\u0131 \u00fcretimi gibi ba\u015fl\u0131klar tarih\u00e7iler ve mimarl\u0131k tarih\u00e7ileri taraf\u0131ndan \u00e7ok disiplinli bir yakla\u015f\u0131mla tart\u0131\u015f\u0131lm\u0131\u015ft\u0131r. Sempozyum, hem tarihsel bilgi \u00fcretimi hem de mimarl\u0131k e\u011fitiminin k\u00fclt\u00fcrel boyutuna katk\u0131 sunan \u00f6nemli bir akademik bulu\u015fma olmu\u015ftur.<\/p><p>Bu t\u00fcr panel ve sempozyumlar, \u00f6\u011frencilerimize yaln\u0131zca teorik bilgiler de\u011fil, meslek prati\u011fine dair g\u00fcncel yakla\u015f\u0131mlar ve ele\u015ftirel d\u00fc\u015f\u00fcnme becerileri kazand\u0131rmakta; ayn\u0131 zamanda fak\u00fcltemizin akademik toplulukla olan etkile\u015fimini ve d\u0131\u015f payda\u015flarla kurdu\u011fu i\u015f birliklerini g\u00fc\u00e7lendirmektedir.<\/p><p><strong>Ulusal\/Uluslararas\u0131 Konferanslar:<\/strong><\/p><p>Kuruldu\u011fu g\u00fcnden bu yana \u0130stanbul \u00dcniversitesi Mimarl\u0131k Fak\u00fcltesi, mimarl\u0131k, tasar\u0131m ve kentsel \u00e7al\u0131\u015fmalar alanlar\u0131nda bir\u00e7ok ulusal ve uluslararas\u0131 konferansa ev sahipli\u011fi yapm\u0131\u015ft\u0131r. Fak\u00fcltemizde d\u00fczenlenen bu konferanslar, yaln\u0131zca akademik bilgi \u00fcretimini desteklemekle kalmay\u0131p, ayn\u0131 zamanda \u00f6\u011frencilerimizin ve akademisyenlerimizin g\u00fcncel tart\u0131\u015fmalarla bulu\u015fmas\u0131na, alan\u0131nda uzman isimlerle do\u011frudan etkile\u015fim kurmas\u0131na olanak tan\u0131maktad\u0131r.<\/p><p>Bu kapsamda ger\u00e7ekle\u015ftirilen etkinliklerden biri olan \u201c20. Y\u00fczy\u0131ldan G\u00fcn\u00fcm\u00fcze D\u00fcnya Mimarl\u0131\u011f\u0131\u201d ba\u015fl\u0131kl\u0131 \u00e7evrimi\u00e7i konferanslar serisi, farkl\u0131 d\u00f6nemlerden ve co\u011frafyalardan mimari yakla\u015f\u0131mlar\u0131 inceleyerek \u00f6\u011frencilere tarihsel s\u00fcreklilik ve mimari \u00e7e\u015fitlilik hakk\u0131nda derinlemesine bir bak\u0131\u015f sunmu\u015ftur. Mimarl\u0131k tarihine farkl\u0131 perspektiflerden yakla\u015fan bu seri, hem lisans hem de lisans\u00fcst\u00fc \u00f6\u011frenciler i\u00e7in de\u011ferli bir kaynak olmu\u015ftur.<\/p><p>Uluslararas\u0131 alanda \u00f6nemli bir etkinlik olarak ise, mimarl\u0131k tarih\u00e7isi Prof. Dr. Machiel Kiel taraf\u0131ndan verilen \u201cOttoman Architecture in the Balkans: An Introducing Overview\u201d ba\u015fl\u0131kl\u0131 konferans \u00f6ne \u00e7\u0131kmaktad\u0131r. Bu konferans, Osmanl\u0131 mimarisinin Balkanlar\u2019daki izlerini tarihsel belgeler ve g\u00f6rsel materyaller e\u015fli\u011finde ele alm\u0131\u015f, b\u00f6lgedeki k\u00fclt\u00fcrel \u00e7e\u015fitlili\u011fin mimariye yans\u0131malar\u0131n\u0131 g\u00f6zler \u00f6n\u00fcne sermi\u015ftir.<\/p><p>Fak\u00fcltemiz ayn\u0131 zamanda her y\u0131l d\u00fczenli olarak Mimar Sinan\u2019\u0131 anma etkinlikleri ger\u00e7ekle\u015ftirmektedir. Bu etkinlikler, yaln\u0131zca Osmanl\u0131 mimarisinin en \u00f6nemli isimlerinden biri olan Mimar Sinan\u2019\u0131n an\u0131s\u0131n\u0131 ya\u015fatmakla kalmay\u0131p, ayn\u0131 zamanda mimarl\u0131k tarihine ele\u015ftirel ve analitik bir yakla\u015f\u0131m\u0131 te\u015fvik etmektedir. Bu kapsamda, sanat tarih\u00e7isi Prof. Dr. Sel\u00e7uk M\u00fclayim, \u201cSelimiye ve \u00c7a\u011fda\u015f\u0131 Avrupa\u201d ba\u015fl\u0131kl\u0131 konu\u015fmas\u0131nda Mimar Sinan\u2019\u0131n Selimiye Camii \u00fczerinden 16. y\u00fczy\u0131l Avrupa mimarisiyle olan paralellik ve farkl\u0131l\u0131klar\u0131n\u0131 de\u011ferlendirmi\u015ftir. Ayn\u0131 etkinlik dizisinde mimarl\u0131k tarih\u00e7isi Prof. Dr. Suphi Saat\u00e7i, \u201cBir M\u00fchendis Olarak Sinan\u201d ba\u015fl\u0131kl\u0131 sunumuyla Sinan\u2019\u0131n yaln\u0131zca bir sanatk\u00e2r de\u011fil, ayn\u0131 zamanda teknik ve yap\u0131sal yenilikler geli\u015ftirmi\u015f bir m\u00fchendis kimli\u011fini vurgulam\u0131\u015ft\u0131r.<\/p><p>Fak\u00fcltemizde d\u00fczenlenen bu t\u00fcr konferanslar, \u00f6\u011frencilerimizin mimarl\u0131k tarihine ve kuramsal tart\u0131\u015fmalara y\u00f6nelik fark\u0131ndal\u0131klar\u0131n\u0131 art\u0131rmakta; akademik derinlik kazanmalar\u0131na ve mesleki vizyonlar\u0131n\u0131 geli\u015ftirmelerine katk\u0131 sa\u011flamaktad\u0131r.<\/p><p><strong>\u00d6\u011frenci \u00c7al\u0131\u015ftaylar\u0131:<\/strong><\/p><p>Fak\u00fcltemizde \u00f6\u011frencilerin aktif kat\u0131l\u0131m\u0131na a\u00e7\u0131k pek \u00e7ok \u00e7al\u0131\u015ftay ve at\u00f6lye \u00e7al\u0131\u015fmas\u0131 d\u00fczenlenmekte, bu sayede \u00f6\u011frencilerimiz ders d\u0131\u015f\u0131nda da yarat\u0131c\u0131 \u00fcretim s\u00fcre\u00e7lerine dahil olma, farkl\u0131 disiplinlerle etkile\u015fime girme ve uygulamal\u0131 deneyim kazanma imk\u00e2n\u0131 bulmaktad\u0131r. Bu etkinlikler, \u00f6\u011frencilerin hem bireysel hem de grup \u00e7al\u0131\u015fmas\u0131 prati\u011fi kazanmalar\u0131n\u0131 sa\u011flamakta; ayn\u0131 zamanda ele\u015ftirel d\u00fc\u015f\u00fcnme, problem \u00e7\u00f6zme ve yenilik\u00e7i tasar\u0131m geli\u015ftirme becerilerini desteklemektedir.<\/p><p>D\u00fczenlenen \u00e7al\u0131\u015ftay ve at\u00f6lyeler, hem g\u00fcncel dijital tasar\u0131m ara\u00e7lar\u0131na hem de mimarl\u0131k ve tasar\u0131m alan\u0131ndaki toplumsal, mek\u00e2nsal ve k\u00fclt\u00fcrel meselelere odaklanmaktad\u0131r. Bu kapsamda ger\u00e7ekle\u015ftirilen etkinliklerden biri, yap\u0131 tasar\u0131m\u0131nda dijitalle\u015fmenin \u00f6nemli bir par\u00e7as\u0131 olan \u201cBIM \u2013 Building Information Modelling (Yap\u0131 Bilgi Modellemesi)\u201d ba\u015fl\u0131kl\u0131 e\u011fitim program\u0131d\u0131r. Bu \u00e7al\u0131\u015ftayda \u00f6\u011frencilere, BIM sistemlerinin temel prensipleri, mimari projelerde nas\u0131l kullan\u0131ld\u0131klar\u0131 ve veri tabanl\u0131 dijital modelleme s\u00fcre\u00e7lerine nas\u0131l entegre edildikleri hakk\u0131nda uygulamal\u0131 bilgiler aktar\u0131lm\u0131\u015ft\u0131r.<\/p><p>Fak\u00fcltemizde y\u00fcr\u00fct\u00fclen di\u011fer etkinlikler aras\u0131nda\u00a0 \u201cHEY! Hayal Edilebilir Tasar\u0131m K\u0131lavuzu\u201d ba\u015fl\u0131kl\u0131 at\u00f6lye \u00e7al\u0131\u015fmas\u0131 ve fak\u00fcltemiz \u00f6\u011fretim \u00fcyeleri taraf\u0131ndan y\u00fcr\u00fct\u00fclen \u201c\u0130nsan\/Mek\u00e2n\/Hareket At\u00f6lyesi\u201d ve \u201cHEY! Hayal Edilebilir Tasar\u0131m K\u0131lavuzu\u201d ba\u015fl\u0131kl\u0131 at\u00f6lye \u00e7al\u0131\u015fmas\u0131 yer almaktad\u0131r.<\/p><p>T\u00fcm bu at\u00f6lye ve \u00e7al\u0131\u015ftaylar, \u00f6\u011frencilerimizin akademik e\u011fitimi destekleyici nitelikte deneyim kazanmalar\u0131n\u0131, yarat\u0131c\u0131 potansiyellerini geli\u015ftirmelerini ve mesleki kimliklerini farkl\u0131 a\u00e7\u0131lardan in\u015fa etmelerini sa\u011flayan \u00f6nemli \u00f6\u011frenme ortamlar\u0131d\u0131r.<\/p><p><strong>Teknik Geziler:<\/strong><\/p><p>Mimarl\u0131k Fak\u00fcltesi b\u00fcnyesinde y\u00fcr\u00fct\u00fclen \u00e7e\u015fitli dersler kapsam\u0131nda, \u00f6\u011frencilerimizin mesleki bilgi ve deneyimlerini geli\u015ftirmek amac\u0131yla teknik geziler d\u00fczenlenmektedir. Bu geziler, \u00f6\u011frencilerin ya\u015fayarak \u00f6\u011frenmelerine olanak tan\u0131yan \u00f6nemli birer e\u011fitim arac\u0131d\u0131r.<\/p><p>Teknik geziler sayesinde \u00f6\u011frencilerimiz, mimari dokuyu yerinde g\u00f6zlemleme f\u0131rsat\u0131 bulmakta; tarihi yap\u0131lar, modern mimari \u00f6rnekler, kentsel d\u00f6n\u00fc\u015f\u00fcm alanlar\u0131 ve kamusal mekanlar gibi \u00e7e\u015fitli \u00f6l\u00e7eklerdeki mek\u00e2nsal d\u00fczenlemeleri do\u011frudan inceleyebilmektedir. Ayr\u0131ca bu geziler, \u00f6\u011fretim \u00fcyelerimizin rehberli\u011finde y\u00fcr\u00fct\u00fclmekte ve \u00f6\u011frencilerle birlikte kentlerin mimari, tarih\u00ee ve k\u00fclt\u00fcrel katmanlar\u0131 \u00fczerine de\u011ferlendirmeler yap\u0131lmaktad\u0131r. B\u00f6ylece \u00f6\u011frencilerimiz, \u015fehirlerin dinamik yap\u0131s\u0131n\u0131 anlamaya y\u00f6nelik b\u00fct\u00fcnc\u00fcl bir bak\u0131\u015f a\u00e7\u0131s\u0131 geli\u015ftirirken, ayn\u0131 zamanda mimarl\u0131k ve tasar\u0131m alanlar\u0131nda ele\u015ftirel d\u00fc\u015f\u00fcnme ve yerinde analiz yapma becerilerini de peki\u015ftirmektedir.<\/p><p>Buna ek olarak, \u00f6zellikle end\u00fcstriyel tasar\u0131m ve yap\u0131 \u00fcretimiyle ilgili dersler kapsam\u0131nda fabrika ve \u00fcretim tesislerine y\u00f6nelik teknik geziler de d\u00fczenlenmektedir. Bu geziler arac\u0131l\u0131\u011f\u0131yla \u00f6\u011frenciler, yap\u0131 malzemelerinin \u00fcretim s\u00fcre\u00e7lerini, \u00fcretim teknolojilerini ve end\u00fcstriyel tasar\u0131m\u0131n uygulama alanlar\u0131n\u0131 do\u011frudan g\u00f6zlemleyebilmekte; tasar\u0131m ile \u00fcretim aras\u0131ndaki ili\u015fkiyi yerinde kurabilmektedirler. Fabrikalar, \u00fcretim tesisleri, at\u00f6lyeler gibi yerlere yap\u0131lan ziyaretler, \u00f6\u011frencilerin sekt\u00f6rel bilgi edinmelerini ve tasar\u0131mlar\u0131n\u0131 teknik bilgiyle beslemelerini desteklemektedir.<\/p><p>T\u00fcm bu teknik ve \u00fcretim odakl\u0131 geziler, \u00f6\u011frencilerimizin teori ile prati\u011fi bir araya getirebilmeleri, mesleki fark\u0131ndal\u0131klar\u0131n\u0131 art\u0131rmalar\u0131 ve ileride yer alacaklar\u0131 profesyonel ortamlara daha donan\u0131ml\u0131 \u015fekilde haz\u0131rlanmalar\u0131 a\u00e7\u0131s\u0131ndan \u00f6nemli katk\u0131lar sa\u011flamaktad\u0131r.<\/p><p><strong>\u015eehir ve B\u00f6lge Planlama B\u00f6l\u00fcm\u00fc Kahve Bulu\u015fmalar\u0131:<\/strong><\/p><p>\u0130stanbul \u00dcniversitesi Mimarl\u0131k Fak\u00fcltesi \u015eehir ve B\u00f6lge Planlama B\u00f6l\u00fcm\u00fc taraf\u0131ndan d\u00fczenlenen Kahve Bulu\u015fmalar\u0131, \u00f6\u011frencilerle akademisyenleri bir araya getirerek deneyim payla\u015f\u0131m\u0131n\u0131 te\u015fvik eden samimi bir etkinlik serisidir. Bu bulu\u015fmalarda, yurt i\u00e7i ve yurt d\u0131\u015f\u0131 etkinliklere kat\u0131lan \u00f6\u011frenciler ve ara\u015ft\u0131rmac\u0131lar deneyimlerini aktarmaktad\u0131r. Bu sayede, lisans ve lisans\u00fcst\u00fc d\u00fczeydeki \u00f6\u011frencilerin akademik ve profesyonel geli\u015fimlerine katk\u0131 sa\u011flanmas\u0131 ama\u00e7lanmaktad\u0131r.<\/p><p><strong>End\u00fcstriyel Tasar\u0131m B\u00f6l\u00fcm\u00fc \u2018Design Situations\u2019 Seminer Serisi<\/strong><\/p><p>\u0130stanbul \u00dcniversitesi Mimarl\u0131k Fak\u00fcltesi End\u00fcstriyel Tasar\u0131m B\u00f6l\u00fcm\u00fc taraf\u0131ndan d\u00fczenlenen Design Situations seminer serisi, tasar\u0131m\u0131n g\u00fcncel meselelerini farkl\u0131 perspektiflerle tart\u0131\u015fmaya a\u00e7an disiplinleraras\u0131 bir bulu\u015fma alan\u0131 sunmaktad\u0131r. Bu seminerler, \u00f6\u011frencileri akademik \u00e7al\u0131\u015fmalar\u0131n ve profesyonel prati\u011fin \u00f6ne \u00e7\u0131kan isimleriyle bir araya getirerek yarat\u0131c\u0131 d\u00fc\u015f\u00fcnceyi te\u015fvik etmeyi ama\u00e7lamaktad\u0131r. Design Situations seminerleri, End\u00fcstriyel Tasar\u0131m \u00f6\u011frencilerine ele\u015ftirel d\u00fc\u015f\u00fcnme ve alanlar aras\u0131 ba\u011f kurma becerisi kazand\u0131rmay\u0131 hedefleyen \u00f6nemli bir \u00f6\u011frenme platformudur.<\/p><\/div>\n\t\t\t\t<\/div>\n\t\t\t\t\t\t\t<div class=\"elementor-toggle-item\">\n\t\t\t\t\t<h3 id=\"elementor-tab-title-1048\" class=\"elementor-tab-title\" data-tab=\"8\" role=\"button\" aria-controls=\"elementor-tab-content-1048\" aria-expanded=\"false\">\n\t\t\t\t\t\t\t\t\t\t\t\t<span class=\"elementor-toggle-icon elementor-toggle-icon-right\" aria-hidden=\"true\">\n\t\t\t\t\t\t\t\t\t\t\t\t\t\t\t<span class=\"elementor-toggle-icon-closed\"><i class=\"vamtamtheme- vamtam-theme-arrow-down\"><\/i><\/span>\n\t\t\t\t\t\t\t\t<span class=\"elementor-toggle-icon-opened\"><i class=\"elementor-toggle-icon-opened vamtamtheme- vamtam-theme-arrow-up\"><\/i><\/span>\n\t\t\t\t\t\t\t\t\t\t\t\t\t<\/span>\n\t\t\t\t\t\t\t\t\t\t\t\t<a class=\"elementor-toggle-title\" tabindex=\"0\">B\u0130L\u0130MSEL PROJELER<\/a>\n\t\t\t\t\t<\/h3>\n\n\t\t\t\t\t<div id=\"elementor-tab-content-1048\" class=\"elementor-tab-content elementor-clearfix\" data-tab=\"8\" role=\"region\" aria-labelledby=\"elementor-tab-title-1048\"><ul><li>Dr. Kemal Kutg\u00fcn EY\u00dcPG\u0130LLER, Do\u00e7. Dr. Cemil AK\u00c7AY, Dr. \u00d6\u011fr. \u00dcyesi Selahattin ERSOY, Dr. \u00d6\u011fr. \u00dcyesi Mete Ba\u015far BAYPINAR, T\u00dcB\u0130TAK 1002 Projesi- Hatay \u0130lindeki K\u00fclt\u00fcr Varl\u0131\u011f\u0131 Yap\u0131lar\u0131n 6 \u015eubat Depremi Sonras\u0131ndaki Yap\u0131sal Durumlar\u0131n\u0131n Tespiti, 2023.<\/li><li>Dr. H. Umut TU\u011eLU KARSLI, T\u00dcB\u0130TAK 1002 A Projesi, COVID-19 Pandemi S\u00fcrecinde De\u011fi\u015fen Mek\u00e2nsal Gereksinimlerin Farkl\u0131 Konut Tipi Kullan\u0131c\u0131lar\u0131 \u00dczerinden Kar\u015f\u0131la\u015ft\u0131r\u0131lmas\u0131 ve Konut Kullan\u0131c\u0131lar\u0131n\u0131n Ya\u015fam Kalitesini Art\u0131rmaya Y\u00f6nelik Mek\u00e2nsal \u00d6zelliklerin Belirlenmesi, 2023-2024.<\/li><li>Do\u00e7. Dr. Cemil AK\u00c7AY, Kent \u00d6l\u00e7e\u011finde Sa\u011fl\u0131k Yerle\u015fkelerinin Yeniden Yap\u0131land\u0131rma S\u00fcreci, Y\u00fcksek\u00f6\u011fretim Kurumlar\u0131 Destekli Proje, 2020 \u2013 2025.<\/li><li>Do\u00e7. Dr. Cemil AK\u00c7AY, T\u00dcB\u0130TAK Projesi- \u0130n\u015faat Sekt\u00f6r\u00fcndeki \u0130htilaflar\u0131n Makine \u00d6\u011frenmesi Y\u00f6ntemleriyle Analizi ve Karar Tahmin Modeli, 2022-2024.<\/li><li>Do\u00e7. Dr. Zeynep YAZICIO\u011eLU HALU, T\u00dcB\u0130TAK Projesi-Kentsel Mekan\u0131n Karakteri: Eri\u015filebilir Tarihi Kentsel \u00c7evrede Turizm, 2023.<\/li><li>Do\u00e7. Dr. Mete Ba\u015far BAYPINAR (Ara\u015ft\u0131rmac\u0131, &#8220;Tarihi Yar\u0131madada Deprem Kaynakl\u0131 Sosyo Ekonomik Hasar G\u00f6rebilirlik Analizi ve \u00c7\u00f6z\u00fcm \u00d6nerileri Projesi&#8221; (Y\u00fcr\u00fct\u00fcc\u00fc: Prof. Dr. Murat \u015eeker) ( Y\u00fcksek\u00f6\u011fretim Kurumlar\u0131 Destekli Proje), 2024.<\/li><li>Dr. \u00d6\u011fr. \u00dcyesi Halide Candan Z\u00dcLF\u0130KAR, T\u00dcB\u0130TAK 2237-A Bilimsel E\u011fitim Etkinlikleri Deste\u011fi Program\u0131, Tarihi Yar\u0131madada Eri\u015filebilirlik<\/li><\/ul><\/div>\n\t\t\t\t<\/div>\n\t\t\t\t\t\t\t<div class=\"elementor-toggle-item\">\n\t\t\t\t\t<h3 id=\"elementor-tab-title-1049\" class=\"elementor-tab-title\" data-tab=\"9\" role=\"button\" aria-controls=\"elementor-tab-content-1049\" aria-expanded=\"false\">\n\t\t\t\t\t\t\t\t\t\t\t\t<span class=\"elementor-toggle-icon elementor-toggle-icon-right\" aria-hidden=\"true\">\n\t\t\t\t\t\t\t\t\t\t\t\t\t\t\t<span class=\"elementor-toggle-icon-closed\"><i class=\"vamtamtheme- vamtam-theme-arrow-down\"><\/i><\/span>\n\t\t\t\t\t\t\t\t<span class=\"elementor-toggle-icon-opened\"><i class=\"elementor-toggle-icon-opened vamtamtheme- vamtam-theme-arrow-up\"><\/i><\/span>\n\t\t\t\t\t\t\t\t\t\t\t\t\t<\/span>\n\t\t\t\t\t\t\t\t\t\t\t\t<a class=\"elementor-toggle-title\" tabindex=\"0\">\u00d6D\u00dcLLER VE BA\u015eARILAR<\/a>\n\t\t\t\t\t<\/h3>\n\n\t\t\t\t\t<div id=\"elementor-tab-content-1049\" class=\"elementor-tab-content elementor-clearfix\" data-tab=\"9\" role=\"region\" aria-labelledby=\"elementor-tab-title-1049\"><p><strong>\u00d6d\u00fcller ve Ba\u015far\u0131lar:<\/strong><\/p><p><strong><em>\u00d6d\u00fcller (\u00d6\u011fretim \u00dcyesi)<\/em><\/strong><\/p><ul><li>Ara\u015f. G\u00f6r. Merve Deniz TAK, \u0130lhan Tekeli Tez Te\u015fvik \u00d6d\u00fcl\u00fc 2024, \u201cOptimization in Spatial Planning From Generative Design Approach: The Application for G\u00f6kt\u00fcrk, Istanbul\u201d (\u00dcretken Tasar\u0131m Yakla\u015f\u0131m\u0131yla Mekansal Planlamada Optimizasyon: G\u00f6kt\u00fcrk, \u0130stanbul Uygulamas\u0131)<\/li><li>Dr. H\u00fcseyin Kahvecio\u011flu (Emekli \u00d6\u011fretim \u00dcyesi), Eren Vardar (Mezun \u00d6\u011frenci), S\u00fcleyman Enes Kurt (Mezun \u00d6\u011frenci), 2.lik \u00d6d\u00fcl\u00fc, \u201cKad\u0131k\u00f6y Belediyesi Hizmet Binas\u0131 Mimari Proje Yar\u0131\u015fmas\u0131, 2025\u201d. <a href=\"https:\/\/www.arkitera.com\/proje\/2-odul-kadikoy-belediyesi-hizmet-binasi-mimari-proje-yarismasi\/\">https:\/\/www.arkitera.com\/proje\/2-odul-kadikoy-belediyesi-hizmet-binasi-mimari-proje-yarismasi\/<\/a><\/li><li>Dr. M. Ebru Erd\u00f6nmez Din\u00e7er, 3.l\u00fck \u00d6d\u00fcl\u00fc, \u201cTheodosius Liman\u0131 Arkeolojik Alan\u0131 Mimari Proje Yar\u0131\u015fmas\u0131, 2020\u201d<\/li><\/ul><p>\u00a0<\/p><p><strong><em>\u00d6d\u00fcller (\u00d6\u011frenci)<\/em><\/strong><\/p><ul><li>Yunus Emre Akku\u015f, Mansiyon \u00d6d\u00fcl\u00fc, \u201cM\u00fc\u015fterekmekan: \u00d6\u011frenciler i\u00e7in Sa\u011fl\u0131kl\u0131 Ya\u015fam Alan\u0131, Baumit, 2025\u201d<\/li><li>Yusuf Erg\u00fcn, 3.l\u00fck \u00f6d\u00fcl\u00fc, 29.Uluslararas\u0131 Do\u011falta\u015f ve Teknolojileri Fuar\u0131 kapsam\u0131nda d\u00fczenlenen 6.De\u011fi\u015fik Do\u011fal Ta\u015f Tasar\u0131m Yar\u0131\u015fmas\u0131, 2024. <a href=\"https:\/\/www.instagram.com\/p\/DEKRCwUCi4W\/?hl=en&amp;img_index=1\">https:\/\/www.instagram.com\/p\/DEKRCwUCi4W\/?hl=en&amp;img_index=1<\/a><\/li><li>Yusuf Erg\u00fcn, lik \u00f6d\u00fcl\u00fc, 12. Do\u011fal Ta\u015f Tasar\u0131m Yar\u0131\u015fmas\u0131, 2024.<\/li><li><a href=\"https:\/\/www.arkitera.com\/proje\/mansiyon-baumit-musterekmekan-ogrenciler-icin-saglikli-yasam-alani-tasarim-yarismasi-2024\/\">https:\/\/www.arkitera.com\/proje\/mansiyon-baumit-musterekmekan-ogrenciler-icin-saglikli-yasam-alani-tasarim-yarismasi-2024\/<\/a><\/li><li>Yunus Emre Akku\u015f, E\u015fde\u011fer \u00d6d\u00fcl, \u201cT\u00fcrkiye Tiyatro M\u00fczesi Mimari Projesi \u00d6\u011frenci Fikir Yar\u0131\u015fmas\u0131, 2024\u201d, <a href=\"https:\/\/www.arkitera.com\/proje\/esdeger-odul-turkiye-tiyatro-muzesi-mimari-projesi-ogrenci-fikir-yarismasi-2\/\">https:\/\/www.arkitera.com\/proje\/esdeger-odul-turkiye-tiyatro-muzesi-mimari-projesi-ogrenci-fikir-yarismasi-2\/<\/a>.<\/li><li>Hakan Pehlivan, 3.l\u00fck \u00d6d\u00fcl\u00fc, \u201c11. Zeki Yurtbay Tasar\u0131m \u00d6d\u00fclleri, 2023\u201d. <a href=\"https:\/\/bi-ozet.com\/2024\/05\/02\/11-zeki-yurtbay-tasarim-odulleri-kazananlari-belli-oldu\/\">https:\/\/bi-ozet.com\/2024\/05\/02\/11-zeki-yurtbay-tasarim-odulleri-kazananlari-belli-oldu\/<\/a><\/li><li>Ka\u011fan \u015eeng\u00fcn, Melek Serra Saral, Honourable Mention, \u201cDesign Educates Awards, 2023\u201d. <a href=\"https:\/\/www.arkitera.com\/proje\/honorable-mention-design-educates-awards\/\">https:\/\/www.arkitera.com\/proje\/honorable-mention-design-educates-awards\/<\/a><\/li><li>Cansu AKYOL, Listen: Design an Installation for Music in Public Spaces, Uni.Xyz Design Competition Organization, Mart 2022<\/li><li>Alperen \u0130raz, Eren Vardar ve S\u00fcleyman Enes Kurt, 1. \u00d6d\u00fcl, \u201c\u0130stanbul Bo\u011faz\u0131\u2019nda Dalyanlar\u0131n Yeniden Hayali \u00d6\u011frenci Fikir Yar\u0131\u015fmas\u0131\u201d, Ulusal \u00d6\u011frenci Yar\u0131\u015fmas\u0131, https:\/\/www.arkitera.com\/proje\/1-odul-istanbul-bogazinda-dalyanlarin-yeniden-hayali-ogrenci-fikir-yarismasi\/<\/li><li>Eren Vardar, Alperen \u0130raz, ve S\u00fcleyman Enes Kurt, Mansiyon \u00d6d\u00fcl\u00fc, \u201cGreat Green Wall Single Stage Student Ideas Competition, UIA\u201d, Uluslararas\u0131 \u00d6\u011frenci Yar\u0131\u015fmas\u0131, <a href=\"https:\/\/www.uia-architectes.org\/en\/competition\/great-green-wall-single-stage-student-ideas-competition\/\">https:\/\/www.uia-architectes.org\/en\/competition\/great-green-wall-single-stage-student-ideas-competition\/<\/a><\/li><\/ul><\/div>\n\t\t\t\t<\/div>\n\t\t\t\t\t\t\t<div class=\"elementor-toggle-item\">\n\t\t\t\t\t<h3 id=\"elementor-tab-title-10410\" class=\"elementor-tab-title\" data-tab=\"10\" role=\"button\" aria-controls=\"elementor-tab-content-10410\" aria-expanded=\"false\">\n\t\t\t\t\t\t\t\t\t\t\t\t<span class=\"elementor-toggle-icon elementor-toggle-icon-right\" aria-hidden=\"true\">\n\t\t\t\t\t\t\t\t\t\t\t\t\t\t\t<span class=\"elementor-toggle-icon-closed\"><i class=\"vamtamtheme- vamtam-theme-arrow-down\"><\/i><\/span>\n\t\t\t\t\t\t\t\t<span class=\"elementor-toggle-icon-opened\"><i class=\"elementor-toggle-icon-opened vamtamtheme- vamtam-theme-arrow-up\"><\/i><\/span>\n\t\t\t\t\t\t\t\t\t\t\t\t\t<\/span>\n\t\t\t\t\t\t\t\t\t\t\t\t<a class=\"elementor-toggle-title\" tabindex=\"0\">ERASMUS \u0130MK\u00c2NLARI<\/a>\n\t\t\t\t\t<\/h3>\n\n\t\t\t\t\t<div id=\"elementor-tab-content-10410\" class=\"elementor-tab-content elementor-clearfix\" data-tab=\"10\" role=\"region\" aria-labelledby=\"elementor-tab-title-10410\"><ul><li><strong>Varna Free University, Varna\/Bulgaristan<\/strong> (Mimarl\u0131k, \u0130\u00e7 Mimarl\u0131k, \u015eehir ve B\u00f6lge Planlama, End\u00fcstriyel Tasar\u0131m)<\/li><li><strong>Panepistimio Aigaiou, Mytilini\/ Yunanistan<\/strong> (End\u00fcstriyel Tasar\u0131m)<\/li><li><strong>Universitatea 1 Decembrie 1918, Alba Lulia\/Romanya<\/strong> (\u015eehir ve B\u00f6lge Planlama)<\/li><\/ul><\/div>\n\t\t\t\t<\/div>\n\t\t\t\t\t\t\t<div class=\"elementor-toggle-item\">\n\t\t\t\t\t<h3 id=\"elementor-tab-title-10411\" class=\"elementor-tab-title\" data-tab=\"11\" role=\"button\" aria-controls=\"elementor-tab-content-10411\" aria-expanded=\"false\">\n\t\t\t\t\t\t\t\t\t\t\t\t<span class=\"elementor-toggle-icon elementor-toggle-icon-right\" aria-hidden=\"true\">\n\t\t\t\t\t\t\t\t\t\t\t\t\t\t\t<span class=\"elementor-toggle-icon-closed\"><i class=\"vamtamtheme- vamtam-theme-arrow-down\"><\/i><\/span>\n\t\t\t\t\t\t\t\t<span class=\"elementor-toggle-icon-opened\"><i class=\"elementor-toggle-icon-opened vamtamtheme- vamtam-theme-arrow-up\"><\/i><\/span>\n\t\t\t\t\t\t\t\t\t\t\t\t\t<\/span>\n\t\t\t\t\t\t\t\t\t\t\t\t<a class=\"elementor-toggle-title\" tabindex=\"0\">\u0130LET\u0130\u015e\u0130M<\/a>\n\t\t\t\t\t<\/h3>\n\n\t\t\t\t\t<div id=\"elementor-tab-content-10411\" class=\"elementor-tab-content elementor-clearfix\" data-tab=\"11\" role=\"region\" aria-labelledby=\"elementor-tab-title-10411\"><p><strong>Adres :<\/strong> S\u00fcleymaniye Mahallesi Besim \u00d6mer Pa\u015fa Caddesi No: 7 34116 Fatih\/\u0130STANBUL<\/p><p><strong>Telefon :\u00a0\u00a0\u00a0\u00a0\u00a0\u00a0\u00a0\u00a0\u00a0\u00a0\u00a0\u00a0 <\/strong>+90 212 440 0000<\/p><p>\u00a0+90 212 440 0240\u00a0 \u2013 Dahili 14390<\/p><p><strong>\u00a0<\/strong><\/p><p><strong>Mimarl\u0131k Dekanl\u0131k E-posta : \u00a0\u00a0\u00a0\u00a0\u00a0\u00a0\u00a0\u00a0\u00a0\u00a0\u00a0\u00a0\u00a0\u00a0\u00a0\u00a0\u00a0\u00a0\u00a0\u00a0\u00a0\u00a0\u00a0\u00a0\u00a0\u00a0\u00a0\u00a0\u00a0\u00a0\u00a0\u00a0\u00a0\u00a0\u00a0\u00a0 <\/strong>mimarlik@istanbul.edu.tr<\/p><p><strong>Mimarl\u0131k B\u00f6l\u00fcm\u00fc E-posta : \u00a0\u00a0\u00a0\u00a0\u00a0\u00a0\u00a0\u00a0\u00a0\u00a0\u00a0\u00a0\u00a0\u00a0\u00a0\u00a0\u00a0\u00a0\u00a0\u00a0\u00a0\u00a0\u00a0\u00a0\u00a0\u00a0\u00a0\u00a0\u00a0\u00a0\u00a0\u00a0\u00a0\u00a0\u00a0\u00a0\u00a0\u00a0 <\/strong>mimarlikbolumu@istanbul.edu.tr<\/p><p><strong>\u0130\u00e7 Mimarl\u0131k B\u00f6l\u00fcm\u00fc E-Posta :\u00a0 \u00a0\u00a0\u00a0\u00a0\u00a0\u00a0\u00a0\u00a0\u00a0\u00a0\u00a0\u00a0\u00a0\u00a0\u00a0\u00a0\u00a0\u00a0\u00a0\u00a0\u00a0\u00a0\u00a0\u00a0\u00a0\u00a0\u00a0\u00a0\u00a0\u00a0\u00a0\u00a0\u00a0 <\/strong>icmimarlik@istanbul.edu.tr<\/p><p><strong>End\u00fcstriyel Tasar\u0131m B\u00f6l\u00fcm\u00fc E-Posta :\u00a0\u00a0\u00a0\u00a0\u00a0\u00a0\u00a0\u00a0\u00a0\u00a0\u00a0\u00a0\u00a0\u00a0\u00a0\u00a0\u00a0\u00a0 <\/strong>mimarlik.endustriyeltasarim@istanbul.edu.tr<\/p><p><strong>\u015eehir ve B\u00f6lge Planlama B\u00f6l\u00fcm\u00fc E-Posta : \u00a0\u00a0\u00a0\u00a0\u00a0\u00a0\u00a0\u00a0 <\/strong>mimarlik.sbp@istanbul.edu.tr<\/p><p><strong>\u00a0<\/strong><\/p><p><strong>Sosyal Medya:<\/strong><\/p><p><strong>Mimarl\u0131k Fak\u00fcltesi: \u00a0\u00a0\u00a0\u00a0\u00a0\u00a0\u00a0\u00a0\u00a0\u00a0\u00a0\u00a0\u00a0\u00a0\u00a0\u00a0\u00a0\u00a0\u00a0\u00a0\u00a0\u00a0\u00a0\u00a0\u00a0\u00a0\u00a0\u00a0\u00a0\u00a0\u00a0\u00a0\u00a0\u00a0\u00a0\u00a0\u00a0\u00a0 \u00a0<\/strong><a href=\"http:\/\/instagram.com\/ist_mimarlik\">instagram.com\/ist_mimarlik<\/a><\/p><p><a href=\"https:\/\/www.youtube.com\/istanbul%20universitesi%20mimarlik%20fakultesi\">\u00a0youtube.com\/istanbul universitesi mimarlik fakultesi<\/a><\/p><p><strong>\u015eehir ve B\u00f6lge Planlama B\u00f6l\u00fcm\u00fc:\u00a0\u00a0\u00a0\u00a0\u00a0\u00a0\u00a0\u00a0\u00a0\u00a0\u00a0 <\/strong><a href=\"http:\/\/instagram.com\/ist_sbp\">instagram.com\/ist_sbp<\/a><\/p><p><strong>End\u00fcstriyel Tasar\u0131m B\u00f6l\u00fcm\u00fc:\u00a0\u00a0\u00a0\u00a0\u00a0\u00a0\u00a0\u00a0\u00a0\u00a0\u00a0\u00a0\u00a0\u00a0\u00a0\u00a0\u00a0\u00a0\u00a0 <\/strong><a href=\"http:\/\/instagram.com\/iu1453_industrialdesign\">instagram.com\/iu1453_industrialdesign<\/a><\/p><p><a href=\"https:\/\/www.tiktok.com\/@iu1453_industrialdesign\">\u00a0www.tiktok.com\/@iu1453_industrialdesign<\/a><\/p><p><strong>Mimarl\u0131k B\u00f6l\u00fcm\u00fc:\u00a0\u00a0\u00a0\u00a0\u00a0\u00a0\u00a0\u00a0\u00a0\u00a0\u00a0\u00a0\u00a0\u00a0\u00a0\u00a0\u00a0\u00a0\u00a0\u00a0\u00a0\u00a0\u00a0\u00a0\u00a0\u00a0\u00a0\u00a0\u00a0\u00a0\u00a0\u00a0\u00a0\u00a0\u00a0\u00a0\u00a0\u00a0\u00a0\u00a0\u00a0 <\/strong><a href=\"http:\/\/instagram.com\/iu_arch_department\">instagram.com\/iu_arch_department<\/a><\/p><\/div>\n\t\t\t\t<\/div>\n\t\t\t\t\t\t\t\t<\/div>\n\t\t\t\t<\/div>\n\t\t\t\t<\/div>\n\t\t\t\t\t<\/div>\n\t\t<\/div>\n\t\t\t\t\t<\/div>\n\t\t<\/section>\n\t\t\t\t<\/div>\n\t\t","protected":false},"excerpt":{"rendered":"<p>M\u0130MARLIK FAK\u00dcLTES\u0130&#8217;NE GENEL BAKI\u015e \u0130stanbul \u00dcniversitesi Mimarl\u0131k Fak\u00fcltesi, T\u00fcrkiye\u2019nin en k\u00f6kl\u00fc ve sembol e\u011fitim kurumlar\u0131ndan biri olan \u0130stanbul \u00dcniversitesi\u2019nin bilimsel ve k\u00fclt\u00fcrel miras\u0131n\u0131, \u00e7a\u011fda\u015f tasar\u0131m anlay\u0131\u015f\u0131yla birle\u015ftirmektedir. Fak\u00fcltemiz; mimarl\u0131k, i\u00e7 mimarl\u0131k, \u015fehir ve b\u00f6lge planlama ve end\u00fcstriyel tasar\u0131m alanlar\u0131nda e\u011fitim veren b\u00f6l\u00fcmleriyle, disiplinler aras\u0131 etkile\u015fimi ve akademik \u00e7e\u015fitlili\u011fi merkeze alarak \u00f6\u011frencilerine zengin ve \u00e7ok boyutlu&#8230;<\/p>\n","protected":false},"author":2,"featured_media":0,"parent":0,"menu_order":0,"comment_status":"closed","ping_status":"closed","template":"","meta":{"footnotes":""},"_links":{"self":[{"href":"https:\/\/tercihim.istanbul.edu.tr\/index.php\/wp-json\/wp\/v2\/pages\/989184"}],"collection":[{"href":"https:\/\/tercihim.istanbul.edu.tr\/index.php\/wp-json\/wp\/v2\/pages"}],"about":[{"href":"https:\/\/tercihim.istanbul.edu.tr\/index.php\/wp-json\/wp\/v2\/types\/page"}],"author":[{"embeddable":true,"href":"https:\/\/tercihim.istanbul.edu.tr\/index.php\/wp-json\/wp\/v2\/users\/2"}],"replies":[{"embeddable":true,"href":"https:\/\/tercihim.istanbul.edu.tr\/index.php\/wp-json\/wp\/v2\/comments?post=989184"}],"version-history":[{"count":67,"href":"https:\/\/tercihim.istanbul.edu.tr\/index.php\/wp-json\/wp\/v2\/pages\/989184\/revisions"}],"predecessor-version":[{"id":990287,"href":"https:\/\/tercihim.istanbul.edu.tr\/index.php\/wp-json\/wp\/v2\/pages\/989184\/revisions\/990287"}],"wp:attachment":[{"href":"https:\/\/tercihim.istanbul.edu.tr\/index.php\/wp-json\/wp\/v2\/media?parent=989184"}],"curies":[{"name":"wp","href":"https:\/\/api.w.org\/{rel}","templated":true}]}}