{"id":989171,"date":"2024-07-21T20:31:50","date_gmt":"2024-07-21T17:31:50","guid":{"rendered":"https:\/\/tercihim.istanbul.edu.tr\/?page_id=989171"},"modified":"2025-07-28T11:27:26","modified_gmt":"2025-07-28T08:27:26","slug":"isletme-fakultesi","status":"publish","type":"page","link":"https:\/\/tercihim.istanbul.edu.tr\/index.php\/isletme-fakultesi\/","title":{"rendered":"\u0130\u015fletme Fak\u00fcltesi"},"content":{"rendered":"\t\t<div data-elementor-type=\"wp-page\" data-elementor-id=\"989171\" class=\"elementor elementor-989171\" data-elementor-post-type=\"page\">\n\t\t\t\t\t\t<section class=\"elementor-section elementor-top-section elementor-element elementor-element-48ecdc8 elementor-section-height-min-height elementor-section-boxed elementor-section-height-default elementor-section-items-middle\" data-id=\"48ecdc8\" data-element_type=\"section\" data-settings=\"{&quot;background_background&quot;:&quot;classic&quot;}\">\n\t\t\t\t\t\t\t<div class=\"elementor-background-overlay\"><\/div>\n\t\t\t\t\t\t\t<div class=\"elementor-container elementor-column-gap-default\">\n\t\t\t\t\t<div class=\"elementor-column elementor-col-100 elementor-top-column elementor-element elementor-element-87856f1\" data-id=\"87856f1\" data-element_type=\"column\" data-settings=\"{&quot;background_background&quot;:&quot;classic&quot;}\">\n\t\t\t<div class=\"elementor-widget-wrap\">\n\t\t\t\t\t\t\t<\/div>\n\t\t<\/div>\n\t\t\t\t\t<\/div>\n\t\t<\/section>\n\t\t\t\t<section class=\"elementor-section elementor-top-section elementor-element elementor-element-5f57ff6 elementor-section-boxed elementor-section-height-default elementor-section-height-default\" data-id=\"5f57ff6\" data-element_type=\"section\">\n\t\t\t\t\t\t<div class=\"elementor-container elementor-column-gap-no\">\n\t\t\t\t\t<div class=\"elementor-column elementor-col-50 elementor-top-column elementor-element elementor-element-972b5b6 animated-fast elementor-invisible\" data-id=\"972b5b6\" data-element_type=\"column\" data-settings=\"{&quot;background_background&quot;:&quot;classic&quot;,&quot;animation&quot;:&quot;fadeIn&quot;,&quot;animation_delay&quot;:100,&quot;animation_tablet&quot;:&quot;none&quot;,&quot;animation_mobile&quot;:&quot;none&quot;}\">\n\t\t\t<div class=\"elementor-widget-wrap elementor-element-populated\">\n\t\t\t\t\t\t\t<\/div>\n\t\t<\/div>\n\t\t\t\t<div class=\"elementor-column elementor-col-50 elementor-top-column elementor-element elementor-element-5037f50 elementor-hidden-desktop elementor-hidden-tablet elementor-hidden-phone\" data-id=\"5037f50\" data-element_type=\"column\">\n\t\t\t<div class=\"elementor-widget-wrap\">\n\t\t\t\t\t\t\t<\/div>\n\t\t<\/div>\n\t\t\t\t\t<\/div>\n\t\t<\/section>\n\t\t\t\t<section class=\"elementor-section elementor-top-section elementor-element elementor-element-afc61d4 elementor-section-boxed elementor-section-height-default elementor-section-height-default\" data-id=\"afc61d4\" data-element_type=\"section\" data-settings=\"{&quot;animation&quot;:&quot;none&quot;,&quot;animation_tablet&quot;:&quot;none&quot;,&quot;animation_mobile&quot;:&quot;none&quot;,&quot;animation_delay&quot;:300}\">\n\t\t\t\t\t\t<div class=\"elementor-container elementor-column-gap-no\">\n\t\t\t\t\t<div class=\"elementor-column elementor-col-100 elementor-top-column elementor-element elementor-element-1b8c40b\" data-id=\"1b8c40b\" data-element_type=\"column\">\n\t\t\t<div class=\"elementor-widget-wrap\">\n\t\t\t\t\t\t\t<\/div>\n\t\t<\/div>\n\t\t\t\t\t<\/div>\n\t\t<\/section>\n\t\t\t\t<section class=\"elementor-section elementor-top-section elementor-element elementor-element-3a85eb4 elementor-section-boxed elementor-section-height-default elementor-section-height-default\" data-id=\"3a85eb4\" data-element_type=\"section\">\n\t\t\t\t\t\t<div class=\"elementor-container elementor-column-gap-default\">\n\t\t\t\t\t<div class=\"elementor-column elementor-col-100 elementor-top-column elementor-element elementor-element-7f97bd0\" data-id=\"7f97bd0\" data-element_type=\"column\">\n\t\t\t<div class=\"elementor-widget-wrap elementor-element-populated\">\n\t\t\t\t\t\t<div class=\"elementor-element elementor-element-63c4c7a vamtam-theme-table-styles elementor-widget__width-initial elementor-widget elementor-widget-toggle\" data-id=\"63c4c7a\" data-element_type=\"widget\" data-widget_type=\"toggle.default\">\n\t\t\t\t<div class=\"elementor-widget-container\">\n\t\t\t<style>\/*! elementor - v3.23.0 - 05-08-2024 *\/\n.elementor-toggle{text-align:start}.elementor-toggle .elementor-tab-title{font-weight:700;line-height:1;margin:0;padding:15px;border-bottom:1px solid #d5d8dc;cursor:pointer;outline:none}.elementor-toggle .elementor-tab-title .elementor-toggle-icon{display:inline-block;width:1em}.elementor-toggle .elementor-tab-title .elementor-toggle-icon svg{margin-inline-start:-5px;width:1em;height:1em}.elementor-toggle .elementor-tab-title .elementor-toggle-icon.elementor-toggle-icon-right{float:right;text-align:right}.elementor-toggle .elementor-tab-title .elementor-toggle-icon.elementor-toggle-icon-left{float:left;text-align:left}.elementor-toggle .elementor-tab-title .elementor-toggle-icon .elementor-toggle-icon-closed{display:block}.elementor-toggle .elementor-tab-title .elementor-toggle-icon .elementor-toggle-icon-opened{display:none}.elementor-toggle .elementor-tab-title.elementor-active{border-bottom:none}.elementor-toggle .elementor-tab-title.elementor-active .elementor-toggle-icon-closed{display:none}.elementor-toggle .elementor-tab-title.elementor-active .elementor-toggle-icon-opened{display:block}.elementor-toggle .elementor-tab-content{padding:15px;border-bottom:1px solid #d5d8dc;display:none}@media (max-width:767px){.elementor-toggle .elementor-tab-title{padding:12px}.elementor-toggle .elementor-tab-content{padding:12px 10px}}.e-con-inner>.elementor-widget-toggle,.e-con>.elementor-widget-toggle{width:var(--container-widget-width);--flex-grow:var(--container-widget-flex-grow)}<\/style>\t\t<div class=\"elementor-toggle\">\n\t\t\t\t\t\t\t<div class=\"elementor-toggle-item\">\n\t\t\t\t\t<h3 id=\"elementor-tab-title-1041\" class=\"elementor-tab-title\" data-tab=\"1\" role=\"button\" aria-controls=\"elementor-tab-content-1041\" aria-expanded=\"false\">\n\t\t\t\t\t\t\t\t\t\t\t\t<span class=\"elementor-toggle-icon elementor-toggle-icon-right\" aria-hidden=\"true\">\n\t\t\t\t\t\t\t\t\t\t\t\t\t\t\t<span class=\"elementor-toggle-icon-closed\"><i class=\"vamtamtheme- vamtam-theme-arrow-down\"><\/i><\/span>\n\t\t\t\t\t\t\t\t<span class=\"elementor-toggle-icon-opened\"><i class=\"elementor-toggle-icon-opened vamtamtheme- vamtam-theme-arrow-up\"><\/i><\/span>\n\t\t\t\t\t\t\t\t\t\t\t\t\t<\/span>\n\t\t\t\t\t\t\t\t\t\t\t\t<a class=\"elementor-toggle-title\" tabindex=\"0\">\u0130\u015eLETME FAK\u00dcLTES\u0130'NE GENEL BAKI\u015e<\/a>\n\t\t\t\t\t<\/h3>\n\n\t\t\t\t\t<div id=\"elementor-tab-content-1041\" class=\"elementor-tab-content elementor-clearfix\" data-tab=\"1\" role=\"region\" aria-labelledby=\"elementor-tab-title-1041\"><p class=\"ng-scope\" style=\"text-align: justify; background: white; margin: 0cm 0cm 7.5pt 0cm;\">\u00a0<\/p><p><strong>Gelece\u011fi Y\u00f6netmek \u0130\u00e7in Buradas\u0131n\u0131z!<\/strong><br \/>\u0130stanbul \u00dcniversitesi \u0130\u015fletme Fak\u00fcltesi, 57 y\u0131l\u0131 a\u015fk\u0131n akademik birikimiyle T\u00fcrkiye&#8217;nin en k\u00f6kl\u00fc i\u015fletme e\u011fitim merkezidir. Amac\u0131m\u0131z; yarat\u0131c\u0131, analitik d\u00fc\u015f\u00fcnen ve k\u00fcresel i\u015f d\u00fcnyas\u0131na uyum sa\u011flayan liderler yeti\u015ftirmektir.<\/p><ul><li><strong>Akademik \u00c7e\u015fitlilik:<\/strong>\u00a0Dokuz anabilim dal\u0131yla disiplinler aras\u0131 e\u011fitim.<\/li><li><strong>Uluslararas\u0131 Vizyon:<\/strong>\u00a0AACSB akreditasyonu, 284 \u00fcniversite ile ikili i\u015f birlikleri ve Erasmus program\u0131.<\/li><li><strong>Kariyer Odakl\u0131 Yakla\u015f\u0131m:<\/strong>\u00a0Mezunlar\u0131m\u0131z ulusal ve uluslararas\u0131 lider i\u015fletmelerde \u00fcst d\u00fczey y\u00f6netici oluyor!<\/li><\/ul><p><em>Biz sadece i\u015fletme e\u011fitimi vermiyoruz; gelece\u011fin CEO&#8217;lar\u0131n\u0131, giri\u015fimcilerini ve sosyal etki liderlerini yeti\u015ftiriyoruz.<\/em><\/p><p>\u00a0<\/p><p><img fetchpriority=\"high\" decoding=\"async\" class=\"alignnone size-full wp-image-990533\" src=\"http:\/\/tercihim.istanbul.edu.tr\/wp-content\/uploads\/2025\/07\/m1.jpg\" alt=\"\" width=\"924\" height=\"264\" srcset=\"https:\/\/tercihim.istanbul.edu.tr\/wp-content\/uploads\/2025\/07\/m1.jpg 924w, https:\/\/tercihim.istanbul.edu.tr\/wp-content\/uploads\/2025\/07\/m1-300x86.jpg 300w, https:\/\/tercihim.istanbul.edu.tr\/wp-content\/uploads\/2025\/07\/m1-768x219.jpg 768w\" sizes=\"(max-width: 924px) 100vw, 924px\" \/><\/p><p><img decoding=\"async\" class=\"alignnone size-large wp-image-990534\" src=\"http:\/\/tercihim.istanbul.edu.tr\/wp-content\/uploads\/2025\/07\/m2-1024x566.jpg\" alt=\"\" width=\"1024\" height=\"566\" srcset=\"https:\/\/tercihim.istanbul.edu.tr\/wp-content\/uploads\/2025\/07\/m2-1024x566.jpg 1024w, https:\/\/tercihim.istanbul.edu.tr\/wp-content\/uploads\/2025\/07\/m2-300x166.jpg 300w, https:\/\/tercihim.istanbul.edu.tr\/wp-content\/uploads\/2025\/07\/m2-768x425.jpg 768w, https:\/\/tercihim.istanbul.edu.tr\/wp-content\/uploads\/2025\/07\/m2.jpg 1280w\" sizes=\"(max-width: 1024px) 100vw, 1024px\" \/><\/p><\/div>\n\t\t\t\t<\/div>\n\t\t\t\t\t\t\t<div class=\"elementor-toggle-item\">\n\t\t\t\t\t<h3 id=\"elementor-tab-title-1042\" class=\"elementor-tab-title\" data-tab=\"2\" role=\"button\" aria-controls=\"elementor-tab-content-1042\" aria-expanded=\"false\">\n\t\t\t\t\t\t\t\t\t\t\t\t<span class=\"elementor-toggle-icon elementor-toggle-icon-right\" aria-hidden=\"true\">\n\t\t\t\t\t\t\t\t\t\t\t\t\t\t\t<span class=\"elementor-toggle-icon-closed\"><i class=\"vamtamtheme- vamtam-theme-arrow-down\"><\/i><\/span>\n\t\t\t\t\t\t\t\t<span class=\"elementor-toggle-icon-opened\"><i class=\"elementor-toggle-icon-opened vamtamtheme- vamtam-theme-arrow-up\"><\/i><\/span>\n\t\t\t\t\t\t\t\t\t\t\t\t\t<\/span>\n\t\t\t\t\t\t\t\t\t\t\t\t<a class=\"elementor-toggle-title\" tabindex=\"0\">DEKAN MESAJI<\/a>\n\t\t\t\t\t<\/h3>\n\n\t\t\t\t\t<div id=\"elementor-tab-content-1042\" class=\"elementor-tab-content elementor-clearfix\" data-tab=\"2\" role=\"region\" aria-labelledby=\"elementor-tab-title-1042\"><p><strong>De\u011ferli \u201cGelece\u011fin Liderleri\u201d,<\/strong><\/p><p>\u0130stanbul \u00dcniversitesi \u0130\u015fletme Fak\u00fcltesi&#8217;nin kap\u0131lar\u0131, sizleri k\u00f6kl\u00fc bir akademik miras\u0131n par\u00e7as\u0131 olmaya davet ediyor. Fak\u00fcltemiz, sadece teorik bilgi aktaran bir kurum de\u011fil; vizyoner d\u00fc\u015f\u00fcnceyi, etik liderli\u011fi ve giri\u015fimci ruhu besleyen bir ekosistemdir.<\/p><p><strong>Bizimle B\u00fcy\u00fcyece\u011finiz Farkl\u0131l\u0131klar:<\/strong><\/p><ol><li><strong> K\u00f6klerimiz Gelece\u011fe Uzan\u0131yor<\/strong><br \/>T\u00fcrkiye&#8217;nin ilk i\u015fletme fak\u00fcltesi olarak, Osmanl\u0131&#8217;dan Cumhuriyet&#8217;e uzanan bir bilgelik zincirinin halkas\u0131y\u0131z. Bu tarihi sorumlulu\u011fu, sizleri dijital \u00e7a\u011f\u0131n gereklilikleriyle donatarak ta\u015f\u0131maya devam ediyoruz.<\/li><li><strong> Sekt\u00f6r\u00fcn Nabz\u0131n\u0131 Tutan E\u011fitim<\/strong><\/li><\/ol><ul><li>Yerel ve k\u00fcresel \u015firketlerin ihtiya\u00e7lar\u0131n\u0131 da g\u00f6zeterek tasarlad\u0131\u011f\u0131m\u0131z m\u00fcfredat<\/li><li>Ger\u00e7ek zamanl\u0131 i\u015f deneyimi i\u00e7in lisans e\u011fitimi boyunca staj imkanlar\u0131<\/li><li>S\u00fcrd\u00fcr\u00fclebilir i\u015f modelleri ve yapay zeka odakl\u0131 se\u00e7imlik dersler<\/li><\/ul><ol start=\"3\"><li><strong> K\u00fcresel A\u011f\u0131n Yerel Dura\u011f\u0131<\/strong><br \/>AACSB akreditasyonuyla, diploman\u0131z d\u00fcnya \u00e7ap\u0131nda tan\u0131n\u0131rl\u0131k kazan\u0131rken, y\u00fczlerce ikili anla\u015fma yap\u0131lm\u0131\u015f \u00fcniversitede de\u011fi\u015fim deneyimi sizi bekliyor. Mezunlar\u0131m\u0131z\u0131n d\u00fcnyan\u0131n her k\u00f6\u015fesinde kap\u0131lar\u0131n\u0131 size a\u00e7aca\u011f\u0131n\u0131 unutmay\u0131n.<\/li><\/ol><p><strong>Sizden Beklentilerimiz:<\/strong><\/p><ol><li><strong>Merak Duygunuzu Asla Kaybetmeyin<\/strong><br \/>\u00dcniversite k\u00fct\u00fcphanemizdeki milyonlarca eser, fak\u00fcltemizdeki 102 akademisyenimiz ve zengin dijital kaynaklar\u0131m\u0131z sizin i\u00e7in haz\u0131r.<\/li><li><strong>Sadece \u0130\u015f D\u00fcnyas\u0131 \u0130\u00e7in De\u011fil, Toplum \u0130\u00e7in \u00dcretin<\/strong><br \/>Sosyal sorumluluk projelerimizle binlerce insan\u0131m\u0131za dokunaca\u011f\u0131m\u0131z bu s\u00fcrece siz de katk\u0131da bulunun.<\/li><li><strong>Kendinizi Ke\u015ffedin<\/strong><br \/>Fak\u00fcltemiz b\u00fcnyesindeki be\u015f \u00f6\u011frenci kul\u00fcb\u00fcm\u00fcz (ve kollar\u0131 ile) ile yeteneklerinizi geli\u015ftirebilir, alaca\u011f\u0131n\u0131z profesyonel e\u011fitimle giri\u015fimcilik hayallerinizi hayata ge\u00e7irebilirsiniz. \u0130stanbul \u00dcniversitesi \u0130\u015fletme Fak\u00fcltesi, sadece bir e\u011fitim kurumu de\u011fil, hayallerinizi ger\u00e7e\u011fe d\u00f6n\u00fc\u015ft\u00fcrecek bir ekosistemdir.<\/li><\/ol><p><strong>Ki\u015fisel Bir Not:<\/strong><\/p><p>23 y\u0131ll\u0131k akademik kariyerimde g\u00f6rd\u00fcm ki; ba\u015far\u0131l\u0131 olanlar yaln\u0131zca en zekiler de\u011fil, en uyum sa\u011flayabilenlerdir. Biz sizi, VUCA (Volatility-De\u011fi\u015fkenlik, Uncertainty-Belirsizlik, Complexity-Karma\u015f\u0131kl\u0131k, Ambiguity-Mu\u011flakl\u0131k) d\u00fcnyas\u0131nda ayakta kalabilecek donan\u0131mla mezun etmek i\u00e7in var g\u00fcc\u00fcm\u00fczle \u00e7al\u0131\u015f\u0131yoruz.<\/p><p>Sizleri kamp\u00fcs\u00fcm\u00fczde a\u011f\u0131rlamaktan onur duyaca\u011f\u0131z. Sorular\u0131n\u0131z i\u00e7in fak\u00fclte kap\u0131lar\u0131m\u0131z her zaman a\u00e7\u0131k.<\/p><p>Sayg\u0131lar\u0131mla,<br \/><strong>Prof. Dr. Levent \u015eAH\u0130N<\/strong><br \/>\u0130stanbul \u00dcniversitesi \u0130\u015fletme Fak\u00fcltesi V. Dekan\u0131<\/p><p><img decoding=\"async\" class=\"alignnone size-large wp-image-990538\" src=\"http:\/\/tercihim.istanbul.edu.tr\/wp-content\/uploads\/2025\/07\/Dekan-Mesaji-1024x683.jpeg\" alt=\"\" width=\"1024\" height=\"683\" srcset=\"https:\/\/tercihim.istanbul.edu.tr\/wp-content\/uploads\/2025\/07\/Dekan-Mesaji-1024x683.jpeg 1024w, https:\/\/tercihim.istanbul.edu.tr\/wp-content\/uploads\/2025\/07\/Dekan-Mesaji-300x200.jpeg 300w, https:\/\/tercihim.istanbul.edu.tr\/wp-content\/uploads\/2025\/07\/Dekan-Mesaji-768x512.jpeg 768w, https:\/\/tercihim.istanbul.edu.tr\/wp-content\/uploads\/2025\/07\/Dekan-Mesaji-1536x1024.jpeg 1536w, https:\/\/tercihim.istanbul.edu.tr\/wp-content\/uploads\/2025\/07\/Dekan-Mesaji-2048x1365.jpeg 2048w\" sizes=\"(max-width: 1024px) 100vw, 1024px\" \/><\/p><\/div>\n\t\t\t\t<\/div>\n\t\t\t\t\t\t\t<div class=\"elementor-toggle-item\">\n\t\t\t\t\t<h3 id=\"elementor-tab-title-1043\" class=\"elementor-tab-title\" data-tab=\"3\" role=\"button\" aria-controls=\"elementor-tab-content-1043\" aria-expanded=\"false\">\n\t\t\t\t\t\t\t\t\t\t\t\t<span class=\"elementor-toggle-icon elementor-toggle-icon-right\" aria-hidden=\"true\">\n\t\t\t\t\t\t\t\t\t\t\t\t\t\t\t<span class=\"elementor-toggle-icon-closed\"><i class=\"vamtamtheme- vamtam-theme-arrow-down\"><\/i><\/span>\n\t\t\t\t\t\t\t\t<span class=\"elementor-toggle-icon-opened\"><i class=\"elementor-toggle-icon-opened vamtamtheme- vamtam-theme-arrow-up\"><\/i><\/span>\n\t\t\t\t\t\t\t\t\t\t\t\t\t<\/span>\n\t\t\t\t\t\t\t\t\t\t\t\t<a class=\"elementor-toggle-title\" tabindex=\"0\">TAR\u0130H\u00c7E<\/a>\n\t\t\t\t\t<\/h3>\n\n\t\t\t\t\t<div id=\"elementor-tab-content-1043\" class=\"elementor-tab-content elementor-clearfix\" data-tab=\"3\" role=\"region\" aria-labelledby=\"elementor-tab-title-1043\"><p><strong>1968: K\u00f6klerimizden Bug\u00fcne Bir E\u011fitim Destan\u0131<\/strong><\/p><p>\u0130stanbul \u00dcniversitesi \u0130\u015fletme Fak\u00fcltesi&#8217;nin kurulu\u015f y\u0131llar\u0131, T\u00fcrkiye&#8217;nin akademik tarihinde \u00f6zel bir sayfad\u0131r.\u00a0<strong>1968 y\u0131l\u0131nda do\u011fan bu akademik \u00e7\u0131nar<\/strong>, ilk y\u0131l derslerini \u0130ktisat Fak\u00fcltesi&#8217;nin tarihi koridorlar\u0131nda vermi\u015f, gen\u00e7 i\u015fletmecilerin yeti\u015fmesine burada ba\u015flam\u0131\u015ft\u0131r.<\/p><p>O y\u0131llar\u0131n ruhu, bug\u00fcn bile mezunlar\u0131m\u0131z\u0131n an\u0131lar\u0131nda ya\u015famaya devam ediyor!<\/p><p><strong>1969-1983: \u0130lk Yuva \u2013 Sonradan \u0130leti\u015fim Fak\u00fcltesi Olacak Tarihi Bina<\/strong><\/p><p>Fak\u00fcltemiz,\u00a0<strong>1969 y\u0131l\u0131nda<\/strong>,\u00a0daha sonra \u0130leti\u015fim Fak\u00fcltesi&#8217;ne ev sahipli\u011fi yapacak olan o efsanevi d\u00f6rt katl\u0131 binaya ta\u015f\u0131nd\u0131. \u00dc\u00e7 kat\u0131n\u0131 kulland\u0131\u011f\u0131m\u0131z bu bina, y\u0131llarca i\u015fletme e\u011fitiminin kalbi oldu. Buras\u0131 sadece bir bina de\u011fil, ilk mezunlar\u0131m\u0131z\u0131n an\u0131lar\u0131n\u0131 biriktirdi\u011fi, dostluklar kurdu\u011fu bir yuvayd\u0131.\u00a0<\/p><p><em>Ne yaz\u0131k ki bu tarihi mekan, deprem tehdidi nedeniyle yak\u0131n zamanda y\u0131k\u0131ld\u0131 &#8211; ama bizim i\u00e7in an\u0131lar\u0131yla ya\u015famaya devam edecek!<\/em><\/p><p><img loading=\"lazy\" decoding=\"async\" class=\"alignnone size-large wp-image-990545\" src=\"http:\/\/tercihim.istanbul.edu.tr\/wp-content\/uploads\/2025\/07\/f1-1024x554.jpg\" alt=\"\" width=\"1024\" height=\"554\" srcset=\"https:\/\/tercihim.istanbul.edu.tr\/wp-content\/uploads\/2025\/07\/f1-1024x554.jpg 1024w, https:\/\/tercihim.istanbul.edu.tr\/wp-content\/uploads\/2025\/07\/f1-300x162.jpg 300w, https:\/\/tercihim.istanbul.edu.tr\/wp-content\/uploads\/2025\/07\/f1-768x416.jpg 768w, https:\/\/tercihim.istanbul.edu.tr\/wp-content\/uploads\/2025\/07\/f1-1536x831.jpg 1536w, https:\/\/tercihim.istanbul.edu.tr\/wp-content\/uploads\/2025\/07\/f1.jpg 1837w\" sizes=\"(max-width: 1024px) 100vw, 1024px\" \/><\/p><p><strong>1983-1989: Bo\u011faz&#8217;\u0131n \u0130hti\u015fam\u0131 &#8211; Rumelihisar\u00fcst\u00fc Y\u0131llar\u0131<\/strong><\/p><p>Fak\u00fcltemiz\u00a0<strong>1983&#8217;te<\/strong>\u00a0e\u015fsiz Bo\u011faz manzaras\u0131yla Rumelihisar\u00fcst\u00fc&#8217;ne ta\u015f\u0131nd\u0131. Bu d\u00f6nem, \u00f6\u011frencilerimizin ders aralar\u0131nda Bo\u011faz&#8217;\u0131n b\u00fcy\u00fcs\u00fcne kap\u0131ld\u0131\u011f\u0131, akademik \u00e7al\u0131\u015fmalar\u0131n yan\u0131nda \u0130stanbul&#8217;un g\u00fczelliklerini i\u00e7ine \u00e7ekti\u011fi y\u0131llard\u0131.\u00a0<\/p><p><em>&#8220;Hocalar\u0131m\u0131z anlat\u0131rken arkam\u0131zda mart\u0131lar u\u00e7u\u015furdu&#8221;<\/em>\u00a0diyen mezunlar\u0131m\u0131z\u0131n hikayeleri, bu kamp\u00fcs\u00fcn ne kadar \u00f6zel oldu\u011funu anlatmaya yetiyor!<\/p><p><img loading=\"lazy\" decoding=\"async\" class=\"alignnone size-large wp-image-990546\" src=\"http:\/\/tercihim.istanbul.edu.tr\/wp-content\/uploads\/2025\/07\/f2-1024x640.jpg\" alt=\"\" width=\"1024\" height=\"640\" srcset=\"https:\/\/tercihim.istanbul.edu.tr\/wp-content\/uploads\/2025\/07\/f2-1024x640.jpg 1024w, https:\/\/tercihim.istanbul.edu.tr\/wp-content\/uploads\/2025\/07\/f2-300x188.jpg 300w, https:\/\/tercihim.istanbul.edu.tr\/wp-content\/uploads\/2025\/07\/f2-768x480.jpg 768w, https:\/\/tercihim.istanbul.edu.tr\/wp-content\/uploads\/2025\/07\/f2-1536x960.jpg 1536w, https:\/\/tercihim.istanbul.edu.tr\/wp-content\/uploads\/2025\/07\/f2.jpg 1920w\" sizes=\"(max-width: 1024px) 100vw, 1024px\" \/><\/p><p><strong>1989-2016: Avc\u0131lar&#8217;da \u0130lk Ad\u0131mlar &#8211; Tarihi Bina<\/strong><\/p><p><strong>1989&#8217;da<\/strong>\u00a0Avc\u0131lar Kamp\u00fcs\u00fc&#8217;ndeki ilk binam\u0131za yerle\u015ftik. Buras\u0131, fak\u00fcltemizin modernle\u015fme s\u00fcrecinde \u00f6nemli bir d\u00f6n\u00fcm noktas\u0131 oldu. Yak\u0131n zamana dek \u0130stanbul \u00dcniversitesi \u2013 Cerrahpa\u015fa (\u0130\u00dcC) Rekt\u00f6rl\u00fc\u011f\u00fc olarak kullan\u0131lan bina, bir zamanlar bizim Dekanl\u0131k binam\u0131zd\u0131!\u00a0<\/p><p><em>O koridorlarda y\u00fcr\u00fcyen \u00f6\u011frenciler, \u015fimdi T\u00fcrkiye&#8217;nin \u00f6nde gelen i\u015f insanlar\u0131 oldular\u2026<\/em><\/p><p><img loading=\"lazy\" decoding=\"async\" class=\"alignnone size-large wp-image-990547\" src=\"http:\/\/tercihim.istanbul.edu.tr\/wp-content\/uploads\/2025\/07\/f3-1024x570.jpg\" alt=\"\" width=\"1024\" height=\"570\" srcset=\"https:\/\/tercihim.istanbul.edu.tr\/wp-content\/uploads\/2025\/07\/f3-1024x570.jpg 1024w, https:\/\/tercihim.istanbul.edu.tr\/wp-content\/uploads\/2025\/07\/f3-300x167.jpg 300w, https:\/\/tercihim.istanbul.edu.tr\/wp-content\/uploads\/2025\/07\/f3-768x428.jpg 768w, https:\/\/tercihim.istanbul.edu.tr\/wp-content\/uploads\/2025\/07\/f3-1536x855.jpg 1536w, https:\/\/tercihim.istanbul.edu.tr\/wp-content\/uploads\/2025\/07\/f3.jpg 1920w\" sizes=\"(max-width: 1024px) 100vw, 1024px\" \/><\/p><p><strong>2016-G\u00fcn\u00fcm\u00fcz: Yeni \u00c7a\u011fa A\u00e7\u0131lan Kap\u0131 &#8211; Modern Binam\u0131z<\/strong><\/p><p><strong>2016&#8217;dan beri<\/strong>\u00a0Avc\u0131lar Kamp\u00fcs\u00fc&#8217;ndeki yeni binam\u0131zda (\u015fimdiki bina) e\u011fitim veriyoruz. Buras\u0131, teknolojik altyap\u0131s\u0131, geni\u015f derslikleri ve \u00f6\u011frenci odakl\u0131 tasar\u0131m\u0131yla gelece\u011fin i\u015fletmecilerini yeti\u015ftiriyor.\u00a0<\/p><p><em>Art\u0131k burada yaz\u0131lan ba\u015far\u0131 hikayeleri, yar\u0131n\u0131n ekonomisini \u015fekillendirecek!<\/em><\/p><p><img loading=\"lazy\" decoding=\"async\" class=\"alignnone size-large wp-image-990548\" src=\"http:\/\/tercihim.istanbul.edu.tr\/wp-content\/uploads\/2025\/07\/f4-1024x571.jpg\" alt=\"\" width=\"1024\" height=\"571\" srcset=\"https:\/\/tercihim.istanbul.edu.tr\/wp-content\/uploads\/2025\/07\/f4-1024x571.jpg 1024w, https:\/\/tercihim.istanbul.edu.tr\/wp-content\/uploads\/2025\/07\/f4-300x167.jpg 300w, https:\/\/tercihim.istanbul.edu.tr\/wp-content\/uploads\/2025\/07\/f4-768x428.jpg 768w, https:\/\/tercihim.istanbul.edu.tr\/wp-content\/uploads\/2025\/07\/f4-1536x856.jpg 1536w, https:\/\/tercihim.istanbul.edu.tr\/wp-content\/uploads\/2025\/07\/f4.jpg 1920w\" sizes=\"(max-width: 1024px) 100vw, 1024px\" \/><\/p><p><strong>Di\u011fer Tarihi Mekanlar\u0131m\u0131z: Fak\u00fcltenin Ayak \u0130zleri<\/strong><\/p><ul><li><strong>\u00c7ar\u015f\u0131kap\u0131 Sinan Pa\u015fa Medresesi:<\/strong>\u00a0Kurulu\u015f y\u0131llar\u0131m\u0131zda hizmet veren bu tarihi mekan, bize Osmanl\u0131&#8217;n\u0131n bilgelik miras\u0131n\u0131 hat\u0131rlat\u0131yor.<\/li><li><strong>1970&#8217;lerde Y\u00fcksek Lisans:<\/strong>\u00a0Bug\u00fcnk\u00fc Siyasal Bilgiler Fak\u00fcltesi&#8217;nin yan\u0131ndaki bina, lisans\u00fcst\u00fc e\u011fitimlerimizin ilk ad\u0131mlar\u0131na tan\u0131kl\u0131k etti.<\/li><li><strong>2000&#8217;lerin Ba\u015f\u0131 &#8211; G\u00fcm\u00fc\u015fsuyu:<\/strong>\u00a0Bu konumda kiral\u0131k olarak kulland\u0131\u011f\u0131m\u0131z bir mekan, h\u0131zl\u0131 b\u00fcy\u00fcyen fak\u00fcltemizin profesyonel i\u015f d\u00fcnyas\u0131 e\u011fitimleri i\u00e7in kulland\u0131\u011f\u0131 ilave duraklardan biriydi.<\/li><\/ul><p><strong>Biz Sadece Bir Fak\u00fclte De\u011filiz, Bir Tarihiz!<\/strong><\/p><p>\u0130\u015fletme Fak\u00fcltesi olarak her ta\u015f\u0131nd\u0131\u011f\u0131m\u0131z mekan, bize yeni bir ruh katt\u0131. Bug\u00fcn geldi\u011fimiz noktada,\u00a0<strong>57 y\u0131ll\u0131k bilgi birikimimizle<\/strong>\u00a0T\u00fcrkiye&#8217;nin en k\u00f6kl\u00fc i\u015fletme okullar\u0131ndan biriyiz.\u00a0<\/p><p><em>Bu tarih sizinle b\u00fcy\u00fcmeye devam edecek!<\/em><\/p><p>Emekli \u00f6\u011fretim \u00fcyelerimizden Prof. Dr. G\u00f6ksel Y\u00dcCEL\u2019in deyi\u015fiyle <em>\u201cBeyaz\u0131t, Rumelihisar\u00fcst\u00fc veya Avc\u0131lar\u2019da okuyan t\u00fcm \u00f6\u011frencilerimizin diplomas\u0131nda ayn\u0131 isim var 57 y\u0131ld\u0131r: \u0130stanbul \u00dcniversitesi \u0130\u015fletme Fak\u00fcltesi!\u201d<\/em><\/p><p>Ge\u00e7mi\u015fimiz, gelece\u011finize \u0131\u015f\u0131k tutuyor\u2026<\/p><p><img loading=\"lazy\" decoding=\"async\" class=\"alignnone size-large wp-image-990549\" src=\"http:\/\/tercihim.istanbul.edu.tr\/wp-content\/uploads\/2025\/07\/m3-1024x559.jpg\" alt=\"\" width=\"1024\" height=\"559\" srcset=\"https:\/\/tercihim.istanbul.edu.tr\/wp-content\/uploads\/2025\/07\/m3-1024x559.jpg 1024w, https:\/\/tercihim.istanbul.edu.tr\/wp-content\/uploads\/2025\/07\/m3-300x164.jpg 300w, https:\/\/tercihim.istanbul.edu.tr\/wp-content\/uploads\/2025\/07\/m3-768x419.jpg 768w, https:\/\/tercihim.istanbul.edu.tr\/wp-content\/uploads\/2025\/07\/m3-1536x839.jpg 1536w, https:\/\/tercihim.istanbul.edu.tr\/wp-content\/uploads\/2025\/07\/m3-2048x1118.jpg 2048w\" sizes=\"(max-width: 1024px) 100vw, 1024px\" \/><\/p><p>\u00a0<\/p><\/div>\n\t\t\t\t<\/div>\n\t\t\t\t\t\t\t<div class=\"elementor-toggle-item\">\n\t\t\t\t\t<h3 id=\"elementor-tab-title-1044\" class=\"elementor-tab-title\" data-tab=\"4\" role=\"button\" aria-controls=\"elementor-tab-content-1044\" aria-expanded=\"false\">\n\t\t\t\t\t\t\t\t\t\t\t\t<span class=\"elementor-toggle-icon elementor-toggle-icon-right\" aria-hidden=\"true\">\n\t\t\t\t\t\t\t\t\t\t\t\t\t\t\t<span class=\"elementor-toggle-icon-closed\"><i class=\"vamtamtheme- vamtam-theme-arrow-down\"><\/i><\/span>\n\t\t\t\t\t\t\t\t<span class=\"elementor-toggle-icon-opened\"><i class=\"elementor-toggle-icon-opened vamtamtheme- vamtam-theme-arrow-up\"><\/i><\/span>\n\t\t\t\t\t\t\t\t\t\t\t\t\t<\/span>\n\t\t\t\t\t\t\t\t\t\t\t\t<a class=\"elementor-toggle-title\" tabindex=\"0\">AKADEM\u0130K KADRO<\/a>\n\t\t\t\t\t<\/h3>\n\n\t\t\t\t\t<div id=\"elementor-tab-content-1044\" class=\"elementor-tab-content elementor-clearfix\" data-tab=\"4\" role=\"region\" aria-labelledby=\"elementor-tab-title-1044\"><p><strong>102 Se\u00e7kin Akademisyenle Gelece\u011fi \u015eekillendiriyoruz!<\/strong><\/p><p>\u0130stanbul \u00dcniversitesi \u0130\u015fletme Fak\u00fcltesi olarak, alan\u0131nda uzman, \u00fcretken ve vizyoner bir akademik kadroyla T\u00fcrkiye&#8217;nin en g\u00fc\u00e7l\u00fc i\u015fletme e\u011fitimini sunuyoruz!<\/p><p><strong>Rakamlarla Akademik G\u00fcc\u00fcm\u00fcz:<\/strong><\/p><ul><li><strong>45 PROFES\u00d6R<\/strong>\u00a0\u2192 T\u00fcrkiye\u2019nin en deneyimli i\u015fletme bilimcileri!<\/li><li><strong>24 DO\u00c7ENT<\/strong>\u00a0\u2192 Ara\u015ft\u0131rmalar\u0131yla sekt\u00f6re y\u00f6n veren isimler!<\/li><li><strong>14 DR. \u00d6\u011eR. \u00dcYES\u0130<\/strong>\u00a0\u2192 Gen\u00e7 ve dinamik akademisyenlerimiz!<\/li><li><strong>4 \u00d6\u011eRET\u0130M G\u00d6REVL\u0130S\u0130<\/strong>\u00a0\u2192 Sekt\u00f6r deneyimini dersliklere ta\u015f\u0131yan uzmanlar!<\/li><li><strong>10 AR\u015e. G\u00d6R. DR.<\/strong>\u00a0\u2192 Akademik kariyerlerinde h\u0131zla y\u00fckselen gelece\u011fin profes\u00f6rleri!<\/li><li><strong>5 AR\u015e. G\u00d6R.<\/strong>\u00a0\u2192 Lisans\u00fcst\u00fc \u00e7al\u0131\u015fmalar\u0131yla bilime katk\u0131 sa\u011flayan gen\u00e7 ara\u015ft\u0131rmac\u0131lar!<\/li><\/ul><p><strong>Toplamda 102 \u00f6\u011fretim eleman\u0131yla, i\u015f d\u00fcnyas\u0131n\u0131n ihtiya\u00e7lar\u0131na y\u00f6nelik en g\u00fcncel e\u011fitimi veriyoruz!<\/strong><\/p><p><strong>Neden Bizimle \u00c7al\u0131\u015fmal\u0131s\u0131n\u0131z?<\/strong><\/p><p>\u2714\u00a0T\u00dcB\u0130TAK projeleri y\u00fcr\u00fcten,<br \/>\u2714\u00a0D\u00fcnyaca sayg\u0131n dergilerde makaleleri yay\u0131nlanan,<br \/>\u2714\u00a0\u015eirketlere dan\u0131\u015fmanl\u0131k veren,<br \/>\u2714\u00a0\u00d6\u011frencilerine mentorluk yapan\u00a0bir kadroyla \u00e7al\u0131\u015facaks\u0131n\u0131z!<\/p><p>Hocalar\u0131m\u0131z sadece \u00f6\u011fretmiyor, ilham veriyor. Bu muhte\u015fem kadroyu, a\u015fa\u011f\u0131daki isimlere t\u0131klayarak yak\u0131ndan tan\u0131y\u0131n!<\/p><p><img loading=\"lazy\" decoding=\"async\" class=\"alignnone size-large wp-image-990553\" src=\"http:\/\/tercihim.istanbul.edu.tr\/wp-content\/uploads\/2025\/07\/m4-1024x273.jpg\" alt=\"\" width=\"1024\" height=\"273\" srcset=\"https:\/\/tercihim.istanbul.edu.tr\/wp-content\/uploads\/2025\/07\/m4-1024x273.jpg 1024w, https:\/\/tercihim.istanbul.edu.tr\/wp-content\/uploads\/2025\/07\/m4-300x80.jpg 300w, https:\/\/tercihim.istanbul.edu.tr\/wp-content\/uploads\/2025\/07\/m4-768x205.jpg 768w, https:\/\/tercihim.istanbul.edu.tr\/wp-content\/uploads\/2025\/07\/m4-1536x410.jpg 1536w, https:\/\/tercihim.istanbul.edu.tr\/wp-content\/uploads\/2025\/07\/m4-2048x546.jpg 2048w\" sizes=\"(max-width: 1024px) 100vw, 1024px\" \/><\/p><div class=\"app-content-body ng-scope\"><div class=\"container view ng-scope\"><div class=\"row tab-animation\"><div class=\"col-xs-9\"><div class=\"tab-content\"><div id=\"tab-0\" class=\"tab-pane slide-left ng-scope active\"><div class=\"row\"><div class=\"col-md-12\"><h3 class=\"no-margin-top ng-binding\">\u0130\u015fletme B\u00f6l\u00fcm\u00fc<\/h3><div class=\"panel panel-default\"><table class=\"table table-striped\"><tbody><tr class=\"ng-scope\"><th class=\"ng-binding\">Vekil B\u00f6l\u00fcm Ba\u015fkan\u0131<\/th><td><a class=\"ng-binding\" href=\"https:\/\/profil.istanbul.edu.tr\/tr\/p\/levent.sahin\" target=\"_blank\" rel=\"noopener\">Prof.Dr. LEVENT \u015eAH\u0130N<\/a><\/td><\/tr><tr class=\"ng-scope\"><th class=\"ng-binding\">B\u00f6l\u00fcm Ba\u015fkan\u0131 Yrd.<\/th><td><a class=\"ng-binding\" href=\"https:\/\/profil.istanbul.edu.tr\/tr\/p\/nihattas\" target=\"_blank\" rel=\"noopener\">Do\u00e7.Dr. N\u0130HAT TA\u015e<\/a><\/td><\/tr><tr class=\"ng-scope\"><th class=\"ng-binding\">B\u00f6l\u00fcm Ba\u015fkan\u0131 Yrd.<\/th><td><a class=\"ng-binding\" href=\"https:\/\/profil.istanbul.edu.tr\/tr\/p\/otluoglu\" target=\"_blank\" rel=\"noopener\">Dr.\u00d6\u011fr.\u00dcyesi EM\u0130R OTLUO\u011eLU<\/a><\/td><\/tr><\/tbody><\/table><\/div><\/div><div class=\"col-md-12 ng-scope\"><h5 class=\"no-margin-top\"><b class=\"ng-binding\">Finans Anabilim Dal\u0131<\/b><\/h5><ul><li class=\"ng-scope\"><a class=\"ng-binding\" href=\"https:\/\/profil.istanbul.edu.tr\/tr\/p\/vedsari\" target=\"_blank\" rel=\"noopener\">Prof.Dr. VEDAT SARIKOVANLIK ( Ana Bilim Dal\u0131 B\u015fk. )<\/a><\/li><li class=\"ng-scope\"><a class=\"ng-binding\" href=\"https:\/\/profil.istanbul.edu.tr\/tr\/p\/ali.hepsen\" target=\"_blank\" rel=\"noopener\">Prof.Dr. AL\u0130 HEP\u015eEN<\/a><\/li><li class=\"ng-scope\"><a class=\"ng-binding\" href=\"https:\/\/profil.istanbul.edu.tr\/tr\/p\/benguv\" target=\"_blank\" rel=\"noopener\">Prof.Dr. BENG\u00dc VURAN<\/a><\/li><li class=\"ng-scope\"><a class=\"ng-binding\" href=\"https:\/\/profil.istanbul.edu.tr\/tr\/p\/ahmetkos\" target=\"_blank\" rel=\"noopener\">Prof.Dr. KAM\u0130L AHMET K\u00d6SE<\/a><\/li><li class=\"ng-scope\"><a class=\"ng-binding\" href=\"https:\/\/profil.istanbul.edu.tr\/tr\/p\/muratkiy\" target=\"_blank\" rel=\"noopener\">Prof.Dr. MURAT KIYILAR<\/a><\/li><li class=\"ng-scope\"><a class=\"ng-binding\" href=\"https:\/\/profil.istanbul.edu.tr\/tr\/p\/serraeren\" target=\"_blank\" rel=\"noopener\">Prof.Dr. SERRA EREN SARIO\u011eLU<\/a><\/li><li class=\"ng-scope\"><a class=\"ng-binding\" href=\"https:\/\/profil.istanbul.edu.tr\/tr\/p\/staspunar\" target=\"_blank\" rel=\"noopener\">Do\u00e7.Dr. SEMRA TA\u015ePUNAR ALTUNTA\u015e<\/a><\/li><li class=\"ng-scope\"><a class=\"ng-binding\" href=\"https:\/\/profil.istanbul.edu.tr\/tr\/p\/keremozd\" target=\"_blank\" rel=\"noopener\">Dr.\u00d6\u011fr.\u00dcyesi AHMET KEREM \u00d6ZDEM\u0130R<\/a><\/li><li class=\"ng-scope\"><a class=\"ng-binding\" href=\"https:\/\/profil.istanbul.edu.tr\/tr\/p\/otluoglu\" target=\"_blank\" rel=\"noopener\">Dr.\u00d6\u011fr.\u00dcyesi EM\u0130R OTLUO\u011eLU<\/a><\/li><li class=\"ng-scope\"><a class=\"ng-binding\" href=\"https:\/\/profil.istanbul.edu.tr\/tr\/p\/berkan.atas\" target=\"_blank\" rel=\"noopener\">Ar\u015f.G\u00f6r.Dr. BERKAN ATA\u015e<\/a><\/li><li class=\"ng-scope\"><a class=\"ng-binding\" href=\"https:\/\/profil.istanbul.edu.tr\/tr\/p\/merve.percin\" target=\"_blank\" rel=\"noopener\">Ar\u015f.G\u00f6r.Dr. MERVE PER\u00c7\u0130N<\/a><\/li><li class=\"ng-scope\"><a class=\"ng-binding\" href=\"https:\/\/profil.istanbul.edu.tr\/tr\/p\/bmbozbag\" target=\"_blank\" rel=\"noopener\">Ar\u015f.G\u00f6r. BATUHAN MERT BOZBA\u011e<\/a><\/li><\/ul><\/div><div class=\"col-md-12 ng-scope\"><h5 class=\"no-margin-top\"><b class=\"ng-binding\">\u0130nsan Kaynaklar\u0131 Y\u00f6netimi Anabilim Dal\u0131<\/b><\/h5><ul><li class=\"ng-scope\"><a class=\"ng-binding\" href=\"https:\/\/profil.istanbul.edu.tr\/tr\/p\/ltuzun\" target=\"_blank\" rel=\"noopener\">Prof.Dr. VALA LALE T\u00dcZ\u00dcNER ( Ana Bilim Dal\u0131 B\u015fk. )<\/a><\/li><li class=\"ng-scope\"><a class=\"ng-binding\" href=\"https:\/\/profil.istanbul.edu.tr\/tr\/p\/altand\" target=\"_blank\" rel=\"noopener\">Prof.Dr. ALTAN DO\u011eAN<\/a><\/li><li class=\"ng-scope\"><a class=\"ng-binding\" href=\"https:\/\/profil.istanbul.edu.tr\/tr\/p\/oyaoz\" target=\"_blank\" rel=\"noopener\">Prof.Dr. AY\u015eE OYA \u00d6Z\u00c7EL\u0130K<\/a><\/li><li class=\"ng-scope\"><a class=\"ng-binding\" href=\"https:\/\/profil.istanbul.edu.tr\/tr\/p\/fulyaa\" target=\"_blank\" rel=\"noopener\">Prof.Dr. FULYA AYDINLI KULAK<\/a><\/li><li class=\"ng-scope\"><a class=\"ng-binding\" href=\"https:\/\/profil.istanbul.edu.tr\/tr\/p\/gdundar\" target=\"_blank\" rel=\"noopener\">Prof.Dr. G\u00d6NEN \u0130LKAR D\u00dcNDAR<\/a><\/li><li class=\"ng-scope\"><a class=\"ng-binding\" href=\"https:\/\/profil.istanbul.edu.tr\/tr\/p\/ovgu\" target=\"_blank\" rel=\"noopener\">Prof.Dr. KADR\u0130YE \u00d6VG\u00dc \u00c7AKMAK OTLUO\u011eLU<\/a><\/li><li class=\"ng-scope\"><a class=\"ng-binding\" href=\"https:\/\/profil.istanbul.edu.tr\/tr\/p\/rdemir\" target=\"_blank\" rel=\"noopener\">Do\u00e7.Dr. RIZA DEM\u0130R<\/a><\/li><li class=\"ng-scope\"><a class=\"ng-binding\" href=\"https:\/\/profil.istanbul.edu.tr\/tr\/p\/sevgielmas\" target=\"_blank\" rel=\"noopener\">Do\u00e7.Dr. SEVG\u0130 ELMAS ATAY<\/a><\/li><li class=\"ng-scope\"><a class=\"ng-binding\" href=\"https:\/\/profil.istanbul.edu.tr\/tr\/p\/eturkmen\" target=\"_blank\" rel=\"noopener\">Dr.\u00d6\u011fr.\u00dcyesi ERMAN T\u00dcRKMEN<\/a><\/li><li class=\"ng-scope\"><a class=\"ng-binding\" href=\"https:\/\/profil.istanbul.edu.tr\/tr\/p\/caner.gunaydin\" target=\"_blank\" rel=\"noopener\">Ar\u015f.G\u00f6r. CANER G\u00dcNAYDIN<\/a><\/li><li class=\"ng-scope\"><a class=\"ng-binding\" href=\"https:\/\/profil.istanbul.edu.tr\/tr\/p\/edanur.celik\" target=\"_blank\" rel=\"noopener\">Ar\u015f.G\u00f6r. EDANUR \u00c7EL\u0130K<\/a><\/li><\/ul><\/div><div class=\"col-md-12 ng-scope\"><h5 class=\"no-margin-top\"><b class=\"ng-binding\">\u0130\u015fletme Y\u00f6netimi ve Organizasyon Anabilim Dal\u0131<\/b><\/h5><ul><li class=\"ng-scope\"><a class=\"ng-binding\" href=\"https:\/\/profil.istanbul.edu.tr\/tr\/p\/ipinar\" target=\"_blank\" rel=\"noopener\">Prof.Dr. RECEP \u0130BRAH\u0130M PINAR ( Ana Bilim Dal\u0131 B\u015fk. )<\/a><\/li><li class=\"ng-scope\"><a class=\"ng-binding\" href=\"https:\/\/profil.istanbul.edu.tr\/tr\/p\/cuneyta\" target=\"_blank\" rel=\"noopener\">Prof.Dr. CEM C\u00dcNEYT ARSLANTA\u015e<\/a><\/li><li class=\"ng-scope\"><a class=\"ng-binding\" href=\"https:\/\/profil.istanbul.edu.tr\/tr\/p\/fsemerci\" target=\"_blank\" rel=\"noopener\">Prof.Dr. FAT\u0130H SEMERC\u0130\u00d6Z<\/a><\/li><li class=\"ng-scope\"><a class=\"ng-binding\" href=\"https:\/\/profil.istanbul.edu.tr\/tr\/p\/muratyas\" target=\"_blank\" rel=\"noopener\">Prof.Dr. MUHS\u0130N MURAT YA\u015eLIO\u011eLU<\/a><\/li><li class=\"ng-scope\"><a class=\"ng-binding\" href=\"https:\/\/profil.istanbul.edu.tr\/tr\/p\/muhtesem\" target=\"_blank\" rel=\"noopener\">Prof.Dr. MUHTE\u015eEM BARAN<\/a><\/li><li class=\"ng-scope\"><a class=\"ng-binding\" href=\"https:\/\/profil.istanbul.edu.tr\/tr\/p\/duygut\" target=\"_blank\" rel=\"noopener\">Do\u00e7.Dr. DUYGU TOPLU YA\u015eLIO\u011eLU<\/a><\/li><li class=\"ng-scope\"><a class=\"ng-binding\" href=\"https:\/\/profil.istanbul.edu.tr\/tr\/p\/esinbenguceran\" target=\"_blank\" rel=\"noopener\">Do\u00e7.Dr. ES\u0130N BENG\u00dc CERAN<\/a><\/li><li class=\"ng-scope\"><a class=\"ng-binding\" href=\"https:\/\/profil.istanbul.edu.tr\/tr\/p\/ysen\" target=\"_blank\" rel=\"noopener\">Do\u00e7.Dr. YASEM\u0130N \u015eEN<\/a><\/li><li class=\"ng-scope\"><a class=\"ng-binding\" href=\"https:\/\/profil.istanbul.edu.tr\/tr\/p\/gokacar\" target=\"_blank\" rel=\"noopener\">Dr.\u00d6\u011fr.\u00dcyesi AHMET G\u00d6KHAN ACAR<\/a><\/li><li class=\"ng-scope\"><a class=\"ng-binding\" href=\"https:\/\/profil.istanbul.edu.tr\/tr\/p\/damla.koroglu\" target=\"_blank\" rel=\"noopener\">Ar\u015f.G\u00f6r.Dr. DAMLA K\u00d6RO\u011eLU \u00dcNVER<\/a><\/li><li class=\"ng-scope\"><a class=\"ng-binding\" href=\"https:\/\/profil.istanbul.edu.tr\/tr\/p\/ugur.erdogan\" target=\"_blank\" rel=\"noopener\">Ar\u015f.G\u00f6r.Dr. U\u011eUR ERDO\u011eAN<\/a><\/li><\/ul><\/div><div class=\"col-md-12 ng-scope\"><h5 class=\"no-margin-top\"><b class=\"ng-binding\">Muhasebe Anabilim Dal\u0131<\/b><\/h5><ul><li class=\"ng-scope\"><a class=\"ng-binding\" href=\"https:\/\/profil.istanbul.edu.tr\/tr\/p\/selviyak\" target=\"_blank\" rel=\"noopener\">Prof.Dr. YAKUP SELV\u0130 ( Ana Bilim Dal\u0131 B\u015fk. )<\/a><\/li><li class=\"ng-scope\"><a class=\"ng-binding\" href=\"https:\/\/profil.istanbul.edu.tr\/tr\/p\/ataylana\" target=\"_blank\" rel=\"noopener\">Prof.Dr. ABDURRAHMAN TAYLAN ALTINTA\u015e<\/a><\/li><li class=\"ng-scope\"><a class=\"ng-binding\" href=\"https:\/\/profil.istanbul.edu.tr\/tr\/p\/aturel\" target=\"_blank\" rel=\"noopener\">Prof.Dr. AHMET T\u00dcREL<\/a><\/li><li class=\"ng-scope\"><a class=\"ng-binding\" href=\"https:\/\/profil.istanbul.edu.tr\/tr\/p\/gunduzay\" target=\"_blank\" rel=\"noopener\">Prof.Dr. ASLI T\u00dcREL<\/a><\/li><li class=\"ng-scope\"><a class=\"ng-binding\" href=\"https:\/\/profil.istanbul.edu.tr\/tr\/p\/adiloglu\" target=\"_blank\" rel=\"noopener\">Prof.Dr. BURCU AD\u0130LO\u011eLU<\/a><\/li><li class=\"ng-scope\"><a class=\"ng-binding\" href=\"https:\/\/profil.istanbul.edu.tr\/tr\/p\/sengur\" target=\"_blank\" rel=\"noopener\">Prof.Dr. EVREN D\u0130LEK \u015eENG\u00dcR<\/a><\/li><li class=\"ng-scope\"><a class=\"ng-binding\" href=\"https:\/\/profil.istanbul.edu.tr\/tr\/p\/fatihyil\" target=\"_blank\" rel=\"noopener\">Prof.Dr. FAT\u0130H YILMAZ<\/a><\/li><li class=\"ng-scope\"><a class=\"ng-binding\" href=\"https:\/\/profil.istanbul.edu.tr\/tr\/p\/lerk\" target=\"_blank\" rel=\"noopener\">Prof.Dr. FATMA LERZAN KAVUT<\/a><\/li><li class=\"ng-scope\"><a class=\"ng-binding\" href=\"https:\/\/profil.istanbul.edu.tr\/tr\/p\/keremsa\" target=\"_blank\" rel=\"noopener\">Prof.Dr. KEREM SARIO\u011eLU<\/a><\/li><li class=\"ng-scope\"><a class=\"ng-binding\" href=\"https:\/\/profil.istanbul.edu.tr\/tr\/p\/nazkepce\" target=\"_blank\" rel=\"noopener\">Prof.Dr. NAZLI KEP\u00c7E<\/a><\/li><li class=\"ng-scope\"><a class=\"ng-binding\" href=\"https:\/\/profil.istanbul.edu.tr\/tr\/p\/ayca\" target=\"_blank\" rel=\"noopener\">Do\u00e7.Dr. AY\u00c7A ZEYNEP MUSLU<\/a><\/li><li class=\"ng-scope\"><a class=\"ng-binding\" href=\"https:\/\/profil.istanbul.edu.tr\/tr\/p\/emresari\" target=\"_blank\" rel=\"noopener\">Do\u00e7.Dr. EMRE SEL\u00c7UK SARI<\/a><\/li><li class=\"ng-scope\"><a class=\"ng-binding\" href=\"https:\/\/profil.istanbul.edu.tr\/tr\/p\/hnciftci\" target=\"_blank\" rel=\"noopener\">Do\u00e7.Dr. HAVVA NUR \u00c7\u0130FTC\u0130<\/a><\/li><li class=\"ng-scope\"><a class=\"ng-binding\" href=\"https:\/\/profil.istanbul.edu.tr\/tr\/p\/mercan\" target=\"_blank\" rel=\"noopener\">Do\u00e7.Dr. MEL\u0130S ERCAN<\/a><\/li><li class=\"ng-scope\"><a class=\"ng-binding\" href=\"https:\/\/profil.istanbul.edu.tr\/tr\/p\/nyakar\" target=\"_blank\" rel=\"noopener\">Do\u00e7.Dr. NERG\u0130S NALAN YAKAR YURTTA\u015e<\/a><\/li><li class=\"ng-scope\"><a class=\"ng-binding\" href=\"https:\/\/profil.istanbul.edu.tr\/tr\/p\/nevzat.gungor\" target=\"_blank\" rel=\"noopener\">Do\u00e7.Dr. NEVZAT G\u00dcNG\u00d6R<\/a><\/li><li class=\"ng-scope\"><a class=\"ng-binding\" href=\"https:\/\/profil.istanbul.edu.tr\/tr\/p\/ozgures\" target=\"_blank\" rel=\"noopener\">Do\u00e7.Dr. \u00d6ZG\u00dcR MUH\u0130TT\u0130N ESEN<\/a><\/li><li class=\"ng-scope\"><a class=\"ng-binding\" href=\"https:\/\/profil.istanbul.edu.tr\/tr\/p\/tsakin\" target=\"_blank\" rel=\"noopener\">Do\u00e7.Dr. TURGAY SAK\u0130N<\/a><\/li><li class=\"ng-scope\"><a class=\"ng-binding\" href=\"https:\/\/profil.istanbul.edu.tr\/tr\/p\/ceren.dincel\" target=\"_blank\" rel=\"noopener\">Ar\u015f.G\u00f6r.Dr. CEREN \u00d6ZVEREN<\/a><\/li><\/ul><\/div><div class=\"col-md-12 ng-scope\"><h5 class=\"no-margin-top\"><b class=\"ng-binding\">\u00d6rg\u00fctsel Davran\u0131\u015f Anabilim Dal\u0131<\/b><\/h5><ul><li class=\"ng-scope\"><a class=\"ng-binding\" href=\"https:\/\/profil.istanbul.edu.tr\/tr\/p\/aulgen\" target=\"_blank\" rel=\"noopener\">Prof.Dr. ARZU \u00dcLGEN AYDINLIK ( Ana Bilim Dal\u0131 B\u015fk. )<\/a><\/li><li class=\"ng-scope\"><a class=\"ng-binding\" href=\"https:\/\/profil.istanbul.edu.tr\/tr\/p\/gordun\" target=\"_blank\" rel=\"noopener\">Prof.Dr. G\u00dcVEN ORDUN<\/a><\/li><li class=\"ng-scope\"><a class=\"ng-binding\" href=\"https:\/\/profil.istanbul.edu.tr\/tr\/p\/hakki.aktas\" target=\"_blank\" rel=\"noopener\">Prof.Dr. HAKKI AKTA\u015e<\/a><\/li><li class=\"ng-scope\"><a class=\"ng-binding\" href=\"https:\/\/profil.istanbul.edu.tr\/tr\/p\/nilerden\" target=\"_blank\" rel=\"noopener\">Do\u00e7.Dr. N\u0130L SELENAY ERDEN<\/a><\/li><li class=\"ng-scope\"><a class=\"ng-binding\" href=\"https:\/\/profil.istanbul.edu.tr\/tr\/p\/talha\" target=\"_blank\" rel=\"noopener\">Ar\u015f.G\u00f6r.Dr. H\u00dcSEY\u0130N TALHA DEM\u0130RBA\u015e<\/a><\/li><\/ul><\/div><div class=\"col-md-12 ng-scope\"><h5 class=\"no-margin-top\"><b class=\"ng-binding\">Pazarlama Anabilim Dal\u0131<\/b><\/h5><ul><li class=\"ng-scope\"><a class=\"ng-binding\" href=\"https:\/\/profil.istanbul.edu.tr\/tr\/p\/draseker\" target=\"_blank\" rel=\"noopener\">Prof.Dr. AHMET KEMAL \u015eEKERKAYA ( Ana Bilim Dal\u0131 B\u015fk. )<\/a><\/li><li class=\"ng-scope\"><a class=\"ng-binding\" href=\"https:\/\/profil.istanbul.edu.tr\/tr\/p\/okumus\" target=\"_blank\" rel=\"noopener\">Prof.Dr. ABDULLAH OKUMU\u015e<\/a><\/li><li class=\"ng-scope\"><a class=\"ng-binding\" href=\"https:\/\/profil.istanbul.edu.tr\/tr\/p\/semad\" target=\"_blank\" rel=\"noopener\">Prof.Dr. SEMA KURTULU\u015e<\/a><\/li><li class=\"ng-scope\"><a class=\"ng-binding\" href=\"https:\/\/profil.istanbul.edu.tr\/tr\/p\/zehrat\" target=\"_blank\" rel=\"noopener\">Prof.Dr. ZEHRA BOZBAY<\/a><\/li><li class=\"ng-scope\"><a class=\"ng-binding\" href=\"https:\/\/profil.istanbul.edu.tr\/tr\/p\/cenka\" target=\"_blank\" rel=\"noopener\">Do\u00e7.Dr. CENK ARSUN Y\u00dcKSEL<\/a><\/li><li class=\"ng-scope\"><a class=\"ng-binding\" href=\"https:\/\/profil.istanbul.edu.tr\/tr\/p\/erdem.ozkan\" target=\"_blank\" rel=\"noopener\">Do\u00e7.Dr. ERDEM \u00d6ZKAN<\/a><\/li><li class=\"ng-scope\"><a class=\"ng-binding\" href=\"https:\/\/profil.istanbul.edu.tr\/tr\/p\/dbulut\" target=\"_blank\" rel=\"noopener\">Dr.\u00d6\u011fr.\u00dcyesi D\u0130REN BULUT<\/a><\/li><li class=\"ng-scope\"><a class=\"ng-binding\" href=\"https:\/\/profil.istanbul.edu.tr\/tr\/p\/nilkodaz\" target=\"_blank\" rel=\"noopener\">Dr.\u00d6\u011fr.\u00dcyesi N\u0130L ENG\u0130ZEK<\/a><\/li><li class=\"ng-scope\"><a class=\"ng-binding\" href=\"https:\/\/profil.istanbul.edu.tr\/tr\/p\/selenoz\" target=\"_blank\" rel=\"noopener\">Dr.\u00d6\u011fr.\u00dcyesi SELEN \u00d6ZT\u00dcRK<\/a><\/li><li class=\"ng-scope\"><a class=\"ng-binding\" href=\"https:\/\/profil.istanbul.edu.tr\/tr\/p\/feyza.kamis\" target=\"_blank\" rel=\"noopener\">Ar\u015f.G\u00f6r.Dr. FEYZA NUR \u00d6ZKAN<\/a><\/li><\/ul><\/div><div class=\"col-md-12 ng-scope\"><h5 class=\"no-margin-top\"><b class=\"ng-binding\">Say\u0131sal Y\u00f6ntemler Anabilim Dal\u0131<\/b><\/h5><ul><li class=\"ng-scope\"><a class=\"ng-binding\" href=\"https:\/\/profil.istanbul.edu.tr\/tr\/p\/ccilan\" target=\"_blank\" rel=\"noopener\">Prof.Dr. \u00c7\u0130\u011eDEM ARICIG\u0130L \u00c7\u0130LAN ( Ana Bilim Dal\u0131 B\u015fk. )<\/a><\/li><li class=\"ng-scope\"><a class=\"ng-binding\" href=\"https:\/\/profil.istanbul.edu.tr\/tr\/p\/bacar\" target=\"_blank\" rel=\"noopener\">Prof.Dr. B\u0130LGE ACAR BOLAT<\/a><\/li><li class=\"ng-scope\"><a class=\"ng-binding\" href=\"https:\/\/profil.istanbul.edu.tr\/tr\/p\/emrah\" target=\"_blank\" rel=\"noopener\">Prof.Dr. EMRAH \u00d6NDER<\/a><\/li><li class=\"ng-scope\"><a class=\"ng-binding\" href=\"https:\/\/profil.istanbul.edu.tr\/tr\/p\/eroglu\" target=\"_blank\" rel=\"noopener\">Prof.Dr. ERG\u00dcN ERO\u011eLU<\/a><\/li><li class=\"ng-scope\"><a class=\"ng-binding\" href=\"https:\/\/profil.istanbul.edu.tr\/tr\/p\/eyup.cetin\" target=\"_blank\" rel=\"noopener\">Prof.Dr. EY\u00dcP \u00c7ET\u0130N<\/a><\/li><li class=\"ng-scope\"><a class=\"ng-binding\" href=\"https:\/\/profil.istanbul.edu.tr\/tr\/p\/timorm\" target=\"_blank\" rel=\"noopener\">Prof.Dr. MEHPARE T\u0130MOR<\/a><\/li><li class=\"ng-scope\"><a class=\"ng-binding\" href=\"https:\/\/profil.istanbul.edu.tr\/tr\/p\/stolun\" target=\"_blank\" rel=\"noopener\">Prof.Dr. SEDA TOLUN TAYALI<\/a><\/li><li class=\"ng-scope\"><a class=\"ng-binding\" href=\"https:\/\/profil.istanbul.edu.tr\/tr\/p\/tunchan\" target=\"_blank\" rel=\"noopener\">Prof.Dr. TUN\u00c7HAN CURA<\/a><\/li><li class=\"ng-scope\"><a class=\"ng-binding\" href=\"https:\/\/profil.istanbul.edu.tr\/tr\/p\/tugbasim\" target=\"_blank\" rel=\"noopener\">Prof.Dr. UMMAN TU\u011eBA G\u00dcRSOY<\/a><\/li><li class=\"ng-scope\"><a class=\"ng-binding\" href=\"https:\/\/profil.istanbul.edu.tr\/tr\/p\/esmanurc\" target=\"_blank\" rel=\"noopener\">Do\u00e7.Dr. ESMA NUR \u00c7\u0130N\u0130C\u0130O\u011eLU<\/a><\/li><li class=\"ng-scope\"><a class=\"ng-binding\" href=\"https:\/\/profil.istanbul.edu.tr\/tr\/p\/neslihan\" target=\"_blank\" rel=\"noopener\">Do\u00e7.Dr. NESL\u0130HAN F\u0130DAN KE\u00c7EC\u0130<\/a><\/li><li class=\"ng-scope\"><a class=\"ng-binding\" href=\"https:\/\/profil.istanbul.edu.tr\/tr\/p\/nihattas\" target=\"_blank\" rel=\"noopener\">Do\u00e7.Dr. N\u0130HAT TA\u015e<\/a><\/li><li class=\"ng-scope\"><a class=\"ng-binding\" href=\"https:\/\/profil.istanbul.edu.tr\/tr\/p\/sultan.kuzu\" target=\"_blank\" rel=\"noopener\">Do\u00e7.Dr. SULTAN KUZU YILDIRIM<\/a><\/li><li class=\"ng-scope\"><a class=\"ng-binding\" href=\"https:\/\/profil.istanbul.edu.tr\/tr\/p\/lasinem\" target=\"_blank\" rel=\"noopener\">Dr.\u00d6\u011fr.\u00dcyesi LAT\u0130FE S\u0130NEM SARUL<\/a><\/li><li class=\"ng-scope\"><a class=\"ng-binding\" href=\"https:\/\/profil.istanbul.edu.tr\/tr\/p\/cmustafa\" target=\"_blank\" rel=\"noopener\">Dr.\u00d6\u011fr.\u00dcyesi MUSTAFA CAN<\/a><\/li><li class=\"ng-scope\"><a class=\"ng-binding\" href=\"https:\/\/profil.istanbul.edu.tr\/tr\/p\/onur.onay\" target=\"_blank\" rel=\"noopener\">Dr.\u00d6\u011fr.\u00dcyesi ONUR \u00d6NAY<\/a><\/li><li class=\"ng-scope\"><a class=\"ng-binding\" href=\"https:\/\/profil.istanbul.edu.tr\/tr\/p\/taylan.yenilmez\" target=\"_blank\" rel=\"noopener\">Ar\u015f.G\u00f6r.Dr. TAYLAN EREN YEN\u0130LMEZ<\/a><\/li><li class=\"ng-scope\"><a class=\"ng-binding\" href=\"https:\/\/profil.istanbul.edu.tr\/tr\/p\/berkeakkaya\" target=\"_blank\" rel=\"noopener\">Ar\u015f.G\u00f6r. BERKE AKKAYA<\/a><\/li><\/ul><\/div><div class=\"col-md-12 ng-scope\"><h5 class=\"no-margin-top\"><b class=\"ng-binding\">Ticaret Hukuku Anabilim Dal\u0131<\/b><\/h5><ul><li class=\"ng-scope\"><a class=\"ng-binding\" href=\"https:\/\/profil.istanbul.edu.tr\/tr\/p\/goncaatici\" target=\"_blank\" rel=\"noopener\">Prof.Dr. GONCA ATICI ( Ana Bilim Dal\u0131 B\u015fk. )<\/a><\/li><li class=\"ng-scope\"><a class=\"ng-binding\" href=\"https:\/\/profil.istanbul.edu.tr\/tr\/p\/azize.sahin\" target=\"_blank\" rel=\"noopener\">Do\u00e7.Dr. AZ\u0130ZE \u015eAH\u0130N<\/a><\/li><li class=\"ng-scope\"><a class=\"ng-binding\" href=\"https:\/\/profil.istanbul.edu.tr\/tr\/p\/arif.ayluctarhan\" target=\"_blank\" rel=\"noopener\">Dr.\u00d6\u011fr.\u00dcyesi AR\u0130F AYLU\u00c7TARHAN<\/a><\/li><li class=\"ng-scope\"><a class=\"ng-binding\" href=\"https:\/\/profil.istanbul.edu.tr\/tr\/p\/rdurgut\" target=\"_blank\" rel=\"noopener\">Dr.\u00d6\u011fr.\u00dcyesi RAMAZAN DURGUT<\/a><\/li><li class=\"ng-scope\"><a class=\"ng-binding\" href=\"https:\/\/profil.istanbul.edu.tr\/tr\/p\/buket.gun\" target=\"_blank\" rel=\"noopener\">Ar\u015f.G\u00f6r.Dr. BUKET G\u00dcN<\/a><\/li><\/ul><\/div><div class=\"col-md-12 ng-scope\"><h5 class=\"no-margin-top\"><b class=\"ng-binding\">\u00dcretim Anabilim Dal\u0131<\/b><\/h5><ul><li class=\"ng-scope\"><a class=\"ng-binding\" href=\"https:\/\/profil.istanbul.edu.tr\/tr\/p\/ozlemak\" target=\"_blank\" rel=\"noopener\">Prof.Dr. \u00d6ZLEM AK\u00c7AY KASAPO\u011eLU ( Ana Bilim Dal\u0131 B\u015fk. )<\/a><\/li><li class=\"ng-scope\"><a class=\"ng-binding\" href=\"https:\/\/profil.istanbul.edu.tr\/tr\/p\/nihank\" target=\"_blank\" rel=\"noopener\">Do\u00e7.Dr. N\u0130HAN KABADAYI BUZ\u00c7U<\/a><\/li><li class=\"ng-scope\"><a class=\"ng-binding\" href=\"https:\/\/profil.istanbul.edu.tr\/tr\/p\/skumpas\" target=\"_blank\" rel=\"noopener\">Do\u00e7.Dr. S\u00dcND\u00dcS DA\u011e<\/a><\/li><li class=\"ng-scope\"><a class=\"ng-binding\" href=\"https:\/\/profil.istanbul.edu.tr\/tr\/p\/bkucuk\" target=\"_blank\" rel=\"noopener\">Dr.\u00d6\u011fr.\u00dcyesi B\u0130RG\u00dcL K\u00dc\u00c7\u00dcK \u00c7IRPIN<\/a><\/li><li class=\"ng-scope\"><a class=\"ng-binding\" href=\"https:\/\/profil.istanbul.edu.tr\/tr\/p\/halper.tayali\" target=\"_blank\" rel=\"noopener\">Dr.\u00d6\u011fr.\u00dcyesi HAL\u0130T ALPER TAYALI<\/a><\/li><li class=\"ng-scope\"><a class=\"ng-binding\" href=\"https:\/\/profil.istanbul.edu.tr\/tr\/p\/tuba.cakir\" target=\"_blank\" rel=\"noopener\">Ar\u015f.G\u00f6r.Dr. TUBA EZG\u0130 \u00c7AKIR ESEN<\/a><\/li><li class=\"ng-scope\"><a class=\"ng-binding\" href=\"https:\/\/profil.istanbul.edu.tr\/tr\/p\/gizem.ozdogan\" target=\"_blank\" rel=\"noopener\">Ar\u015f.G\u00f6r. G\u0130ZEM NUR \u00d6ZDO\u011eAN<\/a><\/li><\/ul><\/div><\/div><\/div><\/div><\/div><\/div><\/div><div id=\"3400680049007900590038005A0030005000630063003100\" class=\"ng-scope\">\u00a0<\/div><\/div><div id=\"49004C005F00590072005A00710057007500340067003100\" class=\"ng-isolate-scope\"><aside id=\"footer-widgets\" class=\"no-padding ng-scope\"><div class=\"container\"><div class=\"row\"><div class=\"col-md-3 col-sm-6 col-xs-12\">\u00a0<\/div><\/div><\/div><\/aside><\/div><\/div>\n\t\t\t\t<\/div>\n\t\t\t\t\t\t\t<div class=\"elementor-toggle-item\">\n\t\t\t\t\t<h3 id=\"elementor-tab-title-1045\" class=\"elementor-tab-title\" data-tab=\"5\" role=\"button\" aria-controls=\"elementor-tab-content-1045\" aria-expanded=\"false\">\n\t\t\t\t\t\t\t\t\t\t\t\t<span class=\"elementor-toggle-icon elementor-toggle-icon-right\" aria-hidden=\"true\">\n\t\t\t\t\t\t\t\t\t\t\t\t\t\t\t<span class=\"elementor-toggle-icon-closed\"><i class=\"vamtamtheme- vamtam-theme-arrow-down\"><\/i><\/span>\n\t\t\t\t\t\t\t\t<span class=\"elementor-toggle-icon-opened\"><i class=\"elementor-toggle-icon-opened vamtamtheme- vamtam-theme-arrow-up\"><\/i><\/span>\n\t\t\t\t\t\t\t\t\t\t\t\t\t<\/span>\n\t\t\t\t\t\t\t\t\t\t\t\t<a class=\"elementor-toggle-title\" tabindex=\"0\">B\u00d6L\u00dcMLER\u0130N TANITIMI<\/a>\n\t\t\t\t\t<\/h3>\n\n\t\t\t\t\t<div id=\"elementor-tab-content-1045\" class=\"elementor-tab-content elementor-clearfix\" data-tab=\"5\" role=\"region\" aria-labelledby=\"elementor-tab-title-1045\"><p><strong>\u0130\u015fletme B\u00f6l\u00fcm\u00fc: D\u00fcnya Standartlar\u0131nda, \u0130ki Dilde Prestijli E\u011fitim!<\/strong><\/p><p><strong>\ud83c\udf0d<\/strong><strong> Tek B\u00f6l\u00fcm, \u0130ki G\u00fc\u00e7l\u00fc Program \u2013 K\u00fcresel Kariyerin Kap\u0131s\u0131n\u0131 Aralay\u0131n!<\/strong><\/p><p>\u0130\u015fletme Fak\u00fcltemiz,\u00a0<strong>t\u00fcm enerjisini ve akademik birikimini tek bir b\u00f6l\u00fcme odakl\u0131yor: \u0130\u015eLETME!<\/strong>\u00a0Neden mi? \u00c7\u00fcnk\u00fc m\u00fckemmelli\u011fi derinlemesine uzmanla\u015farak yakal\u0131yoruz.<\/p><p><strong>1968&#8217;den Beri \u0130\u015f D\u00fcnyas\u0131na Y\u00f6n Veriyoruz!<\/strong><\/p><p>T\u00fcrkiye&#8217;nin\u00a0<strong>ilk ve en k\u00f6kl\u00fc<\/strong>\u00a0i\u015fletme lisans program\u0131 olarak, 57 y\u0131ld\u0131r sekt\u00f6re nitelikli y\u00f6neticiler kazand\u0131r\u0131yoruz.\u00a0<strong>\u00d6rg\u00fcn \u00f6\u011fretim<\/strong>\u00a0format\u0131yla sundu\u011fumuz bu program, teori ve prati\u011fi m\u00fckemmel dengeleyen m\u00fcfredat\u0131yla \u00f6ne \u00e7\u0131k\u0131yor.<\/p><p><strong>\u0130ki Farkl\u0131 Program, Tek B\u00fcy\u00fck Hedef: Liderlik!<\/strong><\/p><p>1\ufe0f\u20e3\u00a0<strong>T\u00fcrk\u00e7e \u0130\u015fletme Program\u0131<\/strong><\/p><ul><li><strong>Yerel g\u00fc\u00e7, evrensel bak\u0131\u015f!<\/strong><\/li><li>T\u00fcrkiye i\u015f d\u00fcnyas\u0131n\u0131n dinamiklerine hakim, d\u00fcnyaya a\u00e7\u0131k mezunlar yeti\u015ftiriyoruz.<\/li><\/ul><p>2\ufe0f\u20e3\u00a0<strong>%100 \u0130ngilizce \u0130\u015fletme Program\u0131<\/strong><\/p><ul><li><strong>&#8220;Global oyuncu&#8221; olmak isteyenler i\u00e7in!<\/strong><\/li><li>Dersler, projeler ve stajlar tamamen \u0130ngilizce \u2013 uluslararas\u0131 arenada fark yarat\u0131n!<\/li><\/ul><p>\u00a0<\/p><p><strong>AACSB Akreditasyonu: Kalitemizin D\u00fcnyadaki Sertifikas\u0131!<\/strong><\/p><p><strong>2030 y\u0131l\u0131na kadar<\/strong>\u00a0kesintisiz sahip oldu\u011fumuz\u00a0<strong>AACSB akreditasyonu<\/strong>, bizi d\u00fcnyan\u0131n en iyi i\u015fletme okullar\u0131 ligine ta\u015f\u0131yor:<br \/>\u2713 D\u00fcnya \u00e7ap\u0131nda sadece\u00a0<strong>%5&#8217;lik dilimdeki<\/strong>\u00a0se\u00e7kin okullara verilen bir onur<br \/>\u2713 Diploman\u0131z\u0131n\u00a0<strong>ABD, Avrupa ve Asya&#8217;da<\/strong>\u00a0tan\u0131n\u0131rl\u0131\u011f\u0131<br \/>\u2713 Sekt\u00f6r\u00fcn arad\u0131\u011f\u0131 &#8220;akredite program&#8221; avantaj\u0131<\/p><p>\u00a0<\/p><p><strong>\ud83d\ude80<\/strong><strong> Neden Bu Programlar?<\/strong><\/p><p>\u2714\u00a0<strong>Ayn\u0131 b\u00f6l\u00fcm, iki farkl\u0131 dil (T\u00fcrk\u00e7e, \u0130ngilizce) se\u00e7ene\u011fi<\/strong>\u00a0\u2013 yeteneklerinize en uygun olan\u0131 se\u00e7in!<br \/>\u2714\u00a0<strong>D\u00fcnyan\u0131n her yerinde ge\u00e7erli<\/strong>\u00a0akreditasyon g\u00fcvencesi<br \/>\u2714\u00a0<strong>K\u00fcresel \u015firketlere<\/strong> y\u00f6neticilik yolculu\u011fu<\/p><p>Sadece i\u015fletme e\u011fitimi de\u011fil, ya\u015fam boyu s\u00fcrecek bir kariyer vizyonu sunuyoruz!<\/p><p><em>Not: Her iki programda da ayn\u0131 g\u00fc\u00e7l\u00fc akademik kadro ders verir. Tercihinizi dil yetkinli\u011finize ve kariyer hedeflerinize g\u00f6re yapabilirsiniz.<\/em><\/p><p><strong>\u0130\u015fletme (\u0130ngilizce) Lisans Program\u0131 Bilgileri:<\/strong><\/p><p>\u2714\u00a0<strong>D\u00fczey:<\/strong>\u00a0Lisans<br \/>\u2714\u00a0<strong>\u00d6\u011fretim T\u00fcr\u00fc:<\/strong>\u00a0\u00d6rg\u00fcn \u00d6\u011fretim<br \/>\u2714\u00a0<strong>ISCED Kodu:<\/strong>\u00a034 (\u0130\u015fletme ve Y\u00f6netim Bilimleri)<br \/>\u2714\u00a0<strong>E\u011fitim Dili:<\/strong>\u00a0%100 \u0130ngilizce<\/p><p>\u00a0<\/p><p><strong>\u0130\u015fletme (T\u00fcrk\u00e7e) Lisans Program\u0131 Bilgileri:<\/strong><\/p><p>\u2714\u00a0<strong>D\u00fczey:<\/strong>\u00a0Lisans<br \/>\u2714\u00a0<strong>\u00d6\u011fretim T\u00fcr\u00fc:<\/strong>\u00a0\u00d6rg\u00fcn \u00d6\u011fretim<br \/>\u2714\u00a0<strong>ISCED Kodu:<\/strong>\u00a034 (\u0130\u015fletme ve Y\u00f6netim Bilimleri)<br \/>\u2714\u00a0<strong>E\u011fitim Dili:<\/strong>\u00a0%100 T\u00fcrk\u00e7e<\/p><p>\u00a0<\/p><p><strong>Programa Kabul Ko\u015fullar\u0131<\/strong><\/p><p>Program\u0131m\u0131za kat\u0131lmak i\u00e7in:<\/p><ul><li><strong>YKS&#8217;de EA puan t\u00fcr\u00fcnden<\/strong>ba\u015far\u0131l\u0131 olmak<\/li><li>\u00d6SYM tercih s\u00fcrecini tamamlamak<\/li><\/ul><p>\u00a0<\/p><p><strong>Mezuniyet Ko\u015fullar\u0131<\/strong><\/p><ul><li><strong>240 AKTS\u00a0kredisini tamamlamak<\/strong><\/li><li><strong>160 ders kredisi\u00a0almak<\/strong><\/li><li><strong>AGNO\u00a0en<\/strong> <strong>az<\/strong><strong>00\/4.00<\/strong>\u00a0olmal\u0131d\u0131r<\/li><\/ul><p><em>\u00d6\u011frencilerimiz 4 y\u0131lda hem akademik hem pratik beceriler kazanarak mezun olurlar!<\/em><\/p><p><strong>\u00a0<\/strong><\/p><p><strong>Mezunlar\u0131m\u0131z\u0131n \u0130stihdam Olanaklar\u0131<\/strong><\/p><p><strong>T\u00fcrkiye&#8217;nin En \u00c7ok Aranan \u0130\u015fletmecileri Olacaks\u0131n\u0131z!<\/strong><\/p><p>Mezunlar\u0131m\u0131z en \u00e7ok \u015fu alanlarda kariyer yap\u0131yor:<\/p><p>\ud83d\udd39\u00a0<strong>Y\u00f6netim:<\/strong>\u00a0\u015eirket y\u00f6neticili\u011fi, operasyon m\u00fcd\u00fcrl\u00fc\u011f\u00fc<br \/>\ud83d\udd39\u00a0<strong>Finans:<\/strong>\u00a0Bankac\u0131l\u0131k, yat\u0131r\u0131m uzmanl\u0131\u011f\u0131, mali m\u00fc\u015favirlik<br \/>\ud83d\udd39\u00a0<strong>Pazarlama:<\/strong>\u00a0Marka y\u00f6neticili\u011fi, dijital pazarlama uzmanl\u0131\u011f\u0131<br \/>\ud83d\udd39\u00a0<strong>\u0130nsan Kaynaklar\u0131:\u00a0<\/strong>Yetenek y\u00f6netimi, insan kaynaklar\u0131 uzmanl\u0131\u011f\u0131<strong><br \/><\/strong><strong>\ud83d\udd39<\/strong><strong>\u00a0Di\u011fer: <\/strong>Veri analisti, bilgi i\u015flem y\u00f6neticili\u011fi vb.<\/p><p><strong>Program\u0131m\u0131z\u0131n Fark Yaratan \u00d6zellikleri<\/strong><\/p><p>\u2705\u00a0<strong>Ger\u00e7ek \u0130\u015f Deneyimi:<\/strong>\u00a0Sekt\u00f6r lideri \u015firketlerde staj olanaklar\u0131<br \/>\u2705\u00a0<strong>\u00c7ift Anadal \u0130mkan\u0131:<\/strong>\u00a0\u0130ktisat, Siyaset Bilimi gibi b\u00f6l\u00fcmlerle kombine e\u011fitim<br \/>\u2705\u00a0<strong>Global F\u0131rsatlar:<\/strong>\u00a0Erasmus+ ile 1 y\u0131l yurtd\u0131\u015f\u0131nda e\u011fitim<\/p><p><strong>\u00a0<\/strong><\/p><p><strong>E\u011fitim M\u00fcfredat\u0131<\/strong><\/p><p>E\u011fitim plan\u0131m\u0131z i\u00e7in <a href=\"https:\/\/cdn.istanbul.edu.tr\/FileHandler2.ashx?f=egitim-plani-yeni---(yeni)_638181876477054979.pdf\">t\u0131klay\u0131n\u0131z.<\/a><\/p><p><strong>\u0130\u015fletme (\u0130ngilizce)<\/strong> derslerimiz ve i\u00e7eriklerine ula\u015fmak i\u00e7in <a href=\"https:\/\/ebs.istanbul.edu.tr\/home\/program?id=1200&amp;birim=isletme_(ingilizce)__lisans_programi__(orgun_ogretim)\">t\u0131klay\u0131n\u0131z.<\/a><\/p><p><strong>\u0130\u015fletme (T\u00fcrk\u00e7e)<\/strong> derslerimiz ve i\u00e7eriklerine ula\u015fmak i\u00e7in <a href=\"https:\/\/ebs.istanbul.edu.tr\/home\/program?id=1201&amp;birim=isletme___lisans_programi__(orgun_ogretim)\">t\u0131klay\u0131n\u0131z.<\/a><\/p><p><img loading=\"lazy\" decoding=\"async\" class=\"alignnone size-large wp-image-990560\" src=\"http:\/\/tercihim.istanbul.edu.tr\/wp-content\/uploads\/2025\/07\/m5-1024x517.jpg\" alt=\"\" width=\"1024\" height=\"517\" srcset=\"https:\/\/tercihim.istanbul.edu.tr\/wp-content\/uploads\/2025\/07\/m5-1024x517.jpg 1024w, https:\/\/tercihim.istanbul.edu.tr\/wp-content\/uploads\/2025\/07\/m5-300x152.jpg 300w, https:\/\/tercihim.istanbul.edu.tr\/wp-content\/uploads\/2025\/07\/m5-768x388.jpg 768w, https:\/\/tercihim.istanbul.edu.tr\/wp-content\/uploads\/2025\/07\/m5-1536x776.jpg 1536w, https:\/\/tercihim.istanbul.edu.tr\/wp-content\/uploads\/2025\/07\/m5.jpg 1599w\" sizes=\"(max-width: 1024px) 100vw, 1024px\" \/><\/p><\/div>\n\t\t\t\t<\/div>\n\t\t\t\t\t\t\t<div class=\"elementor-toggle-item\">\n\t\t\t\t\t<h3 id=\"elementor-tab-title-1046\" class=\"elementor-tab-title\" data-tab=\"6\" role=\"button\" aria-controls=\"elementor-tab-content-1046\" aria-expanded=\"false\">\n\t\t\t\t\t\t\t\t\t\t\t\t<span class=\"elementor-toggle-icon elementor-toggle-icon-right\" aria-hidden=\"true\">\n\t\t\t\t\t\t\t\t\t\t\t\t\t\t\t<span class=\"elementor-toggle-icon-closed\"><i class=\"vamtamtheme- vamtam-theme-arrow-down\"><\/i><\/span>\n\t\t\t\t\t\t\t\t<span class=\"elementor-toggle-icon-opened\"><i class=\"elementor-toggle-icon-opened vamtamtheme- vamtam-theme-arrow-up\"><\/i><\/span>\n\t\t\t\t\t\t\t\t\t\t\t\t\t<\/span>\n\t\t\t\t\t\t\t\t\t\t\t\t<a class=\"elementor-toggle-title\" tabindex=\"0\">FAK\u00dcLTEN\u0130N AYIRT ED\u0130C\u0130 \u00d6ZELL\u0130KLER\u0130<\/a>\n\t\t\t\t\t<\/h3>\n\n\t\t\t\t\t<div id=\"elementor-tab-content-1046\" class=\"elementor-tab-content elementor-clearfix\" data-tab=\"6\" role=\"region\" aria-labelledby=\"elementor-tab-title-1046\"><p><strong>\u0130stanbul \u00dcniversitesi \u0130\u015fletme Fak\u00fcltesi: D\u00fcnya Standartlar\u0131nda Bir E\u011fitim Deneyimi<\/strong><\/p><p><strong>K\u00fcresel Arenada T\u00fcrkiye&#8217;nin Gururu<\/strong><\/p><p>\u0130stanbul \u00dcniversitesi \u0130\u015fletme Fak\u00fcltesi olarak,\u00a0<strong>&#8220;Five Palms&#8221; \u00f6d\u00fcll\u00fc<\/strong>\u00a0ve\u00a0<strong>Eduniversal taraf\u0131ndan &#8220;Eurasia and Middle East B\u00f6lgesinin En \u0130yi \u0130\u015fletme Okulu&#8221;<\/strong>\u00a0se\u00e7ilen bir kurumuz. D\u00fcnyan\u0131n en prestijli akreditasyon kurulu\u015fu\u00a0<strong>AACSB&#8217;nin 2005&#8217;ten beri kesintisiz akreditasyonuna<\/strong>\u00a0sahip olan fak\u00fcltemiz, 2030 y\u0131l\u0131na kadar bu kalite standard\u0131n\u0131 korumaya devam edecek.<\/p><p><strong>Uluslararas\u0131 Akreditasyonun G\u00fcc\u00fc<\/strong><\/p><p>\u2714\u00a0<strong>D\u00fcnyan\u0131n en iyi %5&#8217;lik i\u015fletme okulu<\/strong>\u00a0aras\u0131nda yer al\u0131yoruz<br \/>\u2714\u00a0<strong>Diploman\u0131z 90+ \u00fclkede tan\u0131n\u0131yor<\/strong><br \/>\u2714\u00a0<strong>K\u00fcresel \u015firketlerle ortak projeler<\/strong><br \/>\u2714\u00a0<strong>ISO 9001:2015 sertifikal\u0131<\/strong>\u00a0e\u011fitim kalitemiz<\/p><p><em>AACSB akreditasyonu, mezunlar\u0131m\u0131za d\u00fcnya \u00e7ap\u0131nda kap\u0131lar a\u00e7an alt\u0131n bir bilettir!<\/em><\/p><p><strong>Gelece\u011fin \u0130\u015f Liderlerini Yeti\u015ftiren M\u00fcfredat<\/strong><\/p><p><strong>\u00c7ok Y\u00f6nl\u00fc ve Yenilik\u00e7i E\u011fitim<\/strong><\/p><ul><li><strong>\u00c7ift Anadal ve Yandal \u0130mkanlar\u0131:<\/strong>\u00a0\u0130ktisat, Hukuk, Siyasal Bilgiler ve daha fazlas\u0131<\/li><li><strong>%100 \u0130ngilizce Program:<\/strong>\u00a0K\u00fcresel kariyerin anahtar\u0131<\/li><li><strong>G\u00fcncel Ders \u0130\u00e7erikleri:<\/strong>\u00a0Fintech, dijital pazarlama, s\u00fcrd\u00fcr\u00fclebilir i\u015f modelleri<\/li><li><strong>Uygulamal\u0131 E\u011fitim:<\/strong>\u00a0Sekt\u00f6r Lideri \u015firketlerde staj imkanlar\u0131<\/li><\/ul><p><strong>\u00d6\u011frenci Ya\u015fam\u0131: Sadece Ders De\u011fil, Hayat Var!<\/strong><\/p><p><strong>Kul\u00fcpler ve Etkinlikler<\/strong><\/p><p>\ud83c\udfaf\u00a0<strong>\u0130\u015fletme Kul\u00fcb\u00fc:<\/strong>\u00a0CEO&#8217;larla s\u00f6yle\u015filer, GenZ Talks, Eureka, Marka ve Etkile\u015fim Kamp\u0131, Mavi Elma \u00d6d\u00fcl T\u00f6reni, Kariyer \u015eenlikleri<br \/>\ud83d\udca1\u00a0<strong>Geli\u015fim Kul\u00fcb\u00fc:<\/strong>\u00a0Startup h\u0131zland\u0131rma programlar\u0131, sosyal medya kampanyalar\u0131, A\u00e7\u0131l\u0131\u015f etkinlikleri ve seminerler, \u00f6\u011frenci toplant\u0131lar\u0131, at\u00f6lye ve workshoplar, ortak projeler ve sponsor i\u015fbirlikeri, kahve workshopu, online tan\u0131t\u0131m ve webinarlar, sim\u00fclasyon etkinlikleri<br \/>\ud83c\udf0d\u00a0<strong>Finans Kul\u00fcb\u00fc:<\/strong>\u00a0Vaka \u00e7\u00f6z\u00fcmleme, giri\u015fimcilik, veri bilimi, yat\u0131r\u0131m, bankac\u0131l\u0131k, muhasebe ve denetim<br \/>\ud83c\udfa8\u00a0<strong>K\u00fclt\u00fcr Kul\u00fcb\u00fc:<\/strong>\u00a0A\u00e7\u0131l\u0131\u015f Etkinlikleri, Medya Festivali, Ki\u015fisel Geli\u015fim Zirvesi, 1 Kitap 1 Tiyatro, Dijital D\u00fcnyada Pazarlama K\u00fclt\u00fcr\u00fc, T\u00fcrk M\u00fczi\u011fi ve M\u00fczik Konserleri, Dans Festivali, Tiyatro, film g\u00fcnleri, s\u00f6yle\u015fi, g\u00f6steri, \u0130stanbul gezileri<br \/>\ud83c\udfa8\u00a0<strong>Afet ve Dayan\u0131\u015fma Kul\u00fcb\u00fc:<\/strong>\u00a0Afet ve ilk yard\u0131m e\u011fitimi, g\u00f6n\u00fcll\u00fc destek programlar\u0131<\/p><p><em>Y\u0131lda 100+ etkinlikle unutulmaz bir \u00fcniversite deneyimi!<\/em><\/p><p><strong>K\u00fcresel F\u0131rsatlar<\/strong><\/p><ul><li><strong>Erasmus+ ile 1 y\u0131l yurtd\u0131\u015f\u0131nda e\u011fitim<\/strong>\u00a0(200+ partner \u00fcniversite)<\/li><li><strong>Mevlana De\u011fi\u015fim Program\u0131<\/strong><\/li><li><strong>\u00c7ift diploma programlar\u0131<\/strong><\/li><\/ul><p><strong>Mezun A\u011f\u0131: <\/strong>10.000+ Profesyonel<\/p><p><em>Mezunlar Derne\u011fimiz (\u0130FMED) ile hayat boyu s\u00fcren bir network!<\/em><\/p><p><strong>Neden \u0130\u00dc \u0130\u015fletme Fak\u00fcltesi?<\/strong><\/p><p>\u2713\u00a057+ y\u0131ll\u0131k k\u00f6kl\u00fc ge\u00e7mi\u015f<br \/>\u2713\u00a0D\u00fcnya standartlar\u0131nda akredite e\u011fitim<br \/>\u2713\u00a0K\u00fcresel kariyer f\u0131rsatlar\u0131<br \/>\u2713\u00a0Zengin sosyal ve k\u00fclt\u00fcrel olanaklar<br \/>\u2713\u00a0G\u00fc\u00e7l\u00fc mezun a\u011f\u0131<\/p><p><em>Sadece diploma de\u011fil, \u00f6m\u00fcr boyu s\u00fcrecek bir kariyer vizyonu sunuyoruz!<\/em><\/p><\/div>\n\t\t\t\t<\/div>\n\t\t\t\t\t\t\t<div class=\"elementor-toggle-item\">\n\t\t\t\t\t<h3 id=\"elementor-tab-title-1047\" class=\"elementor-tab-title\" data-tab=\"7\" role=\"button\" aria-controls=\"elementor-tab-content-1047\" aria-expanded=\"false\">\n\t\t\t\t\t\t\t\t\t\t\t\t<span class=\"elementor-toggle-icon elementor-toggle-icon-right\" aria-hidden=\"true\">\n\t\t\t\t\t\t\t\t\t\t\t\t\t\t\t<span class=\"elementor-toggle-icon-closed\"><i class=\"vamtamtheme- vamtam-theme-arrow-down\"><\/i><\/span>\n\t\t\t\t\t\t\t\t<span class=\"elementor-toggle-icon-opened\"><i class=\"elementor-toggle-icon-opened vamtamtheme- vamtam-theme-arrow-up\"><\/i><\/span>\n\t\t\t\t\t\t\t\t\t\t\t\t\t<\/span>\n\t\t\t\t\t\t\t\t\t\t\t\t<a class=\"elementor-toggle-title\" tabindex=\"0\">FAK\u00dcLTE KUL\u00dcPLER\u0130, SOSYAL VE K\u00dcLT\u00dcREL FAAL\u0130YETLER<\/a>\n\t\t\t\t\t<\/h3>\n\n\t\t\t\t\t<div id=\"elementor-tab-content-1047\" class=\"elementor-tab-content elementor-clearfix\" data-tab=\"7\" role=\"region\" aria-labelledby=\"elementor-tab-title-1047\"><p><strong>\u0130\u015fletme Fak\u00fcltesi&#8217;nde \u00d6\u011frenci Ya\u015fam\u0131: Unutulmaz Bir \u00dcniversite Deneyimi Sizi Bekliyor!<\/strong><\/p><p><strong>\ud83c\udf89<\/strong><strong> Kul\u00fcpler ve Sosyal Hayat: Sadece Ders De\u011fil, E\u011flence de Var!<\/strong><\/p><p>\u00dcniversite hayat\u0131n\u0131z\u0131\u00a0<strong>renklendirecek, ufkunuzu geni\u015fletecek ve kariyerinize y\u00f6n verecek<\/strong>\u00a05 \u00f6\u011frenci kul\u00fcb\u00fcm\u00fcz ve kul\u00fcp kollar\u0131m\u0131zla tan\u0131\u015fmaya haz\u0131r m\u0131s\u0131n\u0131z?<\/p><p><strong>Kul\u00fcplerimiz:<\/strong><\/p><ul><li><strong>\ud83d\udcbc<\/strong><strong> \u0130\u015fletme Kul\u00fcb\u00fc:<\/strong>\u00a0CEO&#8217;larla network, \u015firket gezileri, kariyer workshop&#8217;lar\u0131<\/li><li><strong>\ud83c\udfad<\/strong><strong> K\u00fclt\u00fcr Kul\u00fcb\u00fc:<\/strong>\u00a0Tiyatro, film g\u00fcnleri, \u0130stanbul ke\u015fifleri<\/li><li><strong>\ud83d\udcc8<\/strong><strong> Finans Kul\u00fcb\u00fc:<\/strong>\u00a0Borsa \u0130stanbul ziyaretleri, yat\u0131r\u0131m sim\u00fclasyonlar\u0131<\/li><li><strong>\ud83d\ude80<\/strong><strong> Geli\u015fim Kul\u00fcb\u00fc:<\/strong>\u00a0Startup fikirleri, giri\u015fimcilik kamplar\u0131<\/li><li><strong>\ud83e\udd1d<\/strong><strong> Afet ve Dayan\u0131\u015fma Kul\u00fcb\u00fc:<\/strong>\u00a0Sosyal sorumluluk projeleri, g\u00f6n\u00fcll\u00fcl\u00fck \u00e7al\u0131\u015fmalar\u0131<\/li><\/ul><p><em>Kul\u00fcplerimizle CV&#8217;nize 50+ etkinlik ekleyebilir, yeni yetenekler ke\u015ffedebilirsiniz!<\/em><\/p><p><strong>Y\u0131lda 100+ Etkinlikle Dolu Dolu Bir \u00dcniversite Hayat\u0131<\/strong><\/p><p><strong>\u2728<\/strong><strong> Geleneksel Etkinliklerimiz:<\/strong><\/p><ul><li><strong>GenZ Talks:<\/strong>\u00a0Dijital \u00e7a\u011f\u0131n trendlerini liderlerden \u00f6\u011frenin<\/li><li><strong>Eureka:<\/strong>\u00a0Yenilik\u00e7i fikirlerin yar\u0131\u015ft\u0131\u011f\u0131 startup \u015fenli\u011fi<\/li><li><strong>Marka ve Etkile\u015fim Kamp\u0131:<\/strong>\u00a0Global markalarla workshop&#8217;lar<\/li><li><strong>Kariyer \u015eenlikleri:<\/strong>\u00a0Lider \u015firketlerin kat\u0131ld\u0131\u011f\u0131 i\u015f fuarlar\u0131<\/li><li><strong>Dans Festivali:<\/strong>\u00a0Yeteneklerinizi sergileme f\u0131rsat\u0131<\/li><\/ul><p><em>Y\u0131l boyunca d\u00fczenlenen \u00e7e\u015fitli etkinliklerle, \u00fcniversite hayat\u0131n\u0131z\u0131 dolu dolu ya\u015fayacaks\u0131n\u0131z!<\/em><\/p><p><strong>\ud83d\udcda<\/strong><strong> Akademik Destek ve \u00c7al\u0131\u015fma Alanlar\u0131<\/strong><\/p><p><strong>K\u00fct\u00fcphane ve \u00c7al\u0131\u015fma Salonlar\u0131:<\/strong><\/p><ul><li>500.000+ bas\u0131l\u0131 ve dijital kaynak<\/li><li>22:00\u2019ye kadar a\u00e7\u0131k \u00e7al\u0131\u015fma salonlar\u0131<\/li><li>Y\u00fcksek h\u0131zl\u0131 WiFi ve bilgisayar eri\u015fimi<\/li><li>Gruplar i\u00e7in \u00f6zel \u00e7al\u0131\u015fma odalar\u0131<\/li><\/ul><p><em>Finaller d\u00f6neminde de a\u00e7\u0131k alanlar\u0131m\u0131zla s\u0131navlara stressiz haz\u0131rlan\u0131n!<\/em><\/p><p><strong>\ud83c\udfc0<\/strong><strong> Spor ve Sa\u011fl\u0131kl\u0131 Ya\u015fam<\/strong><\/p><p><strong>Spor Olanaklar\u0131:<\/strong><\/p><ul><li>Kapal\u0131 spor salonu,<\/li><li>Havuz ve su sporlar\u0131,<\/li><li>\u00dcniversite basketbol, voleybol, futbol, k\u00fcrek tak\u0131mlar\u0131<\/li><li>\u00dcniversiteler aras\u0131 turnuvalara kat\u0131l\u0131m<\/li><\/ul><p><em>Haftal\u0131k spor aktiviteleriyle formda kal\u0131n!<\/em><\/p><p><strong>\ud83c\udf54<\/strong><strong> Yemek ve Sosyalle\u015fme Alanlar\u0131<\/strong><\/p><p><strong>Yemek Hizmetleri:<\/strong><\/p><ul><li>\u00d6\u011frenci yemekhanesinde g\u00fcnl\u00fck 3 \u00f6\u011f\u00fcn<\/li><li>Fak\u00fclte kantininde uygun fiyatl\u0131 men\u00fcler<\/li><li>Kafeteryalarda sosyalle\u015fme alanlar\u0131<\/li><\/ul><p><em>\u00d6\u011frenci dostu fiyatlarla doyurucu ve sa\u011fl\u0131kl\u0131 \u00f6\u011f\u00fcnler!<\/em><\/p><p><strong>\ud83d\udcb0<\/strong><strong> Burs ve Finansal Destekler<\/strong><\/p><p><strong>Maddi Destekler:<\/strong><\/p><ul><li>KYK burs ve kredi imkanlar\u0131<\/li><li>Mezunlar derne\u011fi (\u0130FMED) burslar\u0131<\/li><li>K\u0131smi zamanl\u0131 \u00e7al\u0131\u015fma f\u0131rsatlar\u0131<\/li><li>Ba\u015far\u0131 burslar\u0131 (Y\u00fcksek AGNO\u2019lu \u00f6\u011frencilerimize)<\/li><\/ul><p><em>\u00d6\u011frencilerimiz burslarla destekleniyor!<\/em><\/p><p><strong>\ud83c\udfe0<\/strong><strong> Konaklama ve Ula\u015f\u0131m<\/strong><\/p><p><strong>Yurt ve Ula\u015f\u0131m:<\/strong><\/p><ul><li>Kamp\u00fcse yak\u0131n yurtlar<\/li><li>KYK yurtlar\u0131na yak\u0131n eri\u015fim<\/li><li>Metrob\u00fcs ve otob\u00fcsle ula\u015f\u0131m kolayl\u0131\u011f\u0131<\/li><\/ul><p><em>Okula 5 dakika mesafede konforlu yurtlar!<\/em><\/p><p><strong>\ud83d\udc69\u200d\u2695\ufe0f<\/strong><strong> Sa\u011fl\u0131k ve Rehberlik Hizmetleri<\/strong><\/p><p><strong>Destek Hizmetleri:<\/strong><\/p><ul><li>\u00dccretsiz psikolojik dan\u0131\u015fmanl\u0131k<\/li><li>Tam te\u015fekk\u00fcll\u00fc sa\u011fl\u0131k merkezi<\/li><li>Engelsiz kamp\u00fcs olanaklar\u0131<\/li><li>Kariyer dan\u0131\u015fmanl\u0131\u011f\u0131 ve CV workshop&#8217;lar\u0131<\/li><\/ul><p><em>Her \u00f6\u011frencimiz bizim i\u00e7in \u00f6zeldir!<\/em><\/p><p><img loading=\"lazy\" decoding=\"async\" class=\"alignnone size-large wp-image-990573\" src=\"http:\/\/tercihim.istanbul.edu.tr\/wp-content\/uploads\/2025\/07\/m6-1024x569.jpg\" alt=\"\" width=\"1024\" height=\"569\" srcset=\"https:\/\/tercihim.istanbul.edu.tr\/wp-content\/uploads\/2025\/07\/m6-1024x569.jpg 1024w, https:\/\/tercihim.istanbul.edu.tr\/wp-content\/uploads\/2025\/07\/m6-300x167.jpg 300w, https:\/\/tercihim.istanbul.edu.tr\/wp-content\/uploads\/2025\/07\/m6-768x427.jpg 768w, https:\/\/tercihim.istanbul.edu.tr\/wp-content\/uploads\/2025\/07\/m6-1536x854.jpg 1536w, https:\/\/tercihim.istanbul.edu.tr\/wp-content\/uploads\/2025\/07\/m6.jpg 1599w\" sizes=\"(max-width: 1024px) 100vw, 1024px\" \/><\/p><p><img loading=\"lazy\" decoding=\"async\" class=\"alignnone size-large wp-image-990574\" src=\"http:\/\/tercihim.istanbul.edu.tr\/wp-content\/uploads\/2025\/07\/m7-1024x482.jpg\" alt=\"\" width=\"1024\" height=\"482\" srcset=\"https:\/\/tercihim.istanbul.edu.tr\/wp-content\/uploads\/2025\/07\/m7-1024x482.jpg 1024w, https:\/\/tercihim.istanbul.edu.tr\/wp-content\/uploads\/2025\/07\/m7-300x141.jpg 300w, https:\/\/tercihim.istanbul.edu.tr\/wp-content\/uploads\/2025\/07\/m7-768x362.jpg 768w, https:\/\/tercihim.istanbul.edu.tr\/wp-content\/uploads\/2025\/07\/m7-1536x723.jpg 1536w, https:\/\/tercihim.istanbul.edu.tr\/wp-content\/uploads\/2025\/07\/m7-2048x965.jpg 2048w\" sizes=\"(max-width: 1024px) 100vw, 1024px\" \/><\/p><\/div>\n\t\t\t\t<\/div>\n\t\t\t\t\t\t\t<div class=\"elementor-toggle-item\">\n\t\t\t\t\t<h3 id=\"elementor-tab-title-1048\" class=\"elementor-tab-title\" data-tab=\"8\" role=\"button\" aria-controls=\"elementor-tab-content-1048\" aria-expanded=\"false\">\n\t\t\t\t\t\t\t\t\t\t\t\t<span class=\"elementor-toggle-icon elementor-toggle-icon-right\" aria-hidden=\"true\">\n\t\t\t\t\t\t\t\t\t\t\t\t\t\t\t<span class=\"elementor-toggle-icon-closed\"><i class=\"vamtamtheme- vamtam-theme-arrow-down\"><\/i><\/span>\n\t\t\t\t\t\t\t\t<span class=\"elementor-toggle-icon-opened\"><i class=\"elementor-toggle-icon-opened vamtamtheme- vamtam-theme-arrow-up\"><\/i><\/span>\n\t\t\t\t\t\t\t\t\t\t\t\t\t<\/span>\n\t\t\t\t\t\t\t\t\t\t\t\t<a class=\"elementor-toggle-title\" tabindex=\"0\">B\u0130L\u0130MSEL PROJELER<\/a>\n\t\t\t\t\t<\/h3>\n\n\t\t\t\t\t<div id=\"elementor-tab-content-1048\" class=\"elementor-tab-content elementor-clearfix\" data-tab=\"8\" role=\"region\" aria-labelledby=\"elementor-tab-title-1048\"><p><strong>10 Y\u0131lda 90+ AR-GE Projesiyle T\u00fcrkiye&#8217;nin \u0130\u015fletme Ara\u015ft\u0131rmalar\u0131nda \u00d6nc\u00fc Kurumu<\/strong><\/p><p>\u0130stanbul \u00dcniversitesi \u0130\u015fletme Fak\u00fcltesi olarak, bilimsel \u00fcretkenlikte\u00a0<strong>uluslararas\u0131 standartlarda<\/strong>\u00a0\u00e7\u0131tay\u0131 y\u00fckseltiyoruz. Son 10 y\u0131lda tamamlad\u0131\u011f\u0131m\u0131z\u00a0<strong>90&#8217;dan fazla AR-GE projesiyle<\/strong>\u00a0i\u015f d\u00fcnyas\u0131n\u0131n kar\u015f\u0131la\u015ft\u0131\u011f\u0131 sorunlara \u00e7\u00f6z\u00fcmler \u00fcretiyor, teorik bilgiyi pratik uygulamalarla bulu\u015fturuyoruz.<\/p><p><strong>\ud83c\udf0d<\/strong><strong> K\u00fcresel Arenada Tan\u0131nan Akademik Yay\u0131nlar\u0131m\u0131z<\/strong><\/p><p><strong>ISTANBUL BUSINESS RESEARCH<\/strong>\u00a0dergimizle bilim d\u00fcnyas\u0131na katk\u0131 sa\u011fl\u0131yoruz:<\/p><ul><li>\ud83d\udccc\u00a0<strong>1972&#8217;den beri<\/strong>\u00a0kesintisiz yay\u0131n hayat\u0131<\/li><li>\ud83c\udf10\u00a0<strong>ESCI (Web of Science)<\/strong>\u00a0indeksinde taran\u0131yor<\/li><li>\ud83d\udd0d\u00a0<strong>DOAJ, EconPapers, TRDizin ve RePEc IDEAS<\/strong>\u00a0taraf\u0131ndan indeksleniyor<\/li><li>\ud83c\udfc6\u00a0<strong>2023&#8217;ten itibaren y\u0131lda 3 say\u0131<\/strong>\u00a0ile daha fazla ara\u015ft\u0131rmaya ev sahipli\u011fi yap\u0131yor<\/li><\/ul><p><em>Dergimiz, T\u00fcrkiye&#8217;den uluslararas\u0131 arenada ses getiren nadir i\u015fletme dergilerinden biridir!<\/em><\/p><p><strong>\u0130ki G\u00fc\u00e7l\u00fc Enstit\u00fc, S\u0131n\u0131rs\u0131z Ara\u015ft\u0131rma \u0130mkan\u0131<\/strong><\/p><ol><li><strong> \u0130\u015fletme \u0130ktisad\u0131 Enstit\u00fcs\u00fc (\u0130\u0130E)<\/strong><\/li><\/ol><ul><li>\ud83d\udcca Sekt\u00f6rel ara\u015ft\u0131rmalar ve i\u015f d\u00fcnyas\u0131na y\u00f6nelik raporlar<\/li><li>\ud83d\udca1 Y\u00fcksek lisans (MBA, MS, Executive-MBA) programlar\u0131yla uzman yeti\u015ftirme<\/li><li>\ud83e\udd1d \u015eirketlerle i\u015fbirli\u011fi i\u00e7inde \u00f6zel projeler<\/li><\/ul><ol start=\"2\"><li><strong> Muhasebe Enstit\u00fcs\u00fc (ME)<\/strong><\/li><\/ol><ul><li>\ud83d\udd22 Finansal raporlama standartlar\u0131 \u00fczerine \u00e7\u0131\u011f\u0131r a\u00e7\u0131c\u0131 \u00e7al\u0131\u015fmalar<\/li><li>\ud83d\udcc8 Muhasebe denetimi alan\u0131nda ulusal politikalar\u0131n \u015fekillenmesine katk\u0131<\/li><li>\ud83c\udf93 Sertifika programlar\u0131yla sekt\u00f6rel e\u011fitimler<\/li><\/ul><p><em>Enstit\u00fclerimiz, akademi ile i\u015f d\u00fcnyas\u0131 aras\u0131nda k\u00f6pr\u00fc g\u00f6revi g\u00f6r\u00fcyor!<\/em><\/p><p><strong>Neden Bizimle Ara\u015ft\u0131rma Yapmal\u0131s\u0131n\u0131z?<\/strong><\/p><p>\u2705\u00a0<strong>Uluslararas\u0131 akreditasyonlu<\/strong>\u00a0(AACSB) ara\u015ft\u0131rma ortam\u0131<br \/>\u2705\u00a0<strong>End\u00fcstri i\u015fbirlikleriyle<\/strong>\u00a0prati\u011fe d\u00f6n\u00fck projeler<br \/>\u2705\u00a0<strong>Y\u00fcksek burs imkanlar\u0131yla<\/strong>\u00a0lisans\u00fcst\u00fc ara\u015ft\u0131rmalar<br \/>\u2705\u00a0<strong>Global akademik network<\/strong>\u00a0(200+ \u00fcniversite ile i\u015fbirli\u011fi)<br \/>\u2705\u00a0<strong>Son teknoloji<\/strong>\u00a0veri analiz laboratuvarlar\u0131<\/p><p><em>Lisans \u00f6\u011frencilerimiz 2. s\u0131n\u0131ftan itibaren ara\u015ft\u0131rma projelerine dahil olabiliyor!<\/em><\/p><p><strong>Gelece\u011fin Ara\u015ft\u0131rmac\u0131lar\u0131n\u0131 Bekleyen F\u0131rsatlar<\/strong><\/p><ul><li><strong>\u00dcniversite-sanayi i\u015fbirlikleriyle<\/strong>\u00a0staj + ara\u015ft\u0131rma f\u0131rsat\u0131<\/li><li><strong>Yurtd\u0131\u015f\u0131 ara\u015ft\u0131rma burslar\u0131<\/strong>\u00a0(Erasmus+ Research)<\/li><li><strong>Akademik kariyer dan\u0131\u015fmanl\u0131\u011f\u0131<\/strong><\/li><li><strong>Y\u00fcksek lisans\/doktora i\u00e7in haz\u0131rl\u0131k programlar\u0131<\/strong><\/li><\/ul><p><em>Bilimin \u0131\u015f\u0131\u011f\u0131nda, i\u015f d\u00fcnyas\u0131n\u0131n gelece\u011fini birlikte \u015fekillendirelim!<\/em><\/p><\/div>\n\t\t\t\t<\/div>\n\t\t\t\t\t\t\t<div class=\"elementor-toggle-item\">\n\t\t\t\t\t<h3 id=\"elementor-tab-title-1049\" class=\"elementor-tab-title\" data-tab=\"9\" role=\"button\" aria-controls=\"elementor-tab-content-1049\" aria-expanded=\"false\">\n\t\t\t\t\t\t\t\t\t\t\t\t<span class=\"elementor-toggle-icon elementor-toggle-icon-right\" aria-hidden=\"true\">\n\t\t\t\t\t\t\t\t\t\t\t\t\t\t\t<span class=\"elementor-toggle-icon-closed\"><i class=\"vamtamtheme- vamtam-theme-arrow-down\"><\/i><\/span>\n\t\t\t\t\t\t\t\t<span class=\"elementor-toggle-icon-opened\"><i class=\"elementor-toggle-icon-opened vamtamtheme- vamtam-theme-arrow-up\"><\/i><\/span>\n\t\t\t\t\t\t\t\t\t\t\t\t\t<\/span>\n\t\t\t\t\t\t\t\t\t\t\t\t<a class=\"elementor-toggle-title\" tabindex=\"0\">\u00d6D\u00dcLLER VE BA\u015eARILAR<\/a>\n\t\t\t\t\t<\/h3>\n\n\t\t\t\t\t<div id=\"elementor-tab-content-1049\" class=\"elementor-tab-content elementor-clearfix\" data-tab=\"9\" role=\"region\" aria-labelledby=\"elementor-tab-title-1049\"><p><strong>\ud83c\udf1f<\/strong><strong> D\u00fcnya Standartlar\u0131nda Akredite Bir E\u011fitim<\/strong><\/p><p>\u0130stanbul \u00dcniversitesi \u0130\u015fletme Fak\u00fcltesi olarak,\u00a0<strong>AACSB akreditasyonu<\/strong>\u00a0alan\u00a0<strong>T\u00fcrkiye&#8217;nin ilk devlet i\u015fletme okuluyuz!<\/strong>\u00a0Bu prestijli akreditasyon, d\u00fcnyan\u0131n en iyi %5&#8217;lik i\u015fletme fak\u00fcltesi aras\u0131nda oldu\u011fumuzun en b\u00fcy\u00fck kan\u0131t\u0131.<\/p><p><strong>\ud83c\udfc6<\/strong><strong> Uluslararas\u0131 Ba\u015far\u0131lar\u0131m\u0131z<\/strong><\/p><ol><li><strong> 5 Palmiye M\u00fckemmellik \u00d6d\u00fcl\u00fc (2025)<\/strong><\/li><\/ol><p>2008-2024 aras\u0131nda\u00a0<strong>&#8220;4 Palmiye&#8221;<\/strong>\u00a0ile &#8220;Uluslararas\u0131 Etkisi Y\u00fcksek \u0130\u015fletme Okulu&#8221; stat\u00fcs\u00fcndeydik.\u00a0<strong>2025&#8217;te zirveye \u00e7\u0131kt\u0131k ve 5 Palmiye kazand\u0131k!<\/strong>\u00a0Bu \u00f6d\u00fcl, fak\u00fcltemizin:<br \/><strong>\u2705<\/strong><strong>\u00a0K\u00fcresel etkisini<br \/><\/strong><strong>\u2705<\/strong><strong>\u00a0Akademik \u00fcretkenli\u011fini<br \/><\/strong><strong>\u2705<\/strong><strong>\u00a0Sekt\u00f6r i\u015f birliklerini<br \/>t\u00fcm d\u00fcnyaya kan\u0131tl\u0131yor.<\/strong><\/p><ol start=\"2\"><li><strong> EDUNIVERSAL &#8220;En \u0130yi 1000 \u0130\u015fletme Okulu&#8221; Listesindeyiz<\/strong><\/li><\/ol><p><strong>2016&#8217;da T\u00fcrkiye&#8217;nin En \u0130yi \u0130\u015fletme Okulu<\/strong>\u00a0se\u00e7ildik! EDUNIVERSAL&#8217;\u0131n 154 \u00fclkede yapt\u0131\u011f\u0131 de\u011ferlendirmede:<br \/>\u2714\u00a0<strong>Uluslararas\u0131 bilinirlik<\/strong><br \/>\u2714\u00a0<strong>Akademik yay\u0131n kalitesi<\/strong><br \/>\u2714\u00a0<strong>K\u00fcresel akreditasyonlar<\/strong><br \/>\u2714\u00a0<strong>Mezun ba\u015far\u0131lar\u0131<\/strong><br \/>kriterleriyle\u00a0<strong>d\u00fcnyan\u0131n en iyi i\u015fletme fak\u00fclteleri<\/strong>\u00a0aras\u0131na girdik.<\/p><p><strong>\ud83d\udd2c<\/strong><strong> Ara\u015ft\u0131rma \u00dcniversitesi Kimli\u011fi<\/strong><\/p><p>2017&#8217;de\u00a0<strong>Y\u00d6K taraf\u0131ndan &#8220;Ara\u015ft\u0131rma \u00dcniversitesi&#8221;<\/strong>\u00a0se\u00e7ildik. Fak\u00fcltemiz, bu kimli\u011fe:<\/p><ul><li><strong>T\u00dcB\u0130TAK ve AB destekli 90+ proje<\/strong><\/li><li><strong>SSCI\/SCI indeksli 100+ makale<\/strong><\/li><li><strong>Istanbul Business Research dergisi<\/strong>\u00a0(ESCI indeksli)<\/li><li><strong>\u015eirketlerle ortak AR-GE \u00e7al\u0131\u015fmalar\u0131<\/strong><br \/>ile katk\u0131 sa\u011fl\u0131yor.<\/li><\/ul><p>\u00a0<\/p><p><strong>\ud83c\udfaf<\/strong><strong> Bu Ba\u015far\u0131lar Size Ne Sa\u011flar?<\/strong><\/p><p>1\ufe0f\u20e3\u00a0<strong>K\u00fcresel ge\u00e7erlili\u011fi olan bir diploma<\/strong><br \/>2\ufe0f\u20e3\u00a0<strong>D\u00fcnya devleriyle staj imkan\u0131<\/strong><br \/>3\ufe0f\u20e3\u00a0<strong>Ara\u015ft\u0131rma projelerine kat\u0131l\u0131p CV&#8217;nizi g\u00fc\u00e7lendirme \u015fans\u0131<\/strong><br \/>4\ufe0f\u20e3\u00a0<strong>200+ \u00fcniversiteyle de\u011fi\u015fim programlar\u0131<\/strong><\/p><p><em>Sadece i\u015fletme e\u011fitimi de\u011fil, uluslararas\u0131 arenada fark yaratacak bir kariyer sunuyoruz!<\/em><\/p><p>Not: T\u00fcm \u00f6d\u00fcllerimiz ve akreditasyon belgelerimiz fak\u00fcltemizde sergilenmektedir. Ziyaret edip inceleyebilirsiniz!<\/p><p><strong>Ba\u015far\u0131m\u0131z\u0131n s\u0131rr\u0131, 57 y\u0131ll\u0131k bilimsel birikim ve s\u00fcrekli geli\u015fimdir. Siz de bu ba\u015far\u0131 hikayesinin par\u00e7as\u0131 ve \u0130\u00dc \u0130\u015fletme Fak\u00fcltesi Ailemizin \u00fcyesi olun!<\/strong><\/p><\/div>\n\t\t\t\t<\/div>\n\t\t\t\t\t\t\t<div class=\"elementor-toggle-item\">\n\t\t\t\t\t<h3 id=\"elementor-tab-title-10410\" class=\"elementor-tab-title\" data-tab=\"10\" role=\"button\" aria-controls=\"elementor-tab-content-10410\" aria-expanded=\"false\">\n\t\t\t\t\t\t\t\t\t\t\t\t<span class=\"elementor-toggle-icon elementor-toggle-icon-right\" aria-hidden=\"true\">\n\t\t\t\t\t\t\t\t\t\t\t\t\t\t\t<span class=\"elementor-toggle-icon-closed\"><i class=\"vamtamtheme- vamtam-theme-arrow-down\"><\/i><\/span>\n\t\t\t\t\t\t\t\t<span class=\"elementor-toggle-icon-opened\"><i class=\"elementor-toggle-icon-opened vamtamtheme- vamtam-theme-arrow-up\"><\/i><\/span>\n\t\t\t\t\t\t\t\t\t\t\t\t\t<\/span>\n\t\t\t\t\t\t\t\t\t\t\t\t<a class=\"elementor-toggle-title\" tabindex=\"0\">ERASMUS \u0130MK\u00c2NLARI<\/a>\n\t\t\t\t\t<\/h3>\n\n\t\t\t\t\t<div id=\"elementor-tab-content-10410\" class=\"elementor-tab-content elementor-clearfix\" data-tab=\"10\" role=\"region\" aria-labelledby=\"elementor-tab-title-10410\"><p><strong>D\u00fcnyay\u0131 Ke\u015ffetmek \u0130\u00e7in M\u00fckemmel Bir F\u0131rsat!<\/strong><\/p><p><strong>\ud83c\udf0d<\/strong><strong> Avrupa\u2019n\u0131n En \u0130yi \u00dcniversitelerinde E\u011fitim ve Staj \u0130mkan\u0131<\/strong><\/p><p>\u0130stanbul \u00dcniversitesi \u0130\u015fletme Fak\u00fcltesi olarak,\u00a0<strong>Erasmus+ Program\u0131<\/strong>\u00a0ile her y\u0131l\u00a0<strong>20\u2019den fazla \u00fcniversiteyle<\/strong>\u00a0i\u015f birli\u011fi yap\u0131yoruz.\u00a0<strong>Almanya, Fransa, \u0130spanya, \u0130talya, Hollanda ve daha pek \u00e7ok \u00fclkede<\/strong>\u00a0e\u011fitim alabilir veya staj yapabilirsiniz!<\/p><p><strong>\ud83c\udf93<\/strong><strong> Erasmus+ \u00d6\u011frenim Hareketlili\u011fi<\/strong><\/p><ul><li><strong>1 veya 2 d\u00f6nem<\/strong>\u00a0yurtd\u0131\u015f\u0131nda e\u011fitim<\/li><li><strong>Derslerinizi sayd\u0131rma<\/strong>\u00a0imkan\u0131<\/li><li><strong>Ayl\u0131k 300-600\u20ac burs<\/strong>\u00a0deste\u011fi<\/li><\/ul><p><strong>\ud83d\udcbc<\/strong><strong> Erasmus+ Staj Hareketlili\u011fi<\/strong><\/p><ul><li><strong>2-12 ay<\/strong>\u00a0aras\u0131 uluslararas\u0131 \u015firketlerde staj<\/li><li><strong>CV\u2019nize global bir deneyim<\/strong>\u00a0ekleyin<\/li><li><strong>Ayl\u0131k 400-700\u20ac hibe<\/strong>\u00a0ile destek<\/li><\/ul><p>\u00a0<\/p><p><strong>\u2708\ufe0f<\/strong><strong> Neden Erasmus Yapmal\u0131s\u0131n\u0131z?<\/strong><\/p><p>\u2705\u00a0<strong>K\u00fcresel bir network<\/strong>\u00a0kurma f\u0131rsat\u0131<br \/>\u2705\u00a0<strong>Yabanc\u0131 dilinizi<\/strong>\u00a0ana vatan\u0131nda geli\u015ftirin<br \/>\u2705\u00a0<strong>Farkl\u0131 k\u00fclt\u00fcrleri<\/strong>\u00a0deneyimleyin<br \/>\u2705\u00a0<strong>Uluslararas\u0131 i\u015fverenler i\u00e7in \u00e7ekici bir CV<\/strong>\u00a0olu\u015fturun<\/p><p><em>Erasmus sadece bir e\u011fitim de\u011fil, hayat\u0131n\u0131z\u0131 de\u011fi\u015ftirecek bir deneyimdir!<\/em><\/p><p><strong>\ud83c\udf10<\/strong><strong> Di\u011fer De\u011fi\u015fim Programlar\u0131<\/strong><\/p><ol><li><strong> Mevlana De\u011fi\u015fim Program\u0131<\/strong><\/li><\/ol><ul><li>Avrupa d\u0131\u015f\u0131ndaki \u00fcniversitelerde\u00a0(ABD, Kanada, Japonya vb.) e\u011fitim<\/li><li>T\u00fcrkiye\u2019den farkl\u0131 bir akademik bak\u0131\u015f\u00a0kazan\u0131n<\/li><\/ul><ol start=\"2\"><li><strong> Farabi De\u011fi\u015fim Program\u0131<\/strong><\/li><\/ol><ul><li>T\u00fcrkiye\u2019deki di\u011fer \u00fcniversitelerde\u00a01 d\u00f6nem e\u011fitim<\/li><li>Farkl\u0131 \u015fehirlerde \u00f6\u011frenci olma\u00a0deneyimi<\/li><\/ul><p>\u00a0<\/p><p><strong>D\u00fcnya art\u0131k \u00e7ok k\u00fc\u00e7\u00fck! Erasmus ile s\u0131n\u0131rlar\u0131 a\u015f\u0131n, kariyerinize global bir y\u00f6n verin!<\/strong><\/p><p><em>Not: Erasmus hibeleri Avrupa Birli\u011fi taraf\u0131ndan sa\u011flanmaktad\u0131r. Kontenjanlar her y\u0131l g\u00fcncellenir.<\/em><\/p><p><img loading=\"lazy\" decoding=\"async\" class=\"alignnone size-large wp-image-990587\" src=\"http:\/\/tercihim.istanbul.edu.tr\/wp-content\/uploads\/2025\/07\/m8-1024x522.jpg\" alt=\"\" width=\"1024\" height=\"522\" srcset=\"https:\/\/tercihim.istanbul.edu.tr\/wp-content\/uploads\/2025\/07\/m8-1024x522.jpg 1024w, https:\/\/tercihim.istanbul.edu.tr\/wp-content\/uploads\/2025\/07\/m8-300x153.jpg 300w, https:\/\/tercihim.istanbul.edu.tr\/wp-content\/uploads\/2025\/07\/m8-768x391.jpg 768w, https:\/\/tercihim.istanbul.edu.tr\/wp-content\/uploads\/2025\/07\/m8-1536x783.jpg 1536w, https:\/\/tercihim.istanbul.edu.tr\/wp-content\/uploads\/2025\/07\/m8-2048x1043.jpg 2048w\" sizes=\"(max-width: 1024px) 100vw, 1024px\" \/><\/p><p>\u00a0<\/p><\/div>\n\t\t\t\t<\/div>\n\t\t\t\t\t\t\t<div class=\"elementor-toggle-item\">\n\t\t\t\t\t<h3 id=\"elementor-tab-title-10411\" class=\"elementor-tab-title\" data-tab=\"11\" role=\"button\" aria-controls=\"elementor-tab-content-10411\" aria-expanded=\"false\">\n\t\t\t\t\t\t\t\t\t\t\t\t<span class=\"elementor-toggle-icon elementor-toggle-icon-right\" aria-hidden=\"true\">\n\t\t\t\t\t\t\t\t\t\t\t\t\t\t\t<span class=\"elementor-toggle-icon-closed\"><i class=\"vamtamtheme- vamtam-theme-arrow-down\"><\/i><\/span>\n\t\t\t\t\t\t\t\t<span class=\"elementor-toggle-icon-opened\"><i class=\"elementor-toggle-icon-opened vamtamtheme- vamtam-theme-arrow-up\"><\/i><\/span>\n\t\t\t\t\t\t\t\t\t\t\t\t\t<\/span>\n\t\t\t\t\t\t\t\t\t\t\t\t<a class=\"elementor-toggle-title\" tabindex=\"0\">\u0130LET\u0130\u015e\u0130M<\/a>\n\t\t\t\t\t<\/h3>\n\n\t\t\t\t\t<div id=\"elementor-tab-content-10411\" class=\"elementor-tab-content elementor-clearfix\" data-tab=\"11\" role=\"region\" aria-labelledby=\"elementor-tab-title-10411\"><p><strong>Sizinle Tan\u0131\u015fmak \u0130stiyoruz! \u0130\u015fletme Fak\u00fcltesi Ailemizin bir \u00fcyesi olun\u2026<\/strong><\/p><p>\ud83d\udccd\u00a0<strong>Adres:<\/strong>\u00a0\u00dcniversite Mah. \u0130stanbul \u00dcniversitesi Avc\u0131lar Kamp\u00fcs\u00fc, \u0130\u015fletme Fak\u00fcltesi, Avc\u0131lar, \u0130stanbul<br \/>\ud83d\udcde\u00a0<strong>Telefon:<\/strong>\u00a00 212 412 24 00 \/ 18212<br \/>\ud83d\udce7\u00a0<strong>E-posta:<\/strong>\u00a0<a href=\"https:\/\/mailto:isletme@istanbul.edu.tr\/\">isletme@istanbul.edu.tr<\/a><br \/>\ud83c\udf0d\u00a0<strong>Sanal Medya:<\/strong>\u00a0<\/p><p>X (Twitter): @iuisletme_edu<\/p><p>Instagram: @iuisletme_edu<\/p><p>LinkedIn: \u0130\u00dc \u0130\u015fletme Fak\u00fcltesi (<a href=\"mailto:isletme.kik@istanbul.edu.tr\">isletme.kik@istanbul.edu.tr<\/a>)<\/p><p>Web: <a href=\"https:\/\/isletme.istanbul.edu.tr\/tr\/_\">https:\/\/isletme.istanbul.edu.tr<\/a><\/p><\/div>\n\t\t\t\t<\/div>\n\t\t\t\t\t\t\t\t<\/div>\n\t\t\t\t<\/div>\n\t\t\t\t<\/div>\n\t\t\t\t\t<\/div>\n\t\t<\/div>\n\t\t\t\t\t<\/div>\n\t\t<\/section>\n\t\t\t\t<\/div>\n\t\t","protected":false},"excerpt":{"rendered":"<p>\u0130\u015eLETME FAK\u00dcLTES\u0130&#8217;NE GENEL BAKI\u015e \u00a0 Gelece\u011fi Y\u00f6netmek \u0130\u00e7in Buradas\u0131n\u0131z!\u0130stanbul \u00dcniversitesi \u0130\u015fletme Fak\u00fcltesi, 57 y\u0131l\u0131 a\u015fk\u0131n akademik birikimiyle T\u00fcrkiye&#8217;nin en k\u00f6kl\u00fc i\u015fletme e\u011fitim merkezidir. Amac\u0131m\u0131z; yarat\u0131c\u0131, analitik d\u00fc\u015f\u00fcnen ve k\u00fcresel i\u015f d\u00fcnyas\u0131na uyum sa\u011flayan liderler yeti\u015ftirmektir. Akademik \u00c7e\u015fitlilik:\u00a0Dokuz anabilim dal\u0131yla disiplinler aras\u0131 e\u011fitim. Uluslararas\u0131 Vizyon:\u00a0AACSB akreditasyonu, 284 \u00fcniversite ile ikili i\u015f birlikleri ve Erasmus program\u0131. Kariyer&#8230;<\/p>\n","protected":false},"author":2,"featured_media":0,"parent":0,"menu_order":0,"comment_status":"closed","ping_status":"closed","template":"","meta":{"footnotes":""},"_links":{"self":[{"href":"https:\/\/tercihim.istanbul.edu.tr\/index.php\/wp-json\/wp\/v2\/pages\/989171"}],"collection":[{"href":"https:\/\/tercihim.istanbul.edu.tr\/index.php\/wp-json\/wp\/v2\/pages"}],"about":[{"href":"https:\/\/tercihim.istanbul.edu.tr\/index.php\/wp-json\/wp\/v2\/types\/page"}],"author":[{"embeddable":true,"href":"https:\/\/tercihim.istanbul.edu.tr\/index.php\/wp-json\/wp\/v2\/users\/2"}],"replies":[{"embeddable":true,"href":"https:\/\/tercihim.istanbul.edu.tr\/index.php\/wp-json\/wp\/v2\/comments?post=989171"}],"version-history":[{"count":79,"href":"https:\/\/tercihim.istanbul.edu.tr\/index.php\/wp-json\/wp\/v2\/pages\/989171\/revisions"}],"predecessor-version":[{"id":990596,"href":"https:\/\/tercihim.istanbul.edu.tr\/index.php\/wp-json\/wp\/v2\/pages\/989171\/revisions\/990596"}],"wp:attachment":[{"href":"https:\/\/tercihim.istanbul.edu.tr\/index.php\/wp-json\/wp\/v2\/media?parent=989171"}],"curies":[{"name":"wp","href":"https:\/\/api.w.org\/{rel}","templated":true}]}}