{"id":989167,"date":"2024-07-21T20:29:36","date_gmt":"2024-07-21T17:29:36","guid":{"rendered":"https:\/\/tercihim.istanbul.edu.tr\/?page_id=989167"},"modified":"2024-07-24T14:58:02","modified_gmt":"2024-07-24T11:58:02","slug":"eczacilik-fakultesi","status":"publish","type":"page","link":"https:\/\/tercihim.istanbul.edu.tr\/index.php\/eczacilik-fakultesi\/","title":{"rendered":"Eczac\u0131l\u0131k Fak\u00fcltesi"},"content":{"rendered":"\t\t<div data-elementor-type=\"wp-page\" data-elementor-id=\"989167\" class=\"elementor elementor-989167\" data-elementor-post-type=\"page\">\n\t\t\t\t\t\t<section class=\"elementor-section elementor-top-section elementor-element elementor-element-48ecdc8 elementor-section-height-min-height elementor-section-boxed elementor-section-height-default elementor-section-items-middle\" data-id=\"48ecdc8\" data-element_type=\"section\" data-settings=\"{&quot;background_background&quot;:&quot;classic&quot;}\">\n\t\t\t\t\t\t\t<div class=\"elementor-background-overlay\"><\/div>\n\t\t\t\t\t\t\t<div class=\"elementor-container elementor-column-gap-default\">\n\t\t\t\t\t<div class=\"elementor-column elementor-col-100 elementor-top-column elementor-element elementor-element-87856f1\" data-id=\"87856f1\" data-element_type=\"column\" data-settings=\"{&quot;background_background&quot;:&quot;classic&quot;}\">\n\t\t\t<div class=\"elementor-widget-wrap\">\n\t\t\t\t\t\t\t<\/div>\n\t\t<\/div>\n\t\t\t\t\t<\/div>\n\t\t<\/section>\n\t\t\t\t<section class=\"elementor-section elementor-top-section elementor-element elementor-element-5f57ff6 elementor-section-boxed elementor-section-height-default elementor-section-height-default\" data-id=\"5f57ff6\" data-element_type=\"section\">\n\t\t\t\t\t\t<div class=\"elementor-container elementor-column-gap-no\">\n\t\t\t\t\t<div class=\"elementor-column elementor-col-50 elementor-top-column elementor-element elementor-element-972b5b6 animated-fast elementor-invisible\" data-id=\"972b5b6\" data-element_type=\"column\" data-settings=\"{&quot;background_background&quot;:&quot;classic&quot;,&quot;animation&quot;:&quot;fadeIn&quot;,&quot;animation_delay&quot;:100,&quot;animation_tablet&quot;:&quot;none&quot;,&quot;animation_mobile&quot;:&quot;none&quot;}\">\n\t\t\t<div class=\"elementor-widget-wrap elementor-element-populated\">\n\t\t\t\t\t\t\t<\/div>\n\t\t<\/div>\n\t\t\t\t<div class=\"elementor-column elementor-col-50 elementor-top-column elementor-element elementor-element-5037f50 elementor-hidden-desktop elementor-hidden-tablet elementor-hidden-phone\" data-id=\"5037f50\" data-element_type=\"column\">\n\t\t\t<div class=\"elementor-widget-wrap\">\n\t\t\t\t\t\t\t<\/div>\n\t\t<\/div>\n\t\t\t\t\t<\/div>\n\t\t<\/section>\n\t\t\t\t<section class=\"elementor-section elementor-top-section elementor-element elementor-element-afc61d4 elementor-section-boxed elementor-section-height-default elementor-section-height-default\" data-id=\"afc61d4\" data-element_type=\"section\" data-settings=\"{&quot;animation&quot;:&quot;none&quot;,&quot;animation_tablet&quot;:&quot;none&quot;,&quot;animation_mobile&quot;:&quot;none&quot;,&quot;animation_delay&quot;:300}\">\n\t\t\t\t\t\t<div class=\"elementor-container elementor-column-gap-no\">\n\t\t\t\t\t<div class=\"elementor-column elementor-col-100 elementor-top-column elementor-element elementor-element-1b8c40b\" data-id=\"1b8c40b\" data-element_type=\"column\">\n\t\t\t<div class=\"elementor-widget-wrap elementor-element-populated\">\n\t\t\t\t\t\t<div class=\"elementor-element elementor-element-63c4c7a vamtam-theme-table-styles elementor-widget elementor-widget-toggle\" data-id=\"63c4c7a\" data-element_type=\"widget\" data-widget_type=\"toggle.default\">\n\t\t\t\t<div class=\"elementor-widget-container\">\n\t\t\t<style>\/*! elementor - v3.23.0 - 05-08-2024 *\/\n.elementor-toggle{text-align:start}.elementor-toggle .elementor-tab-title{font-weight:700;line-height:1;margin:0;padding:15px;border-bottom:1px solid #d5d8dc;cursor:pointer;outline:none}.elementor-toggle .elementor-tab-title .elementor-toggle-icon{display:inline-block;width:1em}.elementor-toggle .elementor-tab-title .elementor-toggle-icon svg{margin-inline-start:-5px;width:1em;height:1em}.elementor-toggle .elementor-tab-title .elementor-toggle-icon.elementor-toggle-icon-right{float:right;text-align:right}.elementor-toggle .elementor-tab-title .elementor-toggle-icon.elementor-toggle-icon-left{float:left;text-align:left}.elementor-toggle .elementor-tab-title .elementor-toggle-icon .elementor-toggle-icon-closed{display:block}.elementor-toggle .elementor-tab-title .elementor-toggle-icon .elementor-toggle-icon-opened{display:none}.elementor-toggle .elementor-tab-title.elementor-active{border-bottom:none}.elementor-toggle .elementor-tab-title.elementor-active .elementor-toggle-icon-closed{display:none}.elementor-toggle .elementor-tab-title.elementor-active .elementor-toggle-icon-opened{display:block}.elementor-toggle .elementor-tab-content{padding:15px;border-bottom:1px solid #d5d8dc;display:none}@media (max-width:767px){.elementor-toggle .elementor-tab-title{padding:12px}.elementor-toggle .elementor-tab-content{padding:12px 10px}}.e-con-inner>.elementor-widget-toggle,.e-con>.elementor-widget-toggle{width:var(--container-widget-width);--flex-grow:var(--container-widget-flex-grow)}<\/style>\t\t<div class=\"elementor-toggle\">\n\t\t\t\t\t\t\t<div class=\"elementor-toggle-item\">\n\t\t\t\t\t<h3 id=\"elementor-tab-title-1041\" class=\"elementor-tab-title\" data-tab=\"1\" role=\"button\" aria-controls=\"elementor-tab-content-1041\" aria-expanded=\"false\">\n\t\t\t\t\t\t\t\t\t\t\t\t<span class=\"elementor-toggle-icon elementor-toggle-icon-right\" aria-hidden=\"true\">\n\t\t\t\t\t\t\t\t\t\t\t\t\t\t\t<span class=\"elementor-toggle-icon-closed\"><i class=\"vamtamtheme- vamtam-theme-arrow-down\"><\/i><\/span>\n\t\t\t\t\t\t\t\t<span class=\"elementor-toggle-icon-opened\"><i class=\"elementor-toggle-icon-opened vamtamtheme- vamtam-theme-arrow-up\"><\/i><\/span>\n\t\t\t\t\t\t\t\t\t\t\t\t\t<\/span>\n\t\t\t\t\t\t\t\t\t\t\t\t<a class=\"elementor-toggle-title\" tabindex=\"0\">ECZACILIK FAK\u00dcLTES\u0130'NE GENEL BAKI\u015e<\/a>\n\t\t\t\t\t<\/h3>\n\n\t\t\t\t\t<div id=\"elementor-tab-content-1041\" class=\"elementor-tab-content elementor-clearfix\" data-tab=\"1\" role=\"region\" aria-labelledby=\"elementor-tab-title-1041\"><p>\u0130stanbul \u00dcniversitesi Eczac\u0131l\u0131k Fak\u00fcltesi, ilac\u0131n \u00fcretiminden hastaya ula\u015ft\u0131r\u0131lmas\u0131na kadar her a\u015famas\u0131nda tam yetki ile g\u00f6rev ve sorumluluk alabilecek kat\u0131l\u0131mc\u0131, yenilik\u00e7i, duyarl\u0131 ve ba\u011f\u0131ms\u0131z bilimsel d\u00fc\u015f\u00fcnceye sahip mezunlar yeti\u015ftirmede 1839 y\u0131l\u0131ndan beri hizmet veren, \u00fclkemizdeki lider eczac\u0131l\u0131k fak\u00fcltelerindendir.<\/p><p>\u00a0<\/p><p><img fetchpriority=\"high\" decoding=\"async\" class=\"alignnone size-large wp-image-989512\" src=\"http:\/\/tercihim.istanbul.edu.tr\/wp-content\/uploads\/2024\/07\/bunu-kullan-1024x576.jpg\" alt=\"\" width=\"1024\" height=\"576\" srcset=\"https:\/\/tercihim.istanbul.edu.tr\/wp-content\/uploads\/2024\/07\/bunu-kullan-1024x576.jpg 1024w, https:\/\/tercihim.istanbul.edu.tr\/wp-content\/uploads\/2024\/07\/bunu-kullan-300x169.jpg 300w, https:\/\/tercihim.istanbul.edu.tr\/wp-content\/uploads\/2024\/07\/bunu-kullan-768x432.jpg 768w, https:\/\/tercihim.istanbul.edu.tr\/wp-content\/uploads\/2024\/07\/bunu-kullan.jpg 1499w\" sizes=\"(max-width: 1024px) 100vw, 1024px\" \/><\/p><\/div>\n\t\t\t\t<\/div>\n\t\t\t\t\t\t\t<div class=\"elementor-toggle-item\">\n\t\t\t\t\t<h3 id=\"elementor-tab-title-1042\" class=\"elementor-tab-title\" data-tab=\"2\" role=\"button\" aria-controls=\"elementor-tab-content-1042\" aria-expanded=\"false\">\n\t\t\t\t\t\t\t\t\t\t\t\t<span class=\"elementor-toggle-icon elementor-toggle-icon-right\" aria-hidden=\"true\">\n\t\t\t\t\t\t\t\t\t\t\t\t\t\t\t<span class=\"elementor-toggle-icon-closed\"><i class=\"vamtamtheme- vamtam-theme-arrow-down\"><\/i><\/span>\n\t\t\t\t\t\t\t\t<span class=\"elementor-toggle-icon-opened\"><i class=\"elementor-toggle-icon-opened vamtamtheme- vamtam-theme-arrow-up\"><\/i><\/span>\n\t\t\t\t\t\t\t\t\t\t\t\t\t<\/span>\n\t\t\t\t\t\t\t\t\t\t\t\t<a class=\"elementor-toggle-title\" tabindex=\"0\">DEKAN MESAJI<\/a>\n\t\t\t\t\t<\/h3>\n\n\t\t\t\t\t<div id=\"elementor-tab-content-1042\" class=\"elementor-tab-content elementor-clearfix\" data-tab=\"2\" role=\"region\" aria-labelledby=\"elementor-tab-title-1042\"><p><strong>Sevgili \u00d6\u011frencilerimiz,<\/strong><\/p><p>1839 Y\u0131l\u0131nda e\u011fitim vermeye ba\u015flayan, T\u00fcrkiye\u2019nin en k\u00f6kl\u00fc ve ilk Eczac\u0131l\u0131k Fak\u00fcltesi\u2019ne ho\u015f geldiniz.<\/p><p>\u00dcretiminden hastaya ula\u015ft\u0131r\u0131lmas\u0131na kadar ilac\u0131n her a\u015famas\u0131nda tam yetki ile g\u00f6rev ve sorumluluk alabilecek kat\u0131l\u0131mc\u0131, yenilik\u00e7i, duyarl\u0131 ve bilimsel bak\u0131\u015f a\u00e7\u0131s\u0131na sahip mezunlar yeti\u015ftirmek konusunda lider olan Fak\u00fcltemiz g\u00fc\u00e7l\u00fc, tecr\u00fcbeli ve alan\u0131nda uzman akademik kadroya sahiptir.<\/p><p>Fak\u00fcltemiz bug\u00fcne kadar T\u00fcrkiye\u2019deki k\u00f6kl\u00fc bir\u00e7ok \u00dcniversitenin Eczac\u0131l\u0131k Fak\u00fcltelerinin kurulmas\u0131nda \u00f6nemli g\u00f6revler \u00fcstlenmi\u015ftir. G\u00fcn\u00fcm\u00fczde, deneyimli e\u011fitim kadrosu, ara\u015ft\u0131rma olanaklar\u0131 ve sanayi i\u015fbirlikleri ile bu misyonunu geli\u015ftirerek s\u00fcrd\u00fcrmektedir. Fak\u00fcltemiz, \u00dcniversite-Sanayi i\u015f birli\u011fini T\u00fcrkiye\u2019de en fazla ger\u00e7ekle\u015ftiren Eczac\u0131l\u0131k Fak\u00fcltelerinden biridir. Yeti\u015ftirdi\u011fi bilim adamlar\u0131 ve y\u00fcr\u00fctt\u00fc\u011f\u00fc ara\u015ft\u0131rmalar\u0131 ile \u00fclkemizdeki ve d\u00fcnyadaki bilimsel ara\u015ft\u0131rmalara katk\u0131 sa\u011flamaktad\u0131r.<\/p><p>Fak\u00fcltemiz 2015 y\u0131l\u0131 itibar\u0131 ile Ulusal Eczac\u0131l\u0131k E\u011fitimi Akreditasyon belgesini alm\u0131\u015ft\u0131r, 2017-2018 E\u011fitim-\u00d6\u011fretim y\u0131l\u0131 itibari ile de \u0130ngilizce (%100) Lisans e\u011fitimine de ba\u015flam\u0131\u015ft\u0131r. 2017 itibari ile Sa\u011fl\u0131k Bakanl\u0131\u011f\u0131 Eczac\u0131l\u0131kta Uzmanl\u0131k Kurulu taraf\u0131ndan fak\u00fcltemizde Klinik Eczac\u0131l\u0131k ve Fitofarmasi Uzmanl\u0131k Alanlar\u0131n\u0131n a\u00e7\u0131lmas\u0131 uygun g\u00f6r\u00fclm\u00fc\u015ft\u00fcr.<\/p><p>Fak\u00fcltemiz, T\u00fcrkiye ve d\u00fcnyada birey ve toplum sa\u011fl\u0131\u011f\u0131na hizmet eden, sa\u011fl\u0131k sekt\u00f6r\u00fcn\u00fcn ve ila\u00e7 end\u00fcstrisinin eczac\u0131 ihtiyac\u0131n\u0131 kar\u015f\u0131layabilecek yetkinlikte, tam donan\u0131ml\u0131 ve vizyon sahibi eczac\u0131lar yeti\u015ftirme potansiyeline sahiptir.<\/p><p>Fak\u00fcltemizi tercih etti\u011finiz i\u00e7in sizi tebrik eder, ba\u015far\u0131l\u0131, sa\u011fl\u0131kl\u0131 ve huzurlu bir \u00fcniversite hayat\u0131 dilerim.<\/p><p>Sevgilerimle<\/p><p><strong>Prof. Dr. Sevda S\u00dcZGE\u00c7 SEL\u00c7UK<\/strong><\/p><p><strong>Dekan<\/strong><\/p><p><img decoding=\"async\" class=\"alignnone size-full wp-image-989510\" src=\"http:\/\/tercihim.istanbul.edu.tr\/wp-content\/uploads\/2024\/07\/Prof.-Dr.-Sevda-SUZGEC-SELCUK.png\" alt=\"\" width=\"200\" height=\"200\" srcset=\"https:\/\/tercihim.istanbul.edu.tr\/wp-content\/uploads\/2024\/07\/Prof.-Dr.-Sevda-SUZGEC-SELCUK.png 200w, https:\/\/tercihim.istanbul.edu.tr\/wp-content\/uploads\/2024\/07\/Prof.-Dr.-Sevda-SUZGEC-SELCUK-150x150.png 150w\" sizes=\"(max-width: 200px) 100vw, 200px\" \/><\/p><\/div>\n\t\t\t\t<\/div>\n\t\t\t\t\t\t\t<div class=\"elementor-toggle-item\">\n\t\t\t\t\t<h3 id=\"elementor-tab-title-1043\" class=\"elementor-tab-title\" data-tab=\"3\" role=\"button\" aria-controls=\"elementor-tab-content-1043\" aria-expanded=\"false\">\n\t\t\t\t\t\t\t\t\t\t\t\t<span class=\"elementor-toggle-icon elementor-toggle-icon-right\" aria-hidden=\"true\">\n\t\t\t\t\t\t\t\t\t\t\t\t\t\t\t<span class=\"elementor-toggle-icon-closed\"><i class=\"vamtamtheme- vamtam-theme-arrow-down\"><\/i><\/span>\n\t\t\t\t\t\t\t\t<span class=\"elementor-toggle-icon-opened\"><i class=\"elementor-toggle-icon-opened vamtamtheme- vamtam-theme-arrow-up\"><\/i><\/span>\n\t\t\t\t\t\t\t\t\t\t\t\t\t<\/span>\n\t\t\t\t\t\t\t\t\t\t\t\t<a class=\"elementor-toggle-title\" tabindex=\"0\">TAR\u0130H\u00c7E<\/a>\n\t\t\t\t\t<\/h3>\n\n\t\t\t\t\t<div id=\"elementor-tab-content-1043\" class=\"elementor-tab-content elementor-clearfix\" data-tab=\"3\" role=\"region\" aria-labelledby=\"elementor-tab-title-1043\"><p>\u00dclkemizde eczac\u0131l\u0131k \u00f6\u011fretimi 14 May\u0131s 1839 tarihinde Sultan II. Mahmut taraf\u0131ndan Galatasaray\u2019da tesis edilen Mekteb-i T\u0131bbiye-i Adliye-i \u015eahane (Askeri T\u0131p Mektebi) b\u00fcnyesinde a\u00e7\u0131lan \u201cEczac\u0131 S\u0131n\u0131f\u0131\u201d ile ba\u015flad\u0131. Bu mektepte e\u011fitim 1870 y\u0131l\u0131na kadar Frans\u0131zca olarak yap\u0131lm\u0131\u015ft\u0131r. 1848 y\u0131l\u0131nda Beyo\u011flu\u2019nda \u00e7\u0131kan yang\u0131nda Mekteb-i T\u0131bbiye-i \u015eahane binas\u0131 tamamen yanm\u0131\u015ft\u0131r. Bu yang\u0131ndan sonra mektep de\u011fi\u015fik semtlerde \u00f6\u011fretime devam etmi\u015f ve nihayet 1903 y\u0131l\u0131nda Haydarpa\u015fa\u2019da yap\u0131lan binaya nakledilmi\u015ftir.<\/p><p>1 Mart 1867 tarihinde Askeri T\u0131bbiye binas\u0131n\u0131n bir b\u00f6l\u00fcm\u00fcnde Mekteb-i T\u0131bbiye-i M\u00fclkiye-i \u015eahane (Sivil T\u0131p Mektebi) a\u00e7\u0131lm\u0131\u015ft\u0131r. Bu mektebin i\u00e7inde de bir Eczac\u0131 S\u0131n\u0131f\u0131 bulunmaktad\u0131r. Bu mektep daha sonra Kad\u0131rga\u2019daki Menemenli Mustafa Pa\u015fa Kona\u011f\u0131\u2019na ta\u015f\u0131nm\u0131\u015ft\u0131r. 1908 y\u0131l\u0131nda \u0130stanbul Dar\u00fclf\u00fcnunu kurulduktan sonra \u201cEczac\u0131 S\u0131n\u0131f\u0131\u201d Eczac\u0131 Mekteb-i Alisi\u201dne d\u00f6n\u00fc\u015ft\u00fcr\u00fclm\u00fc\u015f ve ayn\u0131 y\u0131l kurulan Di\u015f\u00e7i Mekteb-i Alisi ile birle\u015ftirilerek \u201cDar\u00fclf\u00fcnun-i Osmani Eczac\u0131 ve Di\u015f\u00e7i Mekteb-i Alisi\u201d ad\u0131 verilmi\u015ftir. Menemenli Mustafa Pa\u015fa Kona\u011f\u0131n\u0131n \u00fcst kat\u0131 bu mektebe tahsis edilmi\u015ftir. Ancak, zaten harap halde olan bu binada bir s\u00fcre sonra \u00f6\u011fretim yap\u0131lamaz hale gelmi\u015ftir. Bunun \u00fczerine Eczac\u0131 ve Di\u015f\u00e7i Mektepleri 1927 y\u0131l\u0131nda Beyaz\u0131t Meydan\u0131ndaki eski Jandarma Komutanl\u0131\u011f\u0131 binas\u0131na ta\u015f\u0131nm\u0131\u015ft\u0131r. Bu bina bug\u00fcn Beyaz\u0131t Devlet K\u00fct\u00fcphanesidir.<\/p><p>Bu arada 1933 \u00dcniversite Reformu ger\u00e7ekle\u015ftirilmi\u015ftir. Eczac\u0131 Mektebinin \u00f6\u011fretim program\u0131n\u0131n t\u0131ptan \u00e7ok fen bilimlerine yak\u0131n olmas\u0131 gerek\u00e7esiyle, Mektep, T\u0131p Fak\u00fcltesinden ayr\u0131larak Fen Fak\u00fcltesine ba\u011flanm\u0131\u015ft\u0131r. 1938 y\u0131l\u0131nda \u00f6\u011fretim s\u00fcresi 3 y\u0131ldan 4 y\u0131la \u00e7\u0131kart\u0131lm\u0131\u015ft\u0131r. 1944 y\u0131l\u0131nda ise mektep yeniden T\u0131p Fak\u00fcltesine ba\u011flanm\u0131\u015f ve ad\u0131 \u201cEczac\u0131 Okulu\u201d olmu\u015ftur.<\/p><p>Beyaz\u0131t meydan\u0131ndaki Ke\u00e7ecizade Fuat Pa\u015fa Kona\u011f\u0131nda \u00f6\u011fretim yapan Askeri T\u0131p Okulu 1947 y\u0131l\u0131nda Ankara\u2019ya ta\u015f\u0131n\u0131nca, bu bina Bakanlar Kurulu karar\u0131 ile Eczac\u0131 Okuluna tahsis edilmi\u015ftir. Ancak binan\u0131n tamirat\u0131 12 y\u0131l s\u00fcrm\u00fc\u015f ve Eczac\u0131 Okulu bu binaya 1959 y\u0131l\u0131nda ta\u015f\u0131nabilmi\u015ftir.<\/p><p>Eczac\u0131l\u0131k \u00f6\u011fretiminin daha iyi seviyede yap\u0131labilmesi ve mesle\u011fin ba\u015far\u0131l\u0131 olabilmesi i\u00e7in \u00f6\u011fretimin ba\u011f\u0131ms\u0131z bir hale getirilmesi, yani T\u0131p Fak\u00fcltesi\u2019nden ayr\u0131lmas\u0131 gerekti\u011fine inanan Eczac\u0131 Mektebi \u00f6\u011fretim \u00fcyeleri ve \u00f6\u011frencilerinin Eczac\u0131l\u0131k Fak\u00fcltesi kurulmas\u0131 i\u00e7in 1923 y\u0131l\u0131nda ba\u015flatm\u0131\u015f olduklar\u0131 giri\u015fimler ancak 1961 y\u0131l\u0131nda sonu\u00e7lanabilmi\u015ftir. T\u0131p Fak\u00fcltesi Profes\u00f6rler Kurulunun 4 \u015eubat 1961 tarihli toplant\u0131s\u0131nda Eczac\u0131 Okulunun Fak\u00fclte haline getirilmesi oybirli\u011fiyle kabul edilmi\u015ftir. Karar, 16 Kas\u0131m 1961 tarihinde \u0130stanbul \u00dcniversitesi Senatosundan ge\u00e7mi\u015f ve 15 Ocak 1962 tarihinde Milli E\u011fitim Bakan\u0131n\u0131n onay\u0131 ile \u0130stanbul \u00dcniversitesi Eczac\u0131l\u0131k Fak\u00fcltesi resmen kurulmu\u015ftur. 17 Ekim 1963 g\u00fcn\u00fc toplanan Eczac\u0131l\u0131k Fak\u00fcltesi Profes\u00f6rler Kurulu Prof. Dr. Turhan Baytop\u2019u dekanl\u0131\u011fa se\u00e7mi\u015ftir. 4 Kas\u0131m 1963\u2019te yap\u0131lan t\u00f6ren ile \u0130stanbul \u00dcniversitesi Eczac\u0131l\u0131k Fak\u00fcltesi \u00f6\u011fretime ba\u015flam\u0131\u015ft\u0131r.<\/p><\/div>\n\t\t\t\t<\/div>\n\t\t\t\t\t\t\t<div class=\"elementor-toggle-item\">\n\t\t\t\t\t<h3 id=\"elementor-tab-title-1044\" class=\"elementor-tab-title\" data-tab=\"4\" role=\"button\" aria-controls=\"elementor-tab-content-1044\" aria-expanded=\"false\">\n\t\t\t\t\t\t\t\t\t\t\t\t<span class=\"elementor-toggle-icon elementor-toggle-icon-right\" aria-hidden=\"true\">\n\t\t\t\t\t\t\t\t\t\t\t\t\t\t\t<span class=\"elementor-toggle-icon-closed\"><i class=\"vamtamtheme- vamtam-theme-arrow-down\"><\/i><\/span>\n\t\t\t\t\t\t\t\t<span class=\"elementor-toggle-icon-opened\"><i class=\"elementor-toggle-icon-opened vamtamtheme- vamtam-theme-arrow-up\"><\/i><\/span>\n\t\t\t\t\t\t\t\t\t\t\t\t\t<\/span>\n\t\t\t\t\t\t\t\t\t\t\t\t<a class=\"elementor-toggle-title\" tabindex=\"0\">AKADEM\u0130K KADRO<\/a>\n\t\t\t\t\t<\/h3>\n\n\t\t\t\t\t<div id=\"elementor-tab-content-1044\" class=\"elementor-tab-content elementor-clearfix\" data-tab=\"4\" role=\"region\" aria-labelledby=\"elementor-tab-title-1044\"><p><strong>ECZACILIK MESLEK B\u0130L\u0130MLER\u0130 B\u00d6L\u00dcM\u00dc<\/strong><\/p><p><strong>Eczac\u0131l\u0131k \u0130\u015fletmecili\u011fi Anabilim Dal\u0131<\/strong><\/p><ul><li>Prof. Dr. \u00d6ZLEM NAZAN ERDO\u011eAN (Ana Bilim Dal\u0131 B\u015fk.)<\/li><\/ul><p><strong>Farmakognozi Anabilim Dal\u0131<\/strong><\/p><ul><li>Prof. Dr. G\u00dcLAY MEL\u0130KO\u011eLU (Ana Bilim Dal\u0131 B\u015fk.)<\/li><li>Prof. Dr. AYNUR SARI<\/li><li>Prof. Dr. NUR TAN<\/li><li>Prof. Dr. SEVDA S\u00dcZGE\u00c7 SEL\u00c7UK<\/li><li>Do\u00e7. Dr. BURCU \u015eEN<\/li><li>Do\u00e7. Dr. \u00c7A\u011eLAYAN G\u00dcRER<\/li><li>Do\u00e7. Dr. ESRA ERO\u011eLU \u00d6ZKAN<\/li><li>Dr. \u00d6\u011fr. \u00dcyesi SE\u00c7\u0130L YAZICI T\u00dcT\u00dcN\u0130\u015e<\/li><li>Ar\u015f. G\u00f6r. Dr. FATMA MEMNUNE ERU\u00c7AR<\/li><li>Ar\u015f. G\u00f6r. Dr. SEL\u0130N TUFAN<\/li><li>Ar\u015f. G\u00f6r. D\u0130CLE NAZ A\u011eAR<\/li><li>Ar\u015f. G\u00f6r. FADIL KAAN KURAN<\/li><\/ul><p><strong>Farmakoloji Anabilim Dal\u0131<\/strong><\/p><ul><li>Prof. Dr. B\u0130RSEL S\u00d6NMEZ UYDE\u015e DO\u011eAN (Ana Bilim Dal\u0131 B\u015fk.)<\/li><li>Prof. Dr. ALPER OKYAR<\/li><li>Prof. Dr. G\u00d6KCE TOPAL TANYILMAZ<\/li><li>Do\u00e7. Dr. FATO\u015e \u0130LKAY ALP YILDIRIM<\/li><li>Do\u00e7. Dr. G\u00dcLSEV \u00d6ZEN YORGANCIG\u0130L<\/li><li>Do\u00e7. Dr. N\u0130HAN \u00c7AR\u00c7AK YILMAZ<\/li><li>Do\u00e7. Dr. ZEL\u0130HA PALA KARA<\/li><li>Dr. \u00d6\u011fr. \u00dcyesi DEN\u0130Z KALEL\u0130 DURMAN<\/li><li>Dr. \u00d6\u011fr. \u00dcyesi NAR\u0130N \u00d6ZT\u00dcRK SEYHAN<\/li><li>Ar\u015f. G\u00f6r. Dr. ERKAN C\u0130VELEK<\/li><li>Ar\u015f. G\u00f6r. Dr. ZEYNEP \u00c7EL\u0130K<\/li><li>Ar\u015f. G\u00f6r. AYL\u0130N ARI<\/li><li>Ar\u015f. G\u00f6r. ESEN G\u00dcL KO\u00c7AK<\/li><li>Ar\u015f. G\u00f6r. \u0130LKER KURT<\/li><li>Ar\u015f. G\u00f6r. MERVE ERDAL<\/li><\/ul><p><strong>Farmas\u00f6tik Kimya Anabilim Dal\u0131<\/strong><\/p><ul><li>Prof. Dr. \u00d6ZLEN G\u00dcZEL AKDEM\u0130R (Ana Bilim Dal\u0131 B\u015fk.)<\/li><li>Prof. Dr. N\u0130LG\u00dcN L\u00dcTF\u0130YE KARALI<\/li><li>Prof. Dr. NURAY G\u00dcZELDEM\u0130RC\u0130<\/li><li>Do\u00e7. Dr. F\u00dcSUN UR G\u00d6KTA\u015e<\/li><li>Do\u00e7. Dr. G\u00d6K\u00c7E C\u0130HAN \u00dcST\u00dcNDA\u011e<\/li><li>Dr. \u00d6\u011fr. \u00dcyesi \u00c7A\u011eLA BEG\u00dcM APAYDIN<\/li><li>Dr. \u00d6\u011fr. \u00dcyesi EFE DO\u011eUKAN D\u0130NCEL<\/li><li>Ar\u015f. G\u00f6r. Dr. K\u00dcBRA DEM\u0130R YAZICI<\/li><li>Ar\u015f. G\u00f6r. MERVE CAMCI<\/li><\/ul><p><strong>Farmas\u00f6tik Toksikoloji Anabilim Dal\u0131<\/strong><\/p><ul><li>Prof. Dr. G\u00dcL \u00d6ZHAN (Ana Bilim Dal\u0131 B\u015fk.)<\/li><li>Prof. Dr. S\u0130BEL \u00d6ZDEN<\/li><li>Do\u00e7. Dr. AY\u015eE TARBIN JANNUZZI<\/li><li>Do\u00e7. Dr. EREN \u00d6Z\u00c7A\u011eLI<\/li><li>Do\u00e7. Dr. EZG\u0130 \u00d6ZTA\u015e<\/li><li>Do\u00e7. Dr. MAHMUT FIRAT KENANO\u011eLU<\/li><li>Do\u00e7. Dr. MEHTAP KARA<\/li><li>Ar\u015f. G\u00f6r. \u00d6ZGE SULTAN ZENG\u0130N<\/li><\/ul><p><strong>ECZACILIK TEKNOLOJ\u0130S\u0130 B\u00d6L\u00dcM\u00dc<\/strong><\/p><p><strong>Farmas\u00f6tik Biyoteknoloji Anabilim Dal\u0131<\/strong><\/p><ul><li>Prof. Dr. ERDAL CEVHER (Vekil Ana Bilim Dal\u0131 B\u015fk.)<\/li><li>Ar\u015f. G\u00f6r. EDA YE\u015e\u0130LKAYA<\/li><\/ul><p><strong>Farmas\u00f6tik Teknoloji Anabilim Dal\u0131<\/strong><\/p><ul><li>Prof. Dr. YILDIZ ERG\u0130NER (Ana Bilim Dal\u0131 B\u015fk.<\/li><li>Prof. Dr. AYCA YILDIZ PEK\u00d6Z<\/li><li>Prof. Dr. ERDAL CEVHER<\/li><li>Prof. Dr. FATMA G\u00dcLG\u00dcN YENER<\/li><li>Prof. Dr. SEVG\u0130 G\u00dcNG\u00d6R<\/li><li>Prof. Dr. \u00dcM\u0130T G\u00d6N\u00dcLL\u00dc<\/li><li>Do\u00e7. Dr. BURCU MESUT<\/li><li>Do\u00e7. Dr. MERYEM SEDEF ERDAL<\/li><li>Dr. \u00d6\u011fr. \u00dcyesi EBRU ALTUNTA\u015e<\/li><li>Dr. \u00d6\u011fr. \u00dcyesi EM\u0130NE KAHRAMAN \u015e\u0130R\u0130N<\/li><li>Dr. \u00d6\u011fr. \u00dcyesi MEL\u0130KE SESSEVMEZ<\/li><li>Ar\u015f. G\u00f6r. Dr. ASLI G\u00dcRB\u00dcZ YURTSEVER<\/li><li>Ar\u015f. G\u00f6r. Dr. \u00d6ZLEM AKBAL DA\u011eISTAN<\/li><li>Ar\u015f. G\u00f6r. CEREN KOCA<\/li><li>Ar\u015f. G\u00f6r. EM\u0130NE SALDAMLI<\/li><li>Ar\u015f. G\u00f6r. PEL\u0130N PELVANO\u011eLU<\/li><\/ul><p><strong>Radyofarmasi Anabilim Dal\u0131<\/strong><\/p><ul><li>Prof. Dr. ERDAL CEVHER (Vekil Ana Bilim Dal\u0131 B\u015fk.)<\/li><li>Ar\u015f. G\u00f6r. YAVUZ SEL\u0130M \u00c7EL\u0130K<\/li><\/ul><p><strong>TEMEL ECZACILIK B\u0130L\u0130MLER\u0130 B\u00d6L\u00dcM\u00dc<\/strong><\/p><p><strong>Analitik Kimya Anabilim Dal\u0131<\/strong><\/p><ul><li>Prof. Dr. SIDIKA TOKER (Bilim Dal\u0131 B\u015fk.)<\/li><li>Prof. Dr. AHMET OLCAY SA\u011eIRLI<\/li><li>Prof. Dr. ARMA\u011eAN \u00d6NAL<\/li><li>Prof. Dr. DUR\u0130 \u015eEHVAR \u00dcNAL<\/li><li>Prof. Dr. SENA \u00c7A\u011eLAR ANDA\u00c7<\/li><li>Prof. Dr. UFUK KOLAK<\/li><li>Prof. Dr. ZEYNEP AYDO\u011eMU\u015e<\/li><li>Do\u00e7. Dr. AYKUT KUL<\/li><li>Do\u00e7. Dr. PEL\u0130N K\u00d6SEO\u011eLU YILMAZ<\/li><li>Dr. \u00d6\u011fr. \u00dcyesi GAMZE ERG\u0130N KIZIL\u00c7AY<\/li><li>Ar\u015f. G\u00f6r. Dr. NE\u015eET NE\u015eETO\u011eLU<\/li><\/ul><p><strong>Biyokimya Anabilim Dal\u0131<\/strong><\/p><ul><li>Prof. Dr. PINAR AKSOY SA\u011eIRLI (Ana Bilim Dal\u0131 B\u015fk.)<\/li><li>Prof. Dr. TU\u011eBA YILMAZ \u00d6ZDEN<\/li><li>Do\u00e7. Dr. \u00d6ZLEM KURT \u015e\u0130R\u0130N<\/li><li>Dr. \u00d6\u011fr. \u00dcyesi G\u00d6ZDE HASBAL \u00c7EL\u0130KOK<\/li><li>Ar\u015f. G\u00f6r. Dr. G\u00dcLS\u00dcM ALTIPARMAK \u00dcLBEG\u0130<\/li><li>Ar\u015f. G\u00f6r. G\u00dcL\u015eAH GAMZE ARCAN<\/li><\/ul><p><strong>Farmas\u00f6tik Botanik Anabilim Dal\u0131<\/strong><\/p><ul><li>Prof. Dr. EM\u0130NE AKALIN (Ana Bilim Dal\u0131 B\u015fk.)<\/li><li>Do\u00e7. Dr. \u015e\u00dcKRAN K\u00dcLT\u00dcR<\/li><li>Do\u00e7. Dr. G\u00dcLAY ECEV\u0130T GEN\u00c7<\/li><li>Do\u00e7. Dr. M\u0130NE KO\u00c7Y\u0130\u011e\u0130T AVCI<\/li><li>Do\u00e7. Dr. M\u00dcNEVVER BAHAR G\u00dcRDAL ABAMOR<\/li><li>Do\u00e7. Dr. YETER YE\u015e\u0130L CANT\u00dcRK<\/li><li>Ar\u015f. G\u00f6r. Dr. B\u00dcLENT OLCAY<\/li><li>Ar\u015f. G\u00f6r. Dr. H\u00dcSEY\u0130N ONUR TUNCAY<\/li><li>Ar\u015f. G\u00f6r. EZG\u0130 UYSAL<\/li><\/ul><p><strong>Farmas\u00f6tik Mikrobiyoloji Anabilim Dal\u0131<\/strong><\/p><ul><li>Prof. Dr. AY\u015eE SEHER B\u0130RTEKS\u00d6Z TAN (Ana Bilim Dal\u0131 B\u015fk.)<\/li><li>Prof. Dr. BERNA \u00d6ZBEK \u00c7EL\u0130K<\/li><li>Prof. Dr. \u00c7A\u011eLA BOZKURT G\u00dcZEL<\/li><li>Prof. Dr. S\u0130BEL D\u00d6\u015eLER<\/li><li>Do\u00e7. Dr. EMEL MATARACI KARA<\/li><li>Do\u00e7. Dr. MAYRAM HACIO\u011eLU<\/li><li>Ar\u015f. G\u00f6r. Dr. FATIMA NUR YILMAZ<\/li><li>Ar\u015f. G\u00f6r. BEK\u0130R \u00d6ZER<\/li><\/ul><\/div>\n\t\t\t\t<\/div>\n\t\t\t\t\t\t\t<div class=\"elementor-toggle-item\">\n\t\t\t\t\t<h3 id=\"elementor-tab-title-1045\" class=\"elementor-tab-title\" data-tab=\"5\" role=\"button\" aria-controls=\"elementor-tab-content-1045\" aria-expanded=\"false\">\n\t\t\t\t\t\t\t\t\t\t\t\t<span class=\"elementor-toggle-icon elementor-toggle-icon-right\" aria-hidden=\"true\">\n\t\t\t\t\t\t\t\t\t\t\t\t\t\t\t<span class=\"elementor-toggle-icon-closed\"><i class=\"vamtamtheme- vamtam-theme-arrow-down\"><\/i><\/span>\n\t\t\t\t\t\t\t\t<span class=\"elementor-toggle-icon-opened\"><i class=\"elementor-toggle-icon-opened vamtamtheme- vamtam-theme-arrow-up\"><\/i><\/span>\n\t\t\t\t\t\t\t\t\t\t\t\t\t<\/span>\n\t\t\t\t\t\t\t\t\t\t\t\t<a class=\"elementor-toggle-title\" tabindex=\"0\">B\u00d6L\u00dcMLER\u0130N TANITIMI<\/a>\n\t\t\t\t\t<\/h3>\n\n\t\t\t\t\t<div id=\"elementor-tab-content-1045\" class=\"elementor-tab-content elementor-clearfix\" data-tab=\"5\" role=\"region\" aria-labelledby=\"elementor-tab-title-1045\"><p>Fak\u00fcltemizde eczac\u0131l\u0131k lisans e\u011fitimi T\u00fcrk\u00e7e ve \u0130ngilizce (%100) olmak \u00fczere iki ayr\u0131 program olarak y\u00fcr\u00fct\u00fcl\u00fcyor. Her iki eczac\u0131l\u0131k lisans e\u011fitiminde 5 y\u0131ll\u0131k e\u011fitim plan\u0131ndaki teorik ve pratik derslerin t\u00fcm\u00fc ile staj ve bitirme projesinden ba\u015far\u0131l\u0131 olan ve mezuniyet i\u00e7in gerekli krediyi tamamlayan \u00f6\u011frenci, eczac\u0131 diplomas\u0131n\u0131 almaya hak kazan\u0131yor. Fak\u00fcltemiz; 13 Anabilim Dal\u0131 ve 4 Bilim Dal\u0131ndan olu\u015fuyor. Yakla\u015f\u0131k 1500 \u00f6\u011frencisi ile \u00fclke ve toplum ihtiya\u00e7lar\u0131n\u0131 kar\u015f\u0131layabilecek nitelikte ve nicelikte eczac\u0131 yeti\u015ftirme potansiyeline sahip Fak\u00fcltemiz, deneyimli e\u011fitim kadrosu, ara\u015ft\u0131rma olanaklar\u0131 ve sanayi i\u015fbirlikleri ile bu misyonunu geli\u015ftirerek s\u00fcrd\u00fcr\u00fcyor.<\/p><p><strong>Kabul Ko\u015fullar\u0131: <\/strong>Kabul ko\u015fullar\u0131 21.09.2010 tarih ve 27706 no\u2019lu Resmi Gazete\u2019de yay\u0131nlanan \u201c\u0130stanbul \u00dcniversitesi \u00d6nlisans Ve Lisans E\u011fitim Ve \u00d6\u011fretim Y\u00f6netmeli\u011fi\u201dnde yer al\u0131yor. (<a href=\"https:\/\/www.mevzuat.gov.tr\/mevzuat?MevzuatNo=14287&amp;MevzuatTur=8&amp;MevzuatTertip=5\">https:\/\/www.mevzuat.gov.tr\/mevzuat?MevzuatNo=14287&amp;MevzuatTur=8&amp;MevzuatTertip=5<\/a>)<\/p><p><strong>\u00a0<\/strong><\/p><p><strong>\u00a0<\/strong><\/p><p><strong>Mezuniyet Ko\u015fullar\u0131: <\/strong>Mezuniyet ko\u015fullar\u0131 21.09.2010 tarih ve\u00a0 27706 no\u2019lu Resmi Gazete\u2019de yay\u0131nlanan \u201c\u0130stanbul \u00dcniversitesi \u00d6nlisans Ve Lisans E\u011fitim Ve \u00d6\u011fretim Y\u00f6netmeli\u011fi\u201dnde yer al\u0131yor. (<a href=\"https:\/\/www.mevzuat.gov.tr\/mevzuat?MevzuatNo=14287&amp;MevzuatTur=8&amp;MevzuatTertip=5\">https:\/\/www.mevzuat.gov.tr\/mevzuat?MevzuatNo=14287&amp;MevzuatTur=8&amp;MevzuatTertip=5<\/a>)<\/p><p><strong>Mezunlar\u0131n \u0130stihdam\u0131: <\/strong>Eczac\u0131, ilac\u0131n \u00fcretiminden hastaya ula\u015ft\u0131r\u0131lmas\u0131na kadar her a\u015famas\u0131nda tam yetki ile g\u00f6rev ve sorumluluk alabilecek bir meslektir. \u00c7ok y\u00f6nl\u00fc bir meslektir ve farkl\u0131 \u00e7al\u0131\u015fma alanlar\u0131 bulunur. \u00c7al\u0131\u015fma alanlar\u0131na \u00f6rnek eczane, hastane, ila\u00e7 end\u00fcstrisi, kozmetik end\u00fcstrisi, ecza deposu, Sa\u011fl\u0131k Bakanl\u0131\u011f\u0131\u2019na ba\u011fl\u0131 kurumlar, akademik\/ara\u015ft\u0131rma geli\u015ftirme merkezleri verilebilir.<\/p><\/div>\n\t\t\t\t<\/div>\n\t\t\t\t\t\t\t<div class=\"elementor-toggle-item\">\n\t\t\t\t\t<h3 id=\"elementor-tab-title-1046\" class=\"elementor-tab-title\" data-tab=\"6\" role=\"button\" aria-controls=\"elementor-tab-content-1046\" aria-expanded=\"false\">\n\t\t\t\t\t\t\t\t\t\t\t\t<span class=\"elementor-toggle-icon elementor-toggle-icon-right\" aria-hidden=\"true\">\n\t\t\t\t\t\t\t\t\t\t\t\t\t\t\t<span class=\"elementor-toggle-icon-closed\"><i class=\"vamtamtheme- vamtam-theme-arrow-down\"><\/i><\/span>\n\t\t\t\t\t\t\t\t<span class=\"elementor-toggle-icon-opened\"><i class=\"elementor-toggle-icon-opened vamtamtheme- vamtam-theme-arrow-up\"><\/i><\/span>\n\t\t\t\t\t\t\t\t\t\t\t\t\t<\/span>\n\t\t\t\t\t\t\t\t\t\t\t\t<a class=\"elementor-toggle-title\" tabindex=\"0\">FAK\u00dcLTEN\u0130N AYIRT ED\u0130C\u0130 \u00d6ZELL\u0130KLER\u0130<\/a>\n\t\t\t\t\t<\/h3>\n\n\t\t\t\t\t<div id=\"elementor-tab-content-1046\" class=\"elementor-tab-content elementor-clearfix\" data-tab=\"6\" role=\"region\" aria-labelledby=\"elementor-tab-title-1046\"><ul><li>1839 y\u0131l\u0131ndan beri hizmet veren, \u00fclkemizdeki lider eczac\u0131l\u0131k fak\u00fcltelerin biri olmas\u0131,<\/li><li>Alan\u0131nda etkin ve tecr\u00fcbeli, %80\u2019den fazlas\u0131 eczac\u0131 k\u00f6kenli olan g\u00fc\u00e7l\u00fc akademik kadroya sahip olmas\u0131,<\/li><li>2015 y\u0131l\u0131nda \u201cUlusal Eczac\u0131l\u0131k E\u011fitimi Akreditasyon Belgesi\u201dni almas\u0131,<\/li><li>\u0130stanbul s\u0131n\u0131rlar\u0131 i\u00e7inde bulunan \u00e7ok say\u0131da ulusal ve uluslararas\u0131 ila\u00e7 end\u00fcstrisi kurulu\u015flar\u0131 ile \u00f6nemli projeler y\u00fcr\u00fct\u00fclmesi,<\/li><li>\u0130la\u00e7 sanayinin b\u00fcy\u00fck oranda Marmara b\u00f6lgesinde yo\u011funla\u015fmas\u0131 ve \u00e7ok say\u0131da mezununun sanayide g\u00f6rev almas\u0131 nedeniyle, \u00dcniversite-Sanayi i\u015f birli\u011fini T\u00fcrkiye\u2019de en fazla ger\u00e7ekle\u015ftiren Eczac\u0131l\u0131k Fak\u00fcltelerinden biri olmas\u0131,<\/li><li>\u0130la\u00e7 sekt\u00f6r\u00fcn\u00fcn ihtiya\u00e7lar\u0131n\u0131 kar\u015f\u0131layacak yetkinli\u011fe sahip mezunlar yeti\u015ftirilmesi,<\/li><li>Programda ila\u00e7 sekt\u00f6r\u00fcn\u00fcn \u00fcst d\u00fczey y\u00f6neticileri taraf\u0131ndan kariyer ko\u00e7lu\u011fu, pazarlama, sat\u0131\u015f, pazara eri\u015fim, medikal, klinik \u00e7al\u0131\u015fmalar, \u00fcretim, ara\u015ft\u0131rma geli\u015ftirme ve liderlik e\u011fitimleri verilmesi,<\/li><li>\u00d6\u011frencilere sekt\u00f6rde ilgi alanlar\u0131na uygun staj imk\u00e2n\u0131 sa\u011flanmas\u0131,<\/li><li>ISPE T\u00fcrkiye \u00f6\u011frenci birli\u011fimiz ila\u00e7 end\u00fcstrisinde \u00f6nc\u00fc firmalar\u0131n \u00fcst d\u00fczey yetkilileriyle seminerler, ila\u00e7 end\u00fcstrisine geziler d\u00fczenlenmesi,<\/li><li>Erasmus staj hareketlili\u011fi ve IUPSA-Int \u00f6\u011frenci kul\u00fcb\u00fcm\u00fcz taraf\u0131ndan y\u00fcr\u00fct\u00fclen Student Exchange Programme (SEP) staj hareketlili\u011fi ile yurt d\u0131\u015f\u0131nda staj imk\u00e2n\u0131 sa\u011flanmas\u0131,<\/li><li>Klinik eczac\u0131l\u0131k, hastane eczac\u0131l\u0131\u011f\u0131, farmakoterapi ve fitofarmasi alanlar\u0131nda verilen derslerimiz T\u0131p Fak\u00fcltelerinde alan\u0131nda uzman klinisyenler, eczac\u0131lar ve di\u011fer sa\u011fl\u0131k \u00e7al\u0131\u015fanlar\u0131n\u0131n katk\u0131lar\u0131 ile bizzat yerinde uygulamalar ile y\u00fcr\u00fct\u00fclmesi,<\/li><\/ul><p>Y\u00fcksek \u00d6\u011fretim Kurulu, 2017 y\u0131l\u0131nda, bir uluslararas\u0131 derecelendirme kurulu\u015funa, T\u00fcrkiye\u2019deki k\u00f6kl\u00fc \u00fcniversitelerin alan baz\u0131nda d\u00fcnya \u00fcniversitelerine g\u00f6re ba\u015far\u0131 oranlar\u0131n\u0131 \u00f6l\u00e7t\u00fcrd\u00fc. T\u00fcrkiye\u2019deki toplam 186 \u00fcniversiteden aralar\u0131nda belirlenen 10 \u00fcniversite, 24 farkl\u0131 alanda rekabet edebilir bulundu. \u00dcniversitemiz, Fak\u00fcltemizin de i\u00e7inde bulundu\u011fu 4 alanda, d\u00fcnyada ilk 250-300 aral\u0131\u011f\u0131na girerek \u201cAlan Odakl\u0131 Ba\u015far\u0131 \u00d6d\u00fcl\u00fc\u201d almaya hak kazand\u0131.<\/p><p>\u00a0<\/p><p><img decoding=\"async\" class=\"alignnone size-large wp-image-989513\" src=\"http:\/\/tercihim.istanbul.edu.tr\/wp-content\/uploads\/2024\/07\/xxxx-1024x576.jpg\" alt=\"\" width=\"1024\" height=\"576\" srcset=\"https:\/\/tercihim.istanbul.edu.tr\/wp-content\/uploads\/2024\/07\/xxxx-1024x576.jpg 1024w, https:\/\/tercihim.istanbul.edu.tr\/wp-content\/uploads\/2024\/07\/xxxx-300x169.jpg 300w, https:\/\/tercihim.istanbul.edu.tr\/wp-content\/uploads\/2024\/07\/xxxx-768x432.jpg 768w, https:\/\/tercihim.istanbul.edu.tr\/wp-content\/uploads\/2024\/07\/xxxx-1536x864.jpg 1536w, https:\/\/tercihim.istanbul.edu.tr\/wp-content\/uploads\/2024\/07\/xxxx.jpg 1552w\" sizes=\"(max-width: 1024px) 100vw, 1024px\" \/><\/p><\/div>\n\t\t\t\t<\/div>\n\t\t\t\t\t\t\t<div class=\"elementor-toggle-item\">\n\t\t\t\t\t<h3 id=\"elementor-tab-title-1047\" class=\"elementor-tab-title\" data-tab=\"7\" role=\"button\" aria-controls=\"elementor-tab-content-1047\" aria-expanded=\"false\">\n\t\t\t\t\t\t\t\t\t\t\t\t<span class=\"elementor-toggle-icon elementor-toggle-icon-right\" aria-hidden=\"true\">\n\t\t\t\t\t\t\t\t\t\t\t\t\t\t\t<span class=\"elementor-toggle-icon-closed\"><i class=\"vamtamtheme- vamtam-theme-arrow-down\"><\/i><\/span>\n\t\t\t\t\t\t\t\t<span class=\"elementor-toggle-icon-opened\"><i class=\"elementor-toggle-icon-opened vamtamtheme- vamtam-theme-arrow-up\"><\/i><\/span>\n\t\t\t\t\t\t\t\t\t\t\t\t\t<\/span>\n\t\t\t\t\t\t\t\t\t\t\t\t<a class=\"elementor-toggle-title\" tabindex=\"0\">FAK\u00dcLTE KUL\u00dcPLER\u0130, SOSYAL VE K\u00dcLT\u00dcREL FAAL\u0130YETLER<\/a>\n\t\t\t\t\t<\/h3>\n\n\t\t\t\t\t<div id=\"elementor-tab-content-1047\" class=\"elementor-tab-content elementor-clearfix\" data-tab=\"7\" role=\"region\" aria-labelledby=\"elementor-tab-title-1047\"><ul>\n<li>Fak\u00fcltemizde \u00f6\u011frenci kul\u00fcpleri taraf\u0131ndan bilimsel ve sosyal faaliyetler y\u00fcr\u00fct\u00fcl\u00fcyor.<\/li>\n<li>Erasmus Staj Hareketlili\u011fi kapsam\u0131nda; \u00f6\u011frencilerimizin uluslararas\u0131 alanda ila\u00e7 sanayindeki deneyimlerini artt\u0131rmaya y\u00f6nelik staj programlar\u0131 d\u00fczenleniyor.<\/li>\n<li>IUPSAint \u00d6\u011frenci kul\u00fcb\u00fcm\u00fcz b\u00fcnyesinde kurulan SEP (Student Exchange Programme) Team ile her y\u0131l d\u00fcnyan\u0131n d\u00f6rt bir yan\u0131ndan yabanc\u0131 \u00f6\u011frenciye \u0130stanbul\u2019daki eczane, hastane ve ila\u00e7 end\u00fcstrisinde staj imk\u00e2n\u0131 tan\u0131rken \u00f6\u011frencilerimizin de ayn\u0131 imk\u00e2nlar\u0131 yurt d\u0131\u015f\u0131nda kullanmalar\u0131 f\u0131rsat\u0131n\u0131 sa\u011flan\u0131yor.<\/li>\n<\/ul>\n<p><strong>T\u00fcrk Eczac\u0131l\u0131k Tarihi \u0130htisas M\u00fczesi: <\/strong>Fak\u00fcltemiz b\u00fcnyesinde T\u00fcrkiye\u2019nin ilk Eczac\u0131l\u0131k Tarihi M\u00fczesi olan m\u00fczemiz 1960 y\u0131l\u0131nda Prof.Dr. Turhan Baytop taraf\u0131ndan kuruldu. T\u00fcrkiye\u2019de eczanelerin, eczac\u0131l\u0131k e\u011fitiminin ve ila\u00e7 end\u00fcstrisinin tarihine \u0131\u015f\u0131k tutan kaynaklar i\u00e7eren koleksiyonun korunmas\u0131, gelecek nesillere kalabilmesi ve meslek tarihimiz ile ilgili ara\u015ft\u0131rmalara olanak sa\u011flamas\u0131 amac\u0131yla \u201c\u0130htisas M\u00fczesi\u201d olarak tescil edilmek \u00fczere K\u00fclt\u00fcr Bakanl\u0131\u011f\u0131na Rekt\u00f6rl\u00fc\u011f\u00fcm\u00fcz taraf\u0131ndan yap\u0131lan ba\u015fvuru 29.10.2017 tarihinde onayland\u0131. Topkap\u0131 Saray\u0131 M\u00fczesi Enderun Eczahanesi\u2019ne ait \u015fiddetli zehirler dolab\u0131, ayr\u0131 bulundurulacak ila\u00e7lar dolab\u0131, porselen ila\u00e7 kavanozlar\u0131, cam ila\u00e7 \u015fi\u015feleri, drog kutular\u0131, bu koleksiyonda sergileniyor. Osmanl\u0131 d\u00f6nemine ait iki eczanenin (Past\u00f6r Eczahanesi ve \u0130stikamet Eczahanesi) dolaplar\u0131, \u00e7e\u015fitli eczanelere ait porselen ila\u00e7 kavanozlar\u0131, ila\u00e7 yap\u0131m\u0131nda kullan\u0131lan malzeme ve re\u00e7ete kay\u0131t defterleri \u00fclkemizde eczanelerin geli\u015fimi hakk\u0131nda fikir veriyor. 1839 Y\u0131l\u0131nda ba\u015flayan eczac\u0131l\u0131k e\u011fitiminin \u00e7e\u015fitli d\u00f6nemlerine ait diplomalar, diploma kay\u0131t defterleri, mezunlar\u0131n foto\u011fraflar\u0131, tabelalar bu koleksiyonda yer al\u0131yor. T\u00fcrkiye\u2019de ila\u00e7 end\u00fcstrisinin tarihini de bu koleksiyonda izlemek m\u00fcmk\u00fcnd\u00fcr. Osmanl\u0131 d\u00f6neminden g\u00fcn\u00fcm\u00fcze yerli ve yabanc\u0131 1500\u2019den fazla m\u00fcstahzar firmalara g\u00f6re grupland\u0131r\u0131lm\u0131\u015f olarak sergileniyor.<\/p>\n<p><\/p>\n<p><strong>\u0130stanbul \u00dcniversitesi Eczac\u0131l\u0131k Fak\u00fcltesi Herbaryumu (ISTE): <\/strong>Kurulu\u015fu 1945\u2019e dayanan, kurutulmu\u015f bitki \u00f6rneklerinin, belli bir sistematik d\u00fczenle yerle\u015ftirildi\u011fi ve konu ile ilgili bilimsel \u00e7al\u0131\u015fmalara imk\u00e2n sa\u011flayan M\u00fcze, \u00fcniversitemiz b\u00fcnyesindeki ulusal bir herbaryumdur. \u0130stanbul ile Trakya bitkilerinin \u00e7ok iyi temsil edildi\u011fi ISTE\u2019deki kurutulmu\u015f bitki \u00f6rneklerinin yakla\u015f\u0131k %95\u2019i T\u00fcrkiye\u2019den toplanan \u00f6rneklerden olu\u015fuyor. T\u00fcrkiye\u2019de do\u011fal olarak yeti\u015fen t\u00fcrlerin yakla\u015f\u0131k %80\u2019i ISTE\u2019de yer al\u0131yor. Bunlar\u0131n yan\u0131nda tarihi de\u011feri olan Avrupa \u00f6rnekleri de bulunan ISTE g\u00fcn\u00fcm\u00fczde yakla\u015f\u0131k 115 bin bitki \u00f6rne\u011fine ev sahipli\u011fi yap\u0131yor.<\/p>\n<p><\/p>\n<p><strong>Fak\u00fcltemizin Aktif \u00d6\u011frenci Kul\u00fcpleri <\/strong><\/p>\n<p><strong>&nbsp;<\/strong><\/p>\n<ul>\n<li><strong>IUPSA &#8211; \u0130stanbul \u00dcniversitesi Eczac\u0131l\u0131k \u00d6\u011frencileri Birli\u011fi<\/strong>: T\u00fcrkiye\u2019nin ilk eczac\u0131l\u0131k \u00f6\u011frenci birli\u011fidir. Eczac\u0131l\u0131k e\u011fitim-\u00f6\u011fretimi hakk\u0131ndaki bilgi, d\u00fc\u015f\u00fcnce ve \u00f6nerilerin payla\u015f\u0131ld\u0131\u011f\u0131 internet sayfas\u0131 yan\u0131 s\u0131ra \u00e7e\u015fitli yay\u0131nlar, aktiviteler ve sosyal sorumluluk projeleri ile Fak\u00fcltemiz \u00f6\u011frencileri aras\u0131nda ileti\u015fimin sa\u011flanmas\u0131 faaliyetleri aras\u0131nda yer al\u0131yor.<\/li>\n<\/ul>\n<ul>\n<li><strong>IUPSAint &#8211; Istanbul University Pharmaceutical Students\u2019 Association International:<\/strong> Fak\u00fcltemiz \u00f6\u011frencilerinin d\u00fcnyadaki di\u011fer eczac\u0131l\u0131k \u00f6\u011frencileriyle irtibat\u0131n\u0131 sa\u011flayan, \u00e7e\u015fitli projelerle, d\u00fcnyan\u0131n d\u00f6rt bir yan\u0131nda ger\u00e7ekle\u015fen kongrelerle, staj hareketlilik programlar\u0131yla eczac\u0131l\u0131\u011f\u0131n uluslararas\u0131 boyutunu \u00f6\u011frencilere tan\u0131tmay\u0131 ve eczac\u0131l\u0131k alan\u0131nda \u00f6\u011frencilere geni\u015f bir vizyon edindirmeyi hedefleyen \u00f6\u011frenci birli\u011fimizdir. \u00c7al\u0131\u015fmalar\u0131n\u0131, ulusal ve uluslararas\u0131 eczac\u0131l\u0131k \u00f6\u011frencilerini bir araya getiren EPSA (European Pharmaceutical Students \u2019Association) ve IPSF (International Pharmaceutical Students\u2019 Federation) ile birlikte y\u00fcr\u00fct\u00fcyor.<\/li>\n<li><strong>ISPE Student Chapter Internat\u0130onal Soc\u0130ety For Pharmaceut\u0131cal Eng\u0130neer\u0130ng: <\/strong>Eczac\u0131l\u0131k Fak\u00fcltesi \u00f6\u011frencileri ile ila\u00e7 end\u00fcstrisini d\u00fcnya \u00e7ap\u0131nda bir araya getiren, k\u00e2r amac\u0131 g\u00fctmeyen profesyonel \u00f6\u011frenci toplulu\u011fumuzdur. \u00dcyelerine k\u00fcresel ila\u00e7 ve biyofarmas\u00f6tik end\u00fcstrisinde hastalara y\u00f6nelik kaliteli ila\u00e7lar\u0131n \u00fcretiminde destek olmak i\u00e7in teknik ve operasyonel \u00e7\u00f6z\u00fcmler sunuyor.<\/li>\n<\/ul>\n<ul>\n<li><strong>Farmaekoloji Kul\u00fcb\u00fc<\/strong>: Ya\u015fad\u0131\u011f\u0131 d\u00fcnyaya ve do\u011faya sayg\u0131l\u0131, do\u011fan\u0131n mevcut d\u00fczeni \u00fczerinde y\u0131k\u0131c\u0131 de\u011fil yap\u0131c\u0131 \u015fekilde faaliyetler g\u00f6steren, mesleki alan\u0131m\u0131zda t\u0131bbi bitkilerin korunmas\u0131 ve \u00e7o\u011falt\u0131lmas\u0131 konusunda bilin\u00e7li eczac\u0131lar\u0131n yeti\u015fmesine katk\u0131 sa\u011flamay\u0131 ama\u00e7layan \u00f6\u011frenci kul\u00fcb\u00fcm\u00fczd\u00fcr.<\/li>\n<\/ul>\n<ul>\n<li><strong>\u0130\u00dcDEK &#8211; Dermokozmetik Eczac\u0131l\u0131\u011f\u0131 Kul\u00fcb\u00fc: <\/strong>\u0130\u00dcDEK, \u00fclkemizde dermokozmetik alan\u0131ndaki geli\u015fimlere ve giri\u015fimlere ortak olmay\u0131 ve bunlar\u0131 payla\u015fmay\u0131, eczac\u0131l\u0131k \u00f6\u011frencilerini dermokozmetik alan\u0131nda bilin\u00e7lendirmeyi ve eczac\u0131lar\u0131n bu sekt\u00f6rde daha da yetkinle\u015ftirilmesini hedefleyen kul\u00fcb\u00fcm\u00fczd\u00fcr.<\/li>\n<\/ul>\n<ul>\n<li><strong>Eczac\u0131l\u0131kta Giri\u015fimcilik Kul\u00fcb\u00fc<\/strong>: Eczac\u0131l\u0131k mesle\u011fini di\u011fer mesleklerle ve kendi i\u00e7inde yeni alanlara entegre edebilmek i\u00e7in etkinlikler d\u00fczenleyen ve yeni giri\u015fimler olu\u015fturmaya te\u015fvik eden kul\u00fcb\u00fcm\u00fczd\u00fcr.<\/li>\n<\/ul>\n<p><strong>&nbsp;<\/strong><\/p>\n<ul>\n<li><strong>Spor Eczac\u0131l\u0131\u011f\u0131 Kul\u00fcb\u00fc<\/strong>: Spor eczac\u0131l\u0131\u011f\u0131n\u0131 tan\u0131tmak ve eczac\u0131lar\u0131n spordaki rol\u00fcn\u00fc vurgulamak, sporun insan sa\u011fl\u0131\u011f\u0131 i\u00e7in \u00f6nemini anlatmak ve spor e\u011fitim faaliyetleri ile besin takviyeleri ve doping maddelerinin kullan\u0131m\u0131 konusunda fark\u0131ndal\u0131k yaratmak, fak\u00fcltemiz \u00f6\u011frencilerine spor faaliyetleri ile kapsay\u0131c\u0131 bir sosyal ortam olu\u015fturmay\u0131 ama\u00e7layan kul\u00fcb\u00fcm\u00fczd\u00fcr.<\/li>\n<\/ul>\n<ul>\n<li><strong>M\u00fczik Kul\u00fcb\u00fc<\/strong>: Fak\u00fcltemize, \u00f6\u011frencilerimize, \u00f6\u011fretim elemanlar\u0131m\u0131za ve \u00f6\u011fretim \u00fcyelerimize m\u00fczi\u011fi sevdirmek, m\u00fczik k\u00fclt\u00fcr\u00fcm\u00fcz\u00fc geli\u015ftirmek, m\u00fczik ile ilgili faaliyetler d\u00fczenleyip bu faaliyetlerde \u00f6\u011frencilerin g\u00f6rev almas\u0131n\u0131 sa\u011flayarak topluma aktif bireyler kazand\u0131rmay\u0131 hedefleyen kul\u00fcb\u00fcm\u00fczd\u00fcr.<\/li>\n<\/ul><\/div>\n\t\t\t\t<\/div>\n\t\t\t\t\t\t\t<div class=\"elementor-toggle-item\">\n\t\t\t\t\t<h3 id=\"elementor-tab-title-1048\" class=\"elementor-tab-title\" data-tab=\"8\" role=\"button\" aria-controls=\"elementor-tab-content-1048\" aria-expanded=\"false\">\n\t\t\t\t\t\t\t\t\t\t\t\t<span class=\"elementor-toggle-icon elementor-toggle-icon-right\" aria-hidden=\"true\">\n\t\t\t\t\t\t\t\t\t\t\t\t\t\t\t<span class=\"elementor-toggle-icon-closed\"><i class=\"vamtamtheme- vamtam-theme-arrow-down\"><\/i><\/span>\n\t\t\t\t\t\t\t\t<span class=\"elementor-toggle-icon-opened\"><i class=\"elementor-toggle-icon-opened vamtamtheme- vamtam-theme-arrow-up\"><\/i><\/span>\n\t\t\t\t\t\t\t\t\t\t\t\t\t<\/span>\n\t\t\t\t\t\t\t\t\t\t\t\t<a class=\"elementor-toggle-title\" tabindex=\"0\">B\u0130L\u0130MSEL PROJELER<\/a>\n\t\t\t\t\t<\/h3>\n\n\t\t\t\t\t<div id=\"elementor-tab-content-1048\" class=\"elementor-tab-content elementor-clearfix\" data-tab=\"8\" role=\"region\" aria-labelledby=\"elementor-tab-title-1048\"><p>Fak\u00fcltemizde ulusal ve uluslararas\u0131 Bilimsel Ara\u015ft\u0131rma Projeleri (Tubitak, COST, T\u00fcseb, vb) ile birlikte Tubitak 2209A ve 2209B lisans \u00f6\u011frenci projeleri y\u00fcr\u00fct\u00fcl\u00fcyor<\/p><\/div>\n\t\t\t\t<\/div>\n\t\t\t\t\t\t\t<div class=\"elementor-toggle-item\">\n\t\t\t\t\t<h3 id=\"elementor-tab-title-1049\" class=\"elementor-tab-title\" data-tab=\"9\" role=\"button\" aria-controls=\"elementor-tab-content-1049\" aria-expanded=\"false\">\n\t\t\t\t\t\t\t\t\t\t\t\t<span class=\"elementor-toggle-icon elementor-toggle-icon-right\" aria-hidden=\"true\">\n\t\t\t\t\t\t\t\t\t\t\t\t\t\t\t<span class=\"elementor-toggle-icon-closed\"><i class=\"vamtamtheme- vamtam-theme-arrow-down\"><\/i><\/span>\n\t\t\t\t\t\t\t\t<span class=\"elementor-toggle-icon-opened\"><i class=\"elementor-toggle-icon-opened vamtamtheme- vamtam-theme-arrow-up\"><\/i><\/span>\n\t\t\t\t\t\t\t\t\t\t\t\t\t<\/span>\n\t\t\t\t\t\t\t\t\t\t\t\t<a class=\"elementor-toggle-title\" tabindex=\"0\">\u00d6D\u00dcLLER VE BA\u015eARILAR<\/a>\n\t\t\t\t\t<\/h3>\n\n\t\t\t\t\t<div id=\"elementor-tab-content-1049\" class=\"elementor-tab-content elementor-clearfix\" data-tab=\"9\" role=\"region\" aria-labelledby=\"elementor-tab-title-1049\"><ul><li>Fak\u00fcltemiz 2015 ve 2022 y\u0131llar\u0131nda tam akreditasyon ald\u0131.<\/li><li>Fak\u00fcltemiz 2021 y\u0131l\u0131nda Y\u00d6K Engelsiz \u00dcniversite \u00d6d\u00fclleri kapsam\u0131nda Turuncu Bayrak \u00f6d\u00fcl\u00fcn\u00fc ald\u0131.<\/li><li>Fak\u00fcltemiz \u00d6\u011fretim \u00dcyeleri ulusal ve uluslararas\u0131 alanlarda \u00f6d\u00fcller al\u0131yor.<\/li><\/ul><\/div>\n\t\t\t\t<\/div>\n\t\t\t\t\t\t\t<div class=\"elementor-toggle-item\">\n\t\t\t\t\t<h3 id=\"elementor-tab-title-10410\" class=\"elementor-tab-title\" data-tab=\"10\" role=\"button\" aria-controls=\"elementor-tab-content-10410\" aria-expanded=\"false\">\n\t\t\t\t\t\t\t\t\t\t\t\t<span class=\"elementor-toggle-icon elementor-toggle-icon-right\" aria-hidden=\"true\">\n\t\t\t\t\t\t\t\t\t\t\t\t\t\t\t<span class=\"elementor-toggle-icon-closed\"><i class=\"vamtamtheme- vamtam-theme-arrow-down\"><\/i><\/span>\n\t\t\t\t\t\t\t\t<span class=\"elementor-toggle-icon-opened\"><i class=\"elementor-toggle-icon-opened vamtamtheme- vamtam-theme-arrow-up\"><\/i><\/span>\n\t\t\t\t\t\t\t\t\t\t\t\t\t<\/span>\n\t\t\t\t\t\t\t\t\t\t\t\t<a class=\"elementor-toggle-title\" tabindex=\"0\">ERASMUS \u0130MK\u00c2NLARI<\/a>\n\t\t\t\t\t<\/h3>\n\n\t\t\t\t\t<div id=\"elementor-tab-content-10410\" class=\"elementor-tab-content elementor-clearfix\" data-tab=\"10\" role=\"region\" aria-labelledby=\"elementor-tab-title-10410\"><ul><li><p><strong>Adres: <\/strong>\u0130stanbul \u00dcniversitesi Eczac\u0131l\u0131k Fak\u00fcltesi 34116, Beyaz\u0131t \/ \u0130stanbul<\/p><p><strong>Telefon: <\/strong>+90 2124400000<\/p><p><strong>Dahili: <\/strong>13400<\/p><p><strong>Fax: <\/strong>+90 2124400252<\/p><p><strong>E-Posta: <\/strong>ecza_dekan@istanbul.edu.tr<\/p><p><strong>\u00d6\u011frenci \u0130\u015fleri Dahili: <\/strong>13415-13439-13534<\/p><p><strong>\u00d6\u011frenci \u0130\u015fleri E-Posta: <\/strong>eczogrenci@istanbul.edu.tr<\/p><p><strong>Staj E-Posta: <\/strong>ecza_staj@istanbul.edu.tr<\/p><\/li><\/ul><\/div>\n\t\t\t\t<\/div>\n\t\t\t\t\t\t\t<div class=\"elementor-toggle-item\">\n\t\t\t\t\t<h3 id=\"elementor-tab-title-10411\" class=\"elementor-tab-title\" data-tab=\"11\" role=\"button\" aria-controls=\"elementor-tab-content-10411\" aria-expanded=\"false\">\n\t\t\t\t\t\t\t\t\t\t\t\t<span class=\"elementor-toggle-icon elementor-toggle-icon-right\" aria-hidden=\"true\">\n\t\t\t\t\t\t\t\t\t\t\t\t\t\t\t<span class=\"elementor-toggle-icon-closed\"><i class=\"vamtamtheme- vamtam-theme-arrow-down\"><\/i><\/span>\n\t\t\t\t\t\t\t\t<span class=\"elementor-toggle-icon-opened\"><i class=\"elementor-toggle-icon-opened vamtamtheme- vamtam-theme-arrow-up\"><\/i><\/span>\n\t\t\t\t\t\t\t\t\t\t\t\t\t<\/span>\n\t\t\t\t\t\t\t\t\t\t\t\t<a class=\"elementor-toggle-title\" tabindex=\"0\">\u0130LET\u0130\u015e\u0130M<\/a>\n\t\t\t\t\t<\/h3>\n\n\t\t\t\t\t<div id=\"elementor-tab-content-10411\" class=\"elementor-tab-content elementor-clearfix\" data-tab=\"11\" role=\"region\" aria-labelledby=\"elementor-tab-title-10411\"><ul><li><strong>RTS: <\/strong>Dr. \u00d6\u011fr. \u00dcyesi S\u00dcLEYMAN T\u00dcRKO\u011eLU<\/li><li><strong>H\u0130T: <\/strong>Ar\u015f. G\u00f6r. Dr. EZEL T\u00dcRK<\/li><li><strong>GZT: <\/strong>Ar\u015f. G\u00f6r. Dr. AHMET KADR\u0130 KUR\u015eUN<\/li><\/ul><\/div>\n\t\t\t\t<\/div>\n\t\t\t\t\t\t\t\t<\/div>\n\t\t\t\t<\/div>\n\t\t\t\t<\/div>\n\t\t\t\t\t<\/div>\n\t\t<\/div>\n\t\t\t\t\t<\/div>\n\t\t<\/section>\n\t\t\t\t<\/div>\n\t\t","protected":false},"excerpt":{"rendered":"<p>ECZACILIK FAK\u00dcLTES\u0130&#8217;NE GENEL BAKI\u015e \u0130stanbul \u00dcniversitesi Eczac\u0131l\u0131k Fak\u00fcltesi, ilac\u0131n \u00fcretiminden hastaya ula\u015ft\u0131r\u0131lmas\u0131na kadar her a\u015famas\u0131nda tam yetki ile g\u00f6rev ve sorumluluk alabilecek kat\u0131l\u0131mc\u0131, yenilik\u00e7i, duyarl\u0131 ve ba\u011f\u0131ms\u0131z bilimsel d\u00fc\u015f\u00fcnceye sahip mezunlar yeti\u015ftirmede 1839 y\u0131l\u0131ndan beri hizmet veren, \u00fclkemizdeki lider eczac\u0131l\u0131k fak\u00fcltelerindendir. \u00a0 DEKAN MESAJI Sevgili \u00d6\u011frencilerimiz, 1839 Y\u0131l\u0131nda e\u011fitim vermeye ba\u015flayan, T\u00fcrkiye\u2019nin en k\u00f6kl\u00fc ve&#8230;<\/p>\n","protected":false},"author":2,"featured_media":0,"parent":0,"menu_order":0,"comment_status":"closed","ping_status":"closed","template":"","meta":{"footnotes":""},"_links":{"self":[{"href":"https:\/\/tercihim.istanbul.edu.tr\/index.php\/wp-json\/wp\/v2\/pages\/989167"}],"collection":[{"href":"https:\/\/tercihim.istanbul.edu.tr\/index.php\/wp-json\/wp\/v2\/pages"}],"about":[{"href":"https:\/\/tercihim.istanbul.edu.tr\/index.php\/wp-json\/wp\/v2\/types\/page"}],"author":[{"embeddable":true,"href":"https:\/\/tercihim.istanbul.edu.tr\/index.php\/wp-json\/wp\/v2\/users\/2"}],"replies":[{"embeddable":true,"href":"https:\/\/tercihim.istanbul.edu.tr\/index.php\/wp-json\/wp\/v2\/comments?post=989167"}],"version-history":[{"count":19,"href":"https:\/\/tercihim.istanbul.edu.tr\/index.php\/wp-json\/wp\/v2\/pages\/989167\/revisions"}],"predecessor-version":[{"id":990156,"href":"https:\/\/tercihim.istanbul.edu.tr\/index.php\/wp-json\/wp\/v2\/pages\/989167\/revisions\/990156"}],"wp:attachment":[{"href":"https:\/\/tercihim.istanbul.edu.tr\/index.php\/wp-json\/wp\/v2\/media?parent=989167"}],"curies":[{"name":"wp","href":"https:\/\/api.w.org\/{rel}","templated":true}]}}