{"id":989159,"date":"2024-07-21T20:10:11","date_gmt":"2024-07-21T17:10:11","guid":{"rendered":"https:\/\/tercihim.istanbul.edu.tr\/?page_id=989159"},"modified":"2025-07-29T02:11:01","modified_gmt":"2025-07-28T23:11:01","slug":"hukuk-fakultesi","status":"publish","type":"page","link":"https:\/\/tercihim.istanbul.edu.tr\/index.php\/hukuk-fakultesi\/","title":{"rendered":"Hukuk Fak\u00fcltesi"},"content":{"rendered":"\t\t<div data-elementor-type=\"wp-page\" data-elementor-id=\"989159\" class=\"elementor elementor-989159\" data-elementor-post-type=\"page\">\n\t\t\t\t\t\t<section class=\"elementor-section elementor-top-section elementor-element elementor-element-48ecdc8 elementor-section-height-min-height elementor-section-boxed elementor-section-height-default elementor-section-items-middle\" data-id=\"48ecdc8\" data-element_type=\"section\" data-settings=\"{&quot;background_background&quot;:&quot;classic&quot;}\">\n\t\t\t\t\t\t\t<div class=\"elementor-background-overlay\"><\/div>\n\t\t\t\t\t\t\t<div class=\"elementor-container elementor-column-gap-default\">\n\t\t\t\t\t<div class=\"elementor-column elementor-col-100 elementor-top-column elementor-element elementor-element-87856f1\" data-id=\"87856f1\" data-element_type=\"column\" data-settings=\"{&quot;background_background&quot;:&quot;classic&quot;}\">\n\t\t\t<div class=\"elementor-widget-wrap\">\n\t\t\t\t\t\t\t<\/div>\n\t\t<\/div>\n\t\t\t\t\t<\/div>\n\t\t<\/section>\n\t\t\t\t<section class=\"elementor-section elementor-top-section elementor-element elementor-element-5f57ff6 elementor-section-boxed elementor-section-height-default elementor-section-height-default\" data-id=\"5f57ff6\" data-element_type=\"section\">\n\t\t\t\t\t\t<div class=\"elementor-container elementor-column-gap-no\">\n\t\t\t\t\t<div class=\"elementor-column elementor-col-50 elementor-top-column elementor-element elementor-element-972b5b6 animated-fast elementor-invisible\" data-id=\"972b5b6\" data-element_type=\"column\" data-settings=\"{&quot;background_background&quot;:&quot;classic&quot;,&quot;animation&quot;:&quot;fadeIn&quot;,&quot;animation_delay&quot;:100,&quot;animation_tablet&quot;:&quot;none&quot;,&quot;animation_mobile&quot;:&quot;none&quot;}\">\n\t\t\t<div class=\"elementor-widget-wrap elementor-element-populated\">\n\t\t\t\t\t\t\t<\/div>\n\t\t<\/div>\n\t\t\t\t<div class=\"elementor-column elementor-col-50 elementor-top-column elementor-element elementor-element-5037f50 elementor-hidden-desktop elementor-hidden-tablet elementor-hidden-phone\" data-id=\"5037f50\" data-element_type=\"column\">\n\t\t\t<div class=\"elementor-widget-wrap\">\n\t\t\t\t\t\t\t<\/div>\n\t\t<\/div>\n\t\t\t\t\t<\/div>\n\t\t<\/section>\n\t\t\t\t<section class=\"elementor-section elementor-top-section elementor-element elementor-element-afc61d4 elementor-section-boxed elementor-section-height-default elementor-section-height-default\" data-id=\"afc61d4\" data-element_type=\"section\" data-settings=\"{&quot;animation&quot;:&quot;none&quot;,&quot;animation_tablet&quot;:&quot;none&quot;,&quot;animation_mobile&quot;:&quot;none&quot;,&quot;animation_delay&quot;:300}\">\n\t\t\t\t\t\t<div class=\"elementor-container elementor-column-gap-no\">\n\t\t\t\t\t<div class=\"elementor-column elementor-col-100 elementor-top-column elementor-element elementor-element-1b8c40b\" data-id=\"1b8c40b\" data-element_type=\"column\">\n\t\t\t<div class=\"elementor-widget-wrap elementor-element-populated\">\n\t\t\t\t\t\t<div class=\"elementor-element elementor-element-63c4c7a vamtam-theme-table-styles elementor-widget elementor-widget-toggle\" data-id=\"63c4c7a\" data-element_type=\"widget\" data-widget_type=\"toggle.default\">\n\t\t\t\t<div class=\"elementor-widget-container\">\n\t\t\t<style>\/*! elementor - v3.23.0 - 05-08-2024 *\/\n.elementor-toggle{text-align:start}.elementor-toggle .elementor-tab-title{font-weight:700;line-height:1;margin:0;padding:15px;border-bottom:1px solid #d5d8dc;cursor:pointer;outline:none}.elementor-toggle .elementor-tab-title .elementor-toggle-icon{display:inline-block;width:1em}.elementor-toggle .elementor-tab-title .elementor-toggle-icon svg{margin-inline-start:-5px;width:1em;height:1em}.elementor-toggle .elementor-tab-title .elementor-toggle-icon.elementor-toggle-icon-right{float:right;text-align:right}.elementor-toggle .elementor-tab-title .elementor-toggle-icon.elementor-toggle-icon-left{float:left;text-align:left}.elementor-toggle .elementor-tab-title .elementor-toggle-icon .elementor-toggle-icon-closed{display:block}.elementor-toggle .elementor-tab-title .elementor-toggle-icon .elementor-toggle-icon-opened{display:none}.elementor-toggle .elementor-tab-title.elementor-active{border-bottom:none}.elementor-toggle .elementor-tab-title.elementor-active .elementor-toggle-icon-closed{display:none}.elementor-toggle .elementor-tab-title.elementor-active .elementor-toggle-icon-opened{display:block}.elementor-toggle .elementor-tab-content{padding:15px;border-bottom:1px solid #d5d8dc;display:none}@media (max-width:767px){.elementor-toggle .elementor-tab-title{padding:12px}.elementor-toggle .elementor-tab-content{padding:12px 10px}}.e-con-inner>.elementor-widget-toggle,.e-con>.elementor-widget-toggle{width:var(--container-widget-width);--flex-grow:var(--container-widget-flex-grow)}<\/style>\t\t<div class=\"elementor-toggle\">\n\t\t\t\t\t\t\t<div class=\"elementor-toggle-item\">\n\t\t\t\t\t<h3 id=\"elementor-tab-title-1041\" class=\"elementor-tab-title\" data-tab=\"1\" role=\"button\" aria-controls=\"elementor-tab-content-1041\" aria-expanded=\"false\">\n\t\t\t\t\t\t\t\t\t\t\t\t<span class=\"elementor-toggle-icon elementor-toggle-icon-right\" aria-hidden=\"true\">\n\t\t\t\t\t\t\t\t\t\t\t\t\t\t\t<span class=\"elementor-toggle-icon-closed\"><i class=\"vamtamtheme- vamtam-theme-arrow-down\"><\/i><\/span>\n\t\t\t\t\t\t\t\t<span class=\"elementor-toggle-icon-opened\"><i class=\"elementor-toggle-icon-opened vamtamtheme- vamtam-theme-arrow-up\"><\/i><\/span>\n\t\t\t\t\t\t\t\t\t\t\t\t\t<\/span>\n\t\t\t\t\t\t\t\t\t\t\t\t<a class=\"elementor-toggle-title\" tabindex=\"0\">HUKUK FAK\u00dcLTES\u0130\u2019NE GENEL BAKI\u015e<\/a>\n\t\t\t\t\t<\/h3>\n\n\t\t\t\t\t<div id=\"elementor-tab-content-1041\" class=\"elementor-tab-content elementor-clearfix\" data-tab=\"1\" role=\"region\" aria-labelledby=\"elementor-tab-title-1041\"><p>1880\u2019den beri T\u00fcrkiye\u2019de hukuk e\u011fitiminin \u00f6nc\u00fcs\u00fc olan \u0130stanbul \u00dcniversitesi Hukuk Fak\u00fcltesi; g\u00fc\u00e7l\u00fc akademik kadrosu, d\u00fczenledi\u011fi ulusal ve uluslararas\u0131 bilimsel etkinlikler, T\u00fcrk\u00e7e ve yabanc\u0131 dillerde g\u00fcncel hukuk yaz\u0131n\u0131n\u0131 bar\u0131nd\u0131ran k\u00fct\u00fcphanesiyle k\u00f6kl\u00fc gelene\u011fini gelecek nesillere aktar\u0131yor.<\/p><p class=\"ng-scope\">\u0130\u00dc Hukuk Fak\u00fcltesi 2025-2026 Akademik Y\u0131l\u0131 Tan\u0131t\u0131m Kitap\u00e7\u0131\u011f\u0131n\u0131 <b>PDF\u00a0<\/b>format\u0131nda g\u00f6r\u00fcnt\u00fclemek i\u00e7in\u00a0<a href=\"https:\/\/cdn.istanbul.edu.tr\/FileHandler2.ashx?f=iuhf-tanitim-katalogu.pdf\">TIKLAYINIZ<\/a><\/p><p>\u00a0<\/p><p><img fetchpriority=\"high\" decoding=\"async\" class=\"alignnone size-full wp-image-989554\" src=\"http:\/\/tercihim.istanbul.edu.tr\/wp-content\/uploads\/2024\/07\/asdaadsa.jpg\" alt=\"\" width=\"609\" height=\"466\" srcset=\"https:\/\/tercihim.istanbul.edu.tr\/wp-content\/uploads\/2024\/07\/asdaadsa.jpg 609w, https:\/\/tercihim.istanbul.edu.tr\/wp-content\/uploads\/2024\/07\/asdaadsa-300x230.jpg 300w\" sizes=\"(max-width: 609px) 100vw, 609px\" \/><\/p><\/div>\n\t\t\t\t<\/div>\n\t\t\t\t\t\t\t<div class=\"elementor-toggle-item\">\n\t\t\t\t\t<h3 id=\"elementor-tab-title-1042\" class=\"elementor-tab-title\" data-tab=\"2\" role=\"button\" aria-controls=\"elementor-tab-content-1042\" aria-expanded=\"false\">\n\t\t\t\t\t\t\t\t\t\t\t\t<span class=\"elementor-toggle-icon elementor-toggle-icon-right\" aria-hidden=\"true\">\n\t\t\t\t\t\t\t\t\t\t\t\t\t\t\t<span class=\"elementor-toggle-icon-closed\"><i class=\"vamtamtheme- vamtam-theme-arrow-down\"><\/i><\/span>\n\t\t\t\t\t\t\t\t<span class=\"elementor-toggle-icon-opened\"><i class=\"elementor-toggle-icon-opened vamtamtheme- vamtam-theme-arrow-up\"><\/i><\/span>\n\t\t\t\t\t\t\t\t\t\t\t\t\t<\/span>\n\t\t\t\t\t\t\t\t\t\t\t\t<a class=\"elementor-toggle-title\" tabindex=\"0\">DEKAN MESAJI<\/a>\n\t\t\t\t\t<\/h3>\n\n\t\t\t\t\t<div id=\"elementor-tab-content-1042\" class=\"elementor-tab-content elementor-clearfix\" data-tab=\"2\" role=\"region\" aria-labelledby=\"elementor-tab-title-1042\"><p>\u0130stanbul Hukuk Fak\u00fcltesini Tercih Edecek Sevgili \u00d6\u011frencilerimiz,<\/p><p>\u0130stanbul \u00dcniversitesi Hukuk Fak\u00fcltesi, T\u00fcrkiye Cumhuriyetinin en k\u00f6kl\u00fc hukuk fak\u00fcltesidir. 1870 y\u0131l\u0131nda Divan-\u0131 Ahk\u00e2m-\u0131 Adliyye Nezareti b\u00fcnyesinde memurlara mahsus olarak a\u00e7\u0131lan Kav\u00e2n\u00een ve Nizam\u00e2t Dershanesi ile 1874\u2019te Galatasaray Lisesi i\u00e7indeki Mekteb-i Hukuk-\u0131 Sult\u00e2n\u00ee yenile\u015fme devrinin ilk denemeleridir.<\/p><p>Fak\u00fcltemiz, 1878\u2019de Mekteb-i Hukuk-\u0131 \u015e\u00e2h\u00e2ne, 1908\u2019de Dar\u00fclf\u00fcnun-\u0131 Osman\u00ee Hukuk Fak\u00fcltesi\/\u015eubesi, 1919\u2019da Dar\u00fclf\u00fcnun Hukuk Medresesi, 1924\u2019te \u0130stanbul Dar\u00fclf\u00fcnunu Hukuk Fak\u00fcltesi olarak var olmu\u015f, 1933 itibar\u0131yla da \u0130stanbul \u00dcniversitesi Hukuk Fak\u00fcltesi olarak faaliyetini s\u00fcrd\u00fcrm\u00fc\u015f, kuruldu\u011fu g\u00fcnden bu yana, \u00e7ok say\u0131da mensubuyla birlikte T\u00fcrkiye\u2019de hukuku in\u015fa eden bir fak\u00fclte olmu\u015ftur. Bug\u00fcn de bir ara\u015ft\u0131rma \u00fcniversitesi b\u00fcnyesinde faaliyet g\u00f6stermekle g\u00f6revini devam ettirmektedir. Bu \u00e7er\u00e7evede g\u00fc\u00e7l\u00fc bir akademik kadroyu haiz olan fak\u00fcltemizde; 46 profes\u00f6r, 42 do\u00e7ent, 25 doktor \u00f6\u011fretim \u00fcyesi, 1 \u00f6\u011fretim g\u00f6revlisi doktor, 22 doktor ara\u015ft\u0131rma g\u00f6revlisi, 53 ara\u015ft\u0131rma g\u00f6revlisi ve ba\u015fka fak\u00fcltelerden g\u00f6revlendirilen 51 ara\u015ft\u0131rma g\u00f6revlisi ile birlikte toplam 240 \u00f6\u011fretim eleman\u0131 ve 50 idari \u00e7al\u0131\u015fan sahas\u0131nda hizmet vermektedir.<\/p><p>\u0130stanbul \u00dcniversitesi Hukuk Fak\u00fcltesi, \u00f6\u011frencileriyle de se\u00e7kin bir \u00fcniversitedir. 4751 \u00f6\u011frencimizin e\u011fitim g\u00f6rd\u00fc\u011f\u00fc fak\u00fcltemize, 2024-2025 \u00f6\u011fretim y\u0131l\u0131nda Y\u00fcksek\u00f6\u011fretim Kurumlar\u0131 S\u0131nav\u0131 (YKS) ile 533, Dikey Ge\u00e7i\u015f S\u0131nav\u0131 (DGS) ile 3, \u00c7ift Anadal Program\u0131 (\u00c7AP) ile 16, yatay ge\u00e7i\u015f yoluyla 42 \u00f6\u011frenci kay\u0131t yapt\u0131rm\u0131\u015ft\u0131r. B\u00f6ylece bu y\u0131l, 594 \u00f6\u011frenci daha \u0130stanbul \u00dcniversitesi Hukuk Fak\u00fcltesi ailesine kat\u0131lm\u0131\u015ft\u0131r.<\/p><p>YKS ile s\u0131ralamada ilk bine giren 10 \u00f6\u011frencimiz vard\u0131r. Bu \u00f6\u011frencilerimizin 3\u2019\u00fc Hamburg-\u0130stanbul Ortak Hukuk Lisans Program\u0131na; 7\u2019si \u0130stanbul \u00dcniversitesi Hukuk Fak\u00fcltesi T\u00fcrk\u00e7e Program\u0131na yerle\u015fmi\u015ftir. Hamburg-\u0130stanbul Ortak Hukuk Lisans Program\u0131nda e\u011fitimini ba\u015far\u0131yla tamamlayan \u00f6\u011frencilere, Hamburg \u00dcniversitesi Hukuk Fak\u00fcltesi taraf\u0131ndan \u201cBachelor of Laws\u201d (LL.B.) diplomas\u0131, \u0130stanbul \u00dcniversitesi Hukuk Fak\u00fcltesi taraf\u0131ndan ise \u201cHukuk Fak\u00fcltesi Lisans Diplomas\u0131\u201d olmak \u00fczere \u00e7ift diploma verilmektedir.<\/p><p>Uluslararas\u0131 Saraybosna \u00dcniversitesi Hukuk Fak\u00fcltesi ile birlikte y\u00fcr\u00fctt\u00fc\u011f\u00fcm\u00fcz uluslararas\u0131 \u00e7ift diplomal\u0131 hukuk lisans program\u0131m\u0131z 2024-2025 \u00f6\u011fretim y\u0131l\u0131nda 13 \u00f6\u011frenci ile\u00a0 e\u011fitime ba\u015flam\u0131\u015ft\u0131r. \u00d6\u011frencilerimiz bu y\u0131l zorunlu \u0130ngilizce haz\u0131rl\u0131k e\u011fitimi almaktad\u0131rlar.<\/p><p>Fak\u00fcltemizin ara\u015ft\u0131rma \u00e7al\u0131\u015fmalar\u0131na katk\u0131da bulunan ara\u015ft\u0131rma ve uygulama merkezlerini de ayr\u0131ca belirtmek gerekir. Fak\u00fcltemiz b\u00fcnyesinde kurulmu\u015f olan \u0130stanbul \u00dcniversitesi Ceza Hukuku ve Kriminoloji Uygulama ve Ara\u015ft\u0131rma Merkezi, Mukayeseli Hukuk Ara\u015ft\u0131rma ve Uygulama Merkezi, Ord. Prof. Dr. S\u0131dd\u0131k Sami Onar \u0130dare Hukuku Ara\u015ft\u0131rma ve Uygulama Merkezi, \u0130stanbul \u00dcniversitesi Milletleraras\u0131 Hukuk ve Tahkim Uygulama ve Ara\u015ft\u0131rma Merkezi, \u0130stanbul \u00dcniversitesi Avrupa Hukuku Uygulama ve Ara\u015ft\u0131rma Merkezi, \u0130stanbul \u00dcniversitesi \u0130\u015f Hukuku ve Sosyal G\u00fcvenlik Uygulama ve Ara\u015ft\u0131rma Merkezi; \u00fcniversiteye ba\u011fl\u0131 olmakla birlikte fak\u00fcltemiz b\u00fcnyesinde faaliyet g\u00f6steren \u0130nsan Haklar\u0131 Hukuku Uygulama ve Ara\u015ft\u0131rma Merkezi, Sadri Maksudi Arsal Hukuk Tarihi Uygulama ve Ara\u015ft\u0131rma Merkezi, akademik faaliyetleriyle fak\u00fcltemizin bilimsel \u00e7al\u0131\u015fmalar\u0131n\u0131 zenginle\u015ftiren \u00f6nemli merkezlerimizdir.<\/p><p>\u0130stanbul \u00dcniversitesi Hukuk Fak\u00fcltesi, \u00f6\u011frenci ve \u00f6\u011fretim \u00fcyesi de\u011fi\u015fim programlar\u0131 a\u00e7\u0131s\u0131ndan da \u00f6nde gelen bir fak\u00fcltedir. Fak\u00fcltemizin; 2025 proje d\u00f6nemi Erasmus+ \u00d6\u011frenim Hareketlili\u011fi kapsam\u0131nda 65 \u00fcniversite ile anla\u015fmas\u0131 bulunmaktad\u0131r. \u00dcniversitemizin Mevlana De\u011fi\u015fim Program\u0131 kapsam\u0131nda 15 \u00fclkeden 38 \u00fcniversiteyle anla\u015fmas\u0131 bulunmaktad\u0131r.<\/p><p>K\u00f6kl\u00fc tarihi, zengin akademik kadrosu, se\u00e7kin \u00f6\u011frencileri, sa\u011flad\u0131\u011f\u0131 e\u015fsiz f\u0131rsatlar, kendisine mensup olman\u0131n verdi\u011fi k\u0131van\u00e7 ve gurur ile \u0130stanbul \u00dcniversitesi Hukuk Fak\u00fcltesi ailesinin sizlerle birlikte gitgide geli\u015fip geni\u015flemesini temenni eder, hepinize ba\u015far\u0131lar dilerim.<\/p><p>\u0130stanbul \u00dcniversitesi Hukuk Fak\u00fcltesi, ya\u015fam boyu sizin kesintisiz g\u00fc\u00e7 kayna\u011f\u0131n\u0131zd\u0131r.<\/p><p><strong>Prof. Dr. Fethi GED\u0130KL\u0130<\/strong><\/p><p><strong>\u0130stanbul \u00dcniversitesi Hukuk Fak\u00fcltesi Dekan\u0131<\/strong><\/p><p><img decoding=\"async\" class=\"alignnone size-full wp-image-989552\" src=\"http:\/\/tercihim.istanbul.edu.tr\/wp-content\/uploads\/2024\/07\/Prof.-Dr.-Fethi-GEDIKLI.webp\" alt=\"\" width=\"799\" height=\"500\" srcset=\"https:\/\/tercihim.istanbul.edu.tr\/wp-content\/uploads\/2024\/07\/Prof.-Dr.-Fethi-GEDIKLI.webp 799w, https:\/\/tercihim.istanbul.edu.tr\/wp-content\/uploads\/2024\/07\/Prof.-Dr.-Fethi-GEDIKLI-300x188.webp 300w, https:\/\/tercihim.istanbul.edu.tr\/wp-content\/uploads\/2024\/07\/Prof.-Dr.-Fethi-GEDIKLI-768x481.webp 768w\" sizes=\"(max-width: 799px) 100vw, 799px\" \/><\/p><\/div>\n\t\t\t\t<\/div>\n\t\t\t\t\t\t\t<div class=\"elementor-toggle-item\">\n\t\t\t\t\t<h3 id=\"elementor-tab-title-1043\" class=\"elementor-tab-title\" data-tab=\"3\" role=\"button\" aria-controls=\"elementor-tab-content-1043\" aria-expanded=\"false\">\n\t\t\t\t\t\t\t\t\t\t\t\t<span class=\"elementor-toggle-icon elementor-toggle-icon-right\" aria-hidden=\"true\">\n\t\t\t\t\t\t\t\t\t\t\t\t\t\t\t<span class=\"elementor-toggle-icon-closed\"><i class=\"vamtamtheme- vamtam-theme-arrow-down\"><\/i><\/span>\n\t\t\t\t\t\t\t\t<span class=\"elementor-toggle-icon-opened\"><i class=\"elementor-toggle-icon-opened vamtamtheme- vamtam-theme-arrow-up\"><\/i><\/span>\n\t\t\t\t\t\t\t\t\t\t\t\t\t<\/span>\n\t\t\t\t\t\t\t\t\t\t\t\t<a class=\"elementor-toggle-title\" tabindex=\"0\">TAR\u0130H\u00c7E<\/a>\n\t\t\t\t\t<\/h3>\n\n\t\t\t\t\t<div id=\"elementor-tab-content-1043\" class=\"elementor-tab-content elementor-clearfix\" data-tab=\"3\" role=\"region\" aria-labelledby=\"elementor-tab-title-1043\"><p>\u0130stanbul \u00dcniversitesi\u2019nin uzak tarihi, mek\u00e2n tasavvuru a\u00e7\u0131s\u0131ndan \u0130stanbul\u2019un fethinden hemen sonra Fatih Sultan Mehmet taraf\u0131ndan Zeyrek ve Ayasofya\u2019da a\u00e7\u0131lan \u0130stanbul\u2019un ilk medreselerine; ilim silsileleri bak\u0131m\u0131ndan ise Mavera\u00fcnnehir ve Irak-Hicaz co\u011frafyas\u0131nda etkinlik g\u00f6steren ilim muhitlerine ve Sel\u00e7uklu as\u0131rlar\u0131nda Nizam\u00fclm\u00fclk y\u00f6netiminde kurulan m\u00fcesseselere kadar uzan\u0131yor.<\/p><p>Medrese e\u011fitiminin oda\u011f\u0131nda f\u0131k\u0131h\/hukuk bulunmas\u0131ndan \u00f6t\u00fcr\u00fc \u0130stanbul \u00dcniversitesi Hukuk Fak\u00fcltesi bu miras\u0131n birincil sahibidir. Mek\u00e2n itibariyle dikkat \u00e7eken ba\u015fka bir husus, 425 y\u0131l\u0131nda Theodosius ve Valentinus taraf\u0131ndan kurulan hukuk mektebinin fak\u00fcltemizin bug\u00fcnk\u00fc yerle\u015fim sahas\u0131nda (Capitolium tepesinde) kurulmu\u015f olmas\u0131d\u0131r.<\/p><p>\u00dclkemizde modern hukuk e\u011fitimi, Osmanl\u0131 modernle\u015fmesi ba\u011flam\u0131nda devletin merkez\u00eele\u015ftirilmesi fikrinin \u00fcr\u00fcn\u00fc olarak ortaya \u00e7\u0131kt\u0131. Tanzimat reformlar\u0131n\u0131 uygulayacak devlet memurlar\u0131 yeti\u015ftirmek maksad\u0131yla kurulan Mekteb-i Maarif-i Adliye (1839) ve Mekteb-i Ul\u00fbm-\u0131 Edebiye (1839) adl\u0131 okullar, hukuk mekteplerinin habercisidir. Bu ba\u011flamda Mekteb-i M\u00fclki-ye-i \u015e\u00e2h\u00e2ne\u2019nin (1877) temelini olu\u015fturan Mekteb-i F\u00fcn\u00fbn-\u0131 M\u00fclkiye (1859) ve program\u0131nda hukuk \u00f6\u011freti-mine geni\u015f yer veren Terc\u00fcme Odas\u0131 da hat\u0131rlanmal\u0131d\u0131r.<\/p><p>\u00dclkemizde ilk hukuk okulu \u015feyh\u00fclisl\u00e2ml\u0131k taraf\u0131ndan Muallimhane-i N\u00fcvv\u00e2b (1855) ad\u0131yla a\u00e7\u0131ld\u0131. Divan-\u0131 Ahk\u00e2m-\u0131 Adliye (1868) ve nizamiye mahkemelerinin kurularak tanzim edilmesinin ard\u0131ndan modern hukuk m\u00fcfredatl\u0131 bir hukuk e\u011fitimi ortaya \u00e7\u0131kt\u0131. Divan-\u0131 Ahk\u00e2m-\u0131 Adliye Nezareti b\u00fcnyesinde a\u00e7\u0131lan Kav\u00e2n\u00een ve Nizam\u00e2t Dershanesi (1870), bu \u00e7er\u00e7evedeki ilk hukuk okuludur. Ard\u0131ndan Mekteb-i Sultan\u00ee b\u00fcnyesinde a\u00e7\u0131lan \u00fcksek mekteplerden biri olan Mekteb-i Hukuk-\u0131 Sultan\u00ee (Mekteb-i Sultan\u00ee Hukuk Mektebi) (1874) geliyor. Uzun \u00f6m\u00fcrl\u00fc olmayan bu giri\u015fimler hukuk mektebi fikrinin geli\u015fimi a\u00e7\u0131s\u0131ndan fevkal\u00e2de \u00f6nemlidir.<\/p><p>Mekteb-i Hukuk-\u0131 \u015e\u00e2h\u00e2ne hemen b\u00fct\u00fcn hukuk sahalar\u0131n\u0131n tedvin edildi\u011fi, mahkeme te\u015fkilat\u0131n\u0131n ba\u015ftan sona tanzim edildi\u011fi ve me\u015frut\u00ee idare tecr\u00fcbesinin ge\u00e7irildi\u011fi bir ortamda 7 Kas\u0131m 1878 tarihinde kuruldu. Sultanahmet Camii ve Ayasofya aras\u0131nda, Adliye Nezareti\u2019nin bah\u00e7esindeki binas\u0131 iki y\u0131l i\u00e7inde in\u015fa edildi ve 17 Haziran 1880 per\u015fembe g\u00fcn\u00fc \u00f6\u011fretime ba\u015fland\u0131. Mekteb-i Hukuk, \u00fclkemizdeki hukuk mekteple\u015fmesinde istikrar\u0131n yakaland\u0131\u011f\u0131 bir tecr\u00fcbe olarak dikkat \u00e7ekiyor. Bu tecr\u00fcbeden ileriki y\u0131llarda Sel\u00e2nik, Konya, Ba\u011fdat, Beyrut ve Ankara Hukuk mektepleri de pay ald\u0131. Bununla beraber ilk hukuk mekteple\u015fmesi giri\u015fimlerinin ve bilhassa Mekteb-i Hukuk\u2019un miras\u0131, kurumsal devaml\u0131l\u0131k a\u00e7\u0131s\u0131ndan \u0130stanbul Hukuk Fak\u00fcltesi\u2019nde toplan\u0131yor.<\/p><\/div>\n\t\t\t\t<\/div>\n\t\t\t\t\t\t\t<div class=\"elementor-toggle-item\">\n\t\t\t\t\t<h3 id=\"elementor-tab-title-1044\" class=\"elementor-tab-title\" data-tab=\"4\" role=\"button\" aria-controls=\"elementor-tab-content-1044\" aria-expanded=\"false\">\n\t\t\t\t\t\t\t\t\t\t\t\t<span class=\"elementor-toggle-icon elementor-toggle-icon-right\" aria-hidden=\"true\">\n\t\t\t\t\t\t\t\t\t\t\t\t\t\t\t<span class=\"elementor-toggle-icon-closed\"><i class=\"vamtamtheme- vamtam-theme-arrow-down\"><\/i><\/span>\n\t\t\t\t\t\t\t\t<span class=\"elementor-toggle-icon-opened\"><i class=\"elementor-toggle-icon-opened vamtamtheme- vamtam-theme-arrow-up\"><\/i><\/span>\n\t\t\t\t\t\t\t\t\t\t\t\t\t<\/span>\n\t\t\t\t\t\t\t\t\t\t\t\t<a class=\"elementor-toggle-title\" tabindex=\"0\">AKADEM\u0130K KADRO<\/a>\n\t\t\t\t\t<\/h3>\n\n\t\t\t\t\t<div id=\"elementor-tab-content-1044\" class=\"elementor-tab-content elementor-clearfix\" data-tab=\"4\" role=\"region\" aria-labelledby=\"elementor-tab-title-1044\"><p>Fak\u00fcltemizde 46 profes\u00f6r, 42 do\u00e7ent, 25 doktor \u00f6\u011fretim \u00fcyesi, 1 \u00f6\u011fretim g\u00f6revlisi doktor, 22 doktor ara\u015ft\u0131rma g\u00f6revlisi, 53 ara\u015ft\u0131rma g\u00f6revlisi ve ba\u015fka fak\u00fcltelerden g\u00f6revlendirilen 51 ara\u015ft\u0131rma g\u00f6revlisi ile birlikte toplam 240 \u00f6\u011fretim eleman\u0131 g\u00f6rev yapmaktad\u0131r.<\/p><p>Eri\u015fim:<\/p><p><a href=\"https:\/\/hukuk.istanbul.edu.tr\/tr\/akademikkadro\">https:\/\/hukuk.istanbul.edu.tr\/tr\/akademikkadro<\/a><\/p><p><img decoding=\"async\" class=\"alignnone size-full wp-image-990697\" src=\"http:\/\/tercihim.istanbul.edu.tr\/wp-content\/uploads\/2025\/07\/Resim1-2.jpg\" alt=\"\" width=\"823\" height=\"548\" srcset=\"https:\/\/tercihim.istanbul.edu.tr\/wp-content\/uploads\/2025\/07\/Resim1-2.jpg 823w, https:\/\/tercihim.istanbul.edu.tr\/wp-content\/uploads\/2025\/07\/Resim1-2-300x200.jpg 300w, https:\/\/tercihim.istanbul.edu.tr\/wp-content\/uploads\/2025\/07\/Resim1-2-768x511.jpg 768w\" sizes=\"(max-width: 823px) 100vw, 823px\" \/><\/p><\/div>\n\t\t\t\t<\/div>\n\t\t\t\t\t\t\t<div class=\"elementor-toggle-item\">\n\t\t\t\t\t<h3 id=\"elementor-tab-title-1045\" class=\"elementor-tab-title\" data-tab=\"5\" role=\"button\" aria-controls=\"elementor-tab-content-1045\" aria-expanded=\"false\">\n\t\t\t\t\t\t\t\t\t\t\t\t<span class=\"elementor-toggle-icon elementor-toggle-icon-right\" aria-hidden=\"true\">\n\t\t\t\t\t\t\t\t\t\t\t\t\t\t\t<span class=\"elementor-toggle-icon-closed\"><i class=\"vamtamtheme- vamtam-theme-arrow-down\"><\/i><\/span>\n\t\t\t\t\t\t\t\t<span class=\"elementor-toggle-icon-opened\"><i class=\"elementor-toggle-icon-opened vamtamtheme- vamtam-theme-arrow-up\"><\/i><\/span>\n\t\t\t\t\t\t\t\t\t\t\t\t\t<\/span>\n\t\t\t\t\t\t\t\t\t\t\t\t<a class=\"elementor-toggle-title\" tabindex=\"0\">FAK\u00dcLTEN\u0130N TANITIMI<\/a>\n\t\t\t\t\t<\/h3>\n\n\t\t\t\t\t<div id=\"elementor-tab-content-1045\" class=\"elementor-tab-content elementor-clearfix\" data-tab=\"5\" role=\"region\" aria-labelledby=\"elementor-tab-title-1045\"><p>\u0130stanbul \u00dcniversitesi Hukuk Fak\u00fcltesi \u00f6\u011fretime ba\u015flad\u0131\u011f\u0131 1880\u2019den bu yana \u00fclkemizde modern hukuk e\u011fitiminin \u00f6nc\u00fcs\u00fc olma \u00f6zelli\u011fini s\u00fcrd\u00fcr\u00fcyor.<\/p><p>46 profes\u00f6r, 42 do\u00e7ent, 25 doktor \u00f6\u011fretim \u00fcyesi, 1 \u00f6\u011fretim g\u00f6revlisi doktor, 22 doktor ara\u015ft\u0131rma g\u00f6revlisi, 53 ara\u015ft\u0131rma g\u00f6revlisi ve ba\u015fka fak\u00fcltelerden g\u00f6revlendirilen 51 ara\u015ft\u0131rma g\u00f6revlisi ile birlikte toplam 240 \u00f6\u011fretim eleman\u0131 ve 50 idari \u00e7al\u0131\u015fan sahas\u0131nda hizmet vermektedir.<\/p><p>Kitap, s\u00fcreli yay\u0131n ve nadir eserlerden olu\u015fan yakla\u015f\u0131k 150.000 ciltlik koleksiyonuyla\u00a0\u00a0 T\u00fcrkiye\u2019nin en b\u00fcy\u00fck hukuk k\u00fct\u00fcphanesiyle \u00f6\u011frenci ve ara\u015ft\u0131rmac\u0131lara hizmet sunuyor.<\/p><p>QS taraf\u0131ndan yap\u0131lan s\u0131ralamada 251-300 aral\u0131\u011f\u0131nda yer alan \u00fclkemizin tek Hukuk Fak\u00fcltesidir.<\/p><p>Hamburg \u00dcniversitesi ile yap\u0131lan anla\u015fma kapsam\u0131nda \u0130stanbul-Hamburg program\u0131na kay\u0131t yapt\u0131ran \u00f6\u011frencilerimizin \u00e7ift diploma ile mezun olma imk\u00e2n\u0131 da bulunuyor.<\/p><p>\u0130stanbul \u00dcniversitesi ve Uluslararas\u0131 Saraybosna \u00dcniversitesi aras\u0131nda hukuk alan\u0131nda yap\u0131lan anla\u015fma kapsam\u0131nda Uluslararas\u0131 Ortak Lisans program\u0131na kay\u0131t yapt\u0131ran \u00f6\u011frencilerimiz \u00e7ift diploma ile mezun olma imk\u00e2n\u0131na sahiptir.<\/p><p>Kabul Ko\u015fullar\u0131:\u00a0<\/p><p>Fak\u00fcltemize kay\u0131t hakk\u0131 kazanan adaylar, \u00d6SYM taraf\u0131ndan a\u00e7\u0131klanan s\u0131nav sonu\u00e7lar\u0131na g\u00f6re kesin kay\u0131t i\u015flemleri i\u00e7in AKS\u0130S otomasyon sisteminden (https:\/\/aksis.istanbul.edu.tr) kullan\u0131c\u0131 ad\u0131 ve \u015fifre olu\u015fturarak sisteme giri\u015f yapmal\u0131d\u0131r. Kesin kay\u0131t tarihleri i\u00e7erisinde \u00f6n kayd\u0131n\u0131 ve e-devlet \u00fczerinden kesin kayd\u0131n\u0131 tamamlayan \u00f6\u011frenciler, kesin kay\u0131t evrak\u0131 ile birlikte \u00d6\u011frenci \u0130\u015fleri B\u00fcrosu\u2019nda kay\u0131t i\u015flemlerini tamamlar ve \u00f6\u011frenci dosyas\u0131 olu\u015fturulur.<\/p><p>Mezuniyet Ko\u015fullar\u0131:\u00a0<\/p><p>Fak\u00fcltemizin \u00f6\u011fretim plan\u0131nda yer alan derslerin t\u00fcm\u00fcnden ba\u015far\u0131l\u0131 olmu\u015f, mezuniyet i\u00e7in gerekli en az 240 AKTS\u2019yi tamamlam\u0131\u015f, AGNO\u2019su en az 2.00 d\u00fczeyinde olan \u00f6\u011frenciler ko\u015fullu ba\u015far\u0131l\u0131 dersleri var olsa dahi \u00f6\u011frenimini bitirmi\u015f say\u0131l\u0131r. Mezun olan \u00f6\u011frenciler AKS\u0130S otomasyon sisteminden notlu belge talep edebilir. Derslerini ba\u015far\u0131 ile bitiren \u00f6\u011frencilerin mezuniyet ba\u015fvurular\u0131 sonras\u0131nda i\u015flemlerinin tamamlanmas\u0131n\u0131n ard\u0131ndan lisans diplomalar\u0131 teslim edilir.<\/p><p>Mezunlar\u0131n \u0130stihdam\u0131<\/p><ul><li>Adli Yarg\u0131 Hakimli\u011fi,<\/li><li>\u0130dari Yarg\u0131 Hakimli\u011fi,<\/li><li>Avukatl\u0131k,<\/li><li>Akademisyenlik,<\/li><li>Kaymakaml\u0131k,<\/li><li>Noterlik,<\/li><li>M\u00fcfetti\u015flik,<\/li><li>Uzmanl\u0131k,<\/li><li>Kamuda ve \u00d6zel Sekt\u00f6rde Y\u00f6neticilik<\/li><\/ul><\/div>\n\t\t\t\t<\/div>\n\t\t\t\t\t\t\t<div class=\"elementor-toggle-item\">\n\t\t\t\t\t<h3 id=\"elementor-tab-title-1046\" class=\"elementor-tab-title\" data-tab=\"6\" role=\"button\" aria-controls=\"elementor-tab-content-1046\" aria-expanded=\"false\">\n\t\t\t\t\t\t\t\t\t\t\t\t<span class=\"elementor-toggle-icon elementor-toggle-icon-right\" aria-hidden=\"true\">\n\t\t\t\t\t\t\t\t\t\t\t\t\t\t\t<span class=\"elementor-toggle-icon-closed\"><i class=\"vamtamtheme- vamtam-theme-arrow-down\"><\/i><\/span>\n\t\t\t\t\t\t\t\t<span class=\"elementor-toggle-icon-opened\"><i class=\"elementor-toggle-icon-opened vamtamtheme- vamtam-theme-arrow-up\"><\/i><\/span>\n\t\t\t\t\t\t\t\t\t\t\t\t\t<\/span>\n\t\t\t\t\t\t\t\t\t\t\t\t<a class=\"elementor-toggle-title\" tabindex=\"0\">FAK\u00dcLTEN\u0130N AYIRT ED\u0130C\u0130 \u00d6ZELL\u0130KLER\u0130<\/a>\n\t\t\t\t\t<\/h3>\n\n\t\t\t\t\t<div id=\"elementor-tab-content-1046\" class=\"elementor-tab-content elementor-clearfix\" data-tab=\"6\" role=\"region\" aria-labelledby=\"elementor-tab-title-1046\"><ul><li>1880\u02bcden bug\u00fcne k\u00f6kl\u00fc, geleneklerine ba\u011fl\u0131 ve \u00f6nc\u00fc hukuk fak\u00fcltesi olmas\u0131,<\/li><li>G\u00fc\u00e7l\u00fc referans: \u0130stanbul \u00dcniversitesi Hukuk Fak\u00fcltesi diplomas\u0131,<\/li><li>Geni\u015f ve nitelikli akademik kadro,<\/li><li>Bilimsel yay\u0131n zenginli\u011fi,<\/li><li>Yerli ve yabanc\u0131 hukuk yaz\u0131n\u0131 bak\u0131m\u0131ndan T\u00fcrkiye\u2019nin en zengin ve g\u00fcncel hukuk k\u00fct\u00fcphanesine sahip olmas\u0131,<\/li><li>\u0130stanbul-Hamburg Ortak Lisans Program\u0131 ile \u00e7ift diploma imk\u00e2n\u0131 sunmas\u0131,<\/li><li>\u0130stanbul-Saraybosna Uluslararas\u0131 Ortak Lisans Program\u0131 ile \u00e7ift diploma imk\u00e2n\u0131 sunmas\u0131,<\/li><li>QS taraf\u0131ndan yap\u0131lan s\u0131ralamada 251-300 aral\u0131\u011f\u0131nda yer alan tek T\u00fcrk hukuk fak\u00fcltesi olmas\u0131.<\/li><li>Tahir Taner Vakf\u0131, Vedat Ardahan Vakf\u0131, Tin\u00e7el K\u00fclt\u00fcr Vakf\u0131 ve Kemal Halil Tan\u0131r Vakf\u0131 vas\u0131tas\u0131yla \u00f6\u011frencilerimize burs ve kitap yard\u0131m\u0131.<\/li><\/ul><p><img loading=\"lazy\" decoding=\"async\" class=\"size-full wp-image-990704 aligncenter\" src=\"http:\/\/tercihim.istanbul.edu.tr\/wp-content\/uploads\/2025\/07\/Resim2-2.jpg\" alt=\"\" width=\"543\" height=\"407\" srcset=\"https:\/\/tercihim.istanbul.edu.tr\/wp-content\/uploads\/2025\/07\/Resim2-2.jpg 543w, https:\/\/tercihim.istanbul.edu.tr\/wp-content\/uploads\/2025\/07\/Resim2-2-300x225.jpg 300w\" sizes=\"(max-width: 543px) 100vw, 543px\" \/><\/p><\/div>\n\t\t\t\t<\/div>\n\t\t\t\t\t\t\t<div class=\"elementor-toggle-item\">\n\t\t\t\t\t<h3 id=\"elementor-tab-title-1047\" class=\"elementor-tab-title\" data-tab=\"7\" role=\"button\" aria-controls=\"elementor-tab-content-1047\" aria-expanded=\"false\">\n\t\t\t\t\t\t\t\t\t\t\t\t<span class=\"elementor-toggle-icon elementor-toggle-icon-right\" aria-hidden=\"true\">\n\t\t\t\t\t\t\t\t\t\t\t\t\t\t\t<span class=\"elementor-toggle-icon-closed\"><i class=\"vamtamtheme- vamtam-theme-arrow-down\"><\/i><\/span>\n\t\t\t\t\t\t\t\t<span class=\"elementor-toggle-icon-opened\"><i class=\"elementor-toggle-icon-opened vamtamtheme- vamtam-theme-arrow-up\"><\/i><\/span>\n\t\t\t\t\t\t\t\t\t\t\t\t\t<\/span>\n\t\t\t\t\t\t\t\t\t\t\t\t<a class=\"elementor-toggle-title\" tabindex=\"0\">FAK\u00dcLTE KUL\u00dcPLER\u0130, SOSYAL VE K\u00dcLT\u00dcREL FAAL\u0130YETLER<\/a>\n\t\t\t\t\t<\/h3>\n\n\t\t\t\t\t<div id=\"elementor-tab-content-1047\" class=\"elementor-tab-content elementor-clearfix\" data-tab=\"7\" role=\"region\" aria-labelledby=\"elementor-tab-title-1047\"><ul><li>Fak\u00fcltemiz b\u00fcnyesindeki \u00f6\u011frenci kul\u00fcpleri vas\u0131tas\u0131yla \u00f6\u011frencilerimiz hukuk uygulamas\u0131na ili\u015fkin tecr\u00fcbe edinmenin yan\u0131 s\u0131ra, sosyal, k\u00fclt\u00fcrel, sanatsal, sportif faaliyetlerde yer alma imk\u00e2n\u0131 bulmaktad\u0131r.<\/li><\/ul><p>\u00a0<\/p><p>2024-2025 \u00d6\u011fretim Y\u0131l\u0131nda Fak\u00fcltemiz B\u00fcnyesinde Faaliyet G\u00f6steren \u00d6\u011frenci Kul\u00fcplerimiz: <a href=\"https:\/\/hukuk.istanbul.edu.tr\/tr\/content\/ogrenci\/kulupler\">https:\/\/hukuk.istanbul.edu.tr\/tr\/content\/ogrenci\/kulupler<\/a><\/p><\/div>\n\t\t\t\t<\/div>\n\t\t\t\t\t\t\t<div class=\"elementor-toggle-item\">\n\t\t\t\t\t<h3 id=\"elementor-tab-title-1048\" class=\"elementor-tab-title\" data-tab=\"8\" role=\"button\" aria-controls=\"elementor-tab-content-1048\" aria-expanded=\"false\">\n\t\t\t\t\t\t\t\t\t\t\t\t<span class=\"elementor-toggle-icon elementor-toggle-icon-right\" aria-hidden=\"true\">\n\t\t\t\t\t\t\t\t\t\t\t\t\t\t\t<span class=\"elementor-toggle-icon-closed\"><i class=\"vamtamtheme- vamtam-theme-arrow-down\"><\/i><\/span>\n\t\t\t\t\t\t\t\t<span class=\"elementor-toggle-icon-opened\"><i class=\"elementor-toggle-icon-opened vamtamtheme- vamtam-theme-arrow-up\"><\/i><\/span>\n\t\t\t\t\t\t\t\t\t\t\t\t\t<\/span>\n\t\t\t\t\t\t\t\t\t\t\t\t<a class=\"elementor-toggle-title\" tabindex=\"0\">B\u0130L\u0130MSEL PROJELER<\/a>\n\t\t\t\t\t<\/h3>\n\n\t\t\t\t\t<div id=\"elementor-tab-content-1048\" class=\"elementor-tab-content elementor-clearfix\" data-tab=\"8\" role=\"region\" aria-labelledby=\"elementor-tab-title-1048\"><p>Fak\u00fcltemiz b\u00fcnyesindeki ara\u015ft\u0131rma faaliyetleri kapsam\u0131nda \u00f6\u011fretim \u00fcyelerimizin payda\u015f\u0131 oldu\u011fu projeler T\u00dcB\u0130TAK, Avrupa Konseyi ve \u00f6zel sekt\u00f6r taraf\u0131ndan desteklenmektedir.<\/p><\/div>\n\t\t\t\t<\/div>\n\t\t\t\t\t\t\t<div class=\"elementor-toggle-item\">\n\t\t\t\t\t<h3 id=\"elementor-tab-title-1049\" class=\"elementor-tab-title\" data-tab=\"9\" role=\"button\" aria-controls=\"elementor-tab-content-1049\" aria-expanded=\"false\">\n\t\t\t\t\t\t\t\t\t\t\t\t<span class=\"elementor-toggle-icon elementor-toggle-icon-right\" aria-hidden=\"true\">\n\t\t\t\t\t\t\t\t\t\t\t\t\t\t\t<span class=\"elementor-toggle-icon-closed\"><i class=\"vamtamtheme- vamtam-theme-arrow-down\"><\/i><\/span>\n\t\t\t\t\t\t\t\t<span class=\"elementor-toggle-icon-opened\"><i class=\"elementor-toggle-icon-opened vamtamtheme- vamtam-theme-arrow-up\"><\/i><\/span>\n\t\t\t\t\t\t\t\t\t\t\t\t\t<\/span>\n\t\t\t\t\t\t\t\t\t\t\t\t<a class=\"elementor-toggle-title\" tabindex=\"0\">\u00d6D\u00dcLLER VE BA\u015eARILAR<\/a>\n\t\t\t\t\t<\/h3>\n\n\t\t\t\t\t<div id=\"elementor-tab-content-1049\" class=\"elementor-tab-content elementor-clearfix\" data-tab=\"9\" role=\"region\" aria-labelledby=\"elementor-tab-title-1049\"><ul><li>2018 T\u00fcrkiye Bilimler Akademisi (T\u00dcBA) \u00dcst\u00fcn Ba\u015far\u0131l\u0131 Gen\u00e7 Bilim \u0130nsan\u0131 (GEB\u0130P) \u00d6d\u00fcl\u00fc: Do\u00e7. Dr. Saadet Y\u00fcksel<\/li><li>2019 T\u00fcrkiye Bilimler Akademisi (T\u00dcBA) \u00dcst\u00fcn Ba\u015far\u0131l\u0131 Gen\u00e7 Bilim \u0130nsan\u0131 (GEB\u0130P) \u00d6d\u00fcl\u00fc: Dr. \u00d6\u011fr. \u00dcyesi Halit Uyan\u0131k<\/li><li>\u201c2020 Engelsiz \u00dcniversite \u00d6d\u00fclleri\u201d Kapsam\u0131nda Sosyo-K\u00fclt\u00fcrel Faaliyetlerde Eri\u015filebilirlik Mavi Bayrak \u00d6d\u00fcl\u00fc<\/li><li>\u00a0\u201c2020 Y\u0131l\u0131 Engelsiz \u00dcniversite \u00d6d\u00fclleri\u201d Kapsam\u0131nda E\u011fitimde Eri\u015filebilirlik Ye\u015fil Bayrak \u00d6d\u00fcl\u00fc<\/li><li>\u201c2021 Y\u0131l\u0131 Engelsiz \u00dcniversite \u00d6d\u00fclleri\u201d Kapsam\u0131nda Mekanda Eri\u015filebilirlik Turuncu Bayrak \u00d6d\u00fcl\u00fc<\/li><\/ul><\/div>\n\t\t\t\t<\/div>\n\t\t\t\t\t\t\t<div class=\"elementor-toggle-item\">\n\t\t\t\t\t<h3 id=\"elementor-tab-title-10410\" class=\"elementor-tab-title\" data-tab=\"10\" role=\"button\" aria-controls=\"elementor-tab-content-10410\" aria-expanded=\"false\">\n\t\t\t\t\t\t\t\t\t\t\t\t<span class=\"elementor-toggle-icon elementor-toggle-icon-right\" aria-hidden=\"true\">\n\t\t\t\t\t\t\t\t\t\t\t\t\t\t\t<span class=\"elementor-toggle-icon-closed\"><i class=\"vamtamtheme- vamtam-theme-arrow-down\"><\/i><\/span>\n\t\t\t\t\t\t\t\t<span class=\"elementor-toggle-icon-opened\"><i class=\"elementor-toggle-icon-opened vamtamtheme- vamtam-theme-arrow-up\"><\/i><\/span>\n\t\t\t\t\t\t\t\t\t\t\t\t\t<\/span>\n\t\t\t\t\t\t\t\t\t\t\t\t<a class=\"elementor-toggle-title\" tabindex=\"0\">ERASMUS \u0130MK\u00c2NLARI<\/a>\n\t\t\t\t\t<\/h3>\n\n\t\t\t\t\t<div id=\"elementor-tab-content-10410\" class=\"elementor-tab-content elementor-clearfix\" data-tab=\"10\" role=\"region\" aria-labelledby=\"elementor-tab-title-10410\"><p>2025 proje d\u00f6nemi Erasmus+ \u00d6\u011frenim Hareketlili\u011fi kapsam\u0131nda 65 \u00fcniversite ile anla\u015fmam\u0131z bulunmaktad\u0131r.<\/p><\/div>\n\t\t\t\t<\/div>\n\t\t\t\t\t\t\t<div class=\"elementor-toggle-item\">\n\t\t\t\t\t<h3 id=\"elementor-tab-title-10411\" class=\"elementor-tab-title\" data-tab=\"11\" role=\"button\" aria-controls=\"elementor-tab-content-10411\" aria-expanded=\"false\">\n\t\t\t\t\t\t\t\t\t\t\t\t<span class=\"elementor-toggle-icon elementor-toggle-icon-right\" aria-hidden=\"true\">\n\t\t\t\t\t\t\t\t\t\t\t\t\t\t\t<span class=\"elementor-toggle-icon-closed\"><i class=\"vamtamtheme- vamtam-theme-arrow-down\"><\/i><\/span>\n\t\t\t\t\t\t\t\t<span class=\"elementor-toggle-icon-opened\"><i class=\"elementor-toggle-icon-opened vamtamtheme- vamtam-theme-arrow-up\"><\/i><\/span>\n\t\t\t\t\t\t\t\t\t\t\t\t\t<\/span>\n\t\t\t\t\t\t\t\t\t\t\t\t<a class=\"elementor-toggle-title\" tabindex=\"0\">\u0130LET\u0130\u015e\u0130M<\/a>\n\t\t\t\t\t<\/h3>\n\n\t\t\t\t\t<div id=\"elementor-tab-content-10411\" class=\"elementor-tab-content elementor-clearfix\" data-tab=\"11\" role=\"region\" aria-labelledby=\"elementor-tab-title-10411\"><ul><li><p>\u0130stanbul \u00dcniversitesi Hukuk Fak\u00fcltesi 34116 Beyaz\u0131t \/ Fatih-\u0130STANBUL<\/p><p><strong>Telefon:<\/strong>\u00a0+90 212 440 00 00<\/p><p><strong>E-Posta:<\/strong>\u00a0hukukogrencisl@istanbul.edu.tr<\/p><p>\u00a0<\/p><p>Aday \u00f6\u011frenciler i\u00e7in;<br \/><a href=\"https:\/\/hukuk.istanbul.edu.tr\/tr\/content\/aday-ogrenci\/neden-istanbul-hukuk-%3F\">https:\/\/hukuk.istanbul.edu.tr\/tr\/content\/aday-ogrenci\/neden-istanbul-hukuk-%3F<\/a><\/p><p>\u00a0<\/p><p>S\u0131k\u00e7a sorulan sorular i\u00e7in;<\/p><p><a href=\"https:\/\/cdn.istanbul.edu.tr\/FileHandler2.ashx?f=sikca-sorulan-sorular_638627037108970075.pdf\">https:\/\/cdn.istanbul.edu.tr\/FileHandler2.ashx?f=sikca-sorulan-sorular_638627037108970075.pdf<\/a><\/p><\/li><\/ul><\/div>\n\t\t\t\t<\/div>\n\t\t\t\t\t\t\t\t<\/div>\n\t\t\t\t<\/div>\n\t\t\t\t<\/div>\n\t\t\t\t\t<\/div>\n\t\t<\/div>\n\t\t\t\t\t<\/div>\n\t\t<\/section>\n\t\t<div class=\"elementor-element elementor-element-12591d7 e-flex e-con-boxed e-con e-parent\" data-id=\"12591d7\" data-element_type=\"container\">\n\t\t\t\t\t<div class=\"e-con-inner\">\n\t\t\t\t<div class=\"elementor-element elementor-element-a9722ee elementor-widget elementor-widget-video\" data-id=\"a9722ee\" data-element_type=\"widget\" data-settings=\"{&quot;youtube_url&quot;:&quot;https:\\\/\\\/www.youtube.com\\\/watch?v=n3YY6ZiGCqc&quot;,&quot;video_type&quot;:&quot;youtube&quot;,&quot;controls&quot;:&quot;yes&quot;}\" data-widget_type=\"video.default\">\n\t\t\t\t<div class=\"elementor-widget-container\">\n\t\t\t<style>\/*! elementor - v3.23.0 - 05-08-2024 *\/\n.elementor-widget-video .elementor-widget-container{overflow:hidden;transform:translateZ(0)}.elementor-widget-video .elementor-wrapper{aspect-ratio:var(--video-aspect-ratio)}.elementor-widget-video .elementor-wrapper iframe,.elementor-widget-video .elementor-wrapper video{height:100%;width:100%;display:flex;border:none;background-color:#000}@supports not (aspect-ratio:1\/1){.elementor-widget-video .elementor-wrapper{position:relative;overflow:hidden;height:0;padding-bottom:calc(100% \/ var(--video-aspect-ratio))}.elementor-widget-video .elementor-wrapper iframe,.elementor-widget-video .elementor-wrapper video{position:absolute;top:0;right:0;bottom:0;left:0}}.elementor-widget-video .elementor-open-inline .elementor-custom-embed-image-overlay{position:absolute;top:0;right:0;bottom:0;left:0;background-size:cover;background-position:50%}.elementor-widget-video .elementor-custom-embed-image-overlay{cursor:pointer;text-align:center}.elementor-widget-video .elementor-custom-embed-image-overlay:hover .elementor-custom-embed-play i{opacity:1}.elementor-widget-video .elementor-custom-embed-image-overlay img{display:block;width:100%;aspect-ratio:var(--video-aspect-ratio);-o-object-fit:cover;object-fit:cover;-o-object-position:center center;object-position:center center}@supports not (aspect-ratio:1\/1){.elementor-widget-video .elementor-custom-embed-image-overlay{position:relative;overflow:hidden;height:0;padding-bottom:calc(100% \/ var(--video-aspect-ratio))}.elementor-widget-video .elementor-custom-embed-image-overlay img{position:absolute;top:0;right:0;bottom:0;left:0}}.elementor-widget-video .e-hosted-video .elementor-video{-o-object-fit:cover;object-fit:cover}.e-con-inner>.elementor-widget-video,.e-con>.elementor-widget-video{width:var(--container-widget-width);--flex-grow:var(--container-widget-flex-grow)}<\/style>\t\t<div class=\"elementor-wrapper elementor-open-inline\">\n\t\t\t<div class=\"elementor-video\"><\/div>\t\t<\/div>\n\t\t\t\t<\/div>\n\t\t\t\t<\/div>\n\t\t\t\t\t<\/div>\n\t\t\t\t<\/div>\n\t\t\t\t<\/div>\n\t\t","protected":false},"excerpt":{"rendered":"<p>HUKUK FAK\u00dcLTES\u0130\u2019NE GENEL BAKI\u015e 1880\u2019den beri T\u00fcrkiye\u2019de hukuk e\u011fitiminin \u00f6nc\u00fcs\u00fc olan \u0130stanbul \u00dcniversitesi Hukuk Fak\u00fcltesi; g\u00fc\u00e7l\u00fc akademik kadrosu, d\u00fczenledi\u011fi ulusal ve uluslararas\u0131 bilimsel etkinlikler, T\u00fcrk\u00e7e ve yabanc\u0131 dillerde g\u00fcncel hukuk yaz\u0131n\u0131n\u0131 bar\u0131nd\u0131ran k\u00fct\u00fcphanesiyle k\u00f6kl\u00fc gelene\u011fini gelecek nesillere aktar\u0131yor. \u0130\u00dc Hukuk Fak\u00fcltesi 2025-2026 Akademik Y\u0131l\u0131 Tan\u0131t\u0131m Kitap\u00e7\u0131\u011f\u0131n\u0131 PDF\u00a0format\u0131nda g\u00f6r\u00fcnt\u00fclemek i\u00e7in\u00a0TIKLAYINIZ \u00a0 DEKAN MESAJI \u0130stanbul Hukuk Fak\u00fcltesini&#8230;<\/p>\n","protected":false},"author":2,"featured_media":0,"parent":0,"menu_order":0,"comment_status":"closed","ping_status":"closed","template":"","meta":{"footnotes":""},"_links":{"self":[{"href":"https:\/\/tercihim.istanbul.edu.tr\/index.php\/wp-json\/wp\/v2\/pages\/989159"}],"collection":[{"href":"https:\/\/tercihim.istanbul.edu.tr\/index.php\/wp-json\/wp\/v2\/pages"}],"about":[{"href":"https:\/\/tercihim.istanbul.edu.tr\/index.php\/wp-json\/wp\/v2\/types\/page"}],"author":[{"embeddable":true,"href":"https:\/\/tercihim.istanbul.edu.tr\/index.php\/wp-json\/wp\/v2\/users\/2"}],"replies":[{"embeddable":true,"href":"https:\/\/tercihim.istanbul.edu.tr\/index.php\/wp-json\/wp\/v2\/comments?post=989159"}],"version-history":[{"count":64,"href":"https:\/\/tercihim.istanbul.edu.tr\/index.php\/wp-json\/wp\/v2\/pages\/989159\/revisions"}],"predecessor-version":[{"id":990723,"href":"https:\/\/tercihim.istanbul.edu.tr\/index.php\/wp-json\/wp\/v2\/pages\/989159\/revisions\/990723"}],"wp:attachment":[{"href":"https:\/\/tercihim.istanbul.edu.tr\/index.php\/wp-json\/wp\/v2\/media?parent=989159"}],"curies":[{"name":"wp","href":"https:\/\/api.w.org\/{rel}","templated":true}]}}