{"id":989157,"date":"2024-07-21T20:09:03","date_gmt":"2024-07-21T17:09:03","guid":{"rendered":"https:\/\/tercihim.istanbul.edu.tr\/?page_id=989157"},"modified":"2025-07-30T09:16:35","modified_gmt":"2025-07-30T06:16:35","slug":"tip-fakultesi","status":"publish","type":"page","link":"https:\/\/tercihim.istanbul.edu.tr\/index.php\/tip-fakultesi\/","title":{"rendered":"\u0130stanbul T\u0131p Fak\u00fcltesi"},"content":{"rendered":"\t\t<div data-elementor-type=\"wp-page\" data-elementor-id=\"989157\" class=\"elementor elementor-989157\" data-elementor-post-type=\"page\">\n\t\t\t\t\t\t<section class=\"elementor-section elementor-top-section elementor-element elementor-element-48ecdc8 elementor-section-height-min-height elementor-section-boxed elementor-section-height-default elementor-section-items-middle\" data-id=\"48ecdc8\" data-element_type=\"section\" data-settings=\"{&quot;background_background&quot;:&quot;classic&quot;}\">\n\t\t\t\t\t\t\t<div class=\"elementor-background-overlay\"><\/div>\n\t\t\t\t\t\t\t<div class=\"elementor-container elementor-column-gap-default\">\n\t\t\t\t\t<div class=\"elementor-column elementor-col-100 elementor-top-column elementor-element elementor-element-87856f1\" data-id=\"87856f1\" data-element_type=\"column\" data-settings=\"{&quot;background_background&quot;:&quot;classic&quot;}\">\n\t\t\t<div class=\"elementor-widget-wrap\">\n\t\t\t\t\t\t\t<\/div>\n\t\t<\/div>\n\t\t\t\t\t<\/div>\n\t\t<\/section>\n\t\t\t\t<section class=\"elementor-section elementor-top-section elementor-element elementor-element-5f57ff6 elementor-section-boxed elementor-section-height-default elementor-section-height-default\" data-id=\"5f57ff6\" data-element_type=\"section\">\n\t\t\t\t\t\t<div class=\"elementor-container elementor-column-gap-no\">\n\t\t\t\t\t<div class=\"elementor-column elementor-col-50 elementor-top-column elementor-element elementor-element-972b5b6 animated-fast elementor-invisible\" data-id=\"972b5b6\" data-element_type=\"column\" data-settings=\"{&quot;background_background&quot;:&quot;classic&quot;,&quot;animation&quot;:&quot;fadeIn&quot;,&quot;animation_delay&quot;:100,&quot;animation_tablet&quot;:&quot;none&quot;,&quot;animation_mobile&quot;:&quot;none&quot;}\">\n\t\t\t<div class=\"elementor-widget-wrap elementor-element-populated\">\n\t\t\t\t\t\t\t<\/div>\n\t\t<\/div>\n\t\t\t\t<div class=\"elementor-column elementor-col-50 elementor-top-column elementor-element elementor-element-5037f50 elementor-hidden-desktop elementor-hidden-tablet elementor-hidden-phone\" data-id=\"5037f50\" data-element_type=\"column\">\n\t\t\t<div class=\"elementor-widget-wrap\">\n\t\t\t\t\t\t\t<\/div>\n\t\t<\/div>\n\t\t\t\t\t<\/div>\n\t\t<\/section>\n\t\t\t\t<section class=\"elementor-section elementor-top-section elementor-element elementor-element-afc61d4 elementor-section-boxed elementor-section-height-default elementor-section-height-default\" data-id=\"afc61d4\" data-element_type=\"section\" data-settings=\"{&quot;animation&quot;:&quot;none&quot;,&quot;animation_tablet&quot;:&quot;none&quot;,&quot;animation_mobile&quot;:&quot;none&quot;,&quot;animation_delay&quot;:300}\">\n\t\t\t\t\t\t<div class=\"elementor-container elementor-column-gap-no\">\n\t\t\t\t\t<div class=\"elementor-column elementor-col-100 elementor-top-column elementor-element elementor-element-1b8c40b\" data-id=\"1b8c40b\" data-element_type=\"column\">\n\t\t\t<div class=\"elementor-widget-wrap elementor-element-populated\">\n\t\t\t\t\t\t<div class=\"elementor-element elementor-element-63c4c7a vamtam-theme-table-styles elementor-widget elementor-widget-toggle\" data-id=\"63c4c7a\" data-element_type=\"widget\" data-widget_type=\"toggle.default\">\n\t\t\t\t<div class=\"elementor-widget-container\">\n\t\t\t<style>\/*! elementor - v3.23.0 - 05-08-2024 *\/\n.elementor-toggle{text-align:start}.elementor-toggle .elementor-tab-title{font-weight:700;line-height:1;margin:0;padding:15px;border-bottom:1px solid #d5d8dc;cursor:pointer;outline:none}.elementor-toggle .elementor-tab-title .elementor-toggle-icon{display:inline-block;width:1em}.elementor-toggle .elementor-tab-title .elementor-toggle-icon svg{margin-inline-start:-5px;width:1em;height:1em}.elementor-toggle .elementor-tab-title .elementor-toggle-icon.elementor-toggle-icon-right{float:right;text-align:right}.elementor-toggle .elementor-tab-title .elementor-toggle-icon.elementor-toggle-icon-left{float:left;text-align:left}.elementor-toggle .elementor-tab-title .elementor-toggle-icon .elementor-toggle-icon-closed{display:block}.elementor-toggle .elementor-tab-title .elementor-toggle-icon .elementor-toggle-icon-opened{display:none}.elementor-toggle .elementor-tab-title.elementor-active{border-bottom:none}.elementor-toggle .elementor-tab-title.elementor-active .elementor-toggle-icon-closed{display:none}.elementor-toggle .elementor-tab-title.elementor-active .elementor-toggle-icon-opened{display:block}.elementor-toggle .elementor-tab-content{padding:15px;border-bottom:1px solid #d5d8dc;display:none}@media (max-width:767px){.elementor-toggle .elementor-tab-title{padding:12px}.elementor-toggle .elementor-tab-content{padding:12px 10px}}.e-con-inner>.elementor-widget-toggle,.e-con>.elementor-widget-toggle{width:var(--container-widget-width);--flex-grow:var(--container-widget-flex-grow)}<\/style>\t\t<div class=\"elementor-toggle\">\n\t\t\t\t\t\t\t<div class=\"elementor-toggle-item\">\n\t\t\t\t\t<h3 id=\"elementor-tab-title-1041\" class=\"elementor-tab-title\" data-tab=\"1\" role=\"button\" aria-controls=\"elementor-tab-content-1041\" aria-expanded=\"false\">\n\t\t\t\t\t\t\t\t\t\t\t\t<span class=\"elementor-toggle-icon elementor-toggle-icon-right\" aria-hidden=\"true\">\n\t\t\t\t\t\t\t\t\t\t\t\t\t\t\t<span class=\"elementor-toggle-icon-closed\"><i class=\"vamtamtheme- vamtam-theme-arrow-down\"><\/i><\/span>\n\t\t\t\t\t\t\t\t<span class=\"elementor-toggle-icon-opened\"><i class=\"elementor-toggle-icon-opened vamtamtheme- vamtam-theme-arrow-up\"><\/i><\/span>\n\t\t\t\t\t\t\t\t\t\t\t\t\t<\/span>\n\t\t\t\t\t\t\t\t\t\t\t\t<a class=\"elementor-toggle-title\" tabindex=\"0\">\u0130STANBUL TIP FAK\u00dcLTES\u0130\u2019NE GENEL BAKI\u015e<\/a>\n\t\t\t\t\t<\/h3>\n\n\t\t\t\t\t<div id=\"elementor-tab-content-1041\" class=\"elementor-tab-content elementor-clearfix\" data-tab=\"1\" role=\"region\" aria-labelledby=\"elementor-tab-title-1041\"><p><img fetchpriority=\"high\" decoding=\"async\" class=\"aligncenter wp-image-989195 size-large\" src=\"http:\/\/tercihim.istanbul.edu.tr\/wp-content\/uploads\/2024\/07\/tip2-1024x682.jpg\" alt=\"\" width=\"1024\" height=\"682\" srcset=\"https:\/\/tercihim.istanbul.edu.tr\/wp-content\/uploads\/2024\/07\/tip2-1024x682.jpg 1024w, https:\/\/tercihim.istanbul.edu.tr\/wp-content\/uploads\/2024\/07\/tip2-300x200.jpg 300w, https:\/\/tercihim.istanbul.edu.tr\/wp-content\/uploads\/2024\/07\/tip2-768x512.jpg 768w, https:\/\/tercihim.istanbul.edu.tr\/wp-content\/uploads\/2024\/07\/tip2.jpg 1228w\" sizes=\"(max-width: 1024px) 100vw, 1024px\" \/><\/p><p style=\"text-align: center;\">\u0130stanbul \u00dcniversitesi T\u0131p Fak\u00fcltesi, k\u00f6kl\u00fc k\u00fclt\u00fcrel ba\u011flar\u0131yla \u00f6\u011frencilerine prestijli bir e\u011fitim sunarak ve farkl\u0131 k\u00fclt\u00fcrlerin bulu\u015ftu\u011fu ortamda geleceklerini \u015fekillendirmelerine yard\u0131mc\u0131 oluyor.<\/p><\/div>\n\t\t\t\t<\/div>\n\t\t\t\t\t\t\t<div class=\"elementor-toggle-item\">\n\t\t\t\t\t<h3 id=\"elementor-tab-title-1042\" class=\"elementor-tab-title\" data-tab=\"2\" role=\"button\" aria-controls=\"elementor-tab-content-1042\" aria-expanded=\"false\">\n\t\t\t\t\t\t\t\t\t\t\t\t<span class=\"elementor-toggle-icon elementor-toggle-icon-right\" aria-hidden=\"true\">\n\t\t\t\t\t\t\t\t\t\t\t\t\t\t\t<span class=\"elementor-toggle-icon-closed\"><i class=\"vamtamtheme- vamtam-theme-arrow-down\"><\/i><\/span>\n\t\t\t\t\t\t\t\t<span class=\"elementor-toggle-icon-opened\"><i class=\"elementor-toggle-icon-opened vamtamtheme- vamtam-theme-arrow-up\"><\/i><\/span>\n\t\t\t\t\t\t\t\t\t\t\t\t\t<\/span>\n\t\t\t\t\t\t\t\t\t\t\t\t<a class=\"elementor-toggle-title\" tabindex=\"0\">DEKAN MESAJI<\/a>\n\t\t\t\t\t<\/h3>\n\n\t\t\t\t\t<div id=\"elementor-tab-content-1042\" class=\"elementor-tab-content elementor-clearfix\" data-tab=\"2\" role=\"region\" aria-labelledby=\"elementor-tab-title-1042\"><p><img decoding=\"async\" class=\"size-medium wp-image-989215 alignleft\" src=\"http:\/\/tercihim.istanbul.edu.tr\/wp-content\/uploads\/2024\/07\/VbLsqHoW_400x400-300x300.jpg\" alt=\"\" width=\"300\" height=\"300\" srcset=\"https:\/\/tercihim.istanbul.edu.tr\/wp-content\/uploads\/2024\/07\/VbLsqHoW_400x400-300x300.jpg 300w, https:\/\/tercihim.istanbul.edu.tr\/wp-content\/uploads\/2024\/07\/VbLsqHoW_400x400-150x150.jpg 150w, https:\/\/tercihim.istanbul.edu.tr\/wp-content\/uploads\/2024\/07\/VbLsqHoW_400x400.jpg 400w\" sizes=\"(max-width: 300px) 100vw, 300px\" \/><\/p><p><strong>Sevgili \u00d6\u011frenciler;<\/strong><\/p><p>\u00a0\u0130stanbul T\u0131p Fak\u00fcltesinde, sizi tan\u0131maktan ve iyi e\u011fitimli doktor olma yolunda sizi y\u00f6nlendirmekten mutluluk duyuyoruz.<\/p><p>T\u0131p Fak\u00fcltemiz, tecr\u00fcbeli ve donan\u0131ml\u0131 kadrosuyla, t\u0131p bilimini ve hastalar i\u00e7in \u015fefkatli bak\u0131m sanat\u0131n\u0131 \u00f6\u011frenmek i\u00e7in en iyi ve en parlak beyinleri zorlamaktad\u0131r.\u00a0\u00a0\u00d6\u011fretim \u00fcyelerimiz \u00e7al\u0131\u015fmalar\u0131 hakk\u0131nda tutkulu olan ve t\u0131p e\u011fitiminizin ba\u015far\u0131l\u0131 bir \u015fekilde tamamlanmas\u0131n\u0131 kolayla\u015ft\u0131rmak ve sizi doktor olarak kariyerinize haz\u0131rlamak i\u00e7in \u00f6nemli katk\u0131lar yapmak isteyen uzmanlardan olu\u015fmaktad\u0131r.<\/p><p>\u00a0M\u00fckemmel bir hekim olmak sadece iyi notlardan daha fazlas\u0131n\u0131 gerektirir. \u0130stanbul T\u0131p Fak\u00fclteli doktor olmak \u201cdaha fazlas\u0131n\u0131 gerektirir\u201d. Hekim olman\u0131n yan\u0131 s\u0131ra \u00fclkemizin gelecekte ihtiya\u00e7 duyaca\u011f\u0131 beyinlerin ve sanat\u00e7\u0131lar\u0131nda yeti\u015fti\u011fi yerdir \u0130stanbul T\u0131p Fak\u00fcltesi. \u00d6zg\u00fcveni tam, donan\u0131ml\u0131, kabiliyetli, mesle\u011finin erbab\u0131, bilimsel arenada s\u00f6z sahibi lider hekimler yeti\u015ftiren bir kurumun ad\u0131d\u0131r \u0130stanbul T\u0131p Fak\u00fcltesi.\u00a0<\/p><p>Ba\u015far\u0131n\u0131n s\u0131radanla\u015ft\u0131\u011f\u0131 kurum olan \u0130stanbul T\u0131p Fak\u00fcltesinin k\u00f6kleri Osmanl\u0131 D\u00f6neminin ilk hastanesi olan ve 1470 y\u0131l\u0131nda kurulan \u201cFatih Dar\u00fc\u015f\u015fifas\u0131\u201dna dayanmaktad\u0131r.<\/p><ol start=\"16\"><li>ve\u00a017.y\u00fczy\u0131lda medreseler kurulmu\u015f t\u0131p alan\u0131nda e\u011fitim verilmi\u015ftir.<\/li><\/ol><p>Bat\u0131l\u0131la\u015fma \u00e7abalar\u0131n\u0131 s\u00fcrd\u00fcren Sultan II. Mahmud, Yeni\u00e7eri Oca\u011f\u0131\u2019n\u0131n kapat\u0131lmas\u0131 ard\u0131ndan modern bir orduya sahip olma hedefinin bir par\u00e7as\u0131 olarak yeni orduya (Asakir-i Mansure-i Muhammediye) nitelikli hekim ve cerrah yeti\u015ftirilmesi i\u00e7in Vezneciler\u2019deki Tulumbac\u0131lar Kona\u011f\u0131\u2019nda bir askeri okul niteli\u011findeki T\u0131bhane-i \u00c2mire\u2019yi kurdurmu\u015ftur. Okul, 14 Mart 1827 (15 \u015eaban 1242)\u2019de faaliyete ge\u00e7mi\u015ftir. Bu okul, \u00fclkemizde modern anlamda a\u00e7\u0131lan ilk t\u0131p okuludur. Bu kurum, daha sonra farkl\u0131 adlar alsa da e\u011fitime aral\u0131ks\u0131z ve kendisini geli\u015ftirerek devam etmi\u015ftir. Bu nedenle 14 Mart 1827 tarihi, \u00fclkemizde modern t\u0131p e\u011fitiminin ba\u015flang\u0131c\u0131 kabul edilmekte ve T\u0131p Bayram\u0131 olarak kutlanmaktad\u0131r.<\/p><p>\u00a0Tarihten Gelece\u011fe Bilim K\u00f6pr\u00fcs\u00fc,<\/p><p>\u0130stanbul T\u0131p Fak\u00fcltesinde \u00f6\u011fretim \u00fcyelerimiz ve personelimiz ad\u0131na, \u00f6n\u00fcm\u00fczdeki e\u011fitim y\u0131llar\u0131n\u0131zda mesleki geli\u015fiminizin her a\u015famas\u0131nda bizimle birlikte ge\u00e7irmeyi se\u00e7ti\u011finiz i\u00e7in mutluyuz.\u00a0<\/p><p>\u00a0Bu de\u011ferlerle, sanat\u0131 da t\u0131p bilimi kadar te\u015fvik eden mesleki e\u011fitimimizle, hastalar\u0131m\u0131z\u0131n sa\u011fl\u0131\u011f\u0131n\u0131n ve g\u00fcnl\u00fck ya\u015famlar\u0131n\u0131n iyile\u015ftirilmesine olan ba\u011fl\u0131l\u0131\u011f\u0131m\u0131z\u0131 s\u00fcrd\u00fcr\u00fcyoruz.<\/p><p>\u00a0\u0130stanbul T\u0131p Fak\u00fclteli olmak ayr\u0131cal\u0131kt\u0131r anlay\u0131\u015f\u0131yla anlaml\u0131 bir deneyim ya\u015fayaca\u011f\u0131n\u0131za eminim.<\/p><p><strong>Prof. Dr. Tufan T\u00dcKEK<\/strong><\/p><\/div>\n\t\t\t\t<\/div>\n\t\t\t\t\t\t\t<div class=\"elementor-toggle-item\">\n\t\t\t\t\t<h3 id=\"elementor-tab-title-1043\" class=\"elementor-tab-title\" data-tab=\"3\" role=\"button\" aria-controls=\"elementor-tab-content-1043\" aria-expanded=\"false\">\n\t\t\t\t\t\t\t\t\t\t\t\t<span class=\"elementor-toggle-icon elementor-toggle-icon-right\" aria-hidden=\"true\">\n\t\t\t\t\t\t\t\t\t\t\t\t\t\t\t<span class=\"elementor-toggle-icon-closed\"><i class=\"vamtamtheme- vamtam-theme-arrow-down\"><\/i><\/span>\n\t\t\t\t\t\t\t\t<span class=\"elementor-toggle-icon-opened\"><i class=\"elementor-toggle-icon-opened vamtamtheme- vamtam-theme-arrow-up\"><\/i><\/span>\n\t\t\t\t\t\t\t\t\t\t\t\t\t<\/span>\n\t\t\t\t\t\t\t\t\t\t\t\t<a class=\"elementor-toggle-title\" tabindex=\"0\">TAR\u0130H\u00c7E<\/a>\n\t\t\t\t\t<\/h3>\n\n\t\t\t\t\t<div id=\"elementor-tab-content-1043\" class=\"elementor-tab-content elementor-clearfix\" data-tab=\"3\" role=\"region\" aria-labelledby=\"elementor-tab-title-1043\"><p>\u0130stanbul T\u0131p Fak\u00fcltesi T\u00fcrkiye\u2019nin ilk t\u0131p fak\u00fcltesidir. Kurulu\u015f tarihi modern anlamda 1827 olarak kabul edilmekte olsa da k\u00f6kleri 15. y\u00fczy\u0131la dayanmaktad\u0131r. Bu y\u0131l 198. y\u0131l\u0131n\u0131 b\u00fcy\u00fck bir sevin\u00e7le kutlad\u0131\u011f\u0131m\u0131z fak\u00fcltemiz ayn\u0131 zamanda kurulu\u015f g\u00fcn\u00fc olan 14 Mart tarihinin y\u0131llard\u0131r ulusal \u00e7apta \u201d T\u0131p Bayram\u0131 \u201d olarak kutlanmas\u0131yla da \u00fcnl\u00fcd\u00fcr. \u0130stanbul T\u0131p Fak\u00fcltesi, \u00fclkemizin ilk T\u0131p Fak\u00fcltesi\u2019dir. Fatih Sultan Mehmet\u2019in \u0130stanbul\u2019u fethinden sonra emri \u00fczerine Beyaz\u0131t Meydan\u0131\u2019nda Dar\u00fclf\u00fcnun kurulmu\u015f ve ard\u0131ndan burada modern olmayan t\u0131p e\u011fitimi ba\u015flam\u0131\u015ft\u0131r.\u00a0<\/p><p>14 Mart 1827 y\u0131l\u0131nda ise modern anlamda ilk t\u0131p fak\u00fcltesi Mekteb-i T\u0131bbiye-i Adliye-i \u015eahane, d\u00f6nemin padi\u015fah\u0131 Sultan II. Mahmud taraf\u0131ndan kurulmu\u015ftur. Cumhuriyet D\u00f6nemi\u2019nde 1933 \u00dcniversite Reformu\u2019yla birlikte \u0130stanbul \u00dcniversitesi\u2019nin tek T\u0131p Fak\u00fcltesi olarak ismi \u0130stanbul T\u0131p Fak\u00fcltesi olarak de\u011fi\u015ftirilmi\u015ftir. Bu de\u011fi\u015fimden sonra \u0130stanbul T\u0131p Fak\u00fcltesi \u00f6\u011frencileri mezuniyet diploma numaralar\u0131n\u0131 2 \u015fekilde almaktad\u0131r. \u0130lk diploma Cumhuriyet tarihi \u00f6ncesi diploma numaras\u0131; di\u011feri ise Cumhuriyet sonras\u0131 diploma numaras\u0131d\u0131r. 1827 y\u0131l\u0131ndan beri g\u00fcn\u00fcm\u00fcze kadar ula\u015fan tek t\u0131p fak\u00fcltesinin \u0130stanbul T\u0131p Fak\u00fcltesi olmas\u0131n\u0131n en b\u00fcy\u00fck kan\u0131t\u0131 i\u015fte bu mezuniyet numaralar\u0131 ve Fak\u00fcltemizin i\u00e7inde bulunan ar\u015fivlerdir.\u00a0<\/p><p>1. D\u00fcnya Sava\u015f\u0131 sonras\u0131 Almanya\u2019dan ka\u00e7mak zorunda b\u0131rak\u0131lm\u0131\u015f Philipp Schwartz, Siegfried Oberndorfer, Erich Frank gibi pek \u00e7ok Alman \u00f6\u011fretim g\u00f6revlisinin b\u00fcnyemize kat\u0131lmas\u0131, Fak\u00fcltemizin g\u00fcc\u00fcne g\u00fc\u00e7 katm\u0131\u015ft\u0131r. Alman ekol\u00fcn\u00fcn mihenk ta\u015f\u0131 olan usta-\u00e7\u0131rak ili\u015fkisini, Fak\u00fcltemiz olanca g\u00fcc\u00fcyle benimsemi\u015ftir. Y\u0131llar\u0131n verdi\u011fi birikimle, k\u00f6kl\u00fc tarihiyle modern t\u0131bba ge\u00e7mi\u015fte oldu\u011fu gibi g\u00fcn\u00fcm\u00fczde de \u0131\u015f\u0131k tutmaktad\u0131r. Fak\u00fcltemiz ulusal ve uluslararas\u0131 k\u00f6kl\u00fc kurumlar\u0131n mezun ve mensuplar\u0131 ile her zaman destek olmu\u015ftur ve olmaya devam etmektedir.<\/p><p><a href=\"https:\/\/istanbultiptanitim.istanbul.edu.tr\/index.php\/istanbul-tip-fakultesi-tarihi\/\">Ayr\u0131nt\u0131l\u0131 bilgi i\u00e7in t\u0131klay\u0131n\u0131z.<\/a><\/p><\/div>\n\t\t\t\t<\/div>\n\t\t\t\t\t\t\t<div class=\"elementor-toggle-item\">\n\t\t\t\t\t<h3 id=\"elementor-tab-title-1044\" class=\"elementor-tab-title\" data-tab=\"4\" role=\"button\" aria-controls=\"elementor-tab-content-1044\" aria-expanded=\"false\">\n\t\t\t\t\t\t\t\t\t\t\t\t<span class=\"elementor-toggle-icon elementor-toggle-icon-right\" aria-hidden=\"true\">\n\t\t\t\t\t\t\t\t\t\t\t\t\t\t\t<span class=\"elementor-toggle-icon-closed\"><i class=\"vamtamtheme- vamtam-theme-arrow-down\"><\/i><\/span>\n\t\t\t\t\t\t\t\t<span class=\"elementor-toggle-icon-opened\"><i class=\"elementor-toggle-icon-opened vamtamtheme- vamtam-theme-arrow-up\"><\/i><\/span>\n\t\t\t\t\t\t\t\t\t\t\t\t\t<\/span>\n\t\t\t\t\t\t\t\t\t\t\t\t<a class=\"elementor-toggle-title\" tabindex=\"0\">AKADEM\u0130K KADRO<\/a>\n\t\t\t\t\t<\/h3>\n\n\t\t\t\t\t<div id=\"elementor-tab-content-1044\" class=\"elementor-tab-content elementor-clearfix\" data-tab=\"4\" role=\"region\" aria-labelledby=\"elementor-tab-title-1044\"><p>Profes\u00f6r 260<\/p><p>Do\u00e7ent 118<\/p><p>Doktor \u00f6\u011fretim \u00fcyesi 71<\/p><p>\u00d6\u011fretim g\u00f6revlisi 24<\/p><p>Ara\u015ft\u0131rma g\u00f6revlisi 1013<\/p><p><a href=\"https:\/\/istanbultip.istanbul.edu.tr\/tr\/akademikkadro\">Ayr\u0131nt\u0131l\u0131 bilgi i\u00e7in t\u0131klay\u0131n\u0131z.<\/a><\/p><\/div>\n\t\t\t\t<\/div>\n\t\t\t\t\t\t\t<div class=\"elementor-toggle-item\">\n\t\t\t\t\t<h3 id=\"elementor-tab-title-1045\" class=\"elementor-tab-title\" data-tab=\"5\" role=\"button\" aria-controls=\"elementor-tab-content-1045\" aria-expanded=\"false\">\n\t\t\t\t\t\t\t\t\t\t\t\t<span class=\"elementor-toggle-icon elementor-toggle-icon-right\" aria-hidden=\"true\">\n\t\t\t\t\t\t\t\t\t\t\t\t\t\t\t<span class=\"elementor-toggle-icon-closed\"><i class=\"vamtamtheme- vamtam-theme-arrow-down\"><\/i><\/span>\n\t\t\t\t\t\t\t\t<span class=\"elementor-toggle-icon-opened\"><i class=\"elementor-toggle-icon-opened vamtamtheme- vamtam-theme-arrow-up\"><\/i><\/span>\n\t\t\t\t\t\t\t\t\t\t\t\t\t<\/span>\n\t\t\t\t\t\t\t\t\t\t\t\t<a class=\"elementor-toggle-title\" tabindex=\"0\">B\u00d6L\u00dcMLER\u0130N TANITIMI<\/a>\n\t\t\t\t\t<\/h3>\n\n\t\t\t\t\t<div id=\"elementor-tab-content-1045\" class=\"elementor-tab-content elementor-clearfix\" data-tab=\"5\" role=\"region\" aria-labelledby=\"elementor-tab-title-1045\"><p>Fak\u00fcltemiz Temel, Dahili ve Cerrahi T\u0131p Bilimleri olmak \u00fczere \u00fc\u00e7 temel b\u00f6l\u00fcmden olu\u015fuyor.<\/p><p><strong>Temel T\u0131p Bilimleri: <\/strong>T\u0131p e\u011fitiminin sa\u011flam zemine basmas\u0131 1555\u2019te a\u00e7\u0131lan S\u00fcleymaniye K\u00fclliyesi\u2019ne kadar uzan\u0131yor. Temel t\u0131p bilimleri ise tarihten bu yana gelen ve s\u00fcrekli geli\u015fimin i\u00e7inde olan farkl\u0131 disiplinleri i\u00e7inde bar\u0131nd\u0131r\u0131yor.<\/p><p>Fak\u00fcltemizde Temel T\u0131p Bilimleri alt\u0131nda 10 farkl\u0131 anabilim dal\u0131 bulunur. Bunlar s\u0131ras\u0131yla; Anatomi, Biofizik, Biyoistatistik, Fizyoloji, Histoloji ve Embriyoloji, T\u0131bbi Biyokimya, T\u0131bbi Biyoloji, T\u0131bbi Mikrobiyoloji, T\u0131p E\u011fitim Anabilim Dal\u0131, T\u0131p Tarihi ve Etik Anabilim Dal\u0131.<\/p><p><strong>Dahili T\u0131p Bilimleri: <\/strong>1909 y\u0131l\u0131nda Askeri-M\u00fclki T\u0131p Mektepleri birle\u015ftirilerek meydana gelen Dahili T\u0131p Bilimleri i\u00e7inde farkl\u0131 kollara ayr\u0131lan ve kapsay\u0131c\u0131 bir pratiktir.<\/p><p>Fak\u00fcltemizde Dahili T\u0131p Bilimleri alt\u0131nda 21 adet anabilim dal\u0131 bulunur. Bunlar s\u0131ras\u0131yla; Adli T\u0131p, Aile Hekimli\u011fi, \u00c7ocuk Sa\u011fl\u0131\u011f\u0131 ve Hastal\u0131klar\u0131, \u00c7ocuk ve Ergen Ruh Sa\u011fl\u0131\u011f\u0131 ve Hastal\u0131klar\u0131, Deri Ve Z\u00fchrevi Hastal\u0131klar\u0131, Fiziksel T\u0131p ve Rehabilitasyon, G\u00f6\u011f\u00fcs Hastal\u0131klar\u0131, Halk Sa\u011fl\u0131\u011f\u0131, \u0130\u00e7 Hastal\u0131klar\u0131, \u0130nfeksiyon Hastal\u0131klar\u0131 ve Klinik Mikrobiyoloji, Kardiyoloji, N\u00f6roloji, N\u00fckleer T\u0131p, Radyasyon Onkolojisi, Radyoloji, Ruh Sa\u011fl\u0131\u011f\u0131 ve Hastal\u0131klar\u0131, Spor Hekimli\u011fi, Sualt\u0131 Hekimli\u011fi ve Hiperbarik, T\u0131bbi Ekoloji ve Hidroklimatoloji, T\u0131bbi Farmakoloji, T\u0131bbi Genetik.\u00a0\u00a0\u00a0\u00a0\u00a0<\/p><p><strong>Cerrahi T\u0131p Bilimleri: <\/strong>Cerrahi T\u0131p Bilimleri, A\u011f\u0131z, \u00c7ene ve Y\u00fcz Cerrahisi; a\u011f\u0131z, y\u00fcz ve \u00e7ene ile ba\u015f ve boyun b\u00f6lgelerini ilgilendiren, di\u015flerle direkt alakas\u0131 olmayan kistler ve t\u00fcm\u00f6rler, do\u011fumsal anomaliler, travmatik (kazalarla olu\u015fan) ve enfeksiy\u00f6z (iltihabi) hastal\u0131klarla ilgilenen, modern ve farkl\u0131 cerrahi bran\u015flarla i\u015fbirli\u011fi i\u00e7inde \u00e7al\u0131\u015fan bir cerrahi dal olarak hizmet veriyor.<\/p><p>Fak\u00fcltemizde Cerrahi T\u0131p Bilimleri 14 farkl\u0131 alt b\u00f6l\u00fcme ayr\u0131l\u0131yor. Bu anabilim dallar\u0131 s\u0131ras\u0131yla: A\u011f\u0131z, Y\u00fcz ve \u00c7ene Cerrahisi, Anesteziyoloji ve Reanimasyon, Beyin ve Sinir Cerrahisi, \u00c7ocuk Cerrahisi, Genel Cerrahi, G\u00f6\u011f\u00fcs\u00a0 Cerrahisi, G\u00f6z Hastal\u0131klar\u0131, Kad\u0131n Hastal\u0131klar\u0131 Ve Do\u011fum, Kalp ve Damar Cerrahisi, Kulak Burun Bo\u011faz Hastal\u0131klar\u0131, Ortopedi\u0307 ve Travmatoloji, Plastik, Rekonstr\u00fcktif ve Estetik Cerrahisi, T\u0131bbi Patoloji, \u00dcroloji.<\/p><\/div>\n\t\t\t\t<\/div>\n\t\t\t\t\t\t\t<div class=\"elementor-toggle-item\">\n\t\t\t\t\t<h3 id=\"elementor-tab-title-1046\" class=\"elementor-tab-title\" data-tab=\"6\" role=\"button\" aria-controls=\"elementor-tab-content-1046\" aria-expanded=\"false\">\n\t\t\t\t\t\t\t\t\t\t\t\t<span class=\"elementor-toggle-icon elementor-toggle-icon-right\" aria-hidden=\"true\">\n\t\t\t\t\t\t\t\t\t\t\t\t\t\t\t<span class=\"elementor-toggle-icon-closed\"><i class=\"vamtamtheme- vamtam-theme-arrow-down\"><\/i><\/span>\n\t\t\t\t\t\t\t\t<span class=\"elementor-toggle-icon-opened\"><i class=\"elementor-toggle-icon-opened vamtamtheme- vamtam-theme-arrow-up\"><\/i><\/span>\n\t\t\t\t\t\t\t\t\t\t\t\t\t<\/span>\n\t\t\t\t\t\t\t\t\t\t\t\t<a class=\"elementor-toggle-title\" tabindex=\"0\">FAK\u00dcLTEN\u0130N AYIRT ED\u0130C\u0130 \u00d6ZELL\u0130KLER\u0130<\/a>\n\t\t\t\t\t<\/h3>\n\n\t\t\t\t\t<div id=\"elementor-tab-content-1046\" class=\"elementor-tab-content elementor-clearfix\" data-tab=\"6\" role=\"region\" aria-labelledby=\"elementor-tab-title-1046\"><p><strong>Klinik G\u00f6zlem Uygulamalar\u0131: <\/strong>1. d\u00f6nemde \u00f6\u011frenciler \u00e7e\u015fitli kliniklerde \u00f6nce birka\u00e7 g\u00fcnl\u00fck, sonras\u0131nda yar\u0131y\u0131l sonunda birer haftal\u0131k g\u00f6zlemler yapmakta, bunlar\u0131n yan\u0131 s\u0131ra kliniklerde ate\u015f, tansiyon, nab\u0131z, sat\u00fcrasyon ve dikey koridor uygulamalar\u0131 gibi uygulamalar\u0131 almaktad\u0131r. Birinci d\u00f6nemdeki bir \u00f6\u011frencinin klinik uygulamalara bu kadar erken ba\u015flamas\u0131 mesleki tecr\u00fcbe a\u00e7\u0131s\u0131ndan \u00e7ok \u00f6nemlidir. Ayn\u0131 zamanda birinci ve ikinci s\u0131n\u0131f sonlar\u0131nda da poliklinik ve servislerde yap\u0131lan birer haftal\u0131k stajlar yer almaktad\u0131r.<\/p><p><strong>T\u0131p Eti\u011fi Dersleri<\/strong>: D\u00f6nemde sunulan T\u0131p Tarihi ve Etik dersleri, fak\u00fcltemizdeki tecr\u00fcbeli \u00f6\u011fretim \u00fcyeleri taraf\u0131ndan hekimlik prati\u011finde \u00f6nem arz eden kurallar\u0131 ve hasta-hekim ili\u015fkilerinin gerekliliklerini vurgulayan kritik derslerdir. Bu dersler, mesleki bilincinizi geli\u015ftirmeniz ve g\u00fc\u00e7lendirmeniz a\u00e7\u0131s\u0131ndan son derece k\u0131ymetlidir.<\/p><p><strong>T\u0131bba Merhaba Komitesi<\/strong>: 1.D\u00f6neme yeni ba\u015flayan \u00f6\u011frenciler ilk komite olarak T\u0131bba Merhaba oryantasyonu ile derslere ba\u015fl\u0131yor. Psikoloji, Etik, \u0130lk Yard\u0131m ve Halk Sa\u011fl\u0131\u011f\u0131 derslerini i\u00e7eren bu komite, t\u0131p fak\u00fcltesine uyum sa\u011flamalar\u0131n\u0131 ve hekimlik mesle\u011fine ba\u015flamadan \u00f6nce mutlaka \u00f6\u011frenilmesi gereken bilgilerin erkenden benimsenmesini ve \u00f6\u011frencilerin bilin\u00e7lenmelerini sa\u011fl\u0131yor.\u00a0<\/p><p><strong>Klinik G\u00f6zlem Uygulamalar\u0131<\/strong>: 1. D\u00f6nemde \u00f6\u011frenciler, \u00e7e\u015fitli kliniklerde ilk olarak birka\u00e7 g\u00fcnl\u00fck, ard\u0131ndan yar\u0131y\u0131l boyunca bir haftal\u0131k g\u00f6zlemler yaparak bu s\u00fcre\u00e7te ate\u015f, tansiyon, nab\u0131z, sat\u00fcrasyon gibi klinik uygulamalar\u0131 deneyimliyor. Bu erken klinik deneyimler, \u00f6\u011frencilerin mesleki tecr\u00fcbelerini geli\u015ftirmeleri a\u00e7\u0131s\u0131ndan son derece \u00f6nem arz ediyor. Ayr\u0131ca \u00f6\u011frencilerimiz, birinci ve ikinci s\u0131n\u0131f sonunda polikliniklerde ve servislerde birer haftal\u0131k staj yap\u0131yor.<\/p><p><strong>Entegre Oturumlar<\/strong>: Entegre oturumlar, fak\u00fcltemizde i\u015flenen konular\u0131n ayn\u0131 dilimde farkl\u0131 disiplinler taraf\u0131ndan olgu veya durum temelinde tart\u0131\u015f\u0131ld\u0131\u011f\u0131 oturumlard\u0131r. Hekimlik, tan\u0131dan te\u015fhis ve tedaviye kadar her a\u015famada disiplinler aras\u0131 d\u00fc\u015f\u00fcnme ve uygulama gerektiren bir meslek oldu\u011fundan bu oturumlar, hem farkl\u0131 disiplinlerden bir konuya yakla\u015fmay\u0131 \u00f6\u011frenme, hem de mevcut konular\u0131n daha iyi peki\u015ftirilip kavranmas\u0131na katk\u0131 sa\u011fl\u0131yor.<\/p><p><strong>\u00dcstten ve Alttan Entegrasyon<\/strong>: \u00d6\u011frencilerimiz 2. D\u00f6nemde organlar\u0131n nas\u0131l \u00e7al\u0131\u015ft\u0131\u011f\u0131n\u0131; 3. d\u00f6nemde ise bu sistemlerin nas\u0131l bozuldu\u011funu ve hastal\u0131klar\u0131n olu\u015fumunu detayl\u0131 bir \u015fekilde inceliyor. Normal i\u015fleyi\u015fi \u00f6\u011frenirken ilgili hastal\u0131klar genel hatlar\u0131yla ele al\u0131n\u0131yor, bu da \u00f6\u011frencilerin ileriye d\u00f6n\u00fck konulara kolay entegrasyonunu sa\u011fl\u0131yor ve buna \u00fcstten entegrasyon deniyor. Hastal\u0131klar\u0131n olu\u015fumunu \u00f6\u011frenmeden \u00f6nce ise organ sistemlerinin normal i\u015fleyi\u015fini anlamak \u00f6nem arz etti\u011fi i\u00e7in alttan entegrasyon ile hat\u0131rlatma dersleri yap\u0131l\u0131yor.<\/p><p><strong>Hekimli\u011fe Merhaba Uygulamalar\u0131<\/strong>: 6. D\u00f6nem \u00f6\u011frencilerine y\u00f6nelik fak\u00fcltemize \u00f6zg\u00fc bu bir haftal\u0131k program, hekimlik hayat\u0131na haz\u0131rl\u0131k s\u00fcrecine kar\u015f\u0131la\u015f\u0131labilecek muhtemel hastal\u0131klar\u0131 ve \u00f6nemli acil vakalar\u0131 hat\u0131rlatmay\u0131 ama\u00e7l\u0131yor.<\/p><p><strong>Anatomide Yaln\u0131zca Kadavra \u00dczerinden E\u011fitim<\/strong>: Fak\u00fcltemizde anatomi e\u011fitimi 1. ve 2. d\u00f6nemlerde veriliyor. Her ders, ulusal ve uluslararas\u0131 alanda kendini kan\u0131tlam\u0131\u015f hocalar\u0131m\u0131z taraf\u0131ndan sadece kadavra \u00fczerinde uygulamal\u0131 olarak i\u015fleniyor. Bu da T\u00fcrkiye&#8217;de anatomi e\u011fitiminde yaln\u0131zca kadavra kullan\u0131lan tek t\u0131p fak\u00fcltesi olmam\u0131z\u0131 sa\u011fl\u0131yor. Ayr\u0131ca, fak\u00fcltemizdeki g\u00f6n\u00fcll\u00fc \u00f6\u011frencilerimiz belirli bir kontenjanla s\u0131n\u0131rl\u0131 olmak kayd\u0131yla kadavra disseksiyonuna da kat\u0131labiliyorlar. Hekimlik e\u011fitiminde erken d\u00f6nemde ger\u00e7ek doku ve yap\u0131larla kar\u015f\u0131la\u015fmak, giri\u015fimsel klinik uygulamalarda b\u00fcy\u00fck \u00f6nem ta\u015f\u0131yor.<\/p><p><strong>Canl\u0131 Anatomi: <\/strong>Canl\u0131 anatomi derslerinde, cerrah hocam\u0131z ameliyathanede ger\u00e7ek bir ameliyat ger\u00e7ekle\u015ftirirken, amfideki anatomi hocalar\u0131m\u0131z da canl\u0131 ba\u011flant\u0131 kurarak \u00f6\u011frencilerle ileti\u015fim kuruyor. Ameliyat s\u0131ras\u0131nda ilgili yap\u0131lar ve dokular anatomi hocalar\u0131 taraf\u0131ndan \u00f6\u011frencilere birebir g\u00f6steriliyor. \u00d6\u011frenciler, cerrah\u0131n ger\u00e7ekle\u015ftirdi\u011fi ameliyata anl\u0131k olarak g\u00f6zlem yapma ve ilgili yap\u0131lar\u0131 canl\u0131 olarak g\u00f6rme \u015fans\u0131n\u0131 yakal\u0131yor. Bu y\u00f6ntem, \u00f6\u011frencilerin teorik bilgilerini ve kadavra \u00fczerinde g\u00f6zlemledikleri yap\u0131lar\u0131 canl\u0131 bir ortamda g\u00f6rerek peki\u015ftirmelerine olanak sa\u011fl\u0131yor.<\/p><p><strong>Dikey Koridor Uygulamalar\u0131: <\/strong>Fak\u00fcltemizde 1. ve 2. d\u00f6nem \u00f6\u011frencilerine Diki\u015f D\u00fc\u011f\u00fcm Atma, Al\u00e7\u0131 yapma, Parenteral Giri\u015fim ve Enjeksiyon, Yaral\u0131 Ta\u015f\u0131ma, K\u0131r\u0131k-\u00c7\u0131k\u0131klarda \u0130lkyard\u0131m e\u011fitimleri veriliyor. Ayr\u0131ca Fak\u00fcltemizde 2. d\u00f6nemde Anamnez Alma ve Sim\u00fcle Hasta Laboratuvar\u0131nda hastaya birincil yakla\u015f\u0131m uygulamalar\u0131 da yap\u0131l\u0131yor.<\/p><p><strong>Tamamlay\u0131c\u0131 Probleme Dayal\u0131 \u00d6\u011frenme (PD\u00d6)<\/strong>: On ki\u015filik gruplarla yap\u0131lan PD\u00d6 uygulamalar\u0131, \u00f6\u011frencilerin muhakeme ve karar verme yeteneklerini g\u00fc\u00e7lendiren bir \u00f6\u011frenme sistemidir. Ele al\u0131nan vakan\u0131n te\u015fhis-tedavi s\u00fcrecinde neler yap\u0131lmas\u0131 gerekti\u011fine, oturumdaki \u00f6\u011fretim \u00fcyesiyle birlikte karar veriliyor.<\/p><p><strong>Sim\u00fcle Hasta Uygulamalar\u0131<\/strong><strong>: <\/strong>Sim\u00fcle hastalar, sa\u011fl\u0131k \u00e7al\u0131\u015fanlar\u0131n\u0131n e\u011fitimi, becerilerinin s\u0131nanmas\u0131 veya ileti\u015fim ve muayene becerileri i\u00e7in e\u011fitilmi\u015f ki\u015filerdir. Fak\u00fcltemiz b\u00fcnyesinde 2008 y\u0131l\u0131nda kurulan Sim\u00fcle Hasta Laboratuvar\u0131&#8217;nda bu e\u011fitimler ger\u00e7ekle\u015fiyor. Bu uygulamalar, \u00f6\u011frencilere ger\u00e7ek hastalarla kar\u015f\u0131la\u015fmadan \u00f6nce deneyim kazand\u0131rarak ald\u0131klar\u0131 geri bildirimlerle geli\u015fimlerine katk\u0131 sa\u011fl\u0131yor.<\/p><p><strong>60 Farkl\u0131 Se\u00e7meli Ders<\/strong>: \u0130yi bir hekim olmak i\u00e7in \u00f6ncelikle iyi ve donan\u0131ml\u0131 bir insan olmam\u0131z gerekiyor. Y\u0131llard\u0131r bunun bilincinde olan Fak\u00fcltemiz, birbirinden farkl\u0131 alanlarda toplam 60 tane se\u00e7meli dersle \u00f6\u011frencilerini destekliyor. Bu sayede \u00f6\u011frencilerimiz, sadece t\u0131pla s\u0131n\u0131rl\u0131 kalmamak \u00fczere ilgi ve yeteneklerine g\u00f6re bir\u00e7ok farkl\u0131 alanda akademik bilgi ve deneyim kazanma imk\u00e2n\u0131na sahip oluyor. \u00d6rne\u011fin, hayat\u0131m\u0131za h\u0131zla girmekte olan Yapay Zek\u00e2 uygulamalar\u0131n\u0131n t\u0131p literat\u00fcr\u00fcne girmesi ka\u00e7\u0131n\u0131lmazken, \u00fclkemizde Yapay Zek\u00e2 ve Giri\u015fimcilik Se\u00e7meli Dersi ile yapay zek\u00e2yla ilgili ders veren tek devlet t\u0131p fak\u00fcltesi olmam\u0131z, T\u00fcrkiye&#8217;de bilime ve gelece\u011fe \u0131\u015f\u0131k tuttu\u011fumuzu ve \u00f6\u011frencilerimize her alanda e\u011fitim ve \u00f6\u011frenim \u015fans\u0131 sundu\u011fumuzu destekler niteliktedir.<\/p><p><strong>\u00a0<\/strong><\/p><\/div>\n\t\t\t\t<\/div>\n\t\t\t\t\t\t\t<div class=\"elementor-toggle-item\">\n\t\t\t\t\t<h3 id=\"elementor-tab-title-1047\" class=\"elementor-tab-title\" data-tab=\"7\" role=\"button\" aria-controls=\"elementor-tab-content-1047\" aria-expanded=\"false\">\n\t\t\t\t\t\t\t\t\t\t\t\t<span class=\"elementor-toggle-icon elementor-toggle-icon-right\" aria-hidden=\"true\">\n\t\t\t\t\t\t\t\t\t\t\t\t\t\t\t<span class=\"elementor-toggle-icon-closed\"><i class=\"vamtamtheme- vamtam-theme-arrow-down\"><\/i><\/span>\n\t\t\t\t\t\t\t\t<span class=\"elementor-toggle-icon-opened\"><i class=\"elementor-toggle-icon-opened vamtamtheme- vamtam-theme-arrow-up\"><\/i><\/span>\n\t\t\t\t\t\t\t\t\t\t\t\t\t<\/span>\n\t\t\t\t\t\t\t\t\t\t\t\t<a class=\"elementor-toggle-title\" tabindex=\"0\">FAK\u00dcLTE KUL\u00dcPLER\u0130, SOSYAL VE K\u00dcLT\u00dcREL FAAL\u0130YETLER<\/a>\n\t\t\t\t\t<\/h3>\n\n\t\t\t\t\t<div id=\"elementor-tab-content-1047\" class=\"elementor-tab-content elementor-clearfix\" data-tab=\"7\" role=\"region\" aria-labelledby=\"elementor-tab-title-1047\"><p>\u0130stanbul T\u0131p Fak\u00fcltesi, verdi\u011fi kaliteli e\u011fitimin yan\u0131 s\u0131ra \u00f6\u011frencilerin kendilerini ger\u00e7ekle\u015ftirebilecekleri kul\u00fcpleri de destekler. B\u00fcnyesinde bulundurdu\u011fu 45 \u00f6\u011frenci kul\u00fcb\u00fc ile \u0130stanbul \u00dcniversitesi&#8217;nin en fazla kul\u00fcb\u00fcne sahip fak\u00fcltesidir. Bu kul\u00fcplerde fak\u00fcltemiz \u00f6\u011frencilerine; bilimsel, sosyal ve k\u00fclt\u00fcrel alanlarda \u00e7al\u0131\u015fma, proje yapma ve derslerden arta kalan zamanlar\u0131n\u0131 kaliteli de\u011ferlendirme f\u0131rsat\u0131 sunulmaktad\u0131r.\u00a0<\/p><p>\u0130lgisi olan \u00f6\u011frencilerimizin kat\u0131labilece\u011fi voleybol, futbol, basketbol, tenis, masa tenisi ve bri\u00e7 tak\u0131mlar\u0131m\u0131z da mevcuttur. Ayr\u0131ca her sene d\u00fczenlenen &#8220;O Ses \u00c7apa&#8221; yar\u0131\u015fmam\u0131zla, 1.s\u0131n\u0131flar\u0131n geli\u015fini kutlad\u0131\u011f\u0131m\u0131z \u201c\u00c7apa\u2019ya Merhaba\u201d ile, her may\u0131s bir gelenek haline gelmi\u015f &#8220;\u00d6\u011frenci \u015eenlikleri&#8221; de s\u00fcrd\u00fcr\u00fclmektedir. Her y\u0131l &#8220;\u0130nt\u00f6rn D\u00fc\u011f\u00fcn\u00fc&#8221;nde de mezun olacak \u00f6\u011frencilerimiz \u00d6\u011frenci Meydan\u0131m\u0131zda d\u00fczenlenen aktivitelerle bir g\u00fcn boyunca e\u011flenmektedirler. Okulumuzun kurulu\u015f y\u0131ld\u00f6n\u00fcm\u00fc olan ve 1919\u2019dan beri t\u0131p bayram\u0131 olan 14 Mart\u2019ta ise \u00e7e\u015fitli etkinlikler ve kutlama yeme\u011fi d\u00fczenlenmektedir.<\/p><p><img decoding=\"async\" class=\"alignnone size-full wp-image-990914\" src=\"http:\/\/tercihim.istanbul.edu.tr\/wp-content\/uploads\/2025\/07\/1000019965.jpg\" alt=\"\" width=\"982\" height=\"526\" srcset=\"https:\/\/tercihim.istanbul.edu.tr\/wp-content\/uploads\/2025\/07\/1000019965.jpg 982w, https:\/\/tercihim.istanbul.edu.tr\/wp-content\/uploads\/2025\/07\/1000019965-300x161.jpg 300w, https:\/\/tercihim.istanbul.edu.tr\/wp-content\/uploads\/2025\/07\/1000019965-768x411.jpg 768w\" sizes=\"(max-width: 982px) 100vw, 982px\" \/><\/p><\/div>\n\t\t\t\t<\/div>\n\t\t\t\t\t\t\t<div class=\"elementor-toggle-item\">\n\t\t\t\t\t<h3 id=\"elementor-tab-title-1048\" class=\"elementor-tab-title\" data-tab=\"8\" role=\"button\" aria-controls=\"elementor-tab-content-1048\" aria-expanded=\"false\">\n\t\t\t\t\t\t\t\t\t\t\t\t<span class=\"elementor-toggle-icon elementor-toggle-icon-right\" aria-hidden=\"true\">\n\t\t\t\t\t\t\t\t\t\t\t\t\t\t\t<span class=\"elementor-toggle-icon-closed\"><i class=\"vamtamtheme- vamtam-theme-arrow-down\"><\/i><\/span>\n\t\t\t\t\t\t\t\t<span class=\"elementor-toggle-icon-opened\"><i class=\"elementor-toggle-icon-opened vamtamtheme- vamtam-theme-arrow-up\"><\/i><\/span>\n\t\t\t\t\t\t\t\t\t\t\t\t\t<\/span>\n\t\t\t\t\t\t\t\t\t\t\t\t<a class=\"elementor-toggle-title\" tabindex=\"0\">\u00d6D\u00dcLLER VE BA\u015eARILAR<\/a>\n\t\t\t\t\t<\/h3>\n\n\t\t\t\t\t<div id=\"elementor-tab-content-1048\" class=\"elementor-tab-content elementor-clearfix\" data-tab=\"8\" role=\"region\" aria-labelledby=\"elementor-tab-title-1048\"><ul><li>Fak\u00fcltemiz \u00f6\u011fretim \u00fcyesi <strong> Dr. Ate\u015f Kad\u0131o\u011flu<\/strong> Soci\u00e9t\u00e9 Internationale d&#8217;Urologie\u2019nin (D\u00fcnya \u00dcroloji Derne\u011fi) 10-14 Kas\u0131m 2021 tarihleri aras\u0131nda Dubai\u2019de ger\u00e7ekle\u015ftirdi\u011fi kongrede , \u201cSe\u00e7kin Kariyer \u00d6d\u00fcl\u00fcne\u201d (Distinguished career award) lay\u0131k g\u00f6r\u00fcld\u00fc.<\/li><li>2019 y\u0131l\u0131nda Polonya Wroclaw T\u0131p \u00dcniversitesi Rekt\u00f6r\u00fc Say\u0131n Prof. Dr. hab. Piotr Panikowski taraf\u0131ndan, sempozyumu d\u00fczenlemi\u015f olmas\u0131 nedeniyle <strong> Dr. Ar\u0131n Namal&#8217;a<\/strong> &#8216;Rekt\u00f6rl\u00fck \u00d6zel \u00d6d\u00fcl\u00fc&#8217; tevdi edildi.<\/li><li><strong> Dr. Mehmet \u015e\u00fckr\u00fc Sever<\/strong> Avrupa B\u00f6brek Birli\u011fi (ERA) taraf\u0131ndan 2024 \u00dcst\u00fcn Katk\u0131 \u00d6d\u00fcl\u00fc\u2019ne lay\u0131k g\u00f6r\u00fcld\u00fc.<\/li><li><strong> Dr. Feyza Darendeliler<\/strong>\u2019e \u201cEuropean Society for Pediatric Endocrinology (ESPE)\u201d ve \u201cAmerican Pediatric Endocrinology Society (PES)\u201d taraf\u0131ndan 4 y\u0131lda bir d\u00fczenlenen ortak kongrede, ESPE taraf\u0131ndan \u201cOutstanding Clinician Award\u201d \u00f6d\u00fcl\u00fc verildi.<\/li><\/ul><p>\u00a0<\/p><p>Turkishtime taraf\u0131ndan haz\u0131rlanan <strong>\u201cT\u0131p Bilimine Y\u00f6n Veren 100 T\u00fcrk\u201d<\/strong> ara\u015ft\u0131rmas\u0131 ve kitab\u0131nda yer alan 100 de\u011ferli bilim insan\u0131m\u0131z i\u00e7erisinde tam 22 tane Fak\u00fcltemiz mezunu bulunmas\u0131 bize b\u00fcy\u00fck bir gurur ve mutluluk verirken \u00e7ok de\u011ferli hocalar\u0131m\u0131z\u0131 da y\u00fcrekten kutluyoruz.<\/p><p>\u00a0<\/p><p>1.Aziz Sancar (1963-1969)<\/p><p>7.Alp \u0130kizler (1981-1987)<\/p><p>8.\u015e\u00fckr\u00fc H\u00fcseyin Emre (1971-1977)<\/p><p>11.Ziya Levent G\u00f6kaslan (1977-1983)<\/p><p>16.Biykem Bozkurt (1983-1989)<\/p><p>17.Tar\u0131k Tihan (1979-1989)<\/p><p>24.Murat Emre (1974-1980)<\/p><p>25.Murat G\u00fcnel (1985-1991)<\/p><p>28.H\u00fclya Kayserili (1978-1984\/1992-2015)<\/p><p>31.Ahmet G\u00fcl (1981-aktif \u00f6\u011fretim \u00fcyesi)<\/p><p>35.G\u00f6khan Mutlu (1986-1992)<\/p><p>39.Murat Akova (1976-1982)<\/p><p>49.Tayfun \u00d6z\u00e7elik (1979-1986\/1992-1995)<\/p><p>51.Ate\u015f Kad\u0131o\u011flu (1977-aktif \u00f6\u011fretim \u00fcyesi)<\/p><p>55.Mehmet \u015e\u00fckr\u00fc Sever (1978-2024)<\/p><p>62.Sedat Kiraz (1979-1985)<\/p><p>64.Mert Erkan (1989-2001)<\/p><p>67.Tamer Demiralp (1980-aktif \u00f6\u011fretim \u00fcyesi)<\/p><p>70.Ali Ayhan (1961-1967)<\/p><p>85.Selahattin \u00c7ayan (1985-1997)<\/p><p>87.Vedat \u015ear (1975-1981\/1992-2014)<\/p><p>94.\u0130brahim Hanifi \u00d6zercan (1983-1987)<\/p><p><strong>\u00a0<\/strong><\/p><p>Ba\u015fta 2015 Nobel Kimya \u00d6d\u00fcl\u00fc&#8217;n\u00fc almaya hak kazanm\u0131\u015f Fak\u00fcltemizin 1969 y\u0131l\u0131 mezunu <strong>Prof. Dr. Aziz SANCAR<\/strong> hocam\u0131z olmak \u00fczere bir\u00e7ok bilim insan\u0131 yeti\u015ftirmekte olan Fak\u00fcltemizin say\u0131s\u0131z mezunu bizi yurdun d\u00f6rt bir yan\u0131nda ve ayr\u0131ca yurt d\u0131\u015f\u0131nda temsil etmeye devam ediyor. Fak\u00fcltemiz mezunu, d\u00fcnya ve t\u0131p tarihine y\u00f6n vermi\u015f olan Hulusi Beh\u00e7et, Kemal Atay, Tevfik Sa\u011flam, Muzaffer Aksoy, T\u00fcrkan Saylan ve ismi zikredilmeyen di\u011fer hocalar\u0131m\u0131z\u0131n a\u00e7t\u0131\u011f\u0131 yolda emin ad\u0131mlarla ilerliyoruz.<\/p><\/div>\n\t\t\t\t<\/div>\n\t\t\t\t\t\t\t<div class=\"elementor-toggle-item\">\n\t\t\t\t\t<h3 id=\"elementor-tab-title-1049\" class=\"elementor-tab-title\" data-tab=\"9\" role=\"button\" aria-controls=\"elementor-tab-content-1049\" aria-expanded=\"false\">\n\t\t\t\t\t\t\t\t\t\t\t\t<span class=\"elementor-toggle-icon elementor-toggle-icon-right\" aria-hidden=\"true\">\n\t\t\t\t\t\t\t\t\t\t\t\t\t\t\t<span class=\"elementor-toggle-icon-closed\"><i class=\"vamtamtheme- vamtam-theme-arrow-down\"><\/i><\/span>\n\t\t\t\t\t\t\t\t<span class=\"elementor-toggle-icon-opened\"><i class=\"elementor-toggle-icon-opened vamtamtheme- vamtam-theme-arrow-up\"><\/i><\/span>\n\t\t\t\t\t\t\t\t\t\t\t\t\t<\/span>\n\t\t\t\t\t\t\t\t\t\t\t\t<a class=\"elementor-toggle-title\" tabindex=\"0\">ERASMUS \u0130MK\u00c2NLARI<\/a>\n\t\t\t\t\t<\/h3>\n\n\t\t\t\t\t<div id=\"elementor-tab-content-1049\" class=\"elementor-tab-content elementor-clearfix\" data-tab=\"9\" role=\"region\" aria-labelledby=\"elementor-tab-title-1049\"><p>Fak\u00fcltemiz, kendi b\u00fcnyesinde sundu\u011fu imk\u00e2nlar haricinde \u00f6\u011frencilerine d\u00fcnyan\u0131n se\u00e7kin \u00fcniversitelerinde staj yapma ve \u00f6\u011frenim g\u00f6rme imk\u00e2nlar\u0131 da sunuyor. \u00d6\u011frencilerimiz bu programlarla farkl\u0131 deneyimler kazan\u0131p yeni tecr\u00fcbeler edinme f\u0131rsat\u0131 buluyor.<\/p><p>\u00a0<\/p><p><strong><em>Ni\u00e7in yurt d\u0131\u015f\u0131 olanaklar\u0131 \u00fcniversite tercihinde \u00f6nemlidir?<\/em><\/strong><\/p><p>Bir fak\u00fcltenin yurt d\u0131\u015f\u0131nda hangi fak\u00fcltelerle ikili anla\u015fma kurdu\u011fu fak\u00fcltenin yurt d\u0131\u015f\u0131 tan\u0131n\u0131rl\u0131\u011f\u0131 ile do\u011frudan ili\u015fkilidir. D\u00fcnyan\u0131n se\u00e7kin \u00fcniversiteleriyle ikili anla\u015fmas\u0131 bulunan Fak\u00fcltemiz, \u00a0\u00f6\u011frencilerine bu kurumlarda staj yapma imk\u00e2n\u0131 sunarak, \u00f6\u011frencilerin kariyer planlamalar\u0131na \u0131\u015f\u0131k tutuyor.<\/p><p><em>\u00a0<\/em><\/p><p><strong><em>Fak\u00fcltemiz hangi imk\u00e2nlar\u0131 sunuyor?<\/em><\/strong><\/p><p>Fak\u00fcltemizde Eramus+, Farabi, Mevlana ve Erich Frank Gesellschaft de\u011fi\u015fim programlar\u0131 bulunuyor. \u00d6\u011frencilerimizin se\u00e7kin kurumlara bireysel olarak ba\u015fvurup staj yapmalar\u0131 m\u00fcmk\u00fcn olabildi\u011fi gibi hocalar\u0131m\u0131z\u0131n uluslararas\u0131 ba\u011flant\u0131lar\u0131ndan faydalanarak da bu imk\u00e2n\u0131 elde etmeleri m\u00fcmk\u00fcn oluyor.<\/p><p>Bunun yan\u0131 s\u0131ra Fak\u00fcltemiz, Avrupa Birli\u011fi ve D\u00fcnya Sa\u011fl\u0131k \u00d6rg\u00fct\u00fc ile i\u015f birli\u011fi i\u00e7erisinde bulunan, sanayi ve teknoloji kurulu\u015flar\u0131 taraf\u0131ndan da desteklenen d\u00fcnyan\u0131n sayg\u0131n \u00fcniversiteleri ve t\u0131p k\u00f6kenli kurulu\u015flar\u0131 taraf\u0131ndan olu\u015fturulan, bilimsel ve akademik i\u015fbirli\u011fini sa\u011flayan ve bilimsel \u00e7al\u0131\u015fma projelerine \u00f6nemli katk\u0131 sunan <strong>\u201cM8 Alliance\u201d<\/strong> organizasyonuna T\u00fcrkiye&#8217;den kat\u0131lmaya hak kazanm\u0131\u015f tek t\u0131p fak\u00fcltesidir.<\/p><p>\u00a0<\/p><p>Fak\u00fcltemiz, Amerika Birle\u015fik Devletleri\u2019nde staj yapmak isteyen \u00f6\u011frencilerin ba\u015fvuru yapabilece\u011fi ve sadece d\u00fcnyan\u0131n en iyi \u00fcniversitelerinin kabul edildi\u011fi <strong>Visiting Student Learning Oppurtunities (VSLO)<\/strong>\u2019a 2023-2024 e\u011fitim \u00f6\u011fretim y\u0131l\u0131nda \u00fcye oldu.<\/p><p><em>\u00a0<\/em><\/p><p><strong><em>ERASMUS&#8217;tan nas\u0131l faydalanabilirim?<\/em><\/strong><\/p><p>ERASMUS projesinden faydalanmak i\u00e7in, dil yeterlilik testinden 60 puan al\u0131nmas\u0131 ve A\u011f\u0131rl\u0131kl\u0131 Genel Not Ortalama\u2019n\u0131n 2.20&#8217;nin \u00fczerinde olmas\u0131 gerekiyor.<\/p><\/div>\n\t\t\t\t<\/div>\n\t\t\t\t\t\t\t<div class=\"elementor-toggle-item\">\n\t\t\t\t\t<h3 id=\"elementor-tab-title-10410\" class=\"elementor-tab-title\" data-tab=\"10\" role=\"button\" aria-controls=\"elementor-tab-content-10410\" aria-expanded=\"false\">\n\t\t\t\t\t\t\t\t\t\t\t\t<span class=\"elementor-toggle-icon elementor-toggle-icon-right\" aria-hidden=\"true\">\n\t\t\t\t\t\t\t\t\t\t\t\t\t\t\t<span class=\"elementor-toggle-icon-closed\"><i class=\"vamtamtheme- vamtam-theme-arrow-down\"><\/i><\/span>\n\t\t\t\t\t\t\t\t<span class=\"elementor-toggle-icon-opened\"><i class=\"elementor-toggle-icon-opened vamtamtheme- vamtam-theme-arrow-up\"><\/i><\/span>\n\t\t\t\t\t\t\t\t\t\t\t\t\t<\/span>\n\t\t\t\t\t\t\t\t\t\t\t\t<a class=\"elementor-toggle-title\" tabindex=\"0\">\u0130LET\u0130\u015e\u0130M<\/a>\n\t\t\t\t\t<\/h3>\n\n\t\t\t\t\t<div id=\"elementor-tab-content-10410\" class=\"elementor-tab-content elementor-clearfix\" data-tab=\"10\" role=\"region\" aria-labelledby=\"elementor-tab-title-10410\"><p><strong>Adres:<\/strong>\u00a0\u0130stanbul T\u0131p Fak\u00fcltesi \u00c7apa &#8211; Fatih \/ \u0130STANBUL<\/p><p><strong>Telefon:<\/strong>\u00a0+90 2124142000<\/p><p><strong>E-Posta:<\/strong>\u00a0itf-dekanlik@istanbul.edu.tr \/ itffsekr@istanbul.edu.tr<\/p><\/div>\n\t\t\t\t<\/div>\n\t\t\t\t\t\t\t\t<\/div>\n\t\t\t\t<\/div>\n\t\t\t\t<\/div>\n\t\t\t\t\t<\/div>\n\t\t<\/div>\n\t\t\t\t\t<\/div>\n\t\t<\/section>\n\t\t\t\t<\/div>\n\t\t","protected":false},"excerpt":{"rendered":"<p>\u0130STANBUL TIP FAK\u00dcLTES\u0130\u2019NE GENEL BAKI\u015e \u0130stanbul \u00dcniversitesi T\u0131p Fak\u00fcltesi, k\u00f6kl\u00fc k\u00fclt\u00fcrel ba\u011flar\u0131yla \u00f6\u011frencilerine prestijli bir e\u011fitim sunarak ve farkl\u0131 k\u00fclt\u00fcrlerin bulu\u015ftu\u011fu ortamda geleceklerini \u015fekillendirmelerine yard\u0131mc\u0131 oluyor. DEKAN MESAJI Sevgili \u00d6\u011frenciler; \u00a0\u0130stanbul T\u0131p Fak\u00fcltesinde, sizi tan\u0131maktan ve iyi e\u011fitimli doktor olma yolunda sizi y\u00f6nlendirmekten mutluluk duyuyoruz. T\u0131p Fak\u00fcltemiz, tecr\u00fcbeli ve donan\u0131ml\u0131 kadrosuyla, t\u0131p bilimini ve hastalar&#8230;<\/p>\n","protected":false},"author":2,"featured_media":0,"parent":0,"menu_order":0,"comment_status":"closed","ping_status":"closed","template":"","meta":{"footnotes":""},"_links":{"self":[{"href":"https:\/\/tercihim.istanbul.edu.tr\/index.php\/wp-json\/wp\/v2\/pages\/989157"}],"collection":[{"href":"https:\/\/tercihim.istanbul.edu.tr\/index.php\/wp-json\/wp\/v2\/pages"}],"about":[{"href":"https:\/\/tercihim.istanbul.edu.tr\/index.php\/wp-json\/wp\/v2\/types\/page"}],"author":[{"embeddable":true,"href":"https:\/\/tercihim.istanbul.edu.tr\/index.php\/wp-json\/wp\/v2\/users\/2"}],"replies":[{"embeddable":true,"href":"https:\/\/tercihim.istanbul.edu.tr\/index.php\/wp-json\/wp\/v2\/comments?post=989157"}],"version-history":[{"count":40,"href":"https:\/\/tercihim.istanbul.edu.tr\/index.php\/wp-json\/wp\/v2\/pages\/989157\/revisions"}],"predecessor-version":[{"id":990917,"href":"https:\/\/tercihim.istanbul.edu.tr\/index.php\/wp-json\/wp\/v2\/pages\/989157\/revisions\/990917"}],"wp:attachment":[{"href":"https:\/\/tercihim.istanbul.edu.tr\/index.php\/wp-json\/wp\/v2\/media?parent=989157"}],"curies":[{"name":"wp","href":"https:\/\/api.w.org\/{rel}","templated":true}]}}